{"id":4791,"date":"2025-01-23T22:15:21","date_gmt":"2025-01-23T22:15:21","guid":{"rendered":"https:\/\/cmflorestopolis.pr.gov.br\/?page_id=4791"},"modified":"2025-01-23T22:38:06","modified_gmt":"2025-01-23T22:38:06","slug":"projeto-de-lei-legislativo-2025","status":"publish","type":"page","link":"https:\/\/cmflorestopolis.pr.gov.br\/?page_id=4791","title":{"rendered":"Projeto de lei Legislativo 2025"},"content":{"rendered":"\n<table id=\"tablepress-41\" class=\"tablepress tablepress-id-41\">\n<thead>\n<tr class=\"row-1 odd\">\n\t<th class=\"column-1\">Projetos de Lei  <\/th><th class=\"column-2\">S\u00famula<\/th><th class=\"column-3\">Situa\u00e7\u00e3o<\/th><th class=\"column-4\">Lei<\/th>\n<\/tr>\n<\/thead>\n<tbody class=\"row-hover\">\n<tr class=\"row-2 even\">\n\t<td class=\"column-1\"><a href=\"https:\/\/cmflorestopolis.pr.gov.br\/wp-content\/uploads\/2025\/01\/PL-C.-No-1_2025-DISPOE-DOS-VENCIMENTOS-SERVIDORES-DO-P.-LEGIS.-MESA-DIR.-INTEGRA.pdf\">PL C. N\u00ba 1_2025<\/a> <\/td><td class=\"column-2\">Altera o quadro de vencimentos dos servidores do poder legislativo.<\/td><td class=\"column-3\"><\/td><td class=\"column-4\"><a href=\"https:\/\/cmflorestopolis.pr.gov.br\/wp-content\/uploads\/2025\/01\/LEI-COMP.-No-45_2025-DISPOE-DOS-VENCIMENTOS-SERVIDORES-CMF.pdf\">LEI COMP. N\u00ba 45_2025 <\/a><\/td>\n<\/tr>\n<tr class=\"row-3 odd\">\n\t<td class=\"column-1\"><a href=\"https:\/\/cmflorestopolis.pr.gov.br\/wp-content\/uploads\/2025\/01\/PL-No-01_2025-ALTERA-O-ANEXO-UNICO-DA-LEI-1.644.22-ASSISTENCIA-SAUDE-MESA-DIR.-INTEGRA.pdf\">PL N\u00ba 01_2025<\/a><\/td><td class=\"column-2\">Altera o anexo \u00fanico da lei municipal n 1.644\/2022.<\/td><td class=\"column-3\"><\/td><td class=\"column-4\"><a href=\"https:\/\/cmflorestopolis.pr.gov.br\/wp-content\/uploads\/2025\/01\/LEI-No-1751_2025-REF.-ALTERA-ANEXO-UNICO-LEI-MUN.-No-1644_2022-AUXILIO-SAUDE_CMF.pdf\">LEI N\u00ba 1751_2025<\/a><\/td>\n<\/tr>\n<tr class=\"row-4 even\">\n\t<td class=\"column-1\"><a href=\"https:\/\/cmflorestopolis.pr.gov.br\/wp-content\/uploads\/2025\/01\/PL-No-02_2025-REF.-TRASNFORMA-EM-LEI-A-RES.-No-01_2017-REEMB.-CELULAR-MESA-DIR.-INTEGRA.pdf\">PL N\u00ba 02_2025 <\/a><\/td><td class=\"column-2\">Transforma a resolu\u00e7\u00e3o n 01, de 05 abril de 2017, em lei municipal e d\u00e1 outras provid\u00eancias.<\/td><td class=\"column-3\"><\/td><td class=\"column-4\"><a href=\"https:\/\/cmflorestopolis.pr.gov.br\/wp-content\/uploads\/2025\/01\/LEI-No-1752_2025-REF.-TRANSFORMA-EM-LAI-A-RESOLUCAO-01_2017-REEMBOLSO-T.-CEL..pdf\">LEI N\u00ba 1752_2025<\/a><\/td>\n<\/tr>\n<tr class=\"row-5 odd\">\n\t<td class=\"column-1\"><a href=\"https:\/\/cmflorestopolis.pr.gov.br\/wp-content\/uploads\/2025\/01\/PL-No-03_2025-REPOSICAO-SUBISIDIO-VEREADORES-MESA-DIR.-INTEGRA.pdf\">PL N\u00ba 03_2025<\/a><\/td><td class=\"column-2\">Corrige monetariamente os subs\u00eddios membros do poder legislativo do munic\u00edpio de Florest\u00f3polis, fixados em parcela \u00fanica pela lei municipal n 1.410\/2016.<\/td><td class=\"column-3\"><\/td><td class=\"column-4\"><a href=\"https:\/\/cmflorestopolis.pr.gov.br\/wp-content\/uploads\/2025\/01\/LEI-No-1747_2025-CORRIGE-SUBSIDIO-MEMBROS-DO-LEGIS.pdf\">LEI N\u00ba 1747_2025<\/a><\/td>\n<\/tr>\n<tr class=\"row-6 even\">\n\t<td class=\"column-1\"><a href=\"https:\/\/cmflorestopolis.pr.gov.br\/wp-content\/uploads\/2025\/11\/PL-No-04_2025-REF.-CRIA-PREMIACAO-ALUNO-NOTA-DEZ-INTEGRA.pdf\">PL N\u00ba 04_2025<\/a><\/td><td class=\"column-2\">Cria a premia\u00e7\u00e3o \u201cAluno Nota Dez\u201d para os estudantes do ensino <br \/>\nfundamental e a \u201cEscola Nota Dez\u201d para as institui\u00e7\u00f5es p\u00fablicas de ensino <br \/>\ndo Munic\u00edpio de Florest\u00f3polis, e d\u00e1 outras provid\u00eancias.<\/td><td class=\"column-3\"><\/td><td class=\"column-4\"><a href=\"https:\/\/cmflorestopolis.pr.gov.br\/wp-content\/uploads\/2025\/11\/LEI-No-1759_2025-REF.-CRIA-PREMIACAO-ALUNO-NOTA-DEZ.pdf\">LEI N\u00ba 1759_2025 <\/a><\/td>\n<\/tr>\n<tr class=\"row-7 odd\">\n\t<td class=\"column-1\"><a href=\"https:\/\/cmflorestopolis.pr.gov.br\/wp-content\/uploads\/2025\/11\/PL-No-05_2025-REF.-INCLUSAO-ATIVIDADES-ED.-FINANCEIRA-ESCOLAS-INTEGRA.pdf\">PL N\u00ba 05_2025 <\/a><\/td><td class=\"column-2\">Disp\u00f5e sobre a inclus\u00e3o de atividades e conte\u00fados relativos \u00e0 educa\u00e7\u00e3o <br \/>\nfinanceira no plano curricular das escolas da rede p\u00fablica municipal de <br \/>\nensino.<\/td><td class=\"column-3\"><\/td><td class=\"column-4\"><a href=\"https:\/\/cmflorestopolis.pr.gov.br\/wp-content\/uploads\/2025\/11\/LEI-No-1760_2025-REF.-INCLUSAO-ATIVIDADES-ED.-FINANCEIRA-ESCOLAS.pdf\">LEI N\u00ba 1760_2025<\/a><\/td>\n<\/tr>\n<tr class=\"row-8 even\">\n\t<td class=\"column-1\"><a href=\"https:\/\/cmflorestopolis.pr.gov.br\/wp-content\/uploads\/2025\/11\/PL-No-06_2025-REF.-INSTITUI-POLITICA-MUN.-DIAG.-PRECOCE-TEA-INTEGRA.pdf\">PL N\u00ba 06_2025<\/a><\/td><td class=\"column-2\">Institui a Pol\u00edtica Municipal de Diagn\u00f3stico Precoce do Transtorno do <br \/>\nEspectro Autista (TEA) no Munic\u00edpio de Florest\u00f3polis, Estado do <br \/>\nParan\u00e1, e d\u00e1 outras provid\u00eancias.<\/td><td class=\"column-3\"><\/td><td class=\"column-4\"><a href=\"https:\/\/cmflorestopolis.pr.gov.br\/wp-content\/uploads\/2025\/11\/LEI-No-1771_2025-REF.-INSTITUI-POLITICA-MUN.-DIAG.-PRECOCE-TEA.pdf\">LEI N\u00ba 1771_2025<\/a><\/td>\n<\/tr>\n<tr class=\"row-9 odd\">\n\t<td class=\"column-1\"><a href=\"https:\/\/cmflorestopolis.pr.gov.br\/wp-content\/uploads\/2025\/12\/PL-No-07_2025-REF.-INSTITUI-DIA-MUN.-CONSC.-DOENCA-DE-PARKINSON-INTEGRA_compactado.pdf\">PL N\u00ba 07_2025<\/a><\/td><td class=\"column-2\">Institui no Calend\u00e1rio Oficial de Eventos do Munic\u00edpio de Florest\u00f3polis,<br \/>\nEstado do Paran\u00e1, o \u201cDia Municipal da Conscientiza\u00e7\u00e3o da Doen\u00e7a de<br \/>\nParkinson<\/td><td class=\"column-3\"><\/td><td class=\"column-4\"><a href=\"https:\/\/cmflorestopolis.pr.gov.br\/wp-content\/uploads\/2025\/12\/LEI-No-1770_2025-REF.-INSTITUI-DIA-MUN.-CONSC.-DOENCA-DE-PARKINSON.pdf\">LEI N\u00ba 1770_2025<\/a><\/td>\n<\/tr>\n<tr class=\"row-10 even\">\n\t<td class=\"column-1\"><a href=\"https:\/\/cmflorestopolis.pr.gov.br\/wp-content\/uploads\/2025\/12\/PL-No-08_2025-REF.-PROIBICAO-DESCARTE-DE-RECICLAVEIS-EM-CACAMBAS-INTEGRA_compactado.pdf\">PL N\u00ba 08_2025<\/a><\/td><td class=\"column-2\">Disp\u00f5e, no \u00e2mbito do Munic\u00edpio de Florest\u00f3polisPR, sobre a proibi\u00e7\u00e3o do descarte de materiais recicl\u00e1veis em<br \/>\nca\u00e7ambas.<\/td><td class=\"column-3\"><\/td><td class=\"column-4\"><a href=\"https:\/\/cmflorestopolis.pr.gov.br\/wp-content\/uploads\/2025\/12\/LEI-No-1775_2025-REF.-PROIBICAO-DESCARTE-DE-RECICLAVEIS-EM-CACAMBAS.pdf\">LEI N\u00ba 1775_2025<\/a><\/td>\n<\/tr>\n<tr class=\"row-11 odd\">\n\t<td class=\"column-1\"><a href=\"https:\/\/cmflorestopolis.pr.gov.br\/wp-content\/uploads\/2025\/12\/PL-No-09_2025-REF.-DENOMINA-VIA-PUBLICA-EST.-MUN.-ROMEU-FRANCISCHETTI-INTEGRA_compactado.pdf\">PL N\u00ba 09_2025<\/a><\/td><td class=\"column-2\">A C\u00e2mara Municipal de Florest\u00f3polis, Estado do Paran\u00e1, aprovou e eu,<br \/>\nPrefeito do Munic\u00edpio de Florest\u00f3polis, amparado pelo disposto no art. 60, inciso III,<br \/>\nda Lei Org\u00e2nica do Munic\u00edpio de Florest\u00f3polis.<\/td><td class=\"column-3\"><\/td><td class=\"column-4\"><a href=\"https:\/\/cmflorestopolis.pr.gov.br\/wp-content\/uploads\/2025\/12\/LEI-No-1778_2025-REF.-DENOMINA-VIA-PUBLICA-EST.-MUN.-ROMEU-FRANCISCHETTI.pdf\">LEI N\u00ba 1778_2025<\/a><\/td>\n<\/tr>\n<tr class=\"row-12 even\">\n\t<td class=\"column-1\"><a href=\"https:\/\/cmflorestopolis.pr.gov.br\/wp-content\/uploads\/2025\/12\/PL-No-10_2025-REF.-INSTITUI-A-SEM.-MUN.-DA-CULTURA-INTEGRA.pdf\">PL N\u00ba 10_2025<\/a><\/td><td class=\"column-2\">Institui no Calend\u00e1rio Oficial de Eventos do Munic\u00edpio de<br \/>\nFlorest\u00f3polis, Estado do Paran\u00e1, a \u201cSemana Municipal da Cultura\u201d.<\/td><td class=\"column-3\"><\/td><td class=\"column-4\"><a href=\"https:\/\/cmflorestopolis.pr.gov.br\/wp-content\/uploads\/2025\/12\/LEI-No-1783_2025-REF.-INSTITUI-A-SEM.-MUN.-DA-CULTURA.pdf\">LEI N\u00ba 1783_2025<\/a><\/td>\n<\/tr>\n<tr class=\"row-13 odd\">\n\t<td class=\"column-1\"><a href=\"https:\/\/cmflorestopolis.pr.gov.br\/wp-content\/uploads\/2025\/12\/PL-No-11_2025-REF.-OBRIGA-O-PLANTIO-DE-ARVORES-NATIVAS-INTEGRA.pdf\">PL N\u00ba 11_2025<\/a><\/td><td class=\"column-2\">Disp\u00f5e sobre a obrigatoriedade do plantio de \u00e1rvores nativas nos<br \/>\ncal\u00e7amentos e espa\u00e7os p\u00fablicos municipais.<\/td><td class=\"column-3\"><\/td><td class=\"column-4\"><a href=\"https:\/\/cmflorestopolis.pr.gov.br\/wp-content\/uploads\/2025\/12\/LEI-No-1797_2025-REF.-OBRIGA-O-PLANTIO-DE-ARVORES-NATIVAS.pdf\">LEI N\u00ba 1797_2025<\/a><\/td>\n<\/tr>\n<tr class=\"row-14 even\">\n\t<td class=\"column-1\"><a href=\"https:\/\/cmflorestopolis.pr.gov.br\/wp-content\/uploads\/2025\/12\/PL-No-12_2025-REF.-INSTITUI-SEM.-MUN.-CONSC.-PROTECAO-ANIMAIS-INTEGRA.pdf\">PL N\u00ba 12_2025<\/a><\/td><td class=\"column-2\">Institui a Semana Municipal de Conscientiza\u00e7\u00e3o e Prote\u00e7\u00e3o aos<br \/>\nAnimais no Munic\u00edpio de Florest\u00f3polis, e d\u00e1 outras provid\u00eancias.<\/td><td class=\"column-3\"><\/td><td class=\"column-4\"><a href=\"https:\/\/cmflorestopolis.pr.gov.br\/wp-content\/uploads\/2025\/12\/LEI-No-1798_2025-REF.-INSTITUI-SEM.-MUN.-CONSC.-PROTECAO-ANIMAIS.pdf\">LEI N\u00ba 1798_2025<\/a><\/td>\n<\/tr>\n<tr class=\"row-15 odd\">\n\t<td class=\"column-1\"><a href=\"https:\/\/cmflorestopolis.pr.gov.br\/wp-content\/uploads\/2025\/12\/PL-No-13_2025-REF.-PROIBE-MUSICAS-IMPROPRIAS-EM-ESCOLAS-E-EVENTOS-INTEGRA.pdf\">PL N\u00ba 13_2025<\/a><\/td><td class=\"column-2\">Disp\u00f5e sobre a proibi\u00e7\u00e3o da execu\u00e7\u00e3o de m\u00fasicas impr\u00f3prias para<br \/>\nmenores de idade em escolas e eventos destinados a crian\u00e7as e<br \/>\nadolescentes menores de idade no Munic\u00edpio de Florest\u00f3polis,<br \/>\nEstado do Paran\u00e1, estabelece procedimentos a serem tomados e d\u00e1<br \/>\noutras provid\u00eancias.<\/td><td class=\"column-3\"><\/td><td class=\"column-4\"><a href=\"https:\/\/cmflorestopolis.pr.gov.br\/wp-content\/uploads\/2025\/12\/LEI-No-1799_2025-REF.-PROIBE-EXEC.-MUSICAS-IMPROPRIAS-ESCOLAS-E-EVENTOS.pdf\">LEI N\u00ba 1799_2025<\/a><\/td>\n<\/tr>\n<tr class=\"row-16 even\">\n\t<td class=\"column-1\"><a href=\"https:\/\/cmflorestopolis.pr.gov.br\/wp-content\/uploads\/2026\/01\/PL-No-14_2025-REF.-INSTITUI-DIA-MUN.-COMBATE-RACISMO-INTEGRA.pdf\">PL N\u00ba 14_2025<\/a><\/td><td class=\"column-2\">Institui o \u201cDia Municipal de Combate ao Racismo e Promo\u00e7\u00e3o da <br \/>\nIgualdade Racial\u201d no \u00e2mbito das escolas do Munic\u00edpio de <br \/>\nFlorest\u00f3polis e d\u00e1 outras provid\u00eancias.<\/td><td class=\"column-3\"><\/td><td class=\"column-4\"><a href=\"https:\/\/cmflorestopolis.pr.gov.br\/wp-content\/uploads\/2026\/01\/LEI-No-1801_2025-REF.-INSTITUI-DIA-MUN.-COMBATE-RACISMO-E-PROM.-IG.-RACIAL.pdf\">LEI N\u00ba 1801_2025 <\/a><\/td>\n<\/tr>\n<tr class=\"row-17 odd\">\n\t<td class=\"column-1\"><a href=\"https:\/\/cmflorestopolis.pr.gov.br\/wp-content\/uploads\/2026\/01\/PL-No-15_2025-REF.-PROIBE-NOMEACAO-PESSOA-CONDENADA-VIOLENCIA-A-MULHER-INTEGRA.pdf\">PL N\u00ba 15_2025 <\/a><\/td><td class=\"column-2\">Disp\u00f5e sobre a proibi\u00e7\u00e3o de nomea\u00e7\u00e3o de pessoas condenadas por <br \/>\nviol\u00eancia dom\u00e9stica e familiar contra a mulher para cargos p\u00fablicos <br \/>\nno \u00e2mbito do Munic\u00edpio de Florest\u00f3polis e d\u00e1 outras provid\u00eancias.<\/td><td class=\"column-3\"><\/td><td class=\"column-4\"><a href=\"https:\/\/cmflorestopolis.pr.gov.br\/wp-content\/uploads\/2026\/01\/LEI-No-1802_2025-REF.-PROIBE-NOMEAR-CONDENADOS-DE-VIOLENCIA-DOM.-CONTRA-MULHER.pdf\">LEI N\u00ba 1802_2025<\/a><\/td>\n<\/tr>\n<\/tbody>\n<\/table>\n<!-- #tablepress-41 from cache -->\n","protected":false},"excerpt":{"rendered":"","protected":false},"author":1,"featured_media":0,"parent":0,"menu_order":0,"comment_status":"closed","ping_status":"closed","template":"","meta":[],"yoast_head":"<!-- This site is optimized with the Yoast SEO plugin v17.6 - https:\/\/yoast.com\/wordpress\/plugins\/seo\/ -->\n<title>Projeto de lei Legislativo 2025 - C\u00e2mara Municipal de Florest\u00f3polis<\/title>\n<meta name=\"robots\" content=\"index, follow, max-snippet:-1, max-image-preview:large, max-video-preview:-1\" \/>\n<link rel=\"canonical\" href=\"https:\/\/cmflorestopolis.pr.gov.br\/?page_id=4791\" \/>\n<meta property=\"og:locale\" content=\"pt_BR\" \/>\n<meta property=\"og:type\" content=\"article\" \/>\n<meta property=\"og:title\" content=\"Projeto de lei Legislativo 2025 - C\u00e2mara Municipal de Florest\u00f3polis\" \/>\n<meta property=\"og:url\" content=\"https:\/\/cmflorestopolis.pr.gov.br\/?page_id=4791\" \/>\n<meta property=\"og:site_name\" content=\"C\u00e2mara Municipal de Florest\u00f3polis\" \/>\n<meta property=\"article:modified_time\" content=\"2025-01-23T22:38:06+00:00\" \/>\n<meta name=\"twitter:card\" content=\"summary_large_image\" \/>\n<script type=\"application\/ld+json\" class=\"yoast-schema-graph\">{\"@context\":\"https:\/\/schema.org\",\"@graph\":[{\"@type\":\"WebSite\",\"@id\":\"https:\/\/cmflorestopolis.pr.gov.br\/#website\",\"url\":\"https:\/\/cmflorestopolis.pr.gov.br\/\",\"name\":\"C\\u00e2mara Municipal de Florest\\u00f3polis\",\"description\":\"\",\"potentialAction\":[{\"@type\":\"SearchAction\",\"target\":{\"@type\":\"EntryPoint\",\"urlTemplate\":\"https:\/\/cmflorestopolis.pr.gov.br\/?s={search_term_string}\"},\"query-input\":\"required name=search_term_string\"}],\"inLanguage\":\"pt-BR\"},{\"@type\":\"WebPage\",\"@id\":\"https:\/\/cmflorestopolis.pr.gov.br\/?page_id=4791#webpage\",\"url\":\"https:\/\/cmflorestopolis.pr.gov.br\/?page_id=4791\",\"name\":\"Projeto de lei Legislativo 2025 - C\\u00e2mara Municipal de Florest\\u00f3polis\",\"isPartOf\":{\"@id\":\"https:\/\/cmflorestopolis.pr.gov.br\/#website\"},\"datePublished\":\"2025-01-23T22:15:21+00:00\",\"dateModified\":\"2025-01-23T22:38:06+00:00\",\"breadcrumb\":{\"@id\":\"https:\/\/cmflorestopolis.pr.gov.br\/?page_id=4791#breadcrumb\"},\"inLanguage\":\"pt-BR\",\"potentialAction\":[{\"@type\":\"ReadAction\",\"target\":[\"https:\/\/cmflorestopolis.pr.gov.br\/?page_id=4791\"]}]},{\"@type\":\"BreadcrumbList\",\"@id\":\"https:\/\/cmflorestopolis.pr.gov.br\/?page_id=4791#breadcrumb\",\"itemListElement\":[{\"@type\":\"ListItem\",\"position\":1,\"name\":\"In\\u00edcio\",\"item\":\"https:\/\/cmflorestopolis.pr.gov.br\/\"},{\"@type\":\"ListItem\",\"position\":2,\"name\":\"Projeto de lei Legislativo 2025\"}]}]}<\/script>\n<!-- \/ Yoast SEO plugin. -->","yoast_head_json":{"title":"Projeto de lei Legislativo 2025 - C\u00e2mara Municipal de Florest\u00f3polis","robots":{"index":"index","follow":"follow","max-snippet":"max-snippet:-1","max-image-preview":"max-image-preview:large","max-video-preview":"max-video-preview:-1"},"canonical":"https:\/\/cmflorestopolis.pr.gov.br\/?page_id=4791","og_locale":"pt_BR","og_type":"article","og_title":"Projeto de lei Legislativo 2025 - C\u00e2mara Municipal de Florest\u00f3polis","og_url":"https:\/\/cmflorestopolis.pr.gov.br\/?page_id=4791","og_site_name":"C\u00e2mara Municipal de Florest\u00f3polis","article_modified_time":"2025-01-23T22:38:06+00:00","twitter_card":"summary_large_image","schema":{"@context":"https:\/\/schema.org","@graph":[{"@type":"WebSite","@id":"https:\/\/cmflorestopolis.pr.gov.br\/#website","url":"https:\/\/cmflorestopolis.pr.gov.br\/","name":"C\u00e2mara Municipal de Florest\u00f3polis","description":"","potentialAction":[{"@type":"SearchAction","target":{"@type":"EntryPoint","urlTemplate":"https:\/\/cmflorestopolis.pr.gov.br\/?s={search_term_string}"},"query-input":"required name=search_term_string"}],"inLanguage":"pt-BR"},{"@type":"WebPage","@id":"https:\/\/cmflorestopolis.pr.gov.br\/?page_id=4791#webpage","url":"https:\/\/cmflorestopolis.pr.gov.br\/?page_id=4791","name":"Projeto de lei Legislativo 2025 - C\u00e2mara Municipal de Florest\u00f3polis","isPartOf":{"@id":"https:\/\/cmflorestopolis.pr.gov.br\/#website"},"datePublished":"2025-01-23T22:15:21+00:00","dateModified":"2025-01-23T22:38:06+00:00","breadcrumb":{"@id":"https:\/\/cmflorestopolis.pr.gov.br\/?page_id=4791#breadcrumb"},"inLanguage":"pt-BR","potentialAction":[{"@type":"ReadAction","target":["https:\/\/cmflorestopolis.pr.gov.br\/?page_id=4791"]}]},{"@type":"BreadcrumbList","@id":"https:\/\/cmflorestopolis.pr.gov.br\/?page_id=4791#breadcrumb","itemListElement":[{"@type":"ListItem","position":1,"name":"In\u00edcio","item":"https:\/\/cmflorestopolis.pr.gov.br\/"},{"@type":"ListItem","position":2,"name":"Projeto de lei Legislativo 2025"}]}]}},"_links":{"self":[{"href":"https:\/\/cmflorestopolis.pr.gov.br\/index.php?rest_route=\/wp\/v2\/pages\/4791"}],"collection":[{"href":"https:\/\/cmflorestopolis.pr.gov.br\/index.php?rest_route=\/wp\/v2\/pages"}],"about":[{"href":"https:\/\/cmflorestopolis.pr.gov.br\/index.php?rest_route=\/wp\/v2\/types\/page"}],"author":[{"embeddable":true,"href":"https:\/\/cmflorestopolis.pr.gov.br\/index.php?rest_route=\/wp\/v2\/users\/1"}],"replies":[{"embeddable":true,"href":"https:\/\/cmflorestopolis.pr.gov.br\/index.php?rest_route=%2Fwp%2Fv2%2Fcomments&post=4791"}],"version-history":[{"count":2,"href":"https:\/\/cmflorestopolis.pr.gov.br\/index.php?rest_route=\/wp\/v2\/pages\/4791\/revisions"}],"predecessor-version":[{"id":4811,"href":"https:\/\/cmflorestopolis.pr.gov.br\/index.php?rest_route=\/wp\/v2\/pages\/4791\/revisions\/4811"}],"wp:attachment":[{"href":"https:\/\/cmflorestopolis.pr.gov.br\/index.php?rest_route=%2Fwp%2Fv2%2Fmedia&parent=4791"}],"curies":[{"name":"wp","href":"https:\/\/api.w.org\/{rel}","templated":true}]}}