{"id":4774,"date":"2025-01-13T21:13:24","date_gmt":"2025-01-13T21:13:24","guid":{"rendered":"https:\/\/cmflorestopolis.pr.gov.br\/?page_id=4774"},"modified":"2025-03-19T21:06:11","modified_gmt":"2025-03-19T21:06:11","slug":"nelson-goncalves-correia-pv","status":"publish","type":"page","link":"https:\/\/cmflorestopolis.pr.gov.br\/?page_id=4774","title":{"rendered":"Nelson Gon\u00e7alves Correia"},"content":{"rendered":"<p><img loading=\"lazy\" class=\"alignnone size-medium wp-image-5047\" src=\"https:\/\/cmflorestopolis.pr.gov.br\/wp-content\/uploads\/2025\/03\/FOTO-NELSON-GONCALVES-CORREIA-200x300.jpg\" alt=\"\" width=\"200\" height=\"300\" srcset=\"https:\/\/cmflorestopolis.pr.gov.br\/wp-content\/uploads\/2025\/03\/FOTO-NELSON-GONCALVES-CORREIA-200x300.jpg 200w, https:\/\/cmflorestopolis.pr.gov.br\/wp-content\/uploads\/2025\/03\/FOTO-NELSON-GONCALVES-CORREIA-683x1024.jpg 683w, https:\/\/cmflorestopolis.pr.gov.br\/wp-content\/uploads\/2025\/03\/FOTO-NELSON-GONCALVES-CORREIA-1024x1536.jpg 1024w, https:\/\/cmflorestopolis.pr.gov.br\/wp-content\/uploads\/2025\/03\/FOTO-NELSON-GONCALVES-CORREIA-1365x2048.jpg 1365w, https:\/\/cmflorestopolis.pr.gov.br\/wp-content\/uploads\/2025\/03\/FOTO-NELSON-GONCALVES-CORREIA-1800x2700.jpg 1800w, https:\/\/cmflorestopolis.pr.gov.br\/wp-content\/uploads\/2025\/03\/FOTO-NELSON-GONCALVES-CORREIA-scaled.jpg 1707w, https:\/\/cmflorestopolis.pr.gov.br\/wp-content\/uploads\/2025\/03\/FOTO-NELSON-GONCALVES-CORREIA-200x300@2x.jpg 400w, https:\/\/cmflorestopolis.pr.gov.br\/wp-content\/uploads\/2025\/03\/FOTO-NELSON-GONCALVES-CORREIA-683x1024@2x.jpg 1366w\" sizes=\"(max-width: 200px) 100vw, 200px\" \/><\/p>\n<p>&nbsp;<\/p>\n<p>&nbsp;<\/p>\n<table style=\"border-collapse: collapse; width: 100%;\" border=\"1\">\n<tbody>\n<tr style=\"height: 24px;\">\n<td style=\"width: 100%; height: 24px;\"><strong>INFORMA\u00c7\u00d5ES<\/strong><\/td>\n<\/tr>\n<tr style=\"height: 24px;\">\n<td style=\"width: 100%; height: 24px;\"><strong>N\u00daMERO DE VOTOS: 441<\/strong><\/td>\n<\/tr>\n<tr style=\"height: 24px;\">\n<td style=\"width: 100%; height: 24px;\"><strong>MANDATO: 1\u00ba<\/strong><\/td>\n<\/tr>\n<tr style=\"height: 24px;\">\n<td style=\"width: 100%; height: 24px;\"><strong>COMISS\u00d5ES: Comiss\u00e3o de Obras, Servi\u00e7os P\u00fablicos, Agroind\u00fastria, Com\u00e9rcio e Turismo<span class=\"EOP SCXW179717192 BCX0\" data-ccp-props=\"{&quot;201341983&quot;:0,&quot;335559685&quot;:-567,&quot;335559737&quot;:-285,&quot;335559739&quot;:200,&quot;335559740&quot;:276}\">\u00a0(Relator)<\/span><\/strong><\/td>\n<\/tr>\n<\/tbody>\n<\/table>\n<p>&nbsp;<\/p>\n<table style=\"border-collapse: collapse; width: 100%;\" border=\"1\">\n<tbody>\n<tr>\n<td style=\"width: 100%;\"><strong>Informa\u00e7\u00f5es do Mandato<\/strong><\/td>\n<\/tr>\n<tr>\n<td style=\"width: 100%;\"><strong>Of\u00edcios Executivo<\/strong><strong>Aguardando Publica\u00e7\u00e3o<\/strong><\/p>\n<p><strong>Indica\u00e7\u00f5es<\/strong><\/p>\n<p>\n<table id=\"tablepress-48\" class=\"tablepress tablepress-id-48\">\n<thead>\n<tr class=\"row-1 odd\">\n\t<th class=\"column-1\">N\u00ba<\/th><th class=\"column-2\">Data<\/th><th class=\"column-3\">Autor<\/th><th class=\"column-4\">S\u00famula<\/th><th class=\"column-5\">Visualizar<\/th>\n<\/tr>\n<\/thead>\n<tbody class=\"row-hover\">\n<tr class=\"row-2 even\">\n\t<td class=\"column-1\">43<\/td><td class=\"column-2\">16\/03\/2026<\/td><td class=\"column-3\">Denys Teixeira Saul, Marinho Novais Luz Neto e Nelson Gon\u00e7alves Correia<\/td><td class=\"column-4\">INDICA, ao Excelent\u00edssimo Senhor Prefeito do Munic\u00edpio de Florest\u00f3polis ON\u00cdCIO DE SOUZA, que determine ao setor competente da Administra\u00e7\u00e3o Municipal a realiza\u00e7\u00e3o de estudo t\u00e9cnico visando o reenquadramento do adicional de insalubridade dos profissionais da equipe de enfermagem do munic\u00edpio, observando as condi\u00e7\u00f5es reais de trabalho e a legisla\u00e7\u00e3o vigente. <\/td><td class=\"column-5\"><a href=\"https:\/\/cmflorestopolis.pr.gov.br\/wp-content\/uploads\/2026\/03\/IND.-No-43_2026-CONJUNTA-REF.-REENQUAD.-AD.-INSALUBRE-PROF.-ENFERMAGEM.pdf\">Visualizar<\/a><\/td>\n<\/tr>\n<tr class=\"row-3 odd\">\n\t<td class=\"column-1\">137<\/td><td class=\"column-2\">15\/12\/2025<\/td><td class=\"column-3\">Denys Teixeira Saul, Silvio Jorge de Oliveira e Nelson Gon\u00e7alves Correia<\/td><td class=\"column-4\">INDICA, ao Excelent\u00edssimo Prefeito do Munic\u00edpio, Senhor ON\u00cdCIO DE SOUZA, que determine a instala\u00e7\u00e3o de um port\u00e3o de garagem na UBS Central Pedro Dirceu J\u00f3ia.<\/td><td class=\"column-5\"><a href=\"https:\/\/cmflorestopolis.pr.gov.br\/wp-content\/uploads\/2025\/12\/IND.-No-137_2025-COLETIVA-REF.-INSTALAR-PORTAO-GARAGEM-UBS-CENTRAL-PEDRO-DIRCEU-JOIA.pdf\">Visualizar<\/a><\/td>\n<\/tr>\n<tr class=\"row-4 even\">\n\t<td class=\"column-1\">136<\/td><td class=\"column-2\">24\/11\/2025<\/td><td class=\"column-3\">Nelson Gon\u00e7alves Correia<\/td><td class=\"column-4\">INDICA, ao Excelent\u00edssimo Senhor Prefeito do Munic\u00edpio de Florest\u00f3polis ON\u00cdCIO<br \/>\nDE SOUZA, que sejam tomadas as devidas provid\u00eancias para a realiza\u00e7\u00e3o de campanha de<br \/>\nconscientiza\u00e7\u00e3o ambiental por meio de panfletagem informativa, com o objetivo de<br \/>\nincentivar a popula\u00e7\u00e3o a separar corretamente os res\u00edduos recicl\u00e1veis.<\/td><td class=\"column-5\"><a href=\"https:\/\/cmflorestopolis.pr.gov.br\/wp-content\/uploads\/2025\/11\/IND.-No-136_2025-REF.-CAMAPNHA-CONSCIENTIZACAO-RECICLAGEM.pdf\">Visualizar<\/a><\/td>\n<\/tr>\n<tr class=\"row-5 odd\">\n\t<td class=\"column-1\">126<\/td><td class=\"column-2\">20\/10\/2025<\/td><td class=\"column-3\">Nelson Gon\u00e7alves Correia<\/td><td class=\"column-4\">INDICA, ao Excelent\u00edssimo Senhor Prefeito do Munic\u00edpio de Florest\u00f3polis ON\u00cdCIO<br \/>\nDE SOUZA, que sejam tomadas as devidas provid\u00eancias para a implanta\u00e7\u00e3o de vagas<br \/>\nexclusivas para estacionamento de motocicletas na \u00e1rea central da cidade.<\/td><td class=\"column-5\"><a href=\"https:\/\/cmflorestopolis.pr.gov.br\/wp-content\/uploads\/2025\/11\/IND.-No-126_2025-REF.-VAGAS-DE-ESTACIONAMENTO-PARA-MOTOS.pdf\">Visualizar<\/a><\/td>\n<\/tr>\n<tr class=\"row-6 even\">\n\t<td class=\"column-1\">82<\/td><td class=\"column-2\">02\/06\/2025<\/td><td class=\"column-3\">Nelson Gon\u00e7alves Correia<\/td><td class=\"column-4\">INDICA, ao Excelent\u00edssimo Senhor Prefeito do Munic\u00edpio de Florest\u00f3polis ON\u00cdCIO<br \/>\nDE SOUZA, que determine ao Departamento de Obras da municipalidade ou setor<br \/>\ncompetente, a ado\u00e7\u00e3o de provid\u00eancias para que seja realizada a pintura e sinaliza\u00e7\u00e3o<br \/>\nadequada dos quebra-molas.<\/td><td class=\"column-5\"><a href=\"https:\/\/cmflorestopolis.pr.gov.br\/wp-content\/uploads\/2025\/06\/IND.-No-82_2025-REF.-PINTURA-REDUTOR-DE-VELOCIDADE.pdf\">Visualizar<\/a><\/td>\n<\/tr>\n<tr class=\"row-7 odd\">\n\t<td class=\"column-1\">74<\/td><td class=\"column-2\">19\/05\/2025<\/td><td class=\"column-3\">Nelson Gon\u00e7alves Correia<\/td><td class=\"column-4\">INDICA, ao Excelent\u00edssimo Senhor Prefeito do Munic\u00edpio de Florest\u00f3polis ON\u00cdCIO DE SOUZA, que determine ao Departamento de Obras da municipalidade a ado\u00e7\u00e3o de provid\u00eancias para a instala\u00e7\u00e3o de um redutor de velocidade (quebra-molas), na rua Jo\u00e3o Capacci.<br \/>\n<\/td><td class=\"column-5\"><a href=\"https:\/\/cmflorestopolis.pr.gov.br\/wp-content\/uploads\/2025\/05\/IND.-No-74_2025-REDUTOR-DE-VELOCIDADE-R.-JOAO-CAPACI.pdf\">Visualizar<\/a><\/td>\n<\/tr>\n<tr class=\"row-8 even\">\n\t<td class=\"column-1\">37<\/td><td class=\"column-2\">01\/04\/2025<\/td><td class=\"column-3\">Marinho Novais Luz Neto<\/td><td class=\"column-4\">INDICA, ao Excelent\u00edssimo Senhor Prefeito do Munic\u00edpio de Florest\u00f3polis ON\u00cdCIO<br \/>\nDE SOUZA, que providencie junto \u00e0 Secretaria Municipal de Sa\u00fade a realiza\u00e7\u00e3o de estudos<br \/>\nde viabilidade, para a destina\u00e7\u00e3o excepcional e em hor\u00e1rio estendido, de uma das Unidades<br \/>\nB\u00e1sicas de Sa\u00fade do Munic\u00edpio especificamente para o tratamento e interna\u00e7\u00e3o dos<br \/>\npacientes com sintomas de dengue.<\/td><td class=\"column-5\"><a href=\"https:\/\/cmflorestopolis.pr.gov.br\/wp-content\/uploads\/2025\/04\/IND.-No-37_2025-COLETIVA-REF.-UBS-ATENDIMENTO-CASOS-DENGUE.pdf\">Visualizar<\/a><\/td>\n<\/tr>\n<tr class=\"row-9 odd\">\n\t<td class=\"column-1\">31<\/td><td class=\"column-2\">25\/03\/2025<\/td><td class=\"column-3\">Nelson Gon\u00e7alves Correia<\/td><td class=\"column-4\">INDICA, ao Excelent\u00edssimo Senhor Prefeito do Munic\u00edpio de Florest\u00f3polis ON\u00cdCIO<br \/>\nDE SOUZA, a constru\u00e7\u00e3o de redutor de velocidade (quebra-molas) na Rua Gentil de Souza,<br \/>\nna conflu\u00eancia com a rua Santa Branca.<\/td><td class=\"column-5\"><a href=\"https:\/\/cmflorestopolis.pr.gov.br\/wp-content\/uploads\/2025\/04\/IND.-No-31_2025-REF.-CONT.-RED.-VELOCIDADE-R.-GENTIL-DE-SOUZA-R.-STA.-BRANCA.pdf\">Visualizar<\/a><\/td>\n<\/tr>\n<tr class=\"row-10 even\">\n\t<td class=\"column-1\">30<\/td><td class=\"column-2\">25\/03\/2025<\/td><td class=\"column-3\">Nelson Gon\u00e7alves Correia<\/td><td class=\"column-4\">INDICA, ao Excelent\u00edssimo Senhor Prefeito do Munic\u00edpio de Florest\u00f3polis ON\u00cdCIO<br \/>\nDE SOUZA, que seja constru\u00eddo no antigo barrac\u00e3o de ve\u00edculos da prefeitura, uma sede da<br \/>\nsecretaria de sa\u00fade com todos os departamentos da \u00e1rea, no sentido de facilitar o<br \/>\nfuncionamento dos servi\u00e7os de sa\u00fade.<\/td><td class=\"column-5\"><a href=\"https:\/\/cmflorestopolis.pr.gov.br\/wp-content\/uploads\/2025\/04\/IND.-No-30_2025-REF.-CONT.-SEDE-SAUDE-ANTIGO-BARRACAO.pdf\">Visualizar<\/a><\/td>\n<\/tr>\n<tr class=\"row-11 odd\">\n\t<td class=\"column-1\">29<\/td><td class=\"column-2\">25\/03\/2025<\/td><td class=\"column-3\">Nelson Gon\u00e7alves Correia<\/td><td class=\"column-4\">INDICA, ao Excelent\u00edssimo Senhor Prefeito do Munic\u00edpio de Florest\u00f3polis ON\u00cdCIO<br \/>\nDE SOUZA, que determine ao setor competente as provid\u00eancias, no sentido de disponibilizar<br \/>\nve\u00edculo exclusivo para o transporte de pacientes com mais de 65 anos.<\/td><td class=\"column-5\"><a href=\"https:\/\/cmflorestopolis.pr.gov.br\/wp-content\/uploads\/2025\/04\/IND.-No-29_2025-REF.-VEICULO-EXCLUSIVO-TRANP.-IDOSOS-EM-TRAT.-SAUDE.pdf\">Visualizar<\/a><\/td>\n<\/tr>\n<tr class=\"row-12 even\">\n\t<td class=\"column-1\">28<\/td><td class=\"column-2\">25\/03\/2025<\/td><td class=\"column-3\">Nelson Gon\u00e7alves Correia<\/td><td class=\"column-4\">INDICA, ao Excelent\u00edssimo Senhor Prefeito do Munic\u00edpio de Florest\u00f3polis ON\u00cdCIO<br \/>\nDE SOUZA, que determine a demarca\u00e7\u00e3o de parada de \u00f4nibus em frente as institui\u00e7\u00f5es de<br \/>\nensino nos locais que ainda n\u00e3o tem.<\/td><td class=\"column-5\"><a href=\"https:\/\/cmflorestopolis.pr.gov.br\/wp-content\/uploads\/2025\/04\/IND.-No-28_2025-REF.-DEMARCAR-VAGA-DE-ONIBUS-ESCOLAS.pdf\">Visualizar<\/a><\/td>\n<\/tr>\n<tr class=\"row-13 odd\">\n\t<td class=\"column-1\">27<\/td><td class=\"column-2\">25\/03\/2025<\/td><td class=\"column-3\">Nelson Gon\u00e7alves Correia<\/td><td class=\"column-4\">INDICA, ao Excelent\u00edssimo Senhor Prefeito do Munic\u00edpio de Florest\u00f3polis ON\u00cdCIO<br \/>\nDE SOUZA, que determine ao setor competente as provid\u00eancias para implantar um Viveiro<br \/>\nMunicipal, objetivando a produ\u00e7\u00e3o e distribui\u00e7\u00e3o de mudas destinadas ao reflorestamento e<br \/>\narboriza\u00e7\u00e3o urbana.<\/td><td class=\"column-5\"><a href=\"https:\/\/cmflorestopolis.pr.gov.br\/wp-content\/uploads\/2025\/04\/IND.-No-27_2025-REF.-IMPLANTAR-VIVEIRO-MUNICIPAL.pdf\">Visualizar<\/a><\/td>\n<\/tr>\n<tr class=\"row-14 even\">\n\t<td class=\"column-1\">16<\/td><td class=\"column-2\">25\/02\/2025<\/td><td class=\"column-3\">Nelson Gon\u00e7alves Correia<\/td><td class=\"column-4\">INDICA, ao Excelent\u00edssimo Senhor Prefeito do Munic\u00edpio de Florest\u00f3polis ON\u00cdCIO<br \/>\nDE SOUZA, que tome as devidas provid\u00eancias necess\u00e1rias no sentido de concluir a<br \/>\nilumina\u00e7\u00e3o e cal\u00e7amento da Rua Ezequias Braz da Silva.<\/td><td class=\"column-5\"><a href=\"https:\/\/cmflorestopolis.pr.gov.br\/wp-content\/uploads\/2025\/03\/IND.-No-16_2025-REF.-CONCLUIR-ILUMINACAO_CALCAMENTO-R.-EZEQUIAS-BRAZ.pdf\">Visualizar<\/a><\/td>\n<\/tr>\n<tr class=\"row-15 odd\">\n\t<td class=\"column-1\">15<\/td><td class=\"column-2\">25\/02\/2025<\/td><td class=\"column-3\">Nelson Gon\u00e7alves Correia<\/td><td class=\"column-4\">INDICA, ao Excelent\u00edssimo Senhor Prefeito do Munic\u00edpio de Florest\u00f3polis ON\u00cdCIO<br \/>\nDE SOUZA, que tome as devidas provid\u00eancias necess\u00e1rias no sentido de viabilizar<br \/>\nrecursos para aquisi\u00e7\u00e3o de sacolas\/bolsas ou sacos adequados para a coleta de<br \/>\nmateriais recicl\u00e1veis, bem como, para a aquisi\u00e7\u00e3o de uma m\u00e1quina empilhadeira<br \/>\npara a Associa\u00e7\u00e3o dos Trabalhadores Ambientais de Florest\u00f3polis \u2013 ATAF.<\/td><td class=\"column-5\"><a href=\"https:\/\/cmflorestopolis.pr.gov.br\/wp-content\/uploads\/2025\/03\/IND.-No-15_2025-REF.-AQ.-SACOLAS_BOLSAS-EMPILHADEIRA-ATAF.pdf\">Visualizar<\/a><\/td>\n<\/tr>\n<tr class=\"row-16 even\">\n\t<td class=\"column-1\">14<\/td><td class=\"column-2\">25\/02\/2025<\/td><td class=\"column-3\">Nelson Gon\u00e7alves Correia<\/td><td class=\"column-4\">INDICA, ao Excelent\u00edssimo Senhor Prefeito do Munic\u00edpio de Florest\u00f3polis ON\u00cdCIO<br \/>\nDE SOUZA, que determine ao setor competente que tome as devidas provid\u00eancias<br \/>\nnecess\u00e1rias, no sentido de buscar parceria com a Usina Alto Alegre, para a<br \/>\nconstru\u00e7\u00e3o de uma pista de caminhada e ciclovia.<\/td><td class=\"column-5\"><a href=\"https:\/\/cmflorestopolis.pr.gov.br\/wp-content\/uploads\/2025\/03\/IND.-No-14_2025-REF.-PISTA-CAM.-E-CICLOVIA-ALTO-ALEGRE.pdf\">Visualizar<\/a><\/td>\n<\/tr>\n<tr class=\"row-17 odd\">\n\t<td class=\"column-1\">13<\/td><td class=\"column-2\">25\/02\/2025<\/td><td class=\"column-3\">Nelson Gon\u00e7alves Correia<\/td><td class=\"column-4\">INDICA, ao Excelent\u00edssimo Senhor Prefeito do Munic\u00edpio de Florest\u00f3polis ON\u00cdCIO<br \/>\nDE SOUZA, que determine ao setor competente que tome as devidas provid\u00eancias<br \/>\nnecess\u00e1rias, no sentido de realizar a conclus\u00e3o da troca de l\u00e2mpadas comuns por<br \/>\nLED.<\/td><td class=\"column-5\"><a href=\"https:\/\/cmflorestopolis.pr.gov.br\/wp-content\/uploads\/2025\/03\/IND.-No-13_2025-REF.-CONCLUIR-ILUMINACAO-COM-LED.pdf\">Visualizar<\/a><\/td>\n<\/tr>\n<tr class=\"row-18 even\">\n\t<td class=\"column-1\">12<\/td><td class=\"column-2\">25\/02\/2025<\/td><td class=\"column-3\">Nelson Gon\u00e7alves Correia<\/td><td class=\"column-4\">INDICA, ao Excelent\u00edssimo Senhor Prefeito do Munic\u00edpio de Florest\u00f3polis ON\u00cdCIO<br \/>\nDE SOUZA, que busque tratativas com a dire\u00e7\u00e3o da Usina Central do Paran\u00e1 \u2013 UCP,<br \/>\npara que estude as possibilidades de realizar reformas das casas de propriedade da<br \/>\nempresa que se encontram em estado de abandono.<\/td><td class=\"column-5\"><a href=\"https:\/\/cmflorestopolis.pr.gov.br\/wp-content\/uploads\/2025\/03\/IND.-No-12_2025-REF.-UCP-REFORMAR-E-VENDER-CASAS.pdf\">Visualizar<\/a><\/td>\n<\/tr>\n<tr class=\"row-19 odd\">\n\t<td class=\"column-1\">11<\/td><td class=\"column-2\">25\/02\/2025<\/td><td class=\"column-3\">Nelson Gon\u00e7alves Correia<\/td><td class=\"column-4\">INDICA, ao Excelent\u00edssimo Senhor Prefeito do Munic\u00edpio de Florest\u00f3polis ON\u00cdCIO<br \/>\nDE SOUZA, que seja realizado recape asf\u00e1ltico da Rua Interventor Manoel Ribas, na<br \/>\nconflu\u00eancia com a Rua dos Reis e Rua Jos\u00e9 Truffa no conjunto Vila Pernambuco.<\/td><td class=\"column-5\"><a href=\"https:\/\/cmflorestopolis.pr.gov.br\/wp-content\/uploads\/2025\/03\/IND.-No-11_2025-REF.-RECAPE-ASFALTICO-R.-INT.-MANOEL-RIBAS.pdf\">Visualizar<\/a><\/td>\n<\/tr>\n<\/tbody>\n<\/table>\n<br \/>\n<strong style=\"font-family: inherit; font-size: inherit;\"><br \/>\nRequerimentos<\/strong><\/p>\n<p>&nbsp;<\/p>\n<p><strong>Projetos de Lei<\/strong><\/p>\n<p>&nbsp;<\/p>\n<p>&nbsp;<\/p>\n<p><strong>Aguardando Publica\u00e7\u00e3o<\/strong><\/p>\n<p>&nbsp;<\/p>\n<p><strong>Of\u00edcios Particulares<\/strong><br \/>\n<strong>Aguardando Publica\u00e7\u00e3o<\/strong><\/td>\n<\/tr>\n<\/tbody>\n<\/table>\n<p>&nbsp;<\/p>\n","protected":false},"excerpt":{"rendered":"<p>&nbsp; &nbsp; INFORMA\u00c7\u00d5ES N\u00daMERO DE VOTOS: 441 MANDATO: 1\u00ba COMISS\u00d5ES: Comiss\u00e3o de Obras, Servi\u00e7os P\u00fablicos, Agroind\u00fastria, Com\u00e9rcio e Turismo\u00a0(Relator) &nbsp; Informa\u00e7\u00f5es do Mandato Of\u00edcios ExecutivoAguardando [&#8230;]<\/p>\n","protected":false},"author":1,"featured_media":0,"parent":0,"menu_order":0,"comment_status":"closed","ping_status":"closed","template":"","meta":[],"yoast_head":"<!-- This site is optimized with the Yoast SEO plugin v17.6 - https:\/\/yoast.com\/wordpress\/plugins\/seo\/ -->\n<title>Nelson Gon\u00e7alves Correia - C\u00e2mara Municipal de Florest\u00f3polis<\/title>\n<meta name=\"robots\" content=\"index, follow, max-snippet:-1, max-image-preview:large, max-video-preview:-1\" \/>\n<link rel=\"canonical\" href=\"https:\/\/cmflorestopolis.pr.gov.br\/?page_id=4774\" \/>\n<meta property=\"og:locale\" content=\"pt_BR\" \/>\n<meta property=\"og:type\" content=\"article\" \/>\n<meta property=\"og:title\" content=\"Nelson Gon\u00e7alves Correia - C\u00e2mara Municipal de Florest\u00f3polis\" \/>\n<meta property=\"og:description\" content=\"&nbsp; &nbsp; INFORMA\u00c7\u00d5ES N\u00daMERO DE VOTOS: 441 MANDATO: 1\u00ba COMISS\u00d5ES: Comiss\u00e3o de Obras, Servi\u00e7os P\u00fablicos, Agroind\u00fastria, Com\u00e9rcio e Turismo\u00a0(Relator) &nbsp; Informa\u00e7\u00f5es do Mandato Of\u00edcios ExecutivoAguardando [...]\" \/>\n<meta property=\"og:url\" content=\"https:\/\/cmflorestopolis.pr.gov.br\/?page_id=4774\" \/>\n<meta property=\"og:site_name\" content=\"C\u00e2mara Municipal de Florest\u00f3polis\" \/>\n<meta property=\"article:modified_time\" content=\"2025-03-19T21:06:11+00:00\" \/>\n<meta property=\"og:image\" content=\"https:\/\/cmflorestopolis.pr.gov.br\/wp-content\/uploads\/2025\/03\/FOTO-NELSON-GONCALVES-CORREIA-200x300.jpg\" \/>\n<meta name=\"twitter:card\" content=\"summary_large_image\" \/>\n<script type=\"application\/ld+json\" class=\"yoast-schema-graph\">{\"@context\":\"https:\/\/schema.org\",\"@graph\":[{\"@type\":\"WebSite\",\"@id\":\"https:\/\/cmflorestopolis.pr.gov.br\/#website\",\"url\":\"https:\/\/cmflorestopolis.pr.gov.br\/\",\"name\":\"C\\u00e2mara Municipal de Florest\\u00f3polis\",\"description\":\"\",\"potentialAction\":[{\"@type\":\"SearchAction\",\"target\":{\"@type\":\"EntryPoint\",\"urlTemplate\":\"https:\/\/cmflorestopolis.pr.gov.br\/?s={search_term_string}\"},\"query-input\":\"required name=search_term_string\"}],\"inLanguage\":\"pt-BR\"},{\"@type\":\"ImageObject\",\"@id\":\"https:\/\/cmflorestopolis.pr.gov.br\/?page_id=4774#primaryimage\",\"inLanguage\":\"pt-BR\",\"url\":\"https:\/\/cmflorestopolis.pr.gov.br\/wp-content\/uploads\/2025\/03\/FOTO-NELSON-GONCALVES-CORREIA-200x300.jpg\",\"contentUrl\":\"https:\/\/cmflorestopolis.pr.gov.br\/wp-content\/uploads\/2025\/03\/FOTO-NELSON-GONCALVES-CORREIA-200x300.jpg\"},{\"@type\":\"WebPage\",\"@id\":\"https:\/\/cmflorestopolis.pr.gov.br\/?page_id=4774#webpage\",\"url\":\"https:\/\/cmflorestopolis.pr.gov.br\/?page_id=4774\",\"name\":\"Nelson Gon\\u00e7alves Correia - C\\u00e2mara Municipal de Florest\\u00f3polis\",\"isPartOf\":{\"@id\":\"https:\/\/cmflorestopolis.pr.gov.br\/#website\"},\"primaryImageOfPage\":{\"@id\":\"https:\/\/cmflorestopolis.pr.gov.br\/?page_id=4774#primaryimage\"},\"datePublished\":\"2025-01-13T21:13:24+00:00\",\"dateModified\":\"2025-03-19T21:06:11+00:00\",\"breadcrumb\":{\"@id\":\"https:\/\/cmflorestopolis.pr.gov.br\/?page_id=4774#breadcrumb\"},\"inLanguage\":\"pt-BR\",\"potentialAction\":[{\"@type\":\"ReadAction\",\"target\":[\"https:\/\/cmflorestopolis.pr.gov.br\/?page_id=4774\"]}]},{\"@type\":\"BreadcrumbList\",\"@id\":\"https:\/\/cmflorestopolis.pr.gov.br\/?page_id=4774#breadcrumb\",\"itemListElement\":[{\"@type\":\"ListItem\",\"position\":1,\"name\":\"In\\u00edcio\",\"item\":\"https:\/\/cmflorestopolis.pr.gov.br\/\"},{\"@type\":\"ListItem\",\"position\":2,\"name\":\"Nelson Gon\\u00e7alves Correia\"}]}]}<\/script>\n<!-- \/ Yoast SEO plugin. -->","yoast_head_json":{"title":"Nelson Gon\u00e7alves Correia - C\u00e2mara Municipal de Florest\u00f3polis","robots":{"index":"index","follow":"follow","max-snippet":"max-snippet:-1","max-image-preview":"max-image-preview:large","max-video-preview":"max-video-preview:-1"},"canonical":"https:\/\/cmflorestopolis.pr.gov.br\/?page_id=4774","og_locale":"pt_BR","og_type":"article","og_title":"Nelson Gon\u00e7alves Correia - C\u00e2mara Municipal de Florest\u00f3polis","og_description":"&nbsp; &nbsp; INFORMA\u00c7\u00d5ES N\u00daMERO DE VOTOS: 441 MANDATO: 1\u00ba COMISS\u00d5ES: Comiss\u00e3o de Obras, Servi\u00e7os P\u00fablicos, Agroind\u00fastria, Com\u00e9rcio e Turismo\u00a0(Relator) &nbsp; Informa\u00e7\u00f5es do Mandato Of\u00edcios ExecutivoAguardando [...]","og_url":"https:\/\/cmflorestopolis.pr.gov.br\/?page_id=4774","og_site_name":"C\u00e2mara Municipal de Florest\u00f3polis","article_modified_time":"2025-03-19T21:06:11+00:00","og_image":[{"url":"https:\/\/cmflorestopolis.pr.gov.br\/wp-content\/uploads\/2025\/03\/FOTO-NELSON-GONCALVES-CORREIA-200x300.jpg"}],"twitter_card":"summary_large_image","schema":{"@context":"https:\/\/schema.org","@graph":[{"@type":"WebSite","@id":"https:\/\/cmflorestopolis.pr.gov.br\/#website","url":"https:\/\/cmflorestopolis.pr.gov.br\/","name":"C\u00e2mara Municipal de Florest\u00f3polis","description":"","potentialAction":[{"@type":"SearchAction","target":{"@type":"EntryPoint","urlTemplate":"https:\/\/cmflorestopolis.pr.gov.br\/?s={search_term_string}"},"query-input":"required name=search_term_string"}],"inLanguage":"pt-BR"},{"@type":"ImageObject","@id":"https:\/\/cmflorestopolis.pr.gov.br\/?page_id=4774#primaryimage","inLanguage":"pt-BR","url":"https:\/\/cmflorestopolis.pr.gov.br\/wp-content\/uploads\/2025\/03\/FOTO-NELSON-GONCALVES-CORREIA-200x300.jpg","contentUrl":"https:\/\/cmflorestopolis.pr.gov.br\/wp-content\/uploads\/2025\/03\/FOTO-NELSON-GONCALVES-CORREIA-200x300.jpg"},{"@type":"WebPage","@id":"https:\/\/cmflorestopolis.pr.gov.br\/?page_id=4774#webpage","url":"https:\/\/cmflorestopolis.pr.gov.br\/?page_id=4774","name":"Nelson Gon\u00e7alves Correia - C\u00e2mara Municipal de Florest\u00f3polis","isPartOf":{"@id":"https:\/\/cmflorestopolis.pr.gov.br\/#website"},"primaryImageOfPage":{"@id":"https:\/\/cmflorestopolis.pr.gov.br\/?page_id=4774#primaryimage"},"datePublished":"2025-01-13T21:13:24+00:00","dateModified":"2025-03-19T21:06:11+00:00","breadcrumb":{"@id":"https:\/\/cmflorestopolis.pr.gov.br\/?page_id=4774#breadcrumb"},"inLanguage":"pt-BR","potentialAction":[{"@type":"ReadAction","target":["https:\/\/cmflorestopolis.pr.gov.br\/?page_id=4774"]}]},{"@type":"BreadcrumbList","@id":"https:\/\/cmflorestopolis.pr.gov.br\/?page_id=4774#breadcrumb","itemListElement":[{"@type":"ListItem","position":1,"name":"In\u00edcio","item":"https:\/\/cmflorestopolis.pr.gov.br\/"},{"@type":"ListItem","position":2,"name":"Nelson Gon\u00e7alves Correia"}]}]}},"_links":{"self":[{"href":"https:\/\/cmflorestopolis.pr.gov.br\/index.php?rest_route=\/wp\/v2\/pages\/4774"}],"collection":[{"href":"https:\/\/cmflorestopolis.pr.gov.br\/index.php?rest_route=\/wp\/v2\/pages"}],"about":[{"href":"https:\/\/cmflorestopolis.pr.gov.br\/index.php?rest_route=\/wp\/v2\/types\/page"}],"author":[{"embeddable":true,"href":"https:\/\/cmflorestopolis.pr.gov.br\/index.php?rest_route=\/wp\/v2\/users\/1"}],"replies":[{"embeddable":true,"href":"https:\/\/cmflorestopolis.pr.gov.br\/index.php?rest_route=%2Fwp%2Fv2%2Fcomments&post=4774"}],"version-history":[{"count":7,"href":"https:\/\/cmflorestopolis.pr.gov.br\/index.php?rest_route=\/wp\/v2\/pages\/4774\/revisions"}],"predecessor-version":[{"id":5048,"href":"https:\/\/cmflorestopolis.pr.gov.br\/index.php?rest_route=\/wp\/v2\/pages\/4774\/revisions\/5048"}],"wp:attachment":[{"href":"https:\/\/cmflorestopolis.pr.gov.br\/index.php?rest_route=%2Fwp%2Fv2%2Fmedia&parent=4774"}],"curies":[{"name":"wp","href":"https:\/\/api.w.org\/{rel}","templated":true}]}}