{"id":4744,"date":"2025-01-13T15:44:44","date_gmt":"2025-01-13T15:44:44","guid":{"rendered":"https:\/\/cmflorestopolis.pr.gov.br\/?page_id=4744"},"modified":"2025-03-19T21:05:01","modified_gmt":"2025-03-19T21:05:01","slug":"diogo-kleiton-da-silva","status":"publish","type":"page","link":"https:\/\/cmflorestopolis.pr.gov.br\/?page_id=4744","title":{"rendered":"Diogo Kleiton da Silva"},"content":{"rendered":"<p><img loading=\"lazy\" class=\"alignnone size-medium wp-image-4743\" src=\"https:\/\/cmflorestopolis.pr.gov.br\/wp-content\/uploads\/2025\/01\/Captura-de-tela-2025-01-13-125019-199x300.png\" alt=\"\" width=\"199\" height=\"300\" srcset=\"https:\/\/cmflorestopolis.pr.gov.br\/wp-content\/uploads\/2025\/01\/Captura-de-tela-2025-01-13-125019-199x300.png 199w, https:\/\/cmflorestopolis.pr.gov.br\/wp-content\/uploads\/2025\/01\/Captura-de-tela-2025-01-13-125019.png 600w, https:\/\/cmflorestopolis.pr.gov.br\/wp-content\/uploads\/2025\/01\/Captura-de-tela-2025-01-13-125019-199x300@2x.png 398w\" sizes=\"(max-width: 199px) 100vw, 199px\" \/><\/p>\n<p>&nbsp;<\/p>\n<table style=\"border-collapse: collapse; width: 100%;\" border=\"1\">\n<tbody>\n<tr style=\"height: 24px;\">\n<td style=\"width: 100%; height: 24px;\"><strong>INFORMA\u00c7\u00d5ES<\/strong><\/td>\n<\/tr>\n<tr style=\"height: 24px;\">\n<td style=\"width: 100%; height: 24px;\"><strong>N\u00daMERO DE VOTOS: 242<\/strong><\/td>\n<\/tr>\n<tr style=\"height: 24px;\">\n<td style=\"width: 100%; height: 24px;\"><strong>MANDATO: 1\u00ba<\/strong><\/td>\n<\/tr>\n<tr style=\"height: 24px;\">\n<td style=\"width: 100%; height: 24px;\"><strong>COMISS\u00d5ES: <span class=\"TextRun Underlined SCXW17498513 BCX0\" lang=\"PT-BR\" xml:lang=\"PT-BR\" data-contrast=\"auto\"><span class=\"NormalTextRun SCXW17498513 BCX0\">Comiss\u00e3o de Educa\u00e7\u00e3o, Sa\u00fade e Assist\u00eancia Social<\/span><\/span><span class=\"EOP SCXW17498513 BCX0\" data-ccp-props=\"{&quot;201341983&quot;:0,&quot;335559685&quot;:-567,&quot;335559737&quot;:-285,&quot;335559739&quot;:200,&quot;335559740&quot;:276}\">\u00a0(Secret\u00e1rio)<\/span><\/strong><\/td>\n<\/tr>\n<\/tbody>\n<\/table>\n<p>&nbsp;<\/p>\n<table style=\"border-collapse: collapse; width: 100%;\" border=\"1\">\n<tbody>\n<tr>\n<td style=\"width: 100%;\"><strong>Informa\u00e7\u00f5es do Mandato<\/strong><\/td>\n<\/tr>\n<tr>\n<td style=\"width: 100%;\"><strong>Of\u00edcios Executivo<\/strong><strong>Indica\u00e7\u00f5es<\/strong><\/p>\n\n<table id=\"tablepress-49\" class=\"tablepress tablepress-id-49\">\n<thead>\n<tr class=\"row-1 odd\">\n\t<th class=\"column-1\">N\u00ba<\/th><th class=\"column-2\">Data<\/th><th class=\"column-3\">Autor<\/th><th class=\"column-4\">S\u00famula<\/th><th class=\"column-5\">Visualizar<\/th>\n<\/tr>\n<\/thead>\n<tbody class=\"row-hover\">\n<tr class=\"row-2 even\">\n\t<td class=\"column-1\">59<\/td><td class=\"column-2\">06\/04\/2026<\/td><td class=\"column-3\">Diogo Kleiton da Silva<\/td><td class=\"column-4\">INDICA, ao Excelent\u00edssimo Senhor Prefeito do Munic\u00edpio de Florest\u00f3polis ON\u00cdCIO DE SOUZA, que determine ao setor competente da Administra\u00e7\u00e3o Municipal a instala\u00e7\u00e3o de c\u00e2meras de seguran\u00e7a em locais de grande circula\u00e7\u00e3o, bem como em bens pertencentes ao patrim\u00f4nio p\u00fablico municipal.  <\/td><td class=\"column-5\"><a href=\"https:\/\/cmflorestopolis.pr.gov.br\/wp-content\/uploads\/2026\/04\/IND.-No-59_2026-REF.-INSTALACAO-DE-CAMERAS-SEG.-DIV.-LOCAIS.pdf\">IND. N\u00ba 59_2026<\/a><\/td>\n<\/tr>\n<tr class=\"row-3 odd\">\n\t<td class=\"column-1\">58<\/td><td class=\"column-2\">06\/04\/2026<\/td><td class=\"column-3\">Diogo Kleiton da Silva<\/td><td class=\"column-4\">INDICA, ao Excelent\u00edssimo Senhor Prefeito do Munic\u00edpio de Florest\u00f3polis ON\u00cdCIO DE SOUZA, que determine ao setor competente da Administra\u00e7\u00e3o Municipal a realiza\u00e7\u00e3o de articula\u00e7\u00e3o junto \u00e0 Sanepar (Companhia de Saneamento do Paran\u00e1), visando a amplia\u00e7\u00e3o e universaliza\u00e7\u00e3o da rede de esgotamento sanit\u00e1rio no munic\u00edpio. <\/td><td class=\"column-5\"><a href=\"https:\/\/cmflorestopolis.pr.gov.br\/wp-content\/uploads\/2026\/04\/IND.-No-58_2026-REF.-REDE-ESGOTO-FLAVIO-ROM.-JABUR-E-OUTROS.pdf\">IND. N\u00ba 58_2026 <\/a><\/td>\n<\/tr>\n<tr class=\"row-4 even\">\n\t<td class=\"column-1\">57<\/td><td class=\"column-2\">06\/04\/2026<\/td><td class=\"column-3\">Diogo Kleiton da Silva<\/td><td class=\"column-4\">INDICA, ao Excelent\u00edssimo Senhor Prefeito do Munic\u00edpio de Florest\u00f3polis ON\u00cdCIO DE SOUZA, que seja realizada a coloca\u00e7\u00e3o de piso nas instala\u00e7\u00f5es do setor de p\u00e1tio de ve\u00edculos (barrac\u00e3o central), abrangendo os seguintes ambientes: cozinha, refeit\u00f3rio, escrit\u00f3rio da Secretaria de Transportes e banheiro.  <\/td><td class=\"column-5\"><a href=\"https:\/\/cmflorestopolis.pr.gov.br\/wp-content\/uploads\/2026\/04\/IND.-No-57_2026-REF.-RED.-VELOCIDADE-R.-VIOLETAS-JABUR.pdf\">IND. N\u00ba 57_2026<\/a><\/td>\n<\/tr>\n<tr class=\"row-5 odd\">\n\t<td class=\"column-1\">53<\/td><td class=\"column-2\">30\/03\/2026<\/td><td class=\"column-3\">Diogo Kleiton da Silva<\/td><td class=\"column-4\">INDICA, ao Excelent\u00edssimo Senhor Prefeito do Munic\u00edpio de Florest\u00f3polis ON\u00cdCIO DE SOUZA, que determine ao setor competente da Administra\u00e7\u00e3o Municipal a realiza\u00e7\u00e3o de estudo e posterior instala\u00e7\u00e3o de um m\u00f3dulo sanit\u00e1rio p\u00fablico (banheiro) na pra\u00e7a central Jos\u00e9 Ribeiro Rosa localizada na Avenida 14 de Novembro. <\/td><td class=\"column-5\"><a href=\"https:\/\/cmflorestopolis.pr.gov.br\/wp-content\/uploads\/2026\/04\/IND.-No-53_2026-REF.-INSTALR-BANEIRO-PRACA-CENTRAL.pdf\">Visualizar<\/a><\/td>\n<\/tr>\n<tr class=\"row-6 even\">\n\t<td class=\"column-1\">52<\/td><td class=\"column-2\">30\/03\/2026<\/td><td class=\"column-3\">Diogo Kleiton da Silva<\/td><td class=\"column-4\"> INDICA, ao Excelent\u00edssimo Senhor Prefeito do Munic\u00edpio de Florest\u00f3polis ON\u00cdCIO DE SOUZA, que determine ao setor competente da Administra\u00e7\u00e3o Municipal para que seja realizado estudo t\u00e9cnico de viabilidade visando a implanta\u00e7\u00e3o de um redutor de velocidade (quebra-molas\/lombada) na Rua Sabi\u00e1 Coleira, nas proximidades do n\u00ba 20, neste munic\u00edpio. <\/td><td class=\"column-5\"><a href=\"https:\/\/cmflorestopolis.pr.gov.br\/wp-content\/uploads\/2026\/04\/IND.-No-52_2026-REF.-RED.-VELOCIDADE-R.-SABIA-COLOEIRA.pdf\">Visualizar<\/a><\/td>\n<\/tr>\n<tr class=\"row-7 odd\">\n\t<td class=\"column-1\">46<\/td><td class=\"column-2\">23\/03\/2026<\/td><td class=\"column-3\">Diogo Kleiton da Silva<\/td><td class=\"column-4\">INDICA, ao Excelent\u00edssimo Senhor Prefeito do Munic\u00edpio de Florest\u00f3polis ON\u00cdCIO DE SOUZA, que determine ao setor competente da Administra\u00e7\u00e3o Municipal a implanta\u00e7\u00e3o de um redutor de velocidade do tipo lombada elevada (travessia elevada com faixa de pedestres) na Avenida 14 de Novembro, esquina com a Rua Padre Carmelo Romano, em frente \u00e0 lot\u00e9rica.<\/td><td class=\"column-5\"><a href=\"https:\/\/cmflorestopolis.pr.gov.br\/wp-content\/uploads\/2026\/04\/IND.-No-46_2026-REF.-IMPLANTAR-FAIXA-ELEVADA-EM-FRENTE-A-LOTERICA.pdf\">Visualizar<\/a><\/td>\n<\/tr>\n<tr class=\"row-8 even\">\n\t<td class=\"column-1\">39<\/td><td class=\"column-2\">16\/03\/2026<\/td><td class=\"column-3\">Diogo Kleiton da Silva<\/td><td class=\"column-4\">INDICA, ao Excelent\u00edssimo Senhor Prefeito do Munic\u00edpio de Florest\u00f3polis ON\u00cdCIO DE SOUZA, que determine aos setores competentes da Administra\u00e7\u00e3o Municipal que realizem gest\u00f5es junto ao Governo do Estado do Paran\u00e1 e aos \u00f3rg\u00e3os competentes da seguran\u00e7a p\u00fablica, visando a reativa\u00e7\u00e3o ou implanta\u00e7\u00e3o de uma unidade de atendimento da Pol\u00edcia Civil no munic\u00edpio de Florest\u00f3polis.  <\/td><td class=\"column-5\"><a href=\"https:\/\/cmflorestopolis.pr.gov.br\/wp-content\/uploads\/2026\/03\/IND.-No-39_2026-REF.-IMPLANTAR-UNIDADE-POLICIA-CIVIL.pdf\">Visualizar<\/a><\/td>\n<\/tr>\n<tr class=\"row-9 odd\">\n\t<td class=\"column-1\">38<\/td><td class=\"column-2\">16\/03\/2026<\/td><td class=\"column-3\">Diogo Kleiton da Silva<\/td><td class=\"column-4\"> INDICA, ao Excelent\u00edssimo Senhor Prefeito do Munic\u00edpio de Florest\u00f3polis ON\u00cdCIO DE SOUZA, que determine aos setores competentes da Administra\u00e7\u00e3o Municipal que estudem a viabilidade de implanta\u00e7\u00e3o de uma base do Servi\u00e7o de Atendimento M\u00f3vel de Urg\u00eancia (SAMU) no munic\u00edpio de Florest\u00f3polis. <\/td><td class=\"column-5\"><a href=\"https:\/\/cmflorestopolis.pr.gov.br\/wp-content\/uploads\/2026\/03\/IND.-No-38_2026-REF.-IMPLANTAR-BASE-SAMU.pdf\">Visualizar<\/a><\/td>\n<\/tr>\n<tr class=\"row-10 even\">\n\t<td class=\"column-1\">37<\/td><td class=\"column-2\">16\/03\/2026<\/td><td class=\"column-3\">Diogo Kleiton da Silva<\/td><td class=\"column-4\">INDICA, ao Excelent\u00edssimo Senhor Prefeito do Munic\u00edpio de Florest\u00f3polis ON\u00cdCIO DE SOUZA, que determine aos setores competentes da Administra\u00e7\u00e3o Municipal que estudem a viabilidade da cria\u00e7\u00e3o e implanta\u00e7\u00e3o da Coordenadoria Municipal de Defesa Civil no munic\u00edpio de Florest\u00f3polis. <\/td><td class=\"column-5\"><a href=\"https:\/\/cmflorestopolis.pr.gov.br\/wp-content\/uploads\/2026\/03\/IND.-No-37_2026-REF.-IMPLANTAR-COORD.-MUN.-DEFESA-CIVIL.pdf\">Visualizar<\/a><\/td>\n<\/tr>\n<tr class=\"row-11 odd\">\n\t<td class=\"column-1\">36<\/td><td class=\"column-2\">16\/03\/2026<\/td><td class=\"column-3\">Diogo Kleiton da Silva<\/td><td class=\"column-4\">INDICA, ao Excelent\u00edssimo Senhor Prefeito do Munic\u00edpio de Florest\u00f3polis ON\u00cdCIO DE SOUZA, que determine aos setores competentes da Administra\u00e7\u00e3o Municipal que estudem a viabilidade da realiza\u00e7\u00e3o de uma Festa de Rodeio no munic\u00edpio de Florest\u00f3polis.<\/td><td class=\"column-5\"><a href=\"https:\/\/cmflorestopolis.pr.gov.br\/wp-content\/uploads\/2026\/03\/IND.-No-36_2026-REF.-REALIZACAO-DE-FESTA-DE-RODEIO.pdf\">Visualizar<\/a><\/td>\n<\/tr>\n<tr class=\"row-12 even\">\n\t<td class=\"column-1\">35<\/td><td class=\"column-2\">16\/03\/2026<\/td><td class=\"column-3\">Diogo Kleiton da Silva<\/td><td class=\"column-4\">INDICA, ao Excelent\u00edssimo Senhor Prefeito do Munic\u00edpio de Florest\u00f3polis ON\u00cdCIO DE SOUZA, que sejam adotadas provid\u00eancias visando facilitar o deslocamento dos estudantes do curso T\u00e9cnico em Enfermagem do munic\u00edpio de Florest\u00f3polis.<\/td><td class=\"column-5\"><a href=\"https:\/\/cmflorestopolis.pr.gov.br\/wp-content\/uploads\/2026\/03\/IND.-No-35_2026-REF.-TRANSPORTE-ALUNOS-CURSO-TEC.-ENFERMAGEM.pdf\">Visualizar<\/a><\/td>\n<\/tr>\n<tr class=\"row-13 odd\">\n\t<td class=\"column-1\">31<\/td><td class=\"column-2\">09\/03\/2026<\/td><td class=\"column-3\">Diogo Kleiton da Silva<\/td><td class=\"column-4\">INDICA, ao Excelent\u00edssimo Senhor Prefeito do Munic\u00edpio de Florest\u00f3polis ON\u00cdCIO DE SOUZA, que sejam adotadas medidas para que seja institu\u00eddo cronograma trimestral fixo de mutir\u00e3o de limpeza urbana. <\/td><td class=\"column-5\"><a href=\"https:\/\/cmflorestopolis.pr.gov.br\/wp-content\/uploads\/2026\/03\/IND.-No-31_2026-REF.-MUTIRAO-DE-LIMPEZA-URBANA.pdf\">Visualizar<\/a><\/td>\n<\/tr>\n<tr class=\"row-14 even\">\n\t<td class=\"column-1\">30<\/td><td class=\"column-2\">09\/03\/2026<\/td><td class=\"column-3\">Diogo Kleiton da Silva<\/td><td class=\"column-4\">INDICA, ao Excelent\u00edssimo Senhor Prefeito do Munic\u00edpio de Florest\u00f3polis ON\u00cdCIO DE SOUZA, que sejam adotadas medidas para implanta\u00e7\u00e3o do Programa Jovem Aprendiz no \u00e2mbito da Administra\u00e7\u00e3o P\u00fablica Municipal. <\/td><td class=\"column-5\"><a href=\"https:\/\/cmflorestopolis.pr.gov.br\/wp-content\/uploads\/2026\/03\/IND.-No-30_2026-REF.-JOVEM-APRENDIZ.pdf\">Visualizar<\/a><\/td>\n<\/tr>\n<tr class=\"row-15 odd\">\n\t<td class=\"column-1\">29<\/td><td class=\"column-2\">09\/03\/2026<\/td><td class=\"column-3\">Diogo Kleiton da Silva<\/td><td class=\"column-4\">INDICA, ao Excelent\u00edssimo Senhor Prefeito do Munic\u00edpio de Florest\u00f3polis ON\u00cdCIO DE SOUZA, que determine a revitaliza\u00e7\u00e3o e implanta\u00e7\u00e3o de sinaliza\u00e7\u00e3o horizontal e vertical nos pontos onde n\u00e3o houver. <\/td><td class=\"column-5\"><a href=\"https:\/\/cmflorestopolis.pr.gov.br\/wp-content\/uploads\/2026\/03\/IND.-No-29_2026-REF.-SINALIZACAO-DE-TRANSITO.pdf\">Visualizar<\/a><\/td>\n<\/tr>\n<tr class=\"row-16 even\">\n\t<td class=\"column-1\">24<\/td><td class=\"column-2\">02\/03\/2026<\/td><td class=\"column-3\">Diogo Kleiton da Silva<\/td><td class=\"column-4\">INDICA, ao Excelent\u00edssimo Senhor Prefeito do Munic\u00edpio de Florest\u00f3polis ON\u00cdCIO DE SOUZA, que determine \u00e0 Secretaria de Obras, a elabora\u00e7\u00e3o de um cronograma anual de interven\u00e7\u00f5es nos bairros, priorizando as a\u00e7\u00f5es de manuten\u00e7\u00e3o preventiva e corretiva para garantir a melhoria da mobilidade e do bem-estar da popula\u00e7\u00e3o. <\/td><td class=\"column-5\"><a href=\"https:\/\/cmflorestopolis.pr.gov.br\/wp-content\/uploads\/2026\/03\/IND.-No-24_2026-REF.-CRONOGRAMA_REPARO_BAIRROS.pdf\">Visualizar<\/a><\/td>\n<\/tr>\n<tr class=\"row-17 odd\">\n\t<td class=\"column-1\">23<\/td><td class=\"column-2\">02\/03\/2026<\/td><td class=\"column-3\">Diogo Kleiton da Silva<\/td><td class=\"column-4\"> INDICA, ao Excelent\u00edssimo Senhor Prefeito do Munic\u00edpio de Florest\u00f3polis ON\u00cdCIO DE SOUZA, que determine a realiza\u00e7\u00e3o de estudo t\u00e9cnico na Rua Jo\u00e3o Batista de Almeida, no cruzamento com a Rua Vereador Aparecido da Rocha, para avaliar a necessidade de implanta\u00e7\u00e3o de redutores de velocidade ao longo da via. <\/td><td class=\"column-5\"><a href=\"https:\/\/cmflorestopolis.pr.gov.br\/wp-content\/uploads\/2026\/03\/IND.-No-23_2026-REF.-REDUTOR-VELOCIDADE-R.-JOAO-B.-ALMEIDA.pdf\">Visualizar<\/a><\/td>\n<\/tr>\n<tr class=\"row-18 even\">\n\t<td class=\"column-1\">22<\/td><td class=\"column-2\">02\/03\/2026<\/td><td class=\"column-3\">Diogo Kleiton da Silva<\/td><td class=\"column-4\">INDICA, ao Excelent\u00edssimo Senhor Prefeito do Munic\u00edpio de Florest\u00f3polis ON\u00cdCIO DE SOUZA, que determine junto \u00e0 Secretaria competente a limpeza e desentupimento do bueiro localizado na Rua Luiz Zamian, Jardim Floresta, pr\u00f3ximo \u00e0 resid\u00eancia n\u00ba 41. <\/td><td class=\"column-5\"><a href=\"https:\/\/cmflorestopolis.pr.gov.br\/wp-content\/uploads\/2026\/03\/IND.-No-22_2026-REF.-REPAROS-BUEIRO-R.-LUIZ-ZAMIAN.pdf\">Visualizar<\/a><\/td>\n<\/tr>\n<tr class=\"row-19 odd\">\n\t<td class=\"column-1\">21<\/td><td class=\"column-2\">02\/03\/2026<\/td><td class=\"column-3\">Diogo Kleiton da Silva<\/td><td class=\"column-4\">INDICA, ao Excelent\u00edssimo Senhor Prefeito do Munic\u00edpio de Florest\u00f3polis ON\u00cdCIO DE SOUZA, que determine ao setor competente a realiza\u00e7\u00e3o de estudo t\u00e9cnico para implanta\u00e7\u00e3o de redutor de velocidade (quebra-molas) na Rua Jo\u00e3o Batista de Almeida. <\/td><td class=\"column-5\"><a href=\"https:\/\/cmflorestopolis.pr.gov.br\/wp-content\/uploads\/2026\/03\/IND.-No-21_2026-REF.-REDUTOR-VELOCIDADE-R.-JOAO-B.-ALMEIDA.pdf\">Visualizar<\/a><\/td>\n<\/tr>\n<tr class=\"row-20 even\">\n\t<td class=\"column-1\">20<\/td><td class=\"column-2\">02\/03\/2026<\/td><td class=\"column-3\">Diogo Kleiton da Silva<\/td><td class=\"column-4\"> INDICA, ao Excelent\u00edssimo Senhor Prefeito do Munic\u00edpio de Florest\u00f3polis ON\u00cdCIO DE SOUZA, que determine \u00e0 Secretaria competente a disponibiliza\u00e7\u00e3o de transporte escolar para atender estudante residente na Fazenda Santa Terezinha. <\/td><td class=\"column-5\"><a href=\"https:\/\/cmflorestopolis.pr.gov.br\/wp-content\/uploads\/2026\/03\/IND.-No-20_2026-REF.-TRANSPORTE-ESCOLAR-FAZ.-STA.-TEREZINHA.pdf\">Visualizar<\/a><\/td>\n<\/tr>\n<tr class=\"row-21 odd\">\n\t<td class=\"column-1\">19<\/td><td class=\"column-2\">02\/03\/2026<\/td><td class=\"column-3\">Diogo Kleiton da Silva<\/td><td class=\"column-4\">INDICA, ao Excelent\u00edssimo Senhor Prefeito do Munic\u00edpio de Florest\u00f3polis ON\u00cdCIO DE SOUZA, que determine ao setor competente a implanta\u00e7\u00e3o de galeria de drenagem de \u00e1guas pluviais na Rua Ezequias Br\u00e1s da Silva. <\/td><td class=\"column-5\"><a href=\"https:\/\/cmflorestopolis.pr.gov.br\/wp-content\/uploads\/2026\/03\/IND.-No-19_2026-REF.-IMPLANTACAO-GALERIA-R.-EZEQUIS-BRAZ.pdf\">Visualizar<\/a><\/td>\n<\/tr>\n<tr class=\"row-22 even\">\n\t<td class=\"column-1\">18<\/td><td class=\"column-2\">02\/03\/2026<\/td><td class=\"column-3\">Diogo Kleiton da Silva<\/td><td class=\"column-4\">INDICA, ao Excelent\u00edssimo Senhor Prefeito do Munic\u00edpio de Florest\u00f3polis ON\u00cdCIO DE SOUZA, que determine junto \u00e0 Secretaria competente a limpeza e desentupimento do bueiro localizado na Rua Miguel J\u00f3ia, n\u00ba 8 A. <\/td><td class=\"column-5\"><a href=\"https:\/\/cmflorestopolis.pr.gov.br\/wp-content\/uploads\/2026\/03\/IND.-No-18_2026-REF.-REPAROS-BUEIRO-R.-MIGUEL-JOIA.pdf\">Visualizar<\/a><\/td>\n<\/tr>\n<tr class=\"row-23 odd\">\n\t<td class=\"column-1\">17<\/td><td class=\"column-2\">02\/03\/2026<\/td><td class=\"column-3\">Diogo Kleiton da Silva<\/td><td class=\"column-4\">INDICA, ao Excelent\u00edssimo Senhor Prefeito do Munic\u00edpio de Florest\u00f3polis ON\u00cdCIO DE SOUZA, que determine junto \u00e0 Secretaria competente a avalia\u00e7\u00e3o do Barrac\u00e3o da Reciclagem, com implementa\u00e7\u00e3o de solu\u00e7\u00f5es que melhorem a ventila\u00e7\u00e3o e reduzam o calor no interior do espa\u00e7o, garantindo condi\u00e7\u00f5es adequadas de trabalho para os funcion\u00e1rios. <\/td><td class=\"column-5\"><a href=\"https:\/\/cmflorestopolis.pr.gov.br\/wp-content\/uploads\/2026\/03\/IND.-No-17_2026-REF.-MELHORIAS-VENTILACAO-BARRACAO-RECICLAGEM.pdf\">Visualizar<\/a><\/td>\n<\/tr>\n<tr class=\"row-24 even\">\n\t<td class=\"column-1\">16<\/td><td class=\"column-2\">02\/03\/2026<\/td><td class=\"column-3\">Diogo Kleiton da Silva<\/td><td class=\"column-4\">INDICA, ao Excelent\u00edssimo Senhor Prefeito do Munic\u00edpio de Florest\u00f3polis ON\u00cdCIO DE SOUZA, que determine junto \u00e0 Secretaria competente a manuten\u00e7\u00e3o estrutural do Gin\u00e1sio de Esportes On\u00edcio Francisco de Souza. <\/td><td class=\"column-5\"><a href=\"https:\/\/cmflorestopolis.pr.gov.br\/wp-content\/uploads\/2026\/03\/IND.-No-16_2026-REF.-REPAROS-GINASIO-ESPORTES.pdf\">Visualizar<\/a><\/td>\n<\/tr>\n<tr class=\"row-25 odd\">\n\t<td class=\"column-1\">15<\/td><td class=\"column-2\">02\/03\/2026<\/td><td class=\"column-3\">Diogo Kleiton da Silva<\/td><td class=\"column-4\">INDICA, ao Excelent\u00edssimo Senhor Prefeito do Munic\u00edpio de Florest\u00f3polis ON\u00cdCIO DE SOUZA, que determine junto \u00e0 Secretaria competente a avalia\u00e7\u00e3o t\u00e9cnica dos bueiros em todo o munic\u00edpio, com estudo voltado \u00e0 instala\u00e7\u00e3o de grades ou prote\u00e7\u00f5es, de modo a garantir a seguran\u00e7a da popula\u00e7\u00e3o. <\/td><td class=\"column-5\"><a href=\"https:\/\/cmflorestopolis.pr.gov.br\/wp-content\/uploads\/2026\/03\/IND.-No-15_2026-REF.-REPAROS-DIVERSOS-BUEIROS-NO-MUNICIPIO.pdf\">Visualizar<\/a><\/td>\n<\/tr>\n<tr class=\"row-26 even\">\n\t<td class=\"column-1\">14<\/td><td class=\"column-2\">02\/03\/2026<\/td><td class=\"column-3\">Diogo Kleiton da Silva<\/td><td class=\"column-4\"> INDICA, ao Excelent\u00edssimo Senhor Prefeito do Munic\u00edpio de Florest\u00f3polis ON\u00cdCIO DE SOUZA, que determine junto \u00e0 Secretaria competente a instala\u00e7\u00e3o de quebra-molas ao longo da Rua M\u00e1rio Chiqueto. <\/td><td class=\"column-5\"><a href=\"https:\/\/cmflorestopolis.pr.gov.br\/wp-content\/uploads\/2026\/03\/IND.-No-14_2026-REF.-REPAROS-DIVERSOS-R.-MARIO-CUIQUETO.pdf\">Visualizar<\/a><\/td>\n<\/tr>\n<tr class=\"row-27 odd\">\n\t<td class=\"column-1\">13<\/td><td class=\"column-2\">02\/03\/2026<\/td><td class=\"column-3\">Diogo Kleiton da Silva<\/td><td class=\"column-4\">INDICA, ao Excelent\u00edssimo Senhor Prefeito do Munic\u00edpio de Florest\u00f3polis ON\u00cdCIO DE SOUZA, que determine junto \u00e0 Secretaria competente a realiza\u00e7\u00e3o de opera\u00e7\u00e3o tapa-buracos ao longo da Rua Presidente Tancredo Neves, nas proximidades do n\u00ba 36, no Bairro Zilda Arns. <\/td><td class=\"column-5\"><a href=\"https:\/\/cmflorestopolis.pr.gov.br\/wp-content\/uploads\/2026\/03\/IND.-No-13_2026-REF.-REPAROS-DIVERSOS-R.-PRES.-TANCREDO-N..pdf\">Visualizar<\/a><\/td>\n<\/tr>\n<tr class=\"row-28 even\">\n\t<td class=\"column-1\">12<\/td><td class=\"column-2\">02\/03\/2026<\/td><td class=\"column-3\">Diogo Kleiton da Silva<\/td><td class=\"column-4\"> INDICA, ao Excelent\u00edssimo Senhor Prefeito do Munic\u00edpio de Florest\u00f3polis ON\u00cdCIO DE SOUZA, que determine junto \u00e0 Secretaria competente a realiza\u00e7\u00e3o de opera\u00e7\u00e3o tapa-buracos ao longo da Rua Presidente Itamar Franco, no Bairro Zilda Arns. <\/td><td class=\"column-5\"><a href=\"https:\/\/cmflorestopolis.pr.gov.br\/wp-content\/uploads\/2026\/03\/IND.-No-12_2026-REF.-REPAROS-DIVERSOS-R.-PRES.-ITAMAR-F..pdf\">Visualizar<\/a><\/td>\n<\/tr>\n<tr class=\"row-29 odd\">\n\t<td class=\"column-1\">11<\/td><td class=\"column-2\">02\/03\/2026<\/td><td class=\"column-3\">Diogo Kleiton da Silva<\/td><td class=\"column-4\">INDICA, ao Excelent\u00edssimo Senhor Prefeito do Munic\u00edpio de Florest\u00f3polis ON\u00cdCIO DE SOUZA, que determine junto \u00e0 Secretaria competente a realiza\u00e7\u00e3o de limpeza e desobstru\u00e7\u00e3o do bueiro localizado em frente ao n\u00ba 363 da Rua Ubatuba. <\/td><td class=\"column-5\"><a href=\"https:\/\/cmflorestopolis.pr.gov.br\/wp-content\/uploads\/2026\/03\/IND.-No-11_2026-REF.-REPAROS-DIVERSOS-R.-UBATUBA.pdf\">Visualizar<\/a><\/td>\n<\/tr>\n<tr class=\"row-30 even\">\n\t<td class=\"column-1\">10<\/td><td class=\"column-2\">02\/03\/2026<\/td><td class=\"column-3\">Diogo Kleiton da Silva<\/td><td class=\"column-4\">INDICA, ao Excelent\u00edssimo Senhor Prefeito do Munic\u00edpio de Florest\u00f3polis ON\u00cdCIO DE SOUZA, que determine junto \u00e0 Secretaria competente a realiza\u00e7\u00e3o de limpeza e desobstru\u00e7\u00e3o de dois bueiros localizados no in\u00edcio da Rua Lenito Barreto. <br \/>\n<br \/>\n <\/td><td class=\"column-5\"><a href=\"https:\/\/cmflorestopolis.pr.gov.br\/wp-content\/uploads\/2026\/03\/IND.-No-10_2026-REF.-REPAROS-DIVERSOS-R.-LENITO-BARRETO.pdf\">Visualizar<\/a><\/td>\n<\/tr>\n<tr class=\"row-31 odd\">\n\t<td class=\"column-1\">09<\/td><td class=\"column-2\">02\/03\/2026<\/td><td class=\"column-3\">Diogo Kleiton da Silva<\/td><td class=\"column-4\"> INDICA, ao Excelent\u00edssimo Senhor Prefeito do Munic\u00edpio de Florest\u00f3polis ON\u00cdCIO DE SOUZA, que determine junto \u00e0 Secretaria competente a realiza\u00e7\u00e3o de limpeza e desobstru\u00e7\u00e3o de bueiro na Rua Lenito Barreto. <\/td><td class=\"column-5\"><a href=\"https:\/\/cmflorestopolis.pr.gov.br\/wp-content\/uploads\/2026\/03\/IND.-No-09_2026-REF.-REPAROS-DIVERSOS-R.-LENITO-BARRETO.pdf\">Visualizar<\/a><\/td>\n<\/tr>\n<tr class=\"row-32 even\">\n\t<td class=\"column-1\">08<\/td><td class=\"column-2\">02\/03\/2026<\/td><td class=\"column-3\">Diogo Kleiton da Silva<\/td><td class=\"column-4\">INDICA, ao Excelent\u00edssimo Senhor Prefeito do Munic\u00edpio de Florest\u00f3polis ON\u00cdCIO DE SOUZA, que determine junto \u00e0 Secretaria competente a realiza\u00e7\u00e3o de opera\u00e7\u00e3o tapa-buracos ao longo da Avenida Dona Ivone Pimentel. <\/td><td class=\"column-5\"><a href=\"https:\/\/cmflorestopolis.pr.gov.br\/wp-content\/uploads\/2026\/03\/IND.-No-08_2026-REF.-REPAROS-DIVERSOS-R.-D.-IVONE-PIMENTEL.pdf\">Visualizar<\/a><\/td>\n<\/tr>\n<tr class=\"row-33 odd\">\n\t<td class=\"column-1\">07<\/td><td class=\"column-2\">02\/03\/2026<\/td><td class=\"column-3\">Diogo Kleiton da Silva<\/td><td class=\"column-4\">INDICA, ao Excelent\u00edssimo Senhor Prefeito do Munic\u00edpio de Florest\u00f3polis ON\u00cdCIO DE SOUZA, por meio da Secretaria competente, que sejam adotadas as seguintes provid\u00eancias na Rua das Cam\u00e9lias: <\/td><td class=\"column-5\"><a href=\"https:\/\/cmflorestopolis.pr.gov.br\/wp-content\/uploads\/2026\/03\/IND.-No-07_2026-REF.-REPAROS-DIVERSOS-R.-CAMELIAS.pdf\">Visualizar<\/a><\/td>\n<\/tr>\n<tr class=\"row-34 even\">\n\t<td class=\"column-1\">06<\/td><td class=\"column-2\">02\/03\/2026<\/td><td class=\"column-3\">Diogo Kleiton da Silva<\/td><td class=\"column-4\">INDICA, ao Excelent\u00edssimo Senhor Prefeito do Munic\u00edpio de Florest\u00f3polis ON\u00cdCIO DE SOUZA, que determine junto \u00e0 Secretaria competente a realiza\u00e7\u00e3o de opera\u00e7\u00e3o tapa-buracos ao longo da Rua das Magn\u00f3lias. <\/td><td class=\"column-5\"><a href=\"https:\/\/cmflorestopolis.pr.gov.br\/wp-content\/uploads\/2026\/03\/IND.-No-06_2026-REF.-REPAROS-DIVERSOS-R.-MAGNOLIAS-JABUR.pdf\">Visualizar<\/a><\/td>\n<\/tr>\n<tr class=\"row-35 odd\">\n\t<td class=\"column-1\">05<\/td><td class=\"column-2\">02\/03\/2026<\/td><td class=\"column-3\">Diogo Kleiton da Silva<\/td><td class=\"column-4\">INDICA, ao Excelent\u00edssimo Senhor Prefeito do Munic\u00edpio de Florest\u00f3polis ON\u00cdCIO DE SOUZA, que determine a realiza\u00e7\u00e3o de substitui\u00e7\u00e3o de tampa de bueiro quebrada, limpeza dos bueiros e execu\u00e7\u00e3o de opera\u00e7\u00e3o tapa-buracos, na Rua das Orqu\u00eddeas, Bairro Jabur. <\/td><td class=\"column-5\"><a href=\"https:\/\/cmflorestopolis.pr.gov.br\/wp-content\/uploads\/2026\/03\/IND.-No-05_2026-REF.-REPAROS-DIVERSOS-R.-ORQUIDEAS-JABUR.pdf\">Visualizar<\/a><\/td>\n<\/tr>\n<tr class=\"row-36 even\">\n\t<td class=\"column-1\">86<\/td><td class=\"column-2\">02\/06\/2025<\/td><td class=\"column-3\">Diogo Kleiton da Silva<\/td><td class=\"column-4\">INDICA, ao Excelent\u00edssimo Senhor Prefeito do Munic\u00edpio de Florest\u00f3polis ON\u00cdCIO<br \/>\nDE SOUZA, que determine ao Departamento de Obras da municipalidade ou setor<br \/>\ncompetente, que sejam realizados estudos t\u00e9cnicos e provid\u00eancias cab\u00edveis para a<br \/>\nconstru\u00e7\u00e3o de um redutor de velocidade (quebra-molas) na rua Prefeito Guilherme Masirone.<\/td><td class=\"column-5\"><a href=\"https:\/\/cmflorestopolis.pr.gov.br\/wp-content\/uploads\/2025\/06\/IND.-No-86_2025-REF.-CONST.-RED.-DE-VELOCIDADE.pdf\">Visualizar<\/a><\/td>\n<\/tr>\n<tr class=\"row-37 odd\">\n\t<td class=\"column-1\">26<\/td><td class=\"column-2\">18\/03\/2025<\/td><td class=\"column-3\">Diogo Kleiton da Silva<\/td><td class=\"column-4\">INDICA, ao Excelent\u00edssimo Senhor Prefeito do Munic\u00edpio de Florest\u00f3polis ON\u00cdCIO DE SOUZA, a cria\u00e7\u00e3o de programa social com a finalidade de fornecer um \u201ckit lanche\u201d aos pacientes do Sistema \u00danico de Sa\u00fade \u2013 SUS que utilizam do transporte p\u00fablico municipal para tratamento de sa\u00fade em outras cidades.<\/td><td class=\"column-5\"><a href=\"https:\/\/cmflorestopolis.pr.gov.br\/wp-content\/uploads\/2025\/03\/IND.-No-26_2025-REF.-KIT-LANCHE-SAUDE.pdf\">Visualizar<\/a><\/td>\n<\/tr>\n<\/tbody>\n<\/table>\n<!-- #tablepress-49 from cache -->\n<p><strong>Requerimentos<\/strong><\/p>\n<p>&nbsp;<\/p>\n<p>&nbsp;<\/p>\n<p><strong style=\"font-family: inherit; font-size: inherit;\">Projetos de Lei<\/strong><\/p>\n<p>&nbsp;<\/p>\n<p>&nbsp;<\/p>\n<p><strong>Of\u00edcios Particulares<\/strong><\/td>\n<\/tr>\n<\/tbody>\n<\/table>\n<p>&nbsp;<\/p>\n","protected":false},"excerpt":{"rendered":"<p>&nbsp; INFORMA\u00c7\u00d5ES N\u00daMERO DE VOTOS: 242 MANDATO: 1\u00ba COMISS\u00d5ES: Comiss\u00e3o de Educa\u00e7\u00e3o, Sa\u00fade e Assist\u00eancia Social\u00a0(Secret\u00e1rio) &nbsp; Informa\u00e7\u00f5es do Mandato Of\u00edcios ExecutivoIndica\u00e7\u00f5es Requerimentos &nbsp; &nbsp; [&#8230;]<\/p>\n","protected":false},"author":1,"featured_media":0,"parent":0,"menu_order":0,"comment_status":"closed","ping_status":"closed","template":"","meta":[],"yoast_head":"<!-- This site is optimized with the Yoast SEO plugin v17.6 - https:\/\/yoast.com\/wordpress\/plugins\/seo\/ -->\n<title>Diogo Kleiton da Silva - C\u00e2mara Municipal de Florest\u00f3polis<\/title>\n<meta name=\"robots\" content=\"index, follow, max-snippet:-1, max-image-preview:large, max-video-preview:-1\" \/>\n<link rel=\"canonical\" href=\"https:\/\/cmflorestopolis.pr.gov.br\/?page_id=4744\" \/>\n<meta property=\"og:locale\" content=\"pt_BR\" \/>\n<meta property=\"og:type\" content=\"article\" \/>\n<meta property=\"og:title\" content=\"Diogo Kleiton da Silva - C\u00e2mara Municipal de Florest\u00f3polis\" \/>\n<meta property=\"og:description\" content=\"&nbsp; INFORMA\u00c7\u00d5ES N\u00daMERO DE VOTOS: 242 MANDATO: 1\u00ba COMISS\u00d5ES: Comiss\u00e3o de Educa\u00e7\u00e3o, Sa\u00fade e Assist\u00eancia Social\u00a0(Secret\u00e1rio) &nbsp; Informa\u00e7\u00f5es do Mandato Of\u00edcios ExecutivoIndica\u00e7\u00f5es Requerimentos &nbsp; &nbsp; [...]\" \/>\n<meta property=\"og:url\" content=\"https:\/\/cmflorestopolis.pr.gov.br\/?page_id=4744\" \/>\n<meta property=\"og:site_name\" content=\"C\u00e2mara Municipal de Florest\u00f3polis\" \/>\n<meta property=\"article:modified_time\" content=\"2025-03-19T21:05:01+00:00\" \/>\n<meta property=\"og:image\" content=\"https:\/\/cmflorestopolis.pr.gov.br\/wp-content\/uploads\/2025\/01\/Captura-de-tela-2025-01-13-125019-199x300.png\" \/>\n<meta name=\"twitter:card\" content=\"summary_large_image\" \/>\n<script type=\"application\/ld+json\" class=\"yoast-schema-graph\">{\"@context\":\"https:\/\/schema.org\",\"@graph\":[{\"@type\":\"WebSite\",\"@id\":\"https:\/\/cmflorestopolis.pr.gov.br\/#website\",\"url\":\"https:\/\/cmflorestopolis.pr.gov.br\/\",\"name\":\"C\\u00e2mara Municipal de Florest\\u00f3polis\",\"description\":\"\",\"potentialAction\":[{\"@type\":\"SearchAction\",\"target\":{\"@type\":\"EntryPoint\",\"urlTemplate\":\"https:\/\/cmflorestopolis.pr.gov.br\/?s={search_term_string}\"},\"query-input\":\"required name=search_term_string\"}],\"inLanguage\":\"pt-BR\"},{\"@type\":\"ImageObject\",\"@id\":\"https:\/\/cmflorestopolis.pr.gov.br\/?page_id=4744#primaryimage\",\"inLanguage\":\"pt-BR\",\"url\":\"https:\/\/cmflorestopolis.pr.gov.br\/wp-content\/uploads\/2025\/01\/Captura-de-tela-2025-01-13-125019.png\",\"contentUrl\":\"https:\/\/cmflorestopolis.pr.gov.br\/wp-content\/uploads\/2025\/01\/Captura-de-tela-2025-01-13-125019.png\",\"width\":600,\"height\":903},{\"@type\":\"WebPage\",\"@id\":\"https:\/\/cmflorestopolis.pr.gov.br\/?page_id=4744#webpage\",\"url\":\"https:\/\/cmflorestopolis.pr.gov.br\/?page_id=4744\",\"name\":\"Diogo Kleiton da Silva - C\\u00e2mara Municipal de Florest\\u00f3polis\",\"isPartOf\":{\"@id\":\"https:\/\/cmflorestopolis.pr.gov.br\/#website\"},\"primaryImageOfPage\":{\"@id\":\"https:\/\/cmflorestopolis.pr.gov.br\/?page_id=4744#primaryimage\"},\"datePublished\":\"2025-01-13T15:44:44+00:00\",\"dateModified\":\"2025-03-19T21:05:01+00:00\",\"breadcrumb\":{\"@id\":\"https:\/\/cmflorestopolis.pr.gov.br\/?page_id=4744#breadcrumb\"},\"inLanguage\":\"pt-BR\",\"potentialAction\":[{\"@type\":\"ReadAction\",\"target\":[\"https:\/\/cmflorestopolis.pr.gov.br\/?page_id=4744\"]}]},{\"@type\":\"BreadcrumbList\",\"@id\":\"https:\/\/cmflorestopolis.pr.gov.br\/?page_id=4744#breadcrumb\",\"itemListElement\":[{\"@type\":\"ListItem\",\"position\":1,\"name\":\"In\\u00edcio\",\"item\":\"https:\/\/cmflorestopolis.pr.gov.br\/\"},{\"@type\":\"ListItem\",\"position\":2,\"name\":\"Diogo Kleiton da Silva\"}]}]}<\/script>\n<!-- \/ Yoast SEO plugin. -->","yoast_head_json":{"title":"Diogo Kleiton da Silva - C\u00e2mara Municipal de Florest\u00f3polis","robots":{"index":"index","follow":"follow","max-snippet":"max-snippet:-1","max-image-preview":"max-image-preview:large","max-video-preview":"max-video-preview:-1"},"canonical":"https:\/\/cmflorestopolis.pr.gov.br\/?page_id=4744","og_locale":"pt_BR","og_type":"article","og_title":"Diogo Kleiton da Silva - C\u00e2mara Municipal de Florest\u00f3polis","og_description":"&nbsp; INFORMA\u00c7\u00d5ES N\u00daMERO DE VOTOS: 242 MANDATO: 1\u00ba COMISS\u00d5ES: Comiss\u00e3o de Educa\u00e7\u00e3o, Sa\u00fade e Assist\u00eancia Social\u00a0(Secret\u00e1rio) &nbsp; Informa\u00e7\u00f5es do Mandato Of\u00edcios ExecutivoIndica\u00e7\u00f5es Requerimentos &nbsp; &nbsp; [...]","og_url":"https:\/\/cmflorestopolis.pr.gov.br\/?page_id=4744","og_site_name":"C\u00e2mara Municipal de Florest\u00f3polis","article_modified_time":"2025-03-19T21:05:01+00:00","og_image":[{"url":"https:\/\/cmflorestopolis.pr.gov.br\/wp-content\/uploads\/2025\/01\/Captura-de-tela-2025-01-13-125019-199x300.png"}],"twitter_card":"summary_large_image","schema":{"@context":"https:\/\/schema.org","@graph":[{"@type":"WebSite","@id":"https:\/\/cmflorestopolis.pr.gov.br\/#website","url":"https:\/\/cmflorestopolis.pr.gov.br\/","name":"C\u00e2mara Municipal de Florest\u00f3polis","description":"","potentialAction":[{"@type":"SearchAction","target":{"@type":"EntryPoint","urlTemplate":"https:\/\/cmflorestopolis.pr.gov.br\/?s={search_term_string}"},"query-input":"required name=search_term_string"}],"inLanguage":"pt-BR"},{"@type":"ImageObject","@id":"https:\/\/cmflorestopolis.pr.gov.br\/?page_id=4744#primaryimage","inLanguage":"pt-BR","url":"https:\/\/cmflorestopolis.pr.gov.br\/wp-content\/uploads\/2025\/01\/Captura-de-tela-2025-01-13-125019.png","contentUrl":"https:\/\/cmflorestopolis.pr.gov.br\/wp-content\/uploads\/2025\/01\/Captura-de-tela-2025-01-13-125019.png","width":600,"height":903},{"@type":"WebPage","@id":"https:\/\/cmflorestopolis.pr.gov.br\/?page_id=4744#webpage","url":"https:\/\/cmflorestopolis.pr.gov.br\/?page_id=4744","name":"Diogo Kleiton da Silva - C\u00e2mara Municipal de Florest\u00f3polis","isPartOf":{"@id":"https:\/\/cmflorestopolis.pr.gov.br\/#website"},"primaryImageOfPage":{"@id":"https:\/\/cmflorestopolis.pr.gov.br\/?page_id=4744#primaryimage"},"datePublished":"2025-01-13T15:44:44+00:00","dateModified":"2025-03-19T21:05:01+00:00","breadcrumb":{"@id":"https:\/\/cmflorestopolis.pr.gov.br\/?page_id=4744#breadcrumb"},"inLanguage":"pt-BR","potentialAction":[{"@type":"ReadAction","target":["https:\/\/cmflorestopolis.pr.gov.br\/?page_id=4744"]}]},{"@type":"BreadcrumbList","@id":"https:\/\/cmflorestopolis.pr.gov.br\/?page_id=4744#breadcrumb","itemListElement":[{"@type":"ListItem","position":1,"name":"In\u00edcio","item":"https:\/\/cmflorestopolis.pr.gov.br\/"},{"@type":"ListItem","position":2,"name":"Diogo Kleiton da Silva"}]}]}},"_links":{"self":[{"href":"https:\/\/cmflorestopolis.pr.gov.br\/index.php?rest_route=\/wp\/v2\/pages\/4744"}],"collection":[{"href":"https:\/\/cmflorestopolis.pr.gov.br\/index.php?rest_route=\/wp\/v2\/pages"}],"about":[{"href":"https:\/\/cmflorestopolis.pr.gov.br\/index.php?rest_route=\/wp\/v2\/types\/page"}],"author":[{"embeddable":true,"href":"https:\/\/cmflorestopolis.pr.gov.br\/index.php?rest_route=\/wp\/v2\/users\/1"}],"replies":[{"embeddable":true,"href":"https:\/\/cmflorestopolis.pr.gov.br\/index.php?rest_route=%2Fwp%2Fv2%2Fcomments&post=4744"}],"version-history":[{"count":8,"href":"https:\/\/cmflorestopolis.pr.gov.br\/index.php?rest_route=\/wp\/v2\/pages\/4744\/revisions"}],"predecessor-version":[{"id":5046,"href":"https:\/\/cmflorestopolis.pr.gov.br\/index.php?rest_route=\/wp\/v2\/pages\/4744\/revisions\/5046"}],"wp:attachment":[{"href":"https:\/\/cmflorestopolis.pr.gov.br\/index.php?rest_route=%2Fwp%2Fv2%2Fmedia&parent=4744"}],"curies":[{"name":"wp","href":"https:\/\/api.w.org\/{rel}","templated":true}]}}