{"id":227,"date":"2021-07-10T11:20:18","date_gmt":"2021-07-10T14:20:18","guid":{"rendered":"https:\/\/camara897460250.wordpress.com\/?page_id=227"},"modified":"2022-01-12T17:20:53","modified_gmt":"2022-01-12T17:20:53","slug":"indicacoes-2021","status":"publish","type":"page","link":"https:\/\/cmflorestopolis.pr.gov.br\/?page_id=227","title":{"rendered":"Indica\u00e7\u00f5es 2021"},"content":{"rendered":"\n<table id=\"tablepress-1\" class=\"tablepress tablepress-id-1\">\n<thead>\n<tr class=\"row-1 odd\">\n\t<th class=\"column-1\">N\u00ba <\/th><th class=\"column-2\">Data<\/th><th class=\"column-3\">Autor <\/th><th class=\"column-4\">S\u00famula <\/th><th class=\"column-5\">Visualizar<\/th>\n<\/tr>\n<\/thead>\n<tbody class=\"row-hover\">\n<tr class=\"row-2 even\">\n\t<td class=\"column-1\">170<\/td><td class=\"column-2\">14\/12\/2021<\/td><td class=\"column-3\">Denys Teixeira Saul <\/td><td class=\"column-4\">INDICA, ao Excelent\u00edssimo prefeito municipal ON\u00cdCIO DE SOUZA, que<br \/>\ndetermine ao setor competente desta municipalidade, quanto a realiza\u00e7\u00e3o de licita\u00e7\u00f5es para<br \/>\ncontrata\u00e7\u00e3o de empresa especializada no fornecimento de fogos de artif\u00edcios, visando realizar<br \/>\nshow pirot\u00e9cnico nas festividades de final de ano, que seja atendido o exarado na Lei<br \/>\nMunicipal no 1.565\/2020, que disp\u00f5e sobre a proibi\u00e7\u00e3o do manuseio, utiliza\u00e7\u00e3o, queima e<br \/>\nsoltura de fogos de artif\u00edcios e artefatos pirot\u00e9cnicos com estampido em todo o Munic\u00edpio de<br \/>\nFlorest\u00f3polis.<\/td><td class=\"column-5\"><a href=\"https:\/\/cmflorestopolis.pr.gov.br\/wp-content\/uploads\/2022\/01\/IND.-No-170_2021-_REF.-LICITACAO-AQ.-FOGOS-ARTIFICIO_.pdf\">Visualizar<\/a><\/td>\n<\/tr>\n<tr class=\"row-3 odd\">\n\t<td class=\"column-1\">169<\/td><td class=\"column-2\">14\/12\/2021<\/td><td class=\"column-3\">Valmir Cl\u00e1udio Rodrigues <\/td><td class=\"column-4\">INDICA, ao Excelent\u00edssimo Prefeito do Munic\u00edpio de Florest\u00f3polis,<br \/>\nsenhor ON\u00cdCIO DE SOUZA, que determine ao setor competente desta<br \/>\nmunicipalidade a realiza\u00e7\u00e3o de estudos e ver as possibilidades de viabilizara<br \/>\naquisi\u00e7\u00e3o de 02 (dois) aparelhos VENOSC\u00d3PIOS, sendo um para uso na Cl\u00ednica de<br \/>\ncoletas e outro para nosso Hospital.<\/td><td class=\"column-5\"><a href=\"https:\/\/cmflorestopolis.pr.gov.br\/wp-content\/uploads\/2022\/01\/IND.-No-169_2021-_REF.-AQ.-APARELHO-VENOSCOPIO_.pdf\">Visualizar<\/a><\/td>\n<\/tr>\n<tr class=\"row-4 even\">\n\t<td class=\"column-1\">168<\/td><td class=\"column-2\">14\/12\/2021<\/td><td class=\"column-3\">Silvio Jorge de Oliveira<\/td><td class=\"column-4\">INDICA, ao Excelent\u00edssimo prefeito municipal senhor ON\u00cdCIO DE<br \/>\nSOUZA, que determine ao setor competente desta municipalidade e ver as<br \/>\npossibilidades para que seja constru\u00edda uma pista multiuso para a pr\u00e1tica de skate<br \/>\ne patins (roller), e considerando a possibilidade da constru\u00e7\u00e3o de pra\u00e7a com lago<br \/>\nartificial no conjunto Zilda Arns, sugere-se estudos de viabilidade para a<br \/>\nconstru\u00e7\u00e3o da referida pista naquela localidade.<\/td><td class=\"column-5\"><a href=\"https:\/\/cmflorestopolis.pr.gov.br\/wp-content\/uploads\/2022\/01\/IND.-No-168_2021-_REF.-CONSTRUCAO-PISTA-SKATE-PATINS_.pdf\">Visualizar<\/a><\/td>\n<\/tr>\n<tr class=\"row-5 odd\">\n\t<td class=\"column-1\">167<\/td><td class=\"column-2\">07\/12\/2021<\/td><td class=\"column-3\">Valmir Cl\u00e1udio Rodrigues <\/td><td class=\"column-4\">INDICA ao Excelent\u00edssimo Senhor Prefeito do Munic\u00edpio de<br \/>\nFlorest\u00f3polis, ON\u00cdCIO DE SOUZA, que determine ao setor competente desta<br \/>\nMunicipalidade a retirada dos bancos de cimento existentes no entorno do<br \/>\nparque infantil rec\u00e9m-instalado na Pra\u00e7a Central.<\/td><td class=\"column-5\"><a href=\"https:\/\/cmflorestopolis.pr.gov.br\/wp-content\/uploads\/2022\/01\/IND.-No-167_2021-_REF.-RATIRADA-BANCOS-CIMENTO-IMED.-PARQUINHO_PRACA_.pdf\">Visualizar<\/a><\/td>\n<\/tr>\n<tr class=\"row-6 even\">\n\t<td class=\"column-1\">166<\/td><td class=\"column-2\">07\/12\/2021<\/td><td class=\"column-3\">Marinho Novais Luz Neto <\/td><td class=\"column-4\">INDICA ao Excelent\u00edssimo Senhor Prefeito do Munic\u00edpio de<br \/>\nFlorest\u00f3polis, ON\u00cdCIO DE SOUZA, que determine ao setor competente desta<br \/>\nmunicipalidade, a instala\u00e7\u00e3o de banheiros qu\u00edmicos no rossio do centro urbano<br \/>\ndurante os per\u00edodos de festividades.<\/td><td class=\"column-5\"><a href=\"https:\/\/cmflorestopolis.pr.gov.br\/wp-content\/uploads\/2022\/01\/IND.-No-166_2021-_REF.-INST.-BANHEIRO-QUIMICO-PRACA_.pdf\">Visualizar<\/a><\/td>\n<\/tr>\n<tr class=\"row-7 odd\">\n\t<td class=\"column-1\">165<\/td><td class=\"column-2\">07\/12\/2021<\/td><td class=\"column-3\">Marinho Novais Luz Neto <\/td><td class=\"column-4\">INDICA ao Excelent\u00edssimo Senhor Prefeito do Munic\u00edpio de<br \/>\nFlorest\u00f3polis, ON\u00cdCIO DE SOUZA, que determine ao setor competente desta<br \/>\nmunicipalidade, a realiza\u00e7\u00e3o de manuten\u00e7\u00e3o em um dos sanit\u00e1rios da recep\u00e7\u00e3o<br \/>\ndo Hospital Municipal Santa Branca, que se encontra inativado por defeito de<br \/>\nfuncionamento.<\/td><td class=\"column-5\"><a href=\"https:\/\/cmflorestopolis.pr.gov.br\/wp-content\/uploads\/2022\/01\/IND.-No-165_2021-_REF.-MANUTENCAO-SANITARIO-HOSPITAL_.pdf\">Visualizar<\/a><\/td>\n<\/tr>\n<tr class=\"row-8 even\">\n\t<td class=\"column-1\">164<\/td><td class=\"column-2\">07\/12\/2021<\/td><td class=\"column-3\">Edson Martins de Carvalho <\/td><td class=\"column-4\">INDICA, ao Excelent\u00edssimo Prefeito Municipal senhor ON\u00cdCIO DE<br \/>\nSOUZA, que determine ao setor competente desta municipalidade para<br \/>\nprovidenciar as medidas necess\u00e1rias para realizar reformas da ag\u00eancia de<br \/>\natendimento do DETRAN, visto que s\u00e3o v\u00e1rias reclama\u00e7\u00f5es dos usu\u00e1rios e dos<br \/>\nservidores lotados naquele setor, pois atualmente o pr\u00e9dio apresenta v\u00e1rios<br \/>\nproblemas, principalmente no banheiro onde consta encanamentos expostos em<br \/>\np\u00e9ssimas condi\u00e7\u00f5es e com vazamentos, janelas e portas deterioradas e com<br \/>\ndefeitos, e etc. Para tanto segue em anexo (fotos) que deixam evidente a grande<br \/>\nnecessidade de reformas no local urgentemente.<\/td><td class=\"column-5\"><a href=\"https:\/\/cmflorestopolis.pr.gov.br\/wp-content\/uploads\/2022\/01\/IND.-No-164_2021-_REF.-REFORMA-AG.-DETRAN_.pdf\">Visualizar<\/a><\/td>\n<\/tr>\n<tr class=\"row-9 odd\">\n\t<td class=\"column-1\">163<\/td><td class=\"column-2\">07\/12\/2021<\/td><td class=\"column-3\">Edson Martins de Carvalho <\/td><td class=\"column-4\">INDICA, ao Excelent\u00edssimo Prefeito Municipal senhor ON\u00cdCIO DE<br \/>\nSOUZA, que determine ao setor competente desta municipalidade para<br \/>\nprovidenciar a ro\u00e7agem e limpeza do terreno localizado nas imedia\u00e7\u00f5es do Jardim<br \/>\nIp\u00ea, na rua Arauc\u00e1ria. Vale ressaltar que pr\u00f3ximo a localidade mencionada<br \/>\nencontra-se a \u00e1rea de laser \"Cravo e Rosa\", portanto \u00e9 imprescind\u00edvel manter o<br \/>\nlocal sempre cuidado e assim evitar reclama\u00e7\u00f5es.<\/td><td class=\"column-5\"><a href=\"https:\/\/cmflorestopolis.pr.gov.br\/wp-content\/uploads\/2022\/01\/IND.-No-163_2021-_REF.-ROCAGEM_LIMPEZA-TERRENO-JD.-IPE-CRAVO_ROSA_.pdf\">Visualizar<\/a><\/td>\n<\/tr>\n<tr class=\"row-10 even\">\n\t<td class=\"column-1\">162<\/td><td class=\"column-2\">07\/12\/2021<\/td><td class=\"column-3\">Edson Martins de Carvalho <\/td><td class=\"column-4\">INDICA, ao Excelent\u00edssimo prefeito municipal ON\u00cdCIO DE SOUZA, que<br \/>\ndetermine ao setor competente desta municipalidade, a realiza\u00e7\u00e3o de estudos<br \/>\nt\u00e9cnicos para viabilizar a constru\u00e7\u00e3o de quadra de malha e cancha de bocha com<br \/>\ncobertura, e ainda havendo a possibilidade sugere-se que sejam constru\u00eddos no<br \/>\ncentro poliesportivo do CAIAC ou em outro local de boa localiza\u00e7\u00e3o.<\/td><td class=\"column-5\"><a href=\"https:\/\/cmflorestopolis.pr.gov.br\/wp-content\/uploads\/2022\/01\/IND.-No-162_2021-COLETIVA-_REF.-QUADRA-MALHA_CANCHA-BOCHA_.pdf\">Visualizar<\/a><\/td>\n<\/tr>\n<tr class=\"row-11 odd\">\n\t<td class=\"column-1\">161<\/td><td class=\"column-2\">30\/11\/2021<\/td><td class=\"column-3\">Silvio Jorge de Oliveira<\/td><td class=\"column-4\">INDICA, ao Excelent\u00edssimo prefeito municipal senhor ON\u00cdCIO<br \/>\nDE SOUZA, que proceda estudos junto ao setor competente desta municipalidade<br \/>\ne ver as possibilidades de realizar a contrata\u00e7\u00e3o de um M\u00e9dico Veterin\u00e1rio, para<br \/>\natender no munic\u00edpio semanalmente, visto que tal profissional \u00e9 necess\u00e1rio para<br \/>\natendimento de procedimentos b\u00e1sicos e at\u00e9 mesmo para que a cidade possa<br \/>\nrealizar um controle eficaz da popula\u00e7\u00e3o canina e felina, atrav\u00e9s da esteriliza\u00e7\u00e3o<br \/>\ncir\u00fargica (castra\u00e7\u00e3o). Vale ressaltar que a situa\u00e7\u00e3o n\u00e3o est\u00e1 pior, devido ao lindo<br \/>\ntrabalho realizado pelos protetores independentes que, com recursos pr\u00f3prios,<br \/>\najudam os animais abandonados de nossa cidade.<\/td><td class=\"column-5\"><a href=\"https:\/\/cmflorestopolis.pr.gov.br\/wp-content\/uploads\/2022\/01\/IND.-No-161_2021-_REF.-CONTRATACAO-VETERINARIO_.pdf\">Visualizar<\/a><\/td>\n<\/tr>\n<tr class=\"row-12 even\">\n\t<td class=\"column-1\">160<\/td><td class=\"column-2\">30\/11\/2021<\/td><td class=\"column-3\">Marinho Novais Luz Neto <\/td><td class=\"column-4\">INDICA, ao Excelent\u00edssimo Senhor Prefeito do Munic\u00edpio de<br \/>\nFlorest\u00f3polis, ON\u00cdCIO DE SOUZA, que determine ao setor competente desta<br \/>\nmunicipalidade para providenciar a instala\u00e7\u00e3o de contra piso em concreto 4x4 na<br \/>\nborracharia do Barrac\u00e3o Sabino Bispo de Oliveira, com o intuito de melhorar o<br \/>\nambiente de trabalho para os servidores lotados naquele setor, e principalmente<br \/>\npor quest\u00f5es de seguran\u00e7a evitar que ocorra qualquer tipo acidente quando na<br \/>\nutiliza\u00e7\u00e3o de algumas ferramentas, como macaco hidr\u00e1ulico por exemplo.<\/td><td class=\"column-5\"><a href=\"https:\/\/cmflorestopolis.pr.gov.br\/wp-content\/uploads\/2022\/01\/IND.-No-160_2021-_REF.-INST.-CONTRA-PISO-BARRACAO_.pdf\">Visualizar<\/a><\/td>\n<\/tr>\n<tr class=\"row-13 odd\">\n\t<td class=\"column-1\">159<\/td><td class=\"column-2\">30\/11\/2021<\/td><td class=\"column-3\">Cesar da Cruz Rodrigues <\/td><td class=\"column-4\">INDICA, ao Excelent\u00edssimo Senhor Prefeito do Munic\u00edpio de<br \/>\nFlorest\u00f3polis, ON\u00cdCIO DE SOUZA, que determine ao setor competente a<br \/>\nrealiza\u00e7\u00e3o de estudos para providenciar a instala\u00e7\u00e3o na recep\u00e7\u00e3o do Hospital<br \/>\nMunicipal Santa Branca, de um canal via internet pelo aplicativo WhatsApp ou<br \/>\noutro, para realiza\u00e7\u00e3o de liga\u00e7\u00f5es com o intuito de melhorar a comunica\u00e7\u00e3o dos<br \/>\nusu\u00e1rios com os servidores e assim ampliar as op\u00e7\u00f5es para que os mun\u00edcipes<br \/>\npossam conseguir os atendimentos dos servi\u00e7os de sa\u00fade naquele local.<\/td><td class=\"column-5\"><a href=\"https:\/\/cmflorestopolis.pr.gov.br\/wp-content\/uploads\/2022\/01\/IND.-No-159_2021-_REF.-LIGACAO-VIA-INTERNET-RECEP.-HOSPITAL_.pdf\">Visualizar<\/a><\/td>\n<\/tr>\n<tr class=\"row-14 even\">\n\t<td class=\"column-1\">158<\/td><td class=\"column-2\">23\/11\/2021<\/td><td class=\"column-3\">Silvio Jorge de Oliveira<\/td><td class=\"column-4\">INDICA ao Excelent\u00edssimo Senhor Prefeito do Munic\u00edpio<br \/>\nde Florest\u00f3polis, ON\u00cdCIO DE SOUZA, que determine ao setor competente<br \/>\na realiza\u00e7\u00e3o de estudos para a cria\u00e7\u00e3o e sinaliza\u00e7\u00e3o de vagas exclusivas<br \/>\npara motocicletas nos estacionamentos das principais vias p\u00fablicas do<br \/>\ncentro comercial e da Pra\u00e7a Central do nosso Munic\u00edpio.<\/td><td class=\"column-5\"><a href=\"https:\/\/cmflorestopolis.pr.gov.br\/wp-content\/uploads\/2022\/01\/IND.-No-158_2021-_REF.-SINALIZACAO-VAGAS-EXC.-MOTOS_.pdf\">Visualizar<\/a><\/td>\n<\/tr>\n<tr class=\"row-15 odd\">\n\t<td class=\"column-1\">157<\/td><td class=\"column-2\">23\/11\/2021<\/td><td class=\"column-3\">Silvio Jorge de Oliveira<\/td><td class=\"column-4\">INDICA ao Excelent\u00edssimo Senhor Prefeito do Munic\u00edpio<br \/>\nde Florest\u00f3polis, ON\u00cdCIO DE SOUZA, que determine ao setor competente<br \/>\nda Municipalidade, a cria\u00e7\u00e3o e sinaliza\u00e7\u00e3o de vagas de ve\u00edculos reservadas<br \/>\npara idosos e pessoa com defici\u00eancia nos estacionamentos das vias<br \/>\np\u00fablicas onde se situam as institui\u00e7\u00f5es banc\u00e1rias locais.<\/td><td class=\"column-5\"><a href=\"https:\/\/cmflorestopolis.pr.gov.br\/wp-content\/uploads\/2022\/01\/IND.-No-157_2021-_REF.-SINALIZAR-VAGAS-DEFICIENTES_BANCOS_-1.pdf\">Visualizar<\/a><\/td>\n<\/tr>\n<tr class=\"row-16 even\">\n\t<td class=\"column-1\">156<\/td><td class=\"column-2\">23\/11\/2021<\/td><td class=\"column-3\">Silvio Jorge de Oliveira<\/td><td class=\"column-4\">INDICA ao Excelent\u00edssimo Senhor Prefeito do Munic\u00edpio<br \/>\nde Florest\u00f3polis, ON\u00cdCIO DE SOUZA, que determine ao setor competente<br \/>\nda Municipalidade, a instala\u00e7\u00e3o de placas sinalizadoras do estacionamento<br \/>\ndo pa\u00e7o municipal na Rua Nelsino Ravagnani, em frente \u00e0 unidade de<br \/>\natendimento do DETRAN-PR e \u00e0 Divis\u00e3o de Agendamento de Consultas e<br \/>\nExames da Secretaria de Sa\u00fade, informando a exclusividade do referido<br \/>\nlocal para o estacionamento de ve\u00edculos pertencentes aos atendidos pelas<br \/>\nreferidas reparti\u00e7\u00f5es p\u00fablicas.<\/td><td class=\"column-5\"><a href=\"https:\/\/cmflorestopolis.pr.gov.br\/wp-content\/uploads\/2022\/01\/IND.-No-156_2021-_REF.-PLACAS-SIN.-ESTACIONAMENTO-DETRAN_AGENDAMENTO_.pdf\">Visualizar<\/a><\/td>\n<\/tr>\n<tr class=\"row-17 odd\">\n\t<td class=\"column-1\">155<\/td><td class=\"column-2\">23\/11\/2021<\/td><td class=\"column-3\">Silvio Jorge de Oliveira<\/td><td class=\"column-4\">INDICA ao Excelent\u00edssimo Senhor Prefeito do Munic\u00edpio<br \/>\nde Florest\u00f3polis, ON\u00cdCIO DE SOUZA, que, cumpridas as formalidades<br \/>\nlegais, averigue a possibilidade de destinar subven\u00e7\u00e3o mensal \u00e0 Sociedade<br \/>\nS\u00e3o Vicente de Paulo de Florest\u00f3polis, cuja utilidade p\u00fablica foi declarada<br \/>\npela Lei Municipal no 617\/1.981, no valor mensal de R$ 1.500,00 (um mil e<br \/>\nquinhentos reais), com vistas a auxiliar na compra de material para a<br \/>\nconfec\u00e7\u00e3o de fraldas descart\u00e1veis produzidas pela pr\u00f3pria institui\u00e7\u00e3o<br \/>\nbeneficente e doadas aos necessitados.<\/td><td class=\"column-5\"><a href=\"https:\/\/cmflorestopolis.pr.gov.br\/wp-content\/uploads\/2022\/01\/IND.-No-155_2021-_REF.-REP.-SUBVENCAO-VICENTINOS_.pdf\">Visualizar<\/a><\/td>\n<\/tr>\n<tr class=\"row-18 even\">\n\t<td class=\"column-1\">154<\/td><td class=\"column-2\">23\/11\/2021<\/td><td class=\"column-3\">Edson Martins de Carvalho <\/td><td class=\"column-4\">INDICA, ao Excelent\u00edssimo Prefeito Municipal senhor ON\u00cdCIO DE<br \/>\nSOUZA, que determine ao setor competente desta municipalidade para<br \/>\nprovidenciar a ro\u00e7agem e limpeza do terreno do Centro de Conviv\u00eancia do Idoso -<br \/>\nCCI, com vistas em manter sempre o cuidado e o zelo das reparti\u00e7\u00f5es p\u00fablicas.<\/td><td class=\"column-5\"><a href=\"https:\/\/cmflorestopolis.pr.gov.br\/wp-content\/uploads\/2022\/01\/IND.-No-154_2021-_REF.-ROCAGEM_LIMPEZA-TERRENO-CCI_.pdf\">Visualizar<\/a><\/td>\n<\/tr>\n<tr class=\"row-19 odd\">\n\t<td class=\"column-1\">153<\/td><td class=\"column-2\">23\/11\/2021<\/td><td class=\"column-3\">Edson Martins de Carvalho <\/td><td class=\"column-4\">INDICA, ao Excelent\u00edssimo Prefeito Municipal senhor ON\u00cdCIO DE<br \/>\nSOUZA, que determine ao setor competente desta municipalidade para<br \/>\nprovidenciar com urg\u00eancia, a coloca\u00e7\u00e3o de tampa em bueiro (boca de lobo)<br \/>\nlocalizado na Rua Jasmim em frente a resid\u00eancia no 800 no Jardim das Flores<br \/>\n(Jabur).<\/td><td class=\"column-5\"><a href=\"https:\/\/cmflorestopolis.pr.gov.br\/wp-content\/uploads\/2022\/01\/IND.-No-153_2021-_REF.-COLOCAR-TAMPA-BUEIRO-R.-JASMIM_.pdf\">Visualizar<\/a><\/td>\n<\/tr>\n<tr class=\"row-20 even\">\n\t<td class=\"column-1\">152<\/td><td class=\"column-2\">23\/11\/2021<\/td><td class=\"column-3\">Denys Teixeira Saul <\/td><td class=\"column-4\">INDICA, ao Excelent\u00edssimo prefeito municipal senhor ON\u00cdCIO DE<br \/>\nSOUZA, que determine ao setor competente desta municipalidade que tome as<br \/>\ndevidas provid\u00eancias para aquisi\u00e7\u00e3o e disponibiliza\u00e7\u00e3o de Protetores Solar para os<br \/>\nAgentes de Combate a Endemias e Agentes Comunit\u00e1rios de Sa\u00fade, tendo em<br \/>\nvista que esse produto \u00e9 um dos itens de EPI e muito importante e indispens\u00e1vel<br \/>\no seu uso pelos ACS's e ACE's para prote\u00e7\u00e3o contra sol.<\/td><td class=\"column-5\"><a href=\"https:\/\/cmflorestopolis.pr.gov.br\/wp-content\/uploads\/2022\/01\/IND.-No-152_2021-_REF.-FORNECER-PROT.-SOLAR-ACS-E-ACE_.pdf\">Visualizar<\/a><\/td>\n<\/tr>\n<tr class=\"row-21 odd\">\n\t<td class=\"column-1\">151<\/td><td class=\"column-2\">23\/11\/2021<\/td><td class=\"column-3\">Ayrton Capassi <\/td><td class=\"column-4\">INDICA, ao Excelent\u00edssimo prefeito municipal senhor ON\u00cdCIO DE SOUZA,<br \/>\nque determine ao setor competente desta municipalidade a realiza\u00e7\u00e3o de estudos e ver<br \/>\nas possibilidades de que seja realizado no per\u00edodo da noite, um levantamento em todo<br \/>\no munic\u00edpio dos locais com l\u00e2mpadas queimadas e sucessivamente que seja acionado a<br \/>\nempresa respons\u00e1vel para realiza\u00e7\u00e3o da troca dessas l\u00e2mpadas. Haja visto que tal<br \/>\nmedida se faz necess\u00e1ria visto que muitos moradores n\u00e3o fazem a comunica\u00e7\u00e3o atrav\u00e9s<br \/>\ndo 0800 da empresa, para solicitar as manuten\u00e7\u00f5es devidas prejudicando a qualidade<br \/>\nda ilumina\u00e7\u00e3o em alguns locais da cidade.<\/td><td class=\"column-5\"><a href=\"https:\/\/cmflorestopolis.pr.gov.br\/wp-content\/uploads\/2022\/01\/IND.-No-150_2021-_REF.-ATENDIMENTO-REMOTO-INSS_.pdf\">Visualizar<\/a><\/td>\n<\/tr>\n<tr class=\"row-22 even\">\n\t<td class=\"column-1\">150<\/td><td class=\"column-2\">16\/11\/2021<\/td><td class=\"column-3\">Denys Teixeira Saul <\/td><td class=\"column-4\">INDICA, ao Excelent\u00edssimo prefeito municipal senhor ON\u00cdCIO DE<br \/>\nSOUZA, que determine ao setor competente desta municipalidade a realiza\u00e7\u00e3o de<br \/>\nparceria com a Ag\u00eancia do Instituto Nacional do Seguro Social - INSS, no sentido<br \/>\nde viabilizar a instala\u00e7\u00e3o de um Ponto de Atendimento Remoto, com o objetivo de<br \/>\nfacilitar o atendimento de pessoas com defici\u00eancia, cadeirantes, ou pessoas com<br \/>\nmobilidade reduzida, principalmente se tratando de per\u00edcias para aposentadoria,<br \/>\ndesta forma evitar os transtornos que essas pessoas passam tendo que se<br \/>\ndeslocar at\u00e9 uma unidade do INSS no munic\u00edpio de Rol\u00e2ndia e outros.<\/td><td class=\"column-5\"><a href=\"https:\/\/cmflorestopolis.pr.gov.br\/wp-content\/uploads\/2022\/01\/IND.-No-150_2021-_REF.-ATENDIMENTO-REMOTO-INSS_.pdf\">Visualizar<\/a><\/td>\n<\/tr>\n<tr class=\"row-23 odd\">\n\t<td class=\"column-1\">149<\/td><td class=\"column-2\">16\/11\/2021<\/td><td class=\"column-3\">Adriana Passoni Goulart <\/td><td class=\"column-4\">INDICA ao Excelent\u00edssimo Senhor Prefeito do Munic\u00edpio de<br \/>\nFlorest\u00f3polis, ON\u00cdCIO DE SOUZA, que determine ao setor competente desta<br \/>\nmunicipalidade a realiza\u00e7\u00e3o de estudos no sentido de viabilizar a<br \/>\npavimenta\u00e7\u00e3o asf\u00e1ltica da Rua das Arauc\u00e1rias, pertencente aos bairros Jardim<br \/>\nIp\u00ea I e II.<\/td><td class=\"column-5\"><a href=\"https:\/\/cmflorestopolis.pr.gov.br\/wp-content\/uploads\/2022\/01\/IND.-No-149_2021-_REF.-PAV.-ASFALTICA-RUA-ARAUCARIA_.pdf\">Visualizar<\/a><\/td>\n<\/tr>\n<tr class=\"row-24 even\">\n\t<td class=\"column-1\">148<\/td><td class=\"column-2\">09\/11\/2021<\/td><td class=\"column-3\">Cesar da Cruz Rodrigues <\/td><td class=\"column-4\">INDICA, ao Excelent\u00edssimo Senhor Prefeito do Munic\u00edpio<br \/>\nde Florest\u00f3polis, ON\u00cdCIO DE SOUZA, que providencie a instala\u00e7\u00e3o de<br \/>\nredutor de velocidade (quebra-molas) na Rua Sebasti\u00e3o Ferreira Ribeiro,<br \/>\nesquina com o estabelecimento comercial \u201cMercado Ortega\u201d.<\/td><td class=\"column-5\"><a href=\"https:\/\/cmflorestopolis.pr.gov.br\/wp-content\/uploads\/2022\/01\/IND.-No-148_2021-_REF.-REDUTOR-VELOCIDADE-PROX.-M.-ORTEGA_.pdf\">Visualizar<\/a><\/td>\n<\/tr>\n<tr class=\"row-25 odd\">\n\t<td class=\"column-1\">147<\/td><td class=\"column-2\">09\/11\/2021<\/td><td class=\"column-3\">Valmir Cl\u00e1udio Rodrigues <\/td><td class=\"column-4\">INDICA, ao Excelent\u00edssimo Prefeito do Munic\u00edpio de Florest\u00f3polis,<br \/>\nsenhor ON\u00cdCIO DE SOUZA, que determine ao setor competente desta<br \/>\nmunicipalidade a realiza\u00e7\u00e3o de estudos t\u00e9cnicos para detectar e remanejar \u00e1rvores<br \/>\nque oferecem o risco de queda, bem como \u00e1rvores que necessitam de podas,<br \/>\nprincipalmente aquelas que est\u00e3o embaixo das lumin\u00e1rias, algo que pode ser<br \/>\nconstatado em alguns pontos da cidade.<\/td><td class=\"column-5\"><a href=\"https:\/\/cmflorestopolis.pr.gov.br\/wp-content\/uploads\/2022\/01\/IND.-No-147_2021-_REF.-CORTE-E-PODA-DE-ARVORES_.pdf\">Visualizar<\/a><\/td>\n<\/tr>\n<tr class=\"row-26 even\">\n\t<td class=\"column-1\">146<\/td><td class=\"column-2\">09\/11\/2021<\/td><td class=\"column-3\">Valmir Cl\u00e1udio Rodrigues <\/td><td class=\"column-4\">INDICA, ao Excelent\u00edssimo Prefeito do Munic\u00edpio de Florest\u00f3polis,<br \/>\nsenhor ON\u00cdCIO DE SOUZA, que determine ao setor competente desta<br \/>\nmunicipalidade a realiza\u00e7\u00e3o de estudos de viabilidade, para a aquisi\u00e7\u00e3o de canecas<br \/>\npl\u00e1sticas para distribui\u00e7\u00e3o a todos os alunos da rede p\u00fablica e servidores<br \/>\nmunicipais.<\/td><td class=\"column-5\"><a href=\"https:\/\/cmflorestopolis.pr.gov.br\/wp-content\/uploads\/2022\/01\/IND.-No-146_2021-_REF.-AQ.-CANECAS-PLAST.-ALUNOS-E-SERVIDORES_.pdf\">Visualizar<\/a><\/td>\n<\/tr>\n<tr class=\"row-27 odd\">\n\t<td class=\"column-1\">145<\/td><td class=\"column-2\">09\/11\/2021<\/td><td class=\"column-3\">Edson Martins de Carvalho <\/td><td class=\"column-4\">INDICA ao Excelent\u00edssimo Senhor Prefeito do Munic\u00edpio de<br \/>\nFlorest\u00f3polis, ON\u00cdCIO DE SOUZA, que determine ao setor competente<br \/>\ndesta municipalidade o reparo de um buraco na Rua Ezequias Braz da Silva,<br \/>\nem frente ao estabelecimento comercial \u201cPlantes G\u00e1s\u201d, bem como a<br \/>\nrealiza\u00e7\u00e3o de restaura\u00e7\u00e3o do pavimento da mesma via no trecho da esquina<br \/>\ncom a Rua Presidente Vargas.<\/td><td class=\"column-5\"><a href=\"https:\/\/cmflorestopolis.pr.gov.br\/wp-content\/uploads\/2022\/01\/IND.-No-145_2021-_REF.-REPAROS-RUAS-EZ.-BRAZ_PRES.-VARGAS_.pdf\">Visualizar<\/a><\/td>\n<\/tr>\n<tr class=\"row-28 even\">\n\t<td class=\"column-1\">144<\/td><td class=\"column-2\">09\/11\/2021<\/td><td class=\"column-3\">Cesar da Cruz Rodrigues <\/td><td class=\"column-4\">INDICA, ao Excelent\u00edssimo Senhor Prefeito do Munic\u00edpio de<br \/>\nFlorest\u00f3polis, ON\u00cdCIO DE SOUZA, que providencie a aquisi\u00e7\u00e3o de aparelhos<br \/>\ncondicionadores de ar para a Cozinha Central do Munic\u00edpio.<\/td><td class=\"column-5\"><a href=\"https:\/\/cmflorestopolis.pr.gov.br\/wp-content\/uploads\/2022\/01\/IND.-No-144_2021-_REF.-AQ.-AR-CONDICIONADO_COZINHA-CENTRAL_.pdf\">Visualizar<\/a><\/td>\n<\/tr>\n<tr class=\"row-29 odd\">\n\t<td class=\"column-1\">143<\/td><td class=\"column-2\">26\/10\/2021<\/td><td class=\"column-3\">Denys Teixeira Saul<\/td><td class=\"column-4\">INDICA, ao Excelent\u00edssimo prefeito municipal ON\u00cdCIO DE SOUZA, que  determine ao setor competente desta municipalidade a realiza\u00e7\u00e3o de estudos no sentido de viabilizar, a execu\u00e7\u00e3o de manuten\u00e7\u00f5es necess\u00e1rias no pr\u00e9dio do EJA Gen\u00e9sio Franco da Rocha. <\/td><td class=\"column-5\"><a href=\"https:\/\/cmflorestopolis.pr.gov.br\/wp-content\/uploads\/2021\/11\/IND.-No-143_2021-_REF.-MANUTENCAO-EJA-GENESIO-F.-ROCHA_.pdf\">Visualizar<\/a><\/td>\n<\/tr>\n<tr class=\"row-30 even\">\n\t<td class=\"column-1\">142<\/td><td class=\"column-2\">19\/10\/2021<\/td><td class=\"column-3\">Edson Martins de Carvalho <\/td><td class=\"column-4\">INDICA, ao Excelent\u00edssimo Prefeito Municipal senhor ON\u00cdCIO DE SOUZA, que determine ao setor competente desta municipalidade a realiza\u00e7\u00e3o de estudos e ver as possibilidades legais, de disponibilidade de uma linha telef\u00f4nica gratuita tipo (0800) na recep\u00e7\u00e3o do Hospital Municipal Santa Branca, com o intuito de facilitar o acesso da popula\u00e7\u00e3o a esse servi\u00e7o essencial, principalmente para atender as pessoas com menores condi\u00e7\u00f5es financeiras que, quando buscam atendimento de sa\u00fade \u00e9 mesmo por necessidade. <\/td><td class=\"column-5\"><a href=\"https:\/\/cmflorestopolis.pr.gov.br\/wp-content\/uploads\/2021\/11\/IND.-No-142_2021-_REF.-REDUTOR-VELOCIDADE-RUA-MARGARIDAS_.pdf\">Visualizar<\/a><\/td>\n<\/tr>\n<tr class=\"row-31 odd\">\n\t<td class=\"column-1\">141<\/td><td class=\"column-2\">05\/10\/2021<\/td><td class=\"column-3\">Edson Martins de Carvalho <\/td><td class=\"column-4\">INDICA, ao Excelent\u00edssimo Prefeito Municipal senhor ON\u00cdCIO DE SOUZA, que determine ao setor competente desta municipalidade a realiza\u00e7\u00e3o de estudos, no sentido de providenciar a constru\u00e7\u00e3o de redutor de velocidade (quebra-mola), na rua das Margaridas pr\u00f3ximo ao endere\u00e7o no 967 no Bairro Jardim das Flores (Jabur). Tal medida se faz necess\u00e1ria com vistas a atender o anseio dos moradores daquela localidade, isso devido a imprud\u00eancia de alguns condutores de ve\u00edculos que trafegam em alta velocidade, tornando alto o risco de ocorrer acidentes graves no referido local. Portanto sugere-se especial aten\u00e7\u00e3o no atendimento a esta reivindica\u00e7\u00e3o e assim evitar maiores transtornos. <\/td><td class=\"column-5\"><a href=\"https:\/\/cmflorestopolis.pr.gov.br\/wp-content\/uploads\/2021\/11\/IND.-No-141_2021-_REF.-REDUTOR-VELOCIDADE-RUA-MARGARIDAS_.pdf\">Visualizar<\/a><\/td>\n<\/tr>\n<tr class=\"row-32 even\">\n\t<td class=\"column-1\">140<\/td><td class=\"column-2\">05\/10\/2021<\/td><td class=\"column-3\">Edson Martins de Carvalho <\/td><td class=\"column-4\">INDICA ao Excelent\u00edssimo Senhor Prefeito do Munic\u00edpio de Florest\u00f3polis, ON\u00cdCIO DE SOUZA, que determine ao setor competente desta municipalidade, provid\u00eancias para a realiza\u00e7\u00e3o de poda de uma \u00e1rvore localizada em frente \u00e0 resid\u00eancia situada na Rua Tiradentes, no 251, Jardim Itaipu II, De frente a Igreja S\u00f3 O Senhor \u00e9 Deus, Nesta. <\/td><td class=\"column-5\"><a href=\"https:\/\/cmflorestopolis.pr.gov.br\/wp-content\/uploads\/2021\/11\/IND.-No-140_2021-_REF.-PODA-DE-ARVORE_JD.-ITAIPU_.pdf\">Visualizar<\/a><\/td>\n<\/tr>\n<tr class=\"row-33 odd\">\n\t<td class=\"column-1\">139<\/td><td class=\"column-2\">05\/10\/2021 <\/td><td class=\"column-3\">Marinho Novais Luz Neto <\/td><td class=\"column-4\">INDICA, ao Excelent\u00edssimo Senhor Prefeito do Munic\u00edpio de Florest\u00f3polis, ON\u00cdCIO DE SOUZA, que determine ao setor competente desta municipalidade a realiza\u00e7\u00e3o de estudos no sentido de viabilizar, a aquisi\u00e7\u00e3o de novos len\u00e7\u00f3is hospitalares de camas e macas do Hospital Municipal Santa Branca, pois \u00e9 important\u00edssimo a substitui\u00e7\u00e3o dos len\u00e7\u00f3is usados e dentro do poss\u00edvel que isso seja feito de modo gradual, com o intuito de manter a qualidade do atendimento aos pacientes, que porventura necessitem do uso das camas ou de macas em seus tratamentos de sa\u00fade. <\/td><td class=\"column-5\"><a href=\"https:\/\/cmflorestopolis.pr.gov.br\/wp-content\/uploads\/2021\/11\/IND.-No-139_2021-_REF.-AQ.-LENCOIS-HOSPITAL_.pdf\">Visualizar<\/a><\/td>\n<\/tr>\n<tr class=\"row-34 even\">\n\t<td class=\"column-1\">138<\/td><td class=\"column-2\">05\/10\/2021 <\/td><td class=\"column-3\">Silvio Jorge de Oliveira <\/td><td class=\"column-4\">INDICA, ao Excelent\u00edssimo prefeito municipal ON\u00cdCIO DE SOUZA, que proceda estudos junto ao setor competente desta municipalidade e ver as possibilidades legais de prorrogar pelo per\u00edodo de mais 01 (um) ano, o prazo para ades\u00e3o ao Programa de Desligamento Volunt\u00e1rio \u2013 PDV, dos Servidores P\u00fablicos do Munic\u00edpio de Florest\u00f3polis. <\/td><td class=\"column-5\"><a href=\"https:\/\/cmflorestopolis.pr.gov.br\/wp-content\/uploads\/2021\/11\/IND.-No-138_2021-_REF.-PRORROGAR-PDV_.pdf\">Visualizar<\/a><\/td>\n<\/tr>\n<tr class=\"row-35 odd\">\n\t<td class=\"column-1\">137<\/td><td class=\"column-2\">28\/09\/2021<\/td><td class=\"column-3\">Valmir Cl\u00e1udio Rodrigues <\/td><td class=\"column-4\">INDICA, ao Excelent\u00edssimo Prefeito do Munic\u00edpio de Florest\u00f3polis, senhor ON\u00cdCIO DE SOUZA, que determine ao setor competente desta municipalidade a realiza\u00e7\u00e3o de estudos de viabilidade, para a aquisi\u00e7\u00e3o e instala\u00e7\u00e3o de um ar condicionado na recep\u00e7\u00e3o do Hospital Municipal Santa Branca, para que assim possa melhor atender nossos mun\u00edcipes. Objetiva-se com esta medida a inten\u00e7\u00e3o de proporcionar melhor comodidade aos usu\u00e1rios enquanto esperam seu atendimento, bem como tornar mais agrad\u00e1vel o ambiente de trabalho aos servidores lotados naquele setor, especificamente em virtude do tempo seco e das altas temperaturas que estamos enfrentando no momento. <\/td><td class=\"column-5\"><a href=\"https:\/\/cmflorestopolis.pr.gov.br\/wp-content\/uploads\/2021\/11\/IND.-No-137_2021-_REF.-AQ.-AR-CONDICIONADO_RECEPCAO-HOSPITAL_.pdf\">Visualizar<\/a><\/td>\n<\/tr>\n<tr class=\"row-36 even\">\n\t<td class=\"column-1\">136<\/td><td class=\"column-2\">28\/09\/2021<\/td><td class=\"column-3\">Denys Teixeira Saul <\/td><td class=\"column-4\">INDICA, ao Excelent\u00edssimo prefeito municipal ON\u00cdCIO DE SOUZA, que determine ao setor competente desta municipalidade a realiza\u00e7\u00e3o de estudos no sentido de viabilizar, a coloca\u00e7\u00e3o de telas no espa\u00e7o entre o telhado e a parede da quadra de esportes Carlos Henrique Goulart, com o intuito de evitar a entrada de pombos no local. Tal medida se faz necess\u00e1ria visto que os pombos defecam na quadra e isso no final das contas gera um preju\u00edzo ao munic\u00edpio com o desperd\u00edcio de \u00e1gua que \u00e9 usada para lavar o local diariamente. <\/td><td class=\"column-5\"><a href=\"https:\/\/cmflorestopolis.pr.gov.br\/wp-content\/uploads\/2021\/11\/IND.-No-136_2021-_REF.-COLOCACAO-TELA-QUADRA-ESP.-CARLOS-GOULART_.pdf\">Visualizar<\/a><\/td>\n<\/tr>\n<tr class=\"row-37 odd\">\n\t<td class=\"column-1\">135<\/td><td class=\"column-2\">28\/09\/2021<\/td><td class=\"column-3\">Ayrton Capassi <\/td><td class=\"column-4\">INDICA, ao Excelent\u00edssimo prefeito municipal ON\u00cdCIO DE SOUZA, que determine ao setor competente desta municipalidade, a realiza\u00e7\u00e3o de estudos no sentido de que busque atrav\u00e9s de programas do governo federal, a doa\u00e7\u00e3o de dois (02) ou mais caminh\u00f5es-ca\u00e7ambas, com vistas a melhorar o atendimento principalmente no setor da constru\u00e7\u00e3o civil e demais servi\u00e7os que necessitam do uso desses ve\u00edculos. <\/td><td class=\"column-5\"><a href=\"https:\/\/cmflorestopolis.pr.gov.br\/wp-content\/uploads\/2021\/11\/IND.-No-135_2021-_REF.-CAMINHAO_CACAMBA_.pdf\">Visualizar<\/a><\/td>\n<\/tr>\n<tr class=\"row-38 even\">\n\t<td class=\"column-1\">134<\/td><td class=\"column-2\">21\/09\/2021 <\/td><td class=\"column-3\">Marinho Novais Luz Neto<\/td><td class=\"column-4\">INDICA, ao Excelent\u00edssimo Senhor Prefeito do Munic\u00edpio de Florest\u00f3polis, ON\u00cdCIO DE SOUZA, que determine ao setor competente desta municipalidade, a realiza\u00e7\u00e3o de estudos no sentido de e ver as possibilidades legais de contratar empresa de seguran\u00e7a patrimonial, tendo em vista que o munic\u00edpio n\u00e3o tem vigias dispon\u00edveis ou guarda municipal. Destaca-se que recentemente o pr\u00e9dio da UBS Copel foi invadida por mal feitores que adentraram ao local provavelmente para realizar furtos. Portanto tal medida seria muito importante, principalmente para conserva\u00e7\u00e3o do patrim\u00f4nio p\u00fablico de nossa cidade. <\/td><td class=\"column-5\"><a href=\"https:\/\/cmflorestopolis.pr.gov.br\/wp-content\/uploads\/2021\/11\/IND.-No-134_2021-_REF.-CONTRATAR-SEG.-PATRIMONIAL_.pdf\">Visualizar<\/a><\/td>\n<\/tr>\n<tr class=\"row-39 odd\">\n\t<td class=\"column-1\">133<\/td><td class=\"column-2\">21\/09\/2021 <\/td><td class=\"column-3\">Denys Teixeira Saul <\/td><td class=\"column-4\">INDICA, ao Excelent\u00edssimo prefeito municipal ON\u00cdCIO DE SOUZA, que determine ao setor competente desta municipalidade a realiza\u00e7\u00e3o de estudos no sentido de viabilizar, que seja feito reparos ou substitui\u00e7\u00e3o dos brinquedos do playground da Pra\u00e7a da Paz no Conjunto Jardim das Flores (Jabur). Haja vista que os brinquedos se encontram deteriorados e necessitando de manuten\u00e7\u00e3o. Al\u00e9m disso, o local n\u00e3o possui nenhum aviso ou sinaliza\u00e7\u00e3o para que evite a sua utiliza\u00e7\u00e3o, o que permite a livre circula\u00e7\u00e3o de crian\u00e7as neste espa\u00e7o, gerando perigo e inseguran\u00e7a. Portanto destaca-se que a realiza\u00e7\u00e3o de manuten\u00e7\u00e3o ou substitui\u00e7\u00e3o dos brinquedos do playground da referida pra\u00e7a, se faz necess\u00e1rio com o objetivo de oferecer novamente op\u00e7\u00f5es de lazer para a popula\u00e7\u00e3o daquela regi\u00e3o. <\/td><td class=\"column-5\"><a href=\"https:\/\/cmflorestopolis.pr.gov.br\/wp-content\/uploads\/2021\/11\/IND.-No-133_2021-_REF.-REPAROS-PLAYGROUND-DA-PARACA-JABUR_.pdf\">Visualizar<\/a><\/td>\n<\/tr>\n<tr class=\"row-40 even\">\n\t<td class=\"column-1\">132<\/td><td class=\"column-2\">21\/09\/2021<\/td><td class=\"column-3\">Denys Teixeira Saul <\/td><td class=\"column-4\">INDICA, ao Excelent\u00edssimo prefeito municipal ON\u00cdCIO DE SOUZA, que determine ao setor competente desta municipalidade a realiza\u00e7\u00e3o de estudos no sentido de viabilizar, a constru\u00e7\u00e3o de rampa e corrim\u00e3o de acessibilidade na Pra\u00e7a do Cristo Acolhedor na entrada da cidade. Tal medida tem como objetivo facilitar o acesso ao referido local de pessoas com defici\u00eancia, cadeirantes, crian\u00e7as, idosos ou pessoas com mobilidade reduzida. <\/td><td class=\"column-5\"><a href=\"https:\/\/cmflorestopolis.pr.gov.br\/wp-content\/uploads\/2021\/11\/IND.-No-132_2021-_REF.-RAMPA-ACESSO-PRACA-CRISTO_.pdf\">Visualizar<\/a><\/td>\n<\/tr>\n<tr class=\"row-41 odd\">\n\t<td class=\"column-1\">131<\/td><td class=\"column-2\">21\/09\/2021<\/td><td class=\"column-3\">Cesar da Cruz Rodrigues<\/td><td class=\"column-4\">INDICA, ao Excelent\u00edssimo Senhor Prefeito do Munic\u00edpio de Florest\u00f3polis, ON\u00cdCIO DE SOUZA, que determine ao setor competente a utiliza\u00e7\u00e3o dos aparelhos de higieniza\u00e7\u00e3o nebulizadores, para que seja feito a desinfec\u00e7\u00e3o e higieniza\u00e7\u00e3o dos ve\u00edculos da Educa\u00e7\u00e3o, pois ainda estamos enfrentando a pandemia e todas as a\u00e7\u00f5es de combate ao v\u00edrus COVID-19, s\u00e3o importantes e imprescind\u00edveis, principalmente na situa\u00e7\u00e3o atual em nossa cidade com o aumento consider\u00e1vel de casos da doen\u00e7a. <\/td><td class=\"column-5\"><a href=\"https:\/\/cmflorestopolis.pr.gov.br\/wp-content\/uploads\/2021\/11\/IND.-No-131_2021-_REF.-HIGIENIZACAO-VEICULOS-EDUCACAO_.pdf\">Visualizar<\/a><\/td>\n<\/tr>\n<tr class=\"row-42 even\">\n\t<td class=\"column-1\">130<\/td><td class=\"column-2\">21\/09\/2021 <\/td><td class=\"column-3\">Silvio Jorge de Oliveira <\/td><td class=\"column-4\">INDICA, ao Excelent\u00edssimo prefeito municipal senhor ON\u00cdCIO DE SOUZA, que determine ao setor competente da municipalidade a realiza\u00e7\u00e3o de estudos de viabilidade, para a reativa\u00e7\u00e3o do Centro de Conviv\u00eancia do Idoso \u2013 CCI, visto que com o avan\u00e7o da vacina\u00e7\u00e3o, muito em breve, a tend\u00eancia natural das coisas \u00e9 que as pessoas da melhor idade poder\u00e3o voltar a frequentar outros ambientes sociais como era antes da chegada da pandemia do novo coronav\u00edrus (Covid-19). Destaca-se ainda que tal medida \u00e9 muito importante para que os idosos possam ter um local de boa conviv\u00eancia, com boa alimenta\u00e7\u00e3o e com atividades diversas que contribuem no processo de envelhecimento saud\u00e1vel. <\/td><td class=\"column-5\"><a href=\"https:\/\/cmflorestopolis.pr.gov.br\/wp-content\/uploads\/2021\/11\/IND.-No-130_2021-_REF.-REATIVACAO-DO-CCI_.pdf\">Visualizar<\/a><\/td>\n<\/tr>\n<tr class=\"row-43 odd\">\n\t<td class=\"column-1\">129<\/td><td class=\"column-2\">14\/09\/2021<\/td><td class=\"column-3\">Edson Martins de Carvalho <\/td><td class=\"column-4\">INDICA, ao Excelent\u00edssimo Prefeito Municipal senhor ON\u00cdCIO DE SOUZA, que determine ao setor competente desta municipalidade a realiza\u00e7\u00e3o de estudos para providenciar, a aquisi\u00e7\u00e3o de 01 (um) bebedouro para ser instalado no posto de atendimento do DETRAN. Objetiva-se com tal medida proporcionar mais conforto aos servidores e melhorar a qualidade do atendimento aos diversos usu\u00e1rios daquele setor. <\/td><td class=\"column-5\"><a href=\"https:\/\/cmflorestopolis.pr.gov.br\/wp-content\/uploads\/2021\/11\/IND.-No-129_2021-_REF.-AQ._INST.-BEBEDOURO-DETRAN_.pdf\">Visualizar<\/a><\/td>\n<\/tr>\n<tr class=\"row-44 even\">\n\t<td class=\"column-1\">128<\/td><td class=\"column-2\">24\/08\/2021 <\/td><td class=\"column-3\">Denys Teixeira Saul <\/td><td class=\"column-4\">INDICA, ao Excelent\u00edssimo prefeito municipal ON\u00cdCIO DE SOUZA, que determine ao setor competente desta municipalidade a realiza\u00e7\u00e3o de estudos no sentido de viabilizar, a realiza\u00e7\u00e3o de planejamento visando o plantio de flores na Pra\u00e7a Central Prefeito Jos\u00e9 Ribeiro Rosa, bem como nas demais Pra\u00e7as e canteiros centrais de avenidas do Munic\u00edpio. <\/td><td class=\"column-5\"><a href=\"https:\/\/cmflorestopolis.pr.gov.br\/wp-content\/uploads\/2021\/11\/IND.-No-128_2021-_REF.-PLANTIO-DE-FLORES_PRACAS_CANTEIROS_.pdf\">Visualizar<\/a><\/td>\n<\/tr>\n<tr class=\"row-45 odd\">\n\t<td class=\"column-1\">127<\/td><td class=\"column-2\">24\/08\/2021<\/td><td class=\"column-3\">Denys Teixeira Saul <\/td><td class=\"column-4\">INDICA, ao Excelent\u00edssimo prefeito municipal ON\u00cdCIO DE SOUZA, <br \/>\nque determine ao setor competente desta municipalidade a realiza\u00e7\u00e3o de estudos <br \/>\n<br \/>\nno sentido de viabilizar, a constru\u00e7\u00e3o de redutores de velocidade (quebra-molas), <br \/>\n<br \/>\nsendo um na Rua Hugo Leonardo Viana na conflu\u00eancia com a Rua Miguel J\u00f3ia, e <br \/>\n<br \/>\noutro na Rua Miguel J\u00f3ia na conflu\u00eancia com a Rua Hugo Leonardo Viana. <\/td><td class=\"column-5\"><a href=\"https:\/\/cmflorestopolis.pr.gov.br\/wp-content\/uploads\/2021\/11\/IND.-No-127_2021-_REF.-REDUTORES-DE-VELOCIDADE_.pdf\">Visualizar<\/a><\/td>\n<\/tr>\n<tr class=\"row-46 even\">\n\t<td class=\"column-1\">126<\/td><td class=\"column-2\">24\/08\/2021 <\/td><td class=\"column-3\">Denys Teixeira Saul <\/td><td class=\"column-4\">INDICA, ao Excelent\u00edssimo prefeito municipal ON\u00cdCIO DE SOUZA, <br \/>\nque determine ao setor competente desta municipalidade, que seja realizado <br \/>\n<br \/>\nestudos no sentido de elaborar a Lei \u201cIPTU Verde\u201d, com objetivo de fomentar <br \/>\n<br \/>\nmedidas que melhorem, protejam e recuperem o meio ambiente e que elevem a <br \/>\n<br \/>\nqualidade de vida dos florestopolitanos. <\/td><td class=\"column-5\"><a href=\"https:\/\/cmflorestopolis.pr.gov.br\/wp-content\/uploads\/2021\/11\/IND.-No-126_2021-_REF.-CRIAR-LEI-IPTU-VERDE_.pdf\">Visualizar<\/a><\/td>\n<\/tr>\n<tr class=\"row-47 odd\">\n\t<td class=\"column-1\">125<\/td><td class=\"column-2\">24\/08\/2021<\/td><td class=\"column-3\">Edson Martins de Carvalho<\/td><td class=\"column-4\">INDICA, ao Excelent\u00edssimo Prefeito Municipal senhor ON\u00cdCIO DE SOUZA, <br \/>\nque determine ao setor competente desta municipalidade a realiza\u00e7\u00e3o de estudos para <br \/>\n<br \/>\nprovidenciar com urg\u00eancia, a aquisi\u00e7\u00e3o de uma cadeira odontol\u00f3gica nova para que seja <br \/>\n<br \/>\ndestinada a UBS Milton Bento, no conjunto Jardim das Flores (Jabur). Haja vista que a <br \/>\n<br \/>\ncadeira que se encontra naquele local est\u00e1 sem condi\u00e7\u00f5es de uso necessitando de <br \/>\n<br \/>\nmanuten\u00e7\u00e3o ou substitui\u00e7\u00e3o, pois a falta desse equipamento impossibilita a realiza\u00e7\u00e3o de <br \/>\n<br \/>\natendimentos de sa\u00fade bucal. <\/td><td class=\"column-5\"><a href=\"https:\/\/cmflorestopolis.pr.gov.br\/wp-content\/uploads\/2021\/11\/IND.-No-125_2021-_REF.-AQ.-CADEIRA-ODONTOLOGICA_.pdf\">Visualizar<\/a><\/td>\n<\/tr>\n<tr class=\"row-48 even\">\n\t<td class=\"column-1\">124<\/td><td class=\"column-2\">17\/08\/2021<\/td><td class=\"column-3\">Valmir Cl\u00e1udio Rodrigues <\/td><td class=\"column-4\">INDICA, ao Excelent\u00edssimo Prefeito do Munic\u00edpio de Florest\u00f3polis, <br \/>\nsenhor ON\u00cdCIO DE SOUZA, que determine ao setor competente desta <br \/>\nmunicipalidade a realiza\u00e7\u00e3o de estudos de viabilidade, para a aquisi\u00e7\u00e3o com <br \/>\nurg\u00eancia de pelo menos 05 (cinco) cadeiras de rodas, para uso no Hospital e nas Unidades B\u00e1sicas de Sa\u00fade. <\/td><td class=\"column-5\"><a href=\"https:\/\/cmflorestopolis.pr.gov.br\/wp-content\/uploads\/2021\/11\/IND.-No-124_2021-_REF.-AQ.-CADEIRA-DE-RODAS_.pdf\">Visualizar<\/a><\/td>\n<\/tr>\n<tr class=\"row-49 odd\">\n\t<td class=\"column-1\">123<\/td><td class=\"column-2\">17\/08\/2021<\/td><td class=\"column-3\">Silvio Jorge de Oliveira<\/td><td class=\"column-4\">INDICA, ao Excelent\u00edssimo prefeito municipal senhor ON\u00cdCIO DE SOUZA, <br \/>\nque determine ao setor competente da municipalidade a realiza\u00e7\u00e3o de estudos de <br \/>\nviabilidade, para a aquisi\u00e7\u00e3o de 45 (quarenta e cinco) tablets com o app e-SUS para uso dos ACS\u2019s e ACE\u2019s, com o intuito de substituir os equipamentos usados e assim manter o <br \/>\nbom desenvolvimento do trabalho desses profissionais no dia a dia, bem como manter o atendimento de qualidade e efici\u00eancia. <\/td><td class=\"column-5\"><a href=\"https:\/\/cmflorestopolis.pr.gov.br\/wp-content\/uploads\/2021\/11\/IND.-No-123_2021-_REF.-AQUISICAO-TABLETS-ACS-E-ACE_.pdf\">Visualizar<\/a><\/td>\n<\/tr>\n<tr class=\"row-50 even\">\n\t<td class=\"column-1\">122<\/td><td class=\"column-2\">17\/08\/2021 <\/td><td class=\"column-3\">Denys Teixeira Saul <\/td><td class=\"column-4\">INDICA, ao Excelent\u00edssimo prefeito municipal ON\u00cdCIO DE <br \/>\nSOUZA, que determine a secretaria de obras do munic\u00edpio para viabilizar a <br \/>\nrealiza\u00e7\u00e3o de reparos e\/ou a constru\u00e7\u00e3o de canaletas, buscando solucionar o <br \/>\nproblema do escoamento das \u00e1guas pluviais e residenciais, nos locais conforme especifica: <br \/>\n\u2022 Ruas M\u00e1rcio Meireles de Souza e Fabio Saez Luz no <br \/>\nConjunto alecrim; e <br \/>\n\u2022 Ruas Aparecido da Rocha, Noel Pereira de Melo e Jos\u00e9 Martins Gen\u00e9sio no Conjunto Francisca Moraes. <\/td><td class=\"column-5\"><a href=\"https:\/\/cmflorestopolis.pr.gov.br\/wp-content\/uploads\/2021\/11\/IND.-No-122_2021-_REF.-CONST.-CANALETAS_.pdf\">Visualizar<\/a><\/td>\n<\/tr>\n<tr class=\"row-51 odd\">\n\t<td class=\"column-1\">121<\/td><td class=\"column-2\">10\/08\/2021 <\/td><td class=\"column-3\">Ayrton Capassi <\/td><td class=\"column-4\">INDICA, ao Excelent\u00edssimo prefeito municipal ON\u00cdCIO DE SOUZA, que determine ao setor competente desta municipalidade, a realiza\u00e7\u00e3o de estudos no <br \/>\nsentido de que seja realizada a constru\u00e7\u00e3o de guaritas de \u00f4nibus para abrigo dos <br \/>\ntrabalhadores, sendo uma na pra\u00e7a do Conjunto Vale do Amanhecer, outra na Rua Pompeu Romagnoli na sa\u00edda para a Rodovia PR-170, e havendo a possibilidade que <br \/>\nsejam constru\u00eddas mais unidades em pontos espec\u00edficos de embarque de trabalhadores <br \/>\ne demais usu\u00e1rios. <\/td><td class=\"column-5\"><a href=\"https:\/\/cmflorestopolis.pr.gov.br\/wp-content\/uploads\/2021\/11\/IND.-No-121_2021-_REF.-GUARITAS-DE-ONIBUS_.pdf\">Visualizar<\/a><\/td>\n<\/tr>\n<tr class=\"row-52 even\">\n\t<td class=\"column-1\">120<\/td><td class=\"column-2\">29\/06\/2021<\/td><td class=\"column-3\">Valmir Cl\u00e1udio Rodrigues <\/td><td class=\"column-4\">INDICA, ao Excelent\u00edssimo Prefeito do Munic\u00edpio de Florest\u00f3polis, <br \/>\nsenhor ON\u00cdCIO DE SOUZA, que determine ao setor competente desta municipalidade a <br \/>\nrealiza\u00e7\u00e3o de estudos de viabilidade, para a constru\u00e7\u00e3o de um redutor de velocidade (quebra-molas) na Rua Pompeu Romagnoli, pr\u00f3ximo a Pra\u00e7a do Conjunto Vale do Amanhecer. <\/td><td class=\"column-5\"><a href=\"https:\/\/cmflorestopolis.pr.gov.br\/wp-content\/uploads\/2021\/11\/IND.-No-120_2021-_REF.-REDUTOR-VELOCIDADE_.pdf\">Visualizar<\/a><\/td>\n<\/tr>\n<tr class=\"row-53 odd\">\n\t<td class=\"column-1\">119<\/td><td class=\"column-2\">29\/06\/2021<\/td><td class=\"column-3\">Valmir Cl\u00e1udio Rodrigues <\/td><td class=\"column-4\">INDICA, ao Excelent\u00edssimo Prefeito do Munic\u00edpio de Florest\u00f3polis, <br \/>\nsenhor ON\u00cdCIO DE SOUZA, que determine ao setor competente desta municipalidade a <br \/>\nrealiza\u00e7\u00e3o de estudos de viabilidade, para designa\u00e7\u00e3o de um equipe de atendimento p\u00f3s <br \/>\nCOVID, para os pacientes que ficaram internados e intubados por um longo per\u00edodo em <br \/>\nnossos hospitais de refer\u00eancia. <\/td><td class=\"column-5\"><a href=\"https:\/\/cmflorestopolis.pr.gov.br\/wp-content\/uploads\/2021\/11\/IND.-No-119_2021-_REF.-EQ.-ASSISTENCIA-POS-COVID_.pdf\">Visualizar<\/a><\/td>\n<\/tr>\n<tr class=\"row-54 even\">\n\t<td class=\"column-1\">118<\/td><td class=\"column-2\">29\/06\/2021 <\/td><td class=\"column-3\">Silvio Jorge de Oliveira <\/td><td class=\"column-4\">INDICA, ao Excelent\u00edssimo prefeito municipal ON\u00cdCIO DE SOUZA, que determine ao setor competente da municipalidade a realiza\u00e7\u00e3o de estudos de viabilidade, <br \/>\npara que seja implantado em nosso munic\u00edpio um Centro de Especialidades Odontol\u00f3gicas <br \/>\n\u2013 C. E. O., sendo que as despesas para implanta\u00e7\u00e3o, constru\u00e7\u00e3o, reforma, amplia\u00e7\u00e3o, aquisi\u00e7\u00e3o de imobili\u00e1rio, instrumental, equipamentos odontol\u00f3gicos, sal\u00e1rios, material de <br \/>\nconsumo e etc, sejam todos com recursos cedidos pelo governo federal. <\/td><td class=\"column-5\"><a href=\"https:\/\/cmflorestopolis.pr.gov.br\/wp-content\/uploads\/2021\/11\/IND.-No-118_2021-_REF.-CENTRO-ESP.-ODONTOLOGICAS_CEO_.pdf\">Visualizar<\/a><\/td>\n<\/tr>\n<tr class=\"row-55 odd\">\n\t<td class=\"column-1\">117<\/td><td class=\"column-2\">29\/06\/2021 <\/td><td class=\"column-3\">Marinho Novais Luz Neto <\/td><td class=\"column-4\">INDICA, ao Excelent\u00edssimo Senhor Prefeito do Munic\u00edpio de <br \/>\nFlorest\u00f3polis, ON\u00cdCIO DE SOUZA, que determine ao setor competente desta municipalidade, a realiza\u00e7\u00e3o de estudos no sentido de disponibilizar um local adequado, para abrigar os cidad\u00e3os que vivem em situa\u00e7\u00e3o de rua, e ainda que seja visto a possibilidade de conceder refei\u00e7\u00f5es e agasalhos, isso durante todo o <br \/>\nper\u00edodo em que as baixas temperaturas perdurarem. <\/td><td class=\"column-5\"><a href=\"https:\/\/cmflorestopolis.pr.gov.br\/wp-content\/uploads\/2021\/11\/IND.-No-117_2021-_REF.-ACOLHER-MORADORES-DE-RUA_.pdf\">Visualizar<\/a><\/td>\n<\/tr>\n<tr class=\"row-56 even\">\n\t<td class=\"column-1\">116<\/td><td class=\"column-2\">29\/06\/2021 <\/td><td class=\"column-3\">Edson Martins de Carvalho <\/td><td class=\"column-4\">INDICA, ao Excelent\u00edssimo Prefeito do Munic\u00edpio de Florest\u00f3polis, <br \/>\nsenhor ON\u00cdCIO DE SOUZA, que determine ao setor competente desta municipalidade, a <br \/>\nrealiza\u00e7\u00e3o de estudos e ver dentro das normas legais, a possibilidade de realizar a <br \/>\nvacina\u00e7\u00e3o de todos os profissionais do setor da constru\u00e7\u00e3o civil, visto que esses <br \/>\ntrabalhadores correm s\u00e9rios risco de contamina\u00e7\u00e3o, devido o contato com outras pessoas <br \/>\nno dia a dia de trabalho. <\/td><td class=\"column-5\"><a href=\"https:\/\/cmflorestopolis.pr.gov.br\/wp-content\/uploads\/2021\/11\/IND.-No-116_2021-_REF.-VACINACAO-TRAB.-CONST.-CIVIL_.pdf\">Visualizar<\/a><\/td>\n<\/tr>\n<tr class=\"row-57 odd\">\n\t<td class=\"column-1\">115<\/td><td class=\"column-2\">29\/06\/2021<\/td><td class=\"column-3\">Denys Teixeira Saul <\/td><td class=\"column-4\">INDICA, ao Excelent\u00edssimo prefeito municipal ON\u00cdCIO DE SOUZA, <br \/>\nque determine ao setor competente desta municipalidade, a realiza\u00e7\u00e3o de estudos no sentido de incluir no projeto de melhorias da ilumina\u00e7\u00e3o p\u00fablica com l\u00e2mpadas <br \/>\nde LED, o conjunto Jardim Zilda Arns. <\/td><td class=\"column-5\"><a href=\"https:\/\/cmflorestopolis.pr.gov.br\/wp-content\/uploads\/2021\/11\/IND.-No-115_2021-_REF.-ILUMINACAO-PUB.-JD.-ZILDA-ARNS_.pdf\">Visualizar<\/a><\/td>\n<\/tr>\n<tr class=\"row-58 even\">\n\t<td class=\"column-1\">114<\/td><td class=\"column-2\">22\/06\/2021 <\/td><td class=\"column-3\">Denys Teixeira Saul <\/td><td class=\"column-4\">INDICA, ao Excelent\u00edssimo prefeito municipal ON\u00cdCIO DE SOUZA, <br \/>\nque determine ao setor competente desta<br \/>\nmunicipalidade, a realiza\u00e7\u00e3o de estudos no sentido de buscar uma solu\u00e7\u00e3o para agilizar e\/ou melhorar a execu\u00e7\u00e3o do servi\u00e7o de fotocopias e impress\u00f5es nos estabelecimentos de ensino (secretaria de <br \/>\neduca\u00e7\u00e3o, escolas municipais e centros municipais de educa\u00e7\u00e3o infantil) do munic\u00edpio. A princ\u00edpio, sugiro que seja mediado a possibilidade da contrata\u00e7\u00e3o de empresa que execute o servi\u00e7o de loca\u00e7\u00e3o de equipamentos para tal finalidade. <\/td><td class=\"column-5\"><a href=\"https:\/\/cmflorestopolis.pr.gov.br\/wp-content\/uploads\/2021\/11\/IND.-No-114_2021-_REF.-MELHRIAS-SERV.-IMPRESSAO-ESCOLAS_.pdf\">Visualizar<\/a><\/td>\n<\/tr>\n<tr class=\"row-59 odd\">\n\t<td class=\"column-1\">113<\/td><td class=\"column-2\">22\/06\/2021 <\/td><td class=\"column-3\">Adriana Passoni Goulart <\/td><td class=\"column-4\">INDICA ao Excelent\u00edssimo Senhor Prefeito do Munic\u00edpio de <br \/>\nFlorest\u00f3polis, ON\u00cdCIO DE SOUZA, que determine ao setor competente da <br \/>\nmunicipalidade a promo\u00e7\u00e3o de adequa\u00e7\u00f5es na infraestrutura de conectividade <br \/>\npara rede de wi-fi mediante a aquisi\u00e7\u00e3o de equipamentos de alta performance <br \/>\ne cabeamento estruturado para as escolas municipais, com vistas a viabilizar a <br \/>\nmelhoria do ensino h\u00edbrido. <\/td><td class=\"column-5\"><a href=\"https:\/\/cmflorestopolis.pr.gov.br\/wp-content\/uploads\/2021\/11\/IND.-No-113_2021-_REF.-MELHORIAS-WI-FI-ESCOLAS_.pdf\">Visualizar<\/a><\/td>\n<\/tr>\n<tr class=\"row-60 even\">\n\t<td class=\"column-1\">112<\/td><td class=\"column-2\">15\/06\/2021 <\/td><td class=\"column-3\">Valmir Cl\u00e1udio Rodrigues<\/td><td class=\"column-4\">INDICA, ao Excelent\u00edssimo Senhor Prefeito do Munic\u00edpio de <br \/>\nFlorest\u00f3polis, ON\u00cdCIO DE SOUZA, que determine ao setor competente desta municipalidade a realiza\u00e7\u00e3o de estudos de viabilidade, para designar, pelo menos uma vez <br \/>\npor ano, preferencialmente no m\u00eas de outubro, um per\u00edodo destinado \u00e0s avalia\u00e7\u00f5es <br \/>\nm\u00e9dicas (Cardiologista, Oftalmologista, Ginecologista, Dentista, etc.) de todos servidores <br \/>\np\u00fablicos concursados desta municipalidade. <\/td><td class=\"column-5\"><a href=\"https:\/\/cmflorestopolis.pr.gov.br\/wp-content\/uploads\/2021\/11\/IND.-No-112_2021-_REF.-AVALIACOES-MEDICAS_SERVIDORES_.pdf\">Visualizar<\/a><\/td>\n<\/tr>\n<tr class=\"row-61 odd\">\n\t<td class=\"column-1\">111<\/td><td class=\"column-2\">15\/06\/2021<\/td><td class=\"column-3\">Marinho Novais Luz Neto <\/td><td class=\"column-4\">INDICA, ao Excelent\u00edssimo Senhor Prefeito do Munic\u00edpio de <br \/>\nFlorest\u00f3polis, ON\u00cdCIO DE SOUZA, considerando a destina\u00e7\u00e3o anunciada pelo <br \/>\nGoverno do Estado do Paran\u00e1 do primeiro lote da vacina da Janssen para a <br \/>\nimuniza\u00e7\u00e3o contra a COVID-19 dos trabalhadores do transporte rodovi\u00e1rio de <br \/>\ncarga, de passageiros e demais caminhoneiros, que verifique a possibilidade de <br \/>\nprovidenciar a vacina\u00e7\u00e3o do referido grupo de trabalhadores atrav\u00e9s do sistema drive thru. <\/td><td class=\"column-5\"><a href=\"https:\/\/cmflorestopolis.pr.gov.br\/wp-content\/uploads\/2021\/11\/IND.-No-111_2021-_REF.-VACINACAO-CAMINHONEIROS_.pdf\">Visualizar<\/a><\/td>\n<\/tr>\n<tr class=\"row-62 even\">\n\t<td class=\"column-1\">110<\/td><td class=\"column-2\">15\/06\/2021<\/td><td class=\"column-3\">Marinho Novais Luz Neto <\/td><td class=\"column-4\">INDICA, ao Excelent\u00edssimo Senhor Prefeito do Munic\u00edpio de <br \/>\nFlorest\u00f3polis, ON\u00cdCIO DE SOUZA, que determine ao setor competente desta <br \/>\nmunicipalidade, a disponibiliza\u00e7\u00e3o de um dos servidores do Centro de Refer\u00eancia <br \/>\nde Assist\u00eancia Social de Florest\u00f3polis \u2013 CRAS, a fim de acompanhar e repassar aos <br \/>\nrespectivos familiares locais informa\u00e7\u00f5es acerca do quadro cl\u00ednico dos pacientes <br \/>\ninternados em hospitais situados fora da Municipalidade. <\/td><td class=\"column-5\"><a href=\"https:\/\/cmflorestopolis.pr.gov.br\/wp-content\/uploads\/2021\/11\/IND.-No-110_2021-_REF.-SERVIDOR-CRAS_INFO.-COVID-19-FAMILIAS_.pdf\">Visualizar<\/a><\/td>\n<\/tr>\n<tr class=\"row-63 odd\">\n\t<td class=\"column-1\">109<\/td><td class=\"column-2\">15\/06\/2021 <\/td><td class=\"column-3\">Denys Teixeira Saul <\/td><td class=\"column-4\">INDICA, ao Excelent\u00edssimo prefeito municipal ON\u00cdCIO DE SOUZA, que determine ao setor competente desta municipalidade, que seja realizado estudos em car\u00e1ter de urg\u00eancia no sentido de implantar \u201cBoletim Epidemiol\u00f3gico de <br \/>\nmonitoramento dos casos de Dengue\u201d, visto que a Dengue tamb\u00e9m \u00e9 uma doen\u00e7a que nos causa preocupa\u00e7\u00e3o e que pode levar a morte. Portanto toda informa\u00e7\u00e3o \u00e9 <br \/>\nsempre muito importante, sugere-se ainda, a realiza\u00e7\u00e3o de um trabalho intenso de <br \/>\nconscientiza\u00e7\u00e3o da popula\u00e7\u00e3o quanto a medidas preventivas, conscientizar que a <br \/>\n\u00fanica forma de enfrentar a dengue \u00e9 combater o seu vetor, o mosquito Aedes aegypti. Compreender que o combate \u00e0 dengue \u00e9 um assunto que n\u00e3o se limita apenas ao Poder P\u00fablico, mas que deve mobilizar todo cidad\u00e3o, levando <br \/>\ninforma\u00e7\u00f5es sobre os cuidados com a dengue, a elimina\u00e7\u00e3o de focos do mosquito, <br \/>\no recolhimento de materiais que possam acumular \u00e1gua, a limpeza de terrenos e <br \/>\ndespertar na comunidade a preocupa\u00e7\u00e3o permanente com a dengue, formando <br \/>\numa rede de mobiliza\u00e7\u00e3o que se estenda a todas as regi\u00f5es da cidade. <\/td><td class=\"column-5\"><a href=\"https:\/\/cmflorestopolis.pr.gov.br\/wp-content\/uploads\/2021\/11\/IND.-No-109_2021-_REF.-BOLETIM-EPIDEMIOLOGICO-DENGUE_.pdf\">Visualizar<\/a><\/td>\n<\/tr>\n<tr class=\"row-64 even\">\n\t<td class=\"column-1\">108<\/td><td class=\"column-2\">01\/06\/2021<\/td><td class=\"column-3\">Denys Teixeira Saul <\/td><td class=\"column-4\">INDICA, ao Excelent\u00edssimo prefeito municipal ON\u00cdCIO DE SOUZA, <br \/>\nque determine ao setor competente desta municipalidade, que seja realizado estudos em car\u00e1ter de urg\u00eancia no sentido de buscar uma solu\u00e7\u00e3o para o trabalho em grupo em algumas reparti\u00e7\u00f5es do munic\u00edpio, exemplo: Postos de Sa\u00fade, Tributa\u00e7\u00e3o, Setor de Licita\u00e7\u00e3o, Contabilidade, Escolas, Garagem e outros. Penso, <br \/>\nque deveria haver escalonamento de hor\u00e1rio ou revezamento de dias de trabalho <br \/>\npara evitar aglomera\u00e7\u00e3o e consequentemente o alto contagio e\/ou contamina\u00e7\u00e3o pelo v\u00edrus SarsCovi-2 ou Covid-19. <\/td><td class=\"column-5\"><a href=\"https:\/\/cmflorestopolis.pr.gov.br\/wp-content\/uploads\/2021\/11\/IND.-No-108_2021-_REF.-ESCALONAMENTO-HORARIO-SETORES_.pdf\">Visualizar<\/a><\/td>\n<\/tr>\n<tr class=\"row-65 odd\">\n\t<td class=\"column-1\">107<\/td><td class=\"column-2\">08\/06\/2021<\/td><td class=\"column-3\">Denys Teixeira Saul <\/td><td class=\"column-4\">INDICA, ao Excelent\u00edssimo prefeito municipal ON\u00cdCIO DE SOUZA, <br \/>\nque determine ao setor competente<br \/>\ndesta municipalidade, que seja disponibilizado <br \/>\nem car\u00e1ter de urg\u00eancia, um profissional de psicologia, para atender <br \/>\nindividualmente e\/ou realizar trabalhos em grupo com os profissionais da \u00e1rea sa\u00fade, principalmente com os que est\u00e3o trabalhando na linha de frente do enfrentamento da pandemia de Covid-19. <\/td><td class=\"column-5\"><a href=\"https:\/\/cmflorestopolis.pr.gov.br\/wp-content\/uploads\/2021\/11\/IND.-No-107_2021-_REF.-CONTRAR-PSICOLOGO-_SAUDE_.pdf\">Visualizar<\/a><\/td>\n<\/tr>\n<tr class=\"row-66 even\">\n\t<td class=\"column-1\">106<\/td><td class=\"column-2\">08\/06\/2021 <\/td><td class=\"column-3\">Edson Martins de Carvalho <\/td><td class=\"column-4\">INDICA, ao Excelent\u00edssimo Senhor Prefeito do Munic\u00edpio de <br \/>\nFlorest\u00f3polis, ON\u00cdCIO DE SOUZA, que expe\u00e7a recomenda\u00e7\u00e3o \u00e0 Ag\u00eancia do Banco do Brasil situada em nosso Munic\u00edpio solicitando melhorias na organiza\u00e7\u00e3o <br \/>\nda fila dos clientes que aguardam atendimento pela institui\u00e7\u00e3o banc\u00e1ria, com vistas a dar atendimento \u00e0s normas de seguran\u00e7a sanit\u00e1ria estabelecidas como <br \/>\nmedida de combate \u00e0 COVID-19. <\/td><td class=\"column-5\"><a href=\"https:\/\/cmflorestopolis.pr.gov.br\/wp-content\/uploads\/2021\/11\/IND.-No-106_2021-_REF.-FILA-AG.-BANCO-DO-BRASIL_.pdf\">Visualizar<\/a><\/td>\n<\/tr>\n<tr class=\"row-67 odd\">\n\t<td class=\"column-1\">105<\/td><td class=\"column-2\">08\/06\/2021<\/td><td class=\"column-3\">Edson Martins de Carvalho <\/td><td class=\"column-4\">INDICA, ao Excelent\u00edssimo Senhor Prefeito do Munic\u00edpio de <br \/>\nFlorest\u00f3polis, ON\u00cdCIO DE SOUZA, que tome provid\u00eancias no sentido de instalar <br \/>\nassentos com prote\u00e7\u00e3o para os garis que trabalham nos caminh\u00f5es de coleta de lixo, conforme a foto que segue em anexo. <\/td><td class=\"column-5\"><a href=\"https:\/\/cmflorestopolis.pr.gov.br\/wp-content\/uploads\/2021\/11\/IND.-No-105_2021-_REF.-INST.-ASSENTOS-CAM.-COLETOR-LIXO_.pdf\">Visualizar<\/a><\/td>\n<\/tr>\n<tr class=\"row-68 even\">\n\t<td class=\"column-1\">104<\/td><td class=\"column-2\">08\/06\/2021 \t<\/td><td class=\"column-3\">Edson Martins de Carvalho <\/td><td class=\"column-4\">INDICA, ao Excelent\u00edssimo Senhor Prefeito do Munic\u00edpio de <br \/>\nFlorest\u00f3polis, ON\u00cdCIO DE SOUZA, que determine ao setor competente <br \/>\ndesta municipalidade, a coloca\u00e7\u00e3o de tampa em bueiros na Rua Pedro Silva e na Rua das Magn\u00f3lias, ambas em conflu\u00eancia com a Rua Menino Bruno <br \/>\nLidu\u00edno, no Bairro Flavio Romagnolli, Nesta. <\/td><td class=\"column-5\"><a href=\"https:\/\/cmflorestopolis.pr.gov.br\/wp-content\/uploads\/2021\/11\/IND.-No-104_2021-_REF.-REPAROS-EM-BUEIROS_.pdf\">Visualizar<\/a><\/td>\n<\/tr>\n<tr class=\"row-69 odd\">\n\t<td class=\"column-1\">103<\/td><td class=\"column-2\">08\/06\/2021 <\/td><td class=\"column-3\">Edson Martins de Carvalho<\/td><td class=\"column-4\">INDICA, ao Excelent\u00edssimo Senhor Prefeito do Munic\u00edpio de <br \/>\nFlorest\u00f3polis, ON\u00cdCIO DE SOUZA, que determine ao setor competente <br \/>\n<br \/>\ndesta municipalidade o conserto asf\u00e1ltico de um trecho da Rua Manoel <br \/>\n<br \/>\nTudela, em frente no 690 (Auto escola D\u2019Verona), da Rua Tiradentes, defronte ao no 280, bem como da Rua dos Cravos, esquina com a Rua das <br \/>\nMargaridas, eis que as citadas vias contam com enormes buracos <br \/>\nocasionados pela a\u00e7\u00e3o do tempo. <\/td><td class=\"column-5\"><a href=\"https:\/\/cmflorestopolis.pr.gov.br\/wp-content\/uploads\/2021\/11\/IND.-No-103_2021-_REF.-REPAROS-PAV.-ASFALTICA_.pdf\">Visualizar<\/a><\/td>\n<\/tr>\n<tr class=\"row-70 even\">\n\t<td class=\"column-1\">102<\/td><td class=\"column-2\">08\/06\/2021<\/td><td class=\"column-3\">Edson Martins de Carvalho <\/td><td class=\"column-4\">INDICA, ao Excelent\u00edssimo Senhor Prefeito do Munic\u00edpio de <br \/>\nFlorest\u00f3polis, ON\u00cdCIO DE SOUZA, que determine ao setor competente <br \/>\ndesta municipalidade, a realiza\u00e7\u00e3o de estudos no sentido de que seja providenciada a constru\u00e7\u00e3o de um redutor de velocidade (quebra-molas) na Rua Jasmim, esquina com a Rua das Orqu\u00eddeas,situadas no Jardim das Flores. <\/td><td class=\"column-5\"><a href=\"https:\/\/cmflorestopolis.pr.gov.br\/wp-content\/uploads\/2021\/11\/IND.-No-102_2021-_REF.-REDUTOR-DE-VELOCIDADE_.pdf\">Visualizar<\/a><\/td>\n<\/tr>\n<tr class=\"row-71 odd\">\n\t<td class=\"column-1\">101<\/td><td class=\"column-2\">08\/06\/2021 <\/td><td class=\"column-3\">Marinho Novais Luz Neto<\/td><td class=\"column-4\">INDICA, ao Excelent\u00edssimo Senhor Prefeito do Munic\u00edpio <br \/>\nde Florest\u00f3polis, ON\u00cdCIO DE SOUZA, que verifique a possibilidade de <br \/>\nadquirir alguns equipamentos para uso do setor de obras do munic\u00edpio, <br \/>\nsendo 01 Betoneira de 400 litros, 01 Martelete El\u00e9trico e 01 Gerador de <br \/>\nEnergia a combust\u00e3o. Destaca-se que tais equipamentos s\u00e3o indispens\u00e1veis <br \/>\npara o desenvolvimento de forma mais eficaz e \u00e1gil, de alguns servi\u00e7os de <br \/>\nreparos e constru\u00e7\u00f5es diversas. <\/td><td class=\"column-5\"><a href=\"https:\/\/cmflorestopolis.pr.gov.br\/wp-content\/uploads\/2021\/11\/IND.-No-101_2021-_REF.-AQ.-EQ.-SETOR-OBRAS_.pdf\">Visualizar<\/a><\/td>\n<\/tr>\n<tr class=\"row-72 even\">\n\t<td class=\"column-1\">100<\/td><td class=\"column-2\">01\/06\/2021<\/td><td class=\"column-3\">Cesar da Cruz Rodrigues <\/td><td class=\"column-4\">INDICA, ao Excelent\u00edssimo Senhor Prefeito do Munic\u00edpio de<br \/>\nFlorest\u00f3polis, ON\u00cdCIO DE SOUZA, que apresente projeto de lei dispondo sobre a<br \/>\ninstala\u00e7\u00e3o de sistema de energia solar para ilumina\u00e7\u00e3o em pr\u00e9dios p\u00fablicos, bem como em<br \/>\nconstru\u00e7\u00f5es de moradia popular (COHAB\/COHAPAR). <\/td><td class=\"column-5\"><a href=\"https:\/\/cmflorestopolis.pr.gov.br\/wp-content\/uploads\/2021\/11\/IND.-No-100_2021-_REF.-INST.-ENERGIA-SOLAR-RESIDENCIAS_-1.pdf\">Visualizar<\/a><\/td>\n<\/tr>\n<tr class=\"row-73 odd\">\n\t<td class=\"column-1\">99<\/td><td class=\"column-2\">01\/06\/2021<\/td><td class=\"column-3\">Adriana Passoni Goulart<\/td><td class=\"column-4\">INDICA ao Excelent\u00edssimo Senhor Prefeito do Munic\u00edpio de<br \/>\nFlorest\u00f3polis, ON\u00cdCIO DE SOUZA, que tome provid\u00eancias no sentido de<br \/>\ntornar acess\u00edvel \u00e0s pessoas com defici\u00eancia as depend\u00eancias do pr\u00e9dio da<br \/>\nPrefeitura, onde tamb\u00e9m se encontra situada esta C\u00e2mara Municipal. <\/td><td class=\"column-5\"><a href=\"https:\/\/cmflorestopolis.pr.gov.br\/wp-content\/uploads\/2021\/11\/IND.-No-99_2021-_REF.-RAMPA-ACESSO-PREFEITURA_-1.pdf\">Visualizar<\/a><\/td>\n<\/tr>\n<tr class=\"row-74 even\">\n\t<td class=\"column-1\">98<\/td><td class=\"column-2\">01\/06\/2021<\/td><td class=\"column-3\">Valmir Cl\u00e1udio Rodrigues<\/td><td class=\"column-4\">INDICA, ao Excelent\u00edssimo Senhor Prefeito do Munic\u00edpio de<br \/>\nFlorest\u00f3polis, ON\u00cdCIO DE SOUZA, que determine ao setor competente desta<br \/>\nmunicipalidade a realiza\u00e7\u00e3o de estudos de viabilidade, para que seja feito a constru\u00e7\u00e3o de<br \/>\num redutor de velocidade (quebra-molas) pr\u00f3ximo a Capela Nossa Senhora das Gra\u00e7as,<br \/>\nentre as Ruas Ubatuba e Avar\u00e9. <\/td><td class=\"column-5\"><a href=\"https:\/\/cmflorestopolis.pr.gov.br\/wp-content\/uploads\/2021\/11\/IND.-No-98_2021-_REF.-REDUTOR-VELOCIDADE_-1.pdf\">Visualizar<\/a><\/td>\n<\/tr>\n<tr class=\"row-75 odd\">\n\t<td class=\"column-1\">97<\/td><td class=\"column-2\">01\/06\/2021<\/td><td class=\"column-3\">Valmir Cl\u00e1udio Rodrigues <\/td><td class=\"column-4\">INDICA, ao Excelent\u00edssimo Senhor Prefeito do Munic\u00edpio de<br \/>\nFlorest\u00f3polis, ON\u00cdCIO DE SOUZA, que determine ao setor competente desta<br \/>\nmunicipalidade a realiza\u00e7\u00e3o de estudos e dentro das normas legais, ver as possibilidades<br \/>\nde libera\u00e7\u00e3o de Ultrassom Morfol\u00f3gica para todas as gestantes de nosso munic\u00edpio<br \/>\ndurante os tr\u00eas trimestres de gesta\u00e7\u00e3o. <\/td><td class=\"column-5\"><a href=\"https:\/\/cmflorestopolis.pr.gov.br\/wp-content\/uploads\/2021\/11\/IND.-No-97_2021-_REF.-ULTRASSOM-MORFOLOGICA_-1.pdf\">Visualizar<\/a><\/td>\n<\/tr>\n<tr class=\"row-76 even\">\n\t<td class=\"column-1\">96<\/td><td class=\"column-2\">25\/05\/2021<\/td><td class=\"column-3\">Denys Teixeira Saul <\/td><td class=\"column-4\">INDICA, ao Excelent\u00edssimo prefeito municipal ON\u00cdCIO DE SOUZA, que<br \/>\ndetermine ao setor competente desta municipalidade que busque junto ao Governo do<br \/>\nEstado, recursos do programa Paran\u00e1 Mais Cidades, para aquisi\u00e7\u00e3o de uma ambul\u00e2ncia<br \/>\nde Suporte B\u00e1sico, com a finalidade de atender a demanda do Hospital Municipal Santa<br \/>\nBranca e um ve\u00edculo do tipo Van para o transporte de pacientes. <\/td><td class=\"column-5\"><a href=\"https:\/\/cmflorestopolis.pr.gov.br\/wp-content\/uploads\/2021\/11\/IND.-No-96_2021-_REF.-RECURSOS-PR_MAIS_CID._AQ.-VAN_-1.pdf\">Visualizar<\/a><\/td>\n<\/tr>\n<tr class=\"row-77 odd\">\n\t<td class=\"column-1\">95<\/td><td class=\"column-2\">25\/05\/2021<\/td><td class=\"column-3\">Cesar da Cruz Rodrigues<\/td><td class=\"column-4\">INDICA, ao Excelent\u00edssimo Senhor Prefeito do Munic\u00edpio<br \/>\nde Florest\u00f3polis, ON\u00cdCIO DE SOUZA, que providencie a estrutura\u00e7\u00e3o do<br \/>\nsistema h\u00edbrido de ensino das escolas p\u00fablicas municipais, mediante a<br \/>\naquisi\u00e7\u00e3o de equipamentos computa\u00e7\u00e3o, m\u00e1quinas de xerox e a<br \/>\npotencializa\u00e7\u00e3o do sinal de wi-fi. <\/td><td class=\"column-5\"><a href=\"https:\/\/cmflorestopolis.pr.gov.br\/wp-content\/uploads\/2021\/11\/IND.-No-95_2021-_REF.-ESTRUT.-SISTEMA-HIBRIDO-ENSINO_-1.pdf\">Visualizar<\/a><\/td>\n<\/tr>\n<tr class=\"row-78 even\">\n\t<td class=\"column-1\">94<\/td><td class=\"column-2\">25\/05\/2021<\/td><td class=\"column-3\">Valmir Cl\u00e1udio Rodrigues <\/td><td class=\"column-4\">INDICA, ao Excelent\u00edssimo Senhor Prefeito do Munic\u00edpio de<br \/>\nFlorest\u00f3polis, ON\u00cdCIO DE SOUZA, que determine ao setor competente desta<br \/>\nmunicipalidade a realiza\u00e7\u00e3o de estudos e dentro das normas legais, ver as possibilidades<br \/>\nde realizar a vacina\u00e7\u00e3o de todos os Conselheiros Tutelares e de todos os Servidores que<br \/>\ntrabalham no setor. <\/td><td class=\"column-5\"><a href=\"https:\/\/cmflorestopolis.pr.gov.br\/wp-content\/uploads\/2021\/11\/IND.-No-94_2021-_REF.-VACINACAO-CONS.-TUTELARES_-1.pdf\">Visualizar<\/a><\/td>\n<\/tr>\n<tr class=\"row-79 odd\">\n\t<td class=\"column-1\">93<\/td><td class=\"column-2\">25\/05\/2021 <\/td><td class=\"column-3\">Marinho Novais Luz Neto <\/td><td class=\"column-4\">INDICA, ao Excelent\u00edssimo Senhor Prefeito do Munic\u00edpio<br \/>\nde Florest\u00f3polis, ON\u00cdCIO DE SOUZA, que verifique a possibilidade de<br \/>\nadquirir um drone para ser utilizado pela equipe dos agentes de endemias<br \/>\nnas a\u00e7\u00f5es de combate ao mosquito Aedes aegypti, transmissor dos v\u00edrus da<br \/>\ndengue, zika, chikungunya e febre amarela urbana. <\/td><td class=\"column-5\"><a href=\"https:\/\/cmflorestopolis.pr.gov.br\/wp-content\/uploads\/2021\/11\/IND.-No-93_2021-_REF.-AQ.-DRONE-USO-ACE_-1.pdf\">Visualizar<\/a><\/td>\n<\/tr>\n<tr class=\"row-80 even\">\n\t<td class=\"column-1\">92<\/td><td class=\"column-2\">25\/05\/2021 <\/td><td class=\"column-3\">Denys Teixeira Saul <\/td><td class=\"column-4\">INDICA, ao Excelent\u00edssimo Senhor Prefeito do Munic\u00edpio de<br \/>\nFlorest\u00f3polis, ON\u00cdCIO DE SOUZA, que determine ao setor competente a<br \/>\ninstala\u00e7\u00e3o de cortinas na sala de vacinas e na sala de curativos da Unidade B\u00e1sica<br \/>\nde Sa\u00fade Rafaela Jorge de Oliveira, bem como no consult\u00f3rio pedi\u00e1trico da<br \/>\nUnidade B\u00e1sica de Sa\u00fade Milton Bento, situadas em nosso Munic\u00edpio. <\/td><td class=\"column-5\"><a href=\"https:\/\/cmflorestopolis.pr.gov.br\/wp-content\/uploads\/2021\/11\/IND.-No-92_2021-_REF.-INST.-CORTINAS-UBSS_.pdf\">Visualizar<\/a><\/td>\n<\/tr>\n<tr class=\"row-81 odd\">\n\t<td class=\"column-1\">91<\/td><td class=\"column-2\">25\/05\/2021<\/td><td class=\"column-3\">Denys Teixeira Saul <\/td><td class=\"column-4\">INDICA, ao Excelent\u00edssimo Senhor Prefeito do Munic\u00edpio de<br \/>\nFlorest\u00f3polis, ON\u00cdCIO DE SOUZA, que tome provid\u00eancias no sentido de viabilizar<br \/>\na realiza\u00e7\u00e3o de leil\u00e3o para a venda dos ve\u00edculos inserv\u00edveis atualmente<br \/>\npertencentes ao patrim\u00f4nio do munic\u00edpio. <\/td><td class=\"column-5\"><a href=\"https:\/\/cmflorestopolis.pr.gov.br\/wp-content\/uploads\/2021\/11\/IND.-No-91_2021-_REF.-LEILAO-VEICULOS-INSER._-1.pdf\">Visualizar<\/a><\/td>\n<\/tr>\n<tr class=\"row-82 even\">\n\t<td class=\"column-1\">90<\/td><td class=\"column-2\">25\/05\/2021<\/td><td class=\"column-3\">Denys Teixeira Saul <\/td><td class=\"column-4\">INDICA, ao Excelent\u00edssimo Senhor Prefeito do Munic\u00edpio de<br \/>\nFlorest\u00f3polis, ON\u00cdCIO DE SOUZA, que determine ao setor competente a<br \/>\nviabiliza\u00e7\u00e3o da revitaliza\u00e7\u00e3o do cemit\u00e9rio municipal. <\/td><td class=\"column-5\"><a href=\"https:\/\/cmflorestopolis.pr.gov.br\/wp-content\/uploads\/2021\/11\/IND.-No-90_2021-_REF.-REVITALIZACAO-CEMITERIO_-1.pdf\">Visualizar<\/a><\/td>\n<\/tr>\n<tr class=\"row-83 odd\">\n\t<td class=\"column-1\">89<\/td><td class=\"column-2\">18\/05\/2021<\/td><td class=\"column-3\">Marinho Novais Luz Neto <\/td><td class=\"column-4\">INDICA, ao Excelent\u00edssimo prefeito municipal ON\u00cdCIO DE SOUZA, que<br \/>\ndetermine ao setor competente da municipalidade a realiza\u00e7\u00e3o de estudos e ver as<br \/>\npossibilidades de que seja destinado recursos, para a aquisi\u00e7\u00e3o de novos colch\u00f5es<br \/>\nhospitalares para o Hospital Municipal Santa Branca. <\/td><td class=\"column-5\"><a href=\"https:\/\/cmflorestopolis.pr.gov.br\/wp-content\/uploads\/2021\/11\/IND.-No-89_2021-_REF.-AQ.-COLCHAO-HOSPITALAR_-1.pdf\">Visualizar<\/a><\/td>\n<\/tr>\n<tr class=\"row-84 even\">\n\t<td class=\"column-1\">88<\/td><td class=\"column-2\">18\/05\/2021<\/td><td class=\"column-3\">Silvio Jorge de Oliveira <\/td><td class=\"column-4\">INDICA, ao Excelent\u00edssimo prefeito municipal ON\u00cdCIO DE SOUZA, que<br \/>\ndetermine ao setor competente da municipalidade a realiza\u00e7\u00e3o de estudos de viabilidade,<br \/>\nobjetivando a reforma, manuten\u00e7\u00e3o e\/ou substitui\u00e7\u00e3o das lixeiras p\u00fablicas localizadas na<br \/>\n\u00e1rea central e na Pra\u00e7a Jos\u00e9 Ribeiro Rosa, devido o estado prec\u00e1rio das mesmas por<br \/>\ntempo de uso. Destaca-se que tal medida \u00e9 de extrema import\u00e2ncia, tendo em vista que<br \/>\nos usu\u00e1rios que por ali transitam muitas vezes n\u00e3o tem onde descartar o lixo de maneira<br \/>\ncorreta, devido a falta ou a precariedade das lixeiras existentes. <\/td><td class=\"column-5\"><a href=\"https:\/\/cmflorestopolis.pr.gov.br\/wp-content\/uploads\/2021\/11\/IND.-No-88_2021-_REF.-REPAROS-LIXEIRAS_PRACA_-1.pdf\">Visualizar<\/a><\/td>\n<\/tr>\n<tr class=\"row-85 odd\">\n\t<td class=\"column-1\">87<\/td><td class=\"column-2\">18\/05\/2021<\/td><td class=\"column-3\">Silvio Jorge de Oliveira <\/td><td class=\"column-4\">INDICA, ao Excelent\u00edssimo prefeito municipal ON\u00cdCIO DE SOUZA, que<br \/>\ndetermine ao setor competente da municipalidade a realiza\u00e7\u00e3o de estudos de viabilidade,<br \/>\nobjetivando que busque junto ao governo estadual ades\u00e3o ao Programa \u201cNOSSA GENTE<br \/>\nPARAN\u00c1\u201d. Destaca-se que tal programa do Governo do Paran\u00e1, por meio da Secretaria da<br \/>\nJusti\u00e7a, Fam\u00edlia e Trabalho e da Cohapar, tem o objetivo de melhorar as condi\u00e7\u00f5es de vida<br \/>\nda popula\u00e7\u00e3o paranaense, proporcionando o direito \u00e0 moradia digna para mais de 1.454<br \/>\nfam\u00edlias que se encontram em vulnerabilidade social. No momento j\u00e1 est\u00e3o sendo<br \/>\nconstru\u00eddas 970 unidades habitacionais e mais 484 novas moradias j\u00e1 foram contratadas<br \/>\npelo programa, em um investimento que supera R$ 104 milh\u00f5es de reais, com este<br \/>\nprograma os benefici\u00e1rios pagar\u00e3o presta\u00e7\u00f5es aproximadamente de R$ 80,00 (oitenta<br \/>\nreais), o financiamento ser\u00e1 de 10 anos e os valores pagos pelos propriet\u00e1rios<br \/>\nrepresentam apenas 10% do custo do im\u00f3vel. <\/td><td class=\"column-5\"><a href=\"https:\/\/cmflorestopolis.pr.gov.br\/wp-content\/uploads\/2021\/11\/IND.-No-87_2021-_REF.-PROG.-NOSSA-GENTE-PR._-1.pdf\">Visualizar<\/a><\/td>\n<\/tr>\n<tr class=\"row-86 even\">\n\t<td class=\"column-1\">86<\/td><td class=\"column-2\">18\/05\/2021 <\/td><td class=\"column-3\">Silvio Jorge de Oliveira<\/td><td class=\"column-4\">INDICA, ao Excelent\u00edssimo prefeito municipal ON\u00cdCIO DE SOUZA, que<br \/>\ndetermine ao setor competente da municipalidade a realiza\u00e7\u00e3o de estudos de viabilidade,<br \/>\nobjetivando que busque junto ao governo estadual ades\u00e3o ao Programa estadual de<br \/>\nhabita\u00e7\u00e3o \u201cCASA F\u00c1CIL PARAN\u00c1\u201d. Destaca-se que tal programa atende as fam\u00edlias com<br \/>\nrenda at\u00e9 03 (tr\u00eas) sal\u00e1rios m\u00ednimos, mas que muitas vezes n\u00e3o t\u00eam poder aquisitivo para<br \/>\narcar com o chamado valor de entrada para aquisi\u00e7\u00e3o da casa pr\u00f3pria, com esse<br \/>\nprograma o governo do estado vai bancar at\u00e9 o valor de R$ 15.000,00 (quinze mil reais),<br \/>\npara a entrada do im\u00f3vel e o restante atrav\u00e9s de financiamento junto a Caixa Econ\u00f4mica<br \/>\nFederal. <\/td><td class=\"column-5\"><a href=\"https:\/\/cmflorestopolis.pr.gov.br\/wp-content\/uploads\/2021\/11\/IND.-No-86_2021-_REF.-PROG.-CASA-FACIL-PR._-1.pdf\">Visualizar<\/a><\/td>\n<\/tr>\n<tr class=\"row-87 odd\">\n\t<td class=\"column-1\">85<\/td><td class=\"column-2\">18\/05\/2021 <\/td><td class=\"column-3\">Valmir Cl\u00e1udio Rodrigues <\/td><td class=\"column-4\">INDICA, ao Excelent\u00edssimo Senhor Prefeito do Munic\u00edpio de<br \/>\nFlorest\u00f3polis, ON\u00cdCIO DE SOUZA, que determine ao setor competente desta<br \/>\nmunicipalidade a realiza\u00e7\u00e3o de estudos e ver dentro das normas legais, as possibilidades<br \/>\nde disponibilizar transporte para as pessoas que trabalham fora do munic\u00edpio. <\/td><td class=\"column-5\"><a href=\"https:\/\/cmflorestopolis.pr.gov.br\/wp-content\/uploads\/2021\/11\/IND.-No-85_2021-_REF.-FORNECER-TRANSPORTE_TRABALADORES_REGIAO_-1.pdf\">Visualizar<\/a><\/td>\n<\/tr>\n<tr class=\"row-88 even\">\n\t<td class=\"column-1\">84<\/td><td class=\"column-2\">18\/05\/2021<\/td><td class=\"column-3\">Valmir Cl\u00e1udio Rodrigues <\/td><td class=\"column-4\">INDICA, ao Excelent\u00edssimo Senhor Prefeito do Munic\u00edpio de<br \/>\nFlorest\u00f3polis, ON\u00cdCIO DE SOUZA, que determine ao setor competente desta<br \/>\nmunicipalidade que verifique a possibilidade, de fornecer periodicamente aos funcion\u00e1rios<br \/>\np\u00fablicos do barrac\u00e3o EPIs adequados bem como (luvas, botinas, \u00f3culos e uniformes).<\/td><td class=\"column-5\"><a href=\"https:\/\/cmflorestopolis.pr.gov.br\/wp-content\/uploads\/2021\/11\/IND.-No-84_2021-_REF.-FORNECER-EPIS-SERV.-BARRACAO_.pdf\">Visualizar<\/a><\/td>\n<\/tr>\n<tr class=\"row-89 odd\">\n\t<td class=\"column-1\">83<\/td><td class=\"column-2\">18\/05\/2021 <\/td><td class=\"column-3\">Denys Teixeira Saul <\/td><td class=\"column-4\">INDICA, ao Excelent\u00edssimo prefeito municipal ON\u00cdCIO DE SOUZA, que<br \/>\ndetermine ao setor competente desta municipalidade a realiza\u00e7\u00e3o de estudos com o<br \/>\nintuito de viabilizar, a realiza\u00e7\u00e3o de conv\u00eanio com laborat\u00f3rio para que seja feito testes<br \/>\nde detec\u00e7\u00e3o de Covid-19, objetivando mais agilidade nos resultados, visto que os testes<br \/>\nfeitos pelo estado podem levar at\u00e9 10 dias para sair o resultado e tempo \u00e9 o que n\u00e3o<br \/>\ntemos com essa doen\u00e7a. <\/td><td class=\"column-5\"><a href=\"https:\/\/cmflorestopolis.pr.gov.br\/wp-content\/uploads\/2021\/11\/IND.-No-83_2021-_REF.-CONV.-TESTES-COVID-19_-1.pdf\">Visualizar<\/a><\/td>\n<\/tr>\n<tr class=\"row-90 even\">\n\t<td class=\"column-1\">82<\/td><td class=\"column-2\">18\/05\/2021<\/td><td class=\"column-3\">Denys Teixeira Saul <\/td><td class=\"column-4\">INDICA, ao Excelent\u00edssimo prefeito municipal ON\u00cdCIO DE SOUZA, que<br \/>\ndetermine ao setor competente desta municipalidade que busque junto a Secret\u00e1ria<br \/>\nEstadual de Sa\u00fade, a libera\u00e7\u00e3o de recursos financeiros por interm\u00e9dio do Programa<br \/>\nParan\u00e1 Mais Cidades, para aquisi\u00e7\u00e3o de aparelhos hospitalares, com foco no<br \/>\natendimento de urg\u00eancia e emerg\u00eancia. Vale ressaltar que no ano de 2020 a Secretaria<br \/>\nda Sa\u00fade formalizou repasse de R$ 13,6 milh\u00f5es para dez munic\u00edpios. O repasse foi<br \/>\nautorizado pelo secret\u00e1rio Beto preto e se destina a obras e aquisi\u00e7\u00e3o de equipamentos. <\/td><td class=\"column-5\"><a href=\"https:\/\/cmflorestopolis.pr.gov.br\/wp-content\/uploads\/2021\/11\/IND.-No-82_2021-_REF.-PROG.-PR._MAIS_CID._REC.-SAUDE_-1.pdf\">Visualizar<\/a><\/td>\n<\/tr>\n<tr class=\"row-91 odd\">\n\t<td class=\"column-1\">81<\/td><td class=\"column-2\">18\/05\/2021 <\/td><td class=\"column-3\">Denys Teixeira Saul<\/td><td class=\"column-4\">INDICA, ao Excelent\u00edssimo prefeito municipal ON\u00cdCIO DE SOUZA, que<br \/>\ndetermine ao setor competente desta municipalidade que busque junto ao Governo do<br \/>\nEstado, recursos do Programa Estradas da Integra\u00e7\u00e3o, afim de se fazer cal\u00e7amento com<br \/>\npedras irregulares em estradas rurais que ligam a comunidade do Assentamento<br \/>\nFlorestan Fernandes e do Banco da Terra ao nosso munic\u00edpio, ou ainda, em trecho que<br \/>\nseja de importante circula\u00e7\u00e3o para tais comunidades. <\/td><td class=\"column-5\"><a href=\"https:\/\/cmflorestopolis.pr.gov.br\/wp-content\/uploads\/2021\/11\/IND.-No-81_2021-_REF.-CALCAMENTO-VIA_ASSENTAMENTO_-1.pdf\">Visualizar<\/a><\/td>\n<\/tr>\n<tr class=\"row-92 even\">\n\t<td class=\"column-1\">80<\/td><td class=\"column-2\">18\/05\/2021 <\/td><td class=\"column-3\">Marinho Novais Luz Neto <\/td><td class=\"column-4\">INDICA, ao Excelent\u00edssimo Senhor Prefeito do Munic\u00edpio<br \/>\nde Florest\u00f3polis, ON\u00cdCIO DE SOUZA, que verifique a possibilidade de<br \/>\nadquirir ventiladores para as salas de aula do Centro de Atendimento<br \/>\nIntegrado ao Adolescente e \u00e0 Crian\u00e7a \u2013 CAIAC Zilda Arns, bem como<br \/>\nbanquinhos para o refeit\u00f3rio e cadeiras e mesas para a Secretaria<br \/>\nAdministrativa do local. <\/td><td class=\"column-5\"><a href=\"https:\/\/cmflorestopolis.pr.gov.br\/wp-content\/uploads\/2021\/11\/IND.-No-80_2021-_REF.-AQ.-MATERIAIS-CAIAC_-1.pdf\">Visualizar<\/a><\/td>\n<\/tr>\n<tr class=\"row-93 odd\">\n\t<td class=\"column-1\">79<\/td><td class=\"column-2\">18\/05\/2021 <\/td><td class=\"column-3\">Cesar da Cruz Rodrigues <\/td><td class=\"column-4\">INDICA, ao Excelent\u00edssimo Senhor Prefeito do Munic\u00edpio<br \/>\nde Florest\u00f3polis, ON\u00cdCIO DE SOUZA, que providencie a constru\u00e7\u00e3o do<br \/>\nmuro do Cemit\u00e9rio Municipal. <\/td><td class=\"column-5\"><a href=\"https:\/\/cmflorestopolis.pr.gov.br\/wp-content\/uploads\/2021\/11\/IND.-No-79_2021-_REF.-CONST.-MURO-CEMITERIO_-1.pdf\">Visualizar<\/a><\/td>\n<\/tr>\n<tr class=\"row-94 even\">\n\t<td class=\"column-1\">78<\/td><td class=\"column-2\">18\/05\/2021<\/td><td class=\"column-3\">Cesar da Cruz Rodrigues <\/td><td class=\"column-4\">INDICA, ao Excelent\u00edssimo Senhor Prefeito do Munic\u00edpio<br \/>\nde Florest\u00f3polis, ON\u00cdCIO DE SOUZA, que verifique a possibilidade de<br \/>\nvacina\u00e7\u00e3o imediata contra a COVID-19 dos trabalhadores que atuam no<br \/>\ncom\u00e9rcio de nossa cidade. <\/td><td class=\"column-5\"><a href=\"https:\/\/cmflorestopolis.pr.gov.br\/wp-content\/uploads\/2021\/11\/IND.-No-78_2021-_REF.-VACINAR-FUNCIONARIOS-_COMERCIO_-1.pdf\">Visualizar<\/a><\/td>\n<\/tr>\n<tr class=\"row-95 odd\">\n\t<td class=\"column-1\">77<\/td><td class=\"column-2\">11\/05\/2021<\/td><td class=\"column-3\">Ayrton Capassi <\/td><td class=\"column-4\">INDICA, ao Excelent\u00edssimo prefeito municipal ON\u00cdCIO DE SOUZA, que determine<br \/>\nao setor competente desta municipalidade, a realiza\u00e7\u00e3o de estudos no sentido de que seja feito<br \/>\na constru\u00e7\u00e3o de redutores de velocidade (quebra-molas) nas vias p\u00fablicas conforme especifica:<br \/>\n\u2022 Rua Manoel Tudela na conflu\u00eancia com a Rua Ol\u00edvio Rodrigues; e<br \/>\n\u2022 Rua Nelsino Ravagnani pr\u00f3ximo ao endere\u00e7o n\u00ba 428. <\/td><td class=\"column-5\"><a href=\"https:\/\/cmflorestopolis.pr.gov.br\/wp-content\/uploads\/2021\/11\/IND.-No-77_2021-_REF.-REDUTOR-DE-VELOCIDADE_-1.pdf\">Visualizar<\/a><\/td>\n<\/tr>\n<tr class=\"row-96 even\">\n\t<td class=\"column-1\">76<\/td><td class=\"column-2\">11\/05\/2021<\/td><td class=\"column-3\">Ayrton Capassi <\/td><td class=\"column-4\">INDICA, ao Excelent\u00edssimo prefeito municipal ON\u00cdCIO DE SOUZA, que determine<br \/>\nao setor competente desta municipalidade, a realiza\u00e7\u00e3o de estudos no sentido de que seja feito<br \/>\na reconstru\u00e7\u00e3o do redutor de velocidade (quebra-mola), localizado na Rua Nelsino Ravagnani<br \/>\nesquina com a Rua Vereador Aparecido da Rocha, visto que o mesmo foi feito muito baixo e<br \/>\ndesta forma n\u00e3o est\u00e1 tendo a devida efetividade que \u00e9 a redu\u00e7\u00e3o de velocidade dos ve\u00edculos<br \/>\nque transitam naquele local. <\/td><td class=\"column-5\"><a href=\"https:\/\/cmflorestopolis.pr.gov.br\/wp-content\/uploads\/2021\/11\/IND.-No-76_2021-_REF.-REFAZER-REDUTOR-DE-VELOCIDADE_-1.pdf\">Visualizar<\/a><\/td>\n<\/tr>\n<tr class=\"row-97 odd\">\n\t<td class=\"column-1\">75<\/td><td class=\"column-2\">11\/05\/2021<\/td><td class=\"column-3\">Cesar da Cruz Rodrigues <\/td><td class=\"column-4\">INDICA,ao Excelent\u00edssimo Senhor Prefeito do Munic\u00edpio de<br \/>\nFlorest\u00f3polis, ON\u00cdCIO DE SOUZA, que determine ao setor competente desta<br \/>\nmunicipalidade, a realiza\u00e7\u00e3o de estudos e ver as possibilidades de disponibilizar<br \/>\num ve\u00edculo de apoio para que na madrugada possa apanhar os pacientes em pelo<br \/>\nmenos 04 (quatro) pontos de refer\u00eancia conforme era feito, pois isso facilitaria o<br \/>\nacesso desses usu\u00e1rios at\u00e9 o ponto de embarque no \u00f4nibus da sa\u00fade, que faz o<br \/>\ntransporte dos pacientes at\u00e9 a cidade de Londrina e regi\u00e3o, para a realiza\u00e7\u00e3o de<br \/>\nconsultas, exames e demais tratamentos de sa\u00fade. <\/td><td class=\"column-5\"><a href=\"https:\/\/cmflorestopolis.pr.gov.br\/wp-content\/uploads\/2021\/11\/IND.-No-75_2021-_REF.-ONIBUS-DA-SAUDE_-1.pdf\">Visualizar<\/a><\/td>\n<\/tr>\n<tr class=\"row-98 even\">\n\t<td class=\"column-1\">74<\/td><td class=\"column-2\">11\/05\/2021 <\/td><td class=\"column-3\">Adriana Passoni Goulart <\/td><td class=\"column-4\">INDICA ao Excelent\u00edssimo Senhor Prefeito do Munic\u00edpio de<br \/>\nFlorest\u00f3polis, ON\u00cdCIO DE SOUZA, que proceda o reajuste do valor do<br \/>\n\u201cadiantamento por refei\u00e7\u00e3o\u201d constante das Tabelas do Anexos 1 da Lei n\u00ba<br \/>\n1.513\/2019, na forma determinada pelo artigo 3\u00ba da mesma Lei. <\/td><td class=\"column-5\"><a href=\"https:\/\/cmflorestopolis.pr.gov.br\/wp-content\/uploads\/2021\/11\/IND.-No-74_2021-_REF.-CORRECAO-DIARIA-MOTORISTA_ACOMP.-SAUDE_.pdf\">Visualizar<\/a><\/td>\n<\/tr>\n<tr class=\"row-99 odd\">\n\t<td class=\"column-1\">73<\/td><td class=\"column-2\">11\/05\/2021 <\/td><td class=\"column-3\">Adriana Passoni Goulart<\/td><td class=\"column-4\">NDICA, ao Excelent\u00edssimo Senhor Prefeito do Munic\u00edpio<br \/>\nde Florest\u00f3polis, ON\u00cdCIO DE SOUZA, proceda o reajuste estude a<br \/>\npossibilidade de aumentar para 40% (quarenta por cento) o percentual do<br \/>\nadicional de insalubridade de todos os servidores municipais lotados na<br \/>\nSecretaria Municipal da Sa\u00fade, bem como estender o respectivo incremento a<br \/>\ntodos os servidores que desempenham sua jornada de trabalho diretamente<br \/>\nrelacionada ao referido setor. <\/td><td class=\"column-5\"><a href=\"https:\/\/cmflorestopolis.pr.gov.br\/wp-content\/uploads\/2021\/11\/IND.-No-73_2021-_REF.-ADICIONAL-40-SERV.-SAUDE_.pdf\">Visualizar<\/a><\/td>\n<\/tr>\n<tr class=\"row-100 even\">\n\t<td class=\"column-1\">72<\/td><td class=\"column-2\">04\/05\/2021 <\/td><td class=\"column-3\">Ayrton Capassi <\/td><td class=\"column-4\">INDICA, ao Excelent\u00edssimo Senhor Prefeito do Munic\u00edpio de<br \/>\nFlorest\u00f3polis, ON\u00cdCIO DE SOUZA, que verifique a possibilidade de promover em<br \/>\nnosso Munic\u00edpio a realiza\u00e7\u00e3o dos cursos obrigat\u00f3rios de especializa\u00e7\u00e3o e<br \/>\natualiza\u00e7\u00e3o para condutores de transporte, fornecidos pela Escola de Motoristas<br \/>\nProfissionais do SEST SENAT (Servi\u00e7o Social do Transporte e o Servi\u00e7o Nacional de<br \/>\nAprendizagem do Transporte). <\/td><td class=\"column-5\"><a href=\"https:\/\/cmflorestopolis.pr.gov.br\/wp-content\/uploads\/2021\/11\/IND.-No-72_2021-_REF.-CURSOS_ESPECIALIZACOES-SEST-SENAT_-1.pdf\">Visualizar<\/a><\/td>\n<\/tr>\n<tr class=\"row-101 odd\">\n\t<td class=\"column-1\">71<\/td><td class=\"column-2\">04\/05\/2021<\/td><td class=\"column-3\">Marinho Novais Luz Neto<\/td><td class=\"column-4\">INDICA, ao Excelent\u00edssimo prefeito municipal ON\u00cdCIO DE SOUZA, que<br \/>\ndetermine ao setor competente da municipalidade a realiza\u00e7\u00e3o de estudos e ver as<br \/>\npossibilidades legais, de conceder de forma gratuita exames toxicol\u00f3gicos para os<br \/>\nservidores lotados no cargo de motorista, tendo em vista que tais exames s\u00e3o<br \/>\nobrigat\u00f3rios a sua realiza\u00e7\u00e3o a cada dois anos e seis meses. <\/td><td class=\"column-5\"><a href=\"https:\/\/cmflorestopolis.pr.gov.br\/wp-content\/uploads\/2021\/11\/IND.-No-71_2021-_REF.-CONC.-EXAMES-TOXICOLOGICOS_-1.pdf\">Visualizar<\/a><\/td>\n<\/tr>\n<tr class=\"row-102 even\">\n\t<td class=\"column-1\">70<\/td><td class=\"column-2\">04\/05\/2021 <\/td><td class=\"column-3\">Denys Teixeira Saul <\/td><td class=\"column-4\">INDICA, ao Excelent\u00edssimo prefeito municipal ON\u00cdCIO DE SOUZA, que<br \/>\ndetermine ao setor competente desta municipalidade a realiza\u00e7\u00e3o de estudos de<br \/>\nviabilidade, para a instala\u00e7\u00e3o de poste com lumin\u00e1ria na Rua Amador Bueno, haja vista<br \/>\nque esse pedido \u00e9 uma reivindica\u00e7\u00e3o dos moradores daquela localidade, que por sinal<br \/>\ncontribuem com a taxa de ilumina\u00e7\u00e3o e n\u00e3o s\u00e3o atendidos por este servi\u00e7o. Vale<br \/>\ndestacar que a ilumina\u00e7\u00e3o p\u00fablica essencial \u00e0 qualidade de vida das pessoas,<br \/>\npermitindo aos habitantes desfrutar, plenamente e com maior seguran\u00e7a, dos espa\u00e7os<br \/>\np\u00fablicos nos per\u00edodos noturnos. <\/td><td class=\"column-5\"><a href=\"https:\/\/cmflorestopolis.pr.gov.br\/wp-content\/uploads\/2021\/11\/IND.-No-70_2021-_REF.-ILUMINACAO-PUBLICA_R.-AMADOR-BUENO_-1.pdf\">Visualizar<\/a><\/td>\n<\/tr>\n<tr class=\"row-103 odd\">\n\t<td class=\"column-1\">69<\/td><td class=\"column-2\">04\/05\/2021 \t<\/td><td class=\"column-3\">Denys Teixeira Saul <\/td><td class=\"column-4\">INDICA, ao Excelent\u00edssimo prefeito municipal ON\u00cdCIO DE SOUZA, que determine<br \/>\nao setor competente desta municipalidade a realiza\u00e7\u00e3o de estudos no sentido de viabilizar, a<br \/>\nirriga\u00e7\u00e3o com caminh\u00e3o pipa de canteiros centrais, rotat\u00f3rias, pra\u00e7as, \u00e1reas de laser, enfim, em<br \/>\ntodos os gramados e jardins dos espa\u00e7os p\u00fablicos da nossa cidade. <\/td><td class=\"column-5\"><a href=\"https:\/\/cmflorestopolis.pr.gov.br\/wp-content\/uploads\/2021\/11\/IND.-No-69_2021-_REF.-IRRIGACAO-GRAMADOS_-1.pdf\">Visualizar<\/a><\/td>\n<\/tr>\n<tr class=\"row-104 even\">\n\t<td class=\"column-1\">68<\/td><td class=\"column-2\">04\/05\/2021<\/td><td class=\"column-3\">Denys Teixeira Saul <\/td><td class=\"column-4\">INDICA, ao Excelent\u00edssimo prefeito municipal ON\u00cdCIO DE SOUZA, que determine<br \/>\nao setor competente desta municipalidade a realiza\u00e7\u00e3o de estudos no sentido de viabilizar, a<br \/>\nconstru\u00e7\u00e3o de redutores de velocidade (quebra-mola), nas vias p\u00fablicas conforme especifica:<br \/>\n\u2022 Rua Amador Bueno na conflu\u00eancia com a Avenida 14 de novembro \u2013 Vila: Santa<br \/>\nRita;<br \/>\n\u2022 Rua Interventor Manoel Ribas na conflu\u00eancia com a Rua Jos\u00e9 Truffa \u2013 Bairro:<br \/>\nItaipu II;<br \/>\n\u2022 Rua Jo\u00e3o Batista de Almeida na conflu\u00eancia com a Rua Vereador Aparecido<br \/>\nRocha \u2013 Conjunto Vale Feliz;<br \/>\n\u2022 Rua Vereador Mariano Gomes na conflu\u00eancia com a Rua Venezuela \u2013 Conjunto<br \/>\nJos\u00e9 Carnelossi; e<br \/>\n\u2022 Rua Manoel Tudela na conflu\u00eancia com a Rua Ubatuba pr\u00f3ximo a Auto escola Di<br \/>\nVerona. <\/td><td class=\"column-5\"><a href=\"https:\/\/cmflorestopolis.pr.gov.br\/wp-content\/uploads\/2021\/11\/IND.-No-68_2021-_REF.-REDUTORES_VELOCIDADE_-1.pdf\">Visualizar<\/a><\/td>\n<\/tr>\n<tr class=\"row-105 odd\">\n\t<td class=\"column-1\">67<\/td><td class=\"column-2\">27\/04\/2021<\/td><td class=\"column-3\">Cesar da Cruz Rodrigues<\/td><td class=\"column-4\">INDICA,ao Excelent\u00edssimo Senhor Prefeito do Munic\u00edpio de<br \/>\nFlorest\u00f3polis, ON\u00cdCIO DE SOUZA, que determine ao setor competente desta<br \/>\nmunicipalidade, a realiza\u00e7\u00e3o de estudos no sentido de que seja providenciada a<br \/>\nconstru\u00e7\u00e3o de redutor de velocidade (quebra-mola), na Rua Divina de Oliveira na<br \/>\nconflu\u00eancia com a Rua dos Reis (Centro). <\/td><td class=\"column-5\"><a href=\"https:\/\/cmflorestopolis.pr.gov.br\/wp-content\/uploads\/2021\/11\/IND.-No-67_2021-_REF.-REDUTOR-VELOCIDADE-R.-DIVINA-OLIV._DOS-REIS_-1.pdf\">Visualizar<\/a><\/td>\n<\/tr>\n<tr class=\"row-106 even\">\n\t<td class=\"column-1\">66<\/td><td class=\"column-2\">27\/04\/2021 <\/td><td class=\"column-3\">Ayrton Capassi <\/td><td class=\"column-4\">INDICA, ao Excelent\u00edssimo prefeito municipal ON\u00cdCIO DE SOUZA,<br \/>\nque proceda estudos junto ao setor competente da municipalidade, que busque<br \/>\nem parceria com o SENAI a realiza\u00e7\u00e3o de cursos profissionalizantes de diversas<br \/>\n\u00e1reas, como tecnologia, ind\u00fastria, administra\u00e7\u00e3o, dentre outras que se<br \/>\nconsideram importantes no mercado de trabalho.<\/td><td class=\"column-5\"><a href=\"https:\/\/cmflorestopolis.pr.gov.br\/wp-content\/uploads\/2021\/11\/IND.-No-66_2021-_REF.-CURSOS-CENAI_-1.pdf\">Visualizar<\/a><\/td>\n<\/tr>\n<tr class=\"row-107 odd\">\n\t<td class=\"column-1\">65<\/td><td class=\"column-2\">27\/04\/2021<\/td><td class=\"column-3\">Silvio Jorge de Oliveira <\/td><td class=\"column-4\">INDICA, ao Excelent\u00edssimo prefeito municipal ON\u00cdCIO DE SOUZA, que<br \/>\ndetermine ao setor competente da municipalidade a realiza\u00e7\u00e3o de estudos de viabilidade,<br \/>\nobjetivando que busque junto ao governo federal ou estadual a libera\u00e7\u00e3o de recursos,<br \/>\ndestinados a aquisi\u00e7\u00e3o de tratores e implementos agr\u00edcolas em benef\u00edcio dos pequenos<br \/>\nprodutores rurais do nosso munic\u00edpio. <\/td><td class=\"column-5\"><a href=\"https:\/\/cmflorestopolis.pr.gov.br\/wp-content\/uploads\/2021\/11\/IND.-No-65_2021-_REF.-AQ.-EQ.-AGRICOLAS_-1.pdf\">Visualizar<\/a><\/td>\n<\/tr>\n<tr class=\"row-108 even\">\n\t<td class=\"column-1\">64<\/td><td class=\"column-2\">27\/04\/2021 \t<\/td><td class=\"column-3\">Silvio Jorge de Oliveira <\/td><td class=\"column-4\">INDICA, ao Excelent\u00edssimo prefeito municipal ON\u00cdCIO DE SOUZA, que<br \/>\ndetermine ao setor competente da municipalidade a realiza\u00e7\u00e3o de estudos de viabilidade,<br \/>\nobjetivando que busque junto ao governo do estado a libera\u00e7\u00e3o de recursos a fundo<br \/>\nperdido, destinados a constru\u00e7\u00e3o de um Portal de entrada da cidade entre Florest\u00f3polis e<br \/>\nPorecatu, tendo em vista que este adere\u00e7o traz sempre uma mensagem de boas-vindas e<br \/>\nisto, com certeza, deixa a cidade mais bonita e encanta toda a nossa comunidade e os<br \/>\nvisitantes. <\/td><td class=\"column-5\"><a href=\"https:\/\/cmflorestopolis.pr.gov.br\/wp-content\/uploads\/2021\/11\/IND.-No-64_2021-_REF.-PORTAL-SAIDA-PORECATU_-1.pdf\">Visualizar<\/a><\/td>\n<\/tr>\n<tr class=\"row-109 odd\">\n\t<td class=\"column-1\">63<\/td><td class=\"column-2\">27\/04\/2021<\/td><td class=\"column-3\">Silvio Jorge de Oliveira<\/td><td class=\"column-4\">INDICA, ao Excelent\u00edssimo prefeito municipal ON\u00cdCIO DE SOUZA, que<br \/>\ndetermine ao setor competente da municipalidade, que busque junto ao governo do<br \/>\nestado a libera\u00e7\u00e3o de recursos a fundo perdido, destinados a constru\u00e7\u00e3o de uma \u00e1rea de<br \/>\nlaser no terreno ocioso localizado no Conjunto Habitacional Zilda Arns, com pra\u00e7a, lago<br \/>\nartificial, espa\u00e7o para pra\u00e7a de alimenta\u00e7\u00e3o, instala\u00e7\u00e3o de parque infantil playground e<br \/>\numa academia ao ar livre.<\/td><td class=\"column-5\"><a href=\"https:\/\/cmflorestopolis.pr.gov.br\/wp-content\/uploads\/2021\/11\/IND.-No-63_2021-_REF.-AREA-LASER-ZILDA-ARNS_-1.pdf\">Visualizar<\/a><\/td>\n<\/tr>\n<tr class=\"row-110 even\">\n\t<td class=\"column-1\">62<\/td><td class=\"column-2\">20\/04\/2021<\/td><td class=\"column-3\">Silvio Jorge de Oliveira<\/td><td class=\"column-4\">INDICA, ao Excelent\u00edssimo Senhor Prefeito do Munic\u00edpio de<br \/>\nFlorest\u00f3polis, ON\u00cdCIO DE SOUZA, que, mediante a autoriza\u00e7\u00e3o da Mitra<br \/>\nrespons\u00e1vel e com o apoio dos Poderes Legislativo e Executivo, bem como da<br \/>\ncomunidade local, averigue a possibilidade de reformar, adaptar e remodelar o<br \/>\npr\u00e9dio que ser\u00e1 eventualmente desocupado pelo Centro Municipal de Educa\u00e7\u00e3o<br \/>\nInfantil (CMEI) Paula Di Rosa, com vistas a instalar no im\u00f3vel uma Casa de<br \/>\nApoio \u00e0 idosos e pessoas acamadas.<\/td><td class=\"column-5\"><a href=\"https:\/\/cmflorestopolis.pr.gov.br\/wp-content\/uploads\/2021\/11\/IND.-No-62_2021-_REF.-INST.-CASA-DO-IDOSO-ONDE-AT.-CMEI-P.-ROSA_-1.pdf\">Visualizar<\/a><\/td>\n<\/tr>\n<tr class=\"row-111 odd\">\n\t<td class=\"column-1\">61<\/td><td class=\"column-2\">20\/04\/2021<\/td><td class=\"column-3\">Silvio Jorge de Oliveira <\/td><td class=\"column-4\">INDICA, ao Excelent\u00edssimo Senhor Prefeito do Munic\u00edpio de<br \/>\nFlorest\u00f3polis, ON\u00cdCIO DE SOUZA, a constru\u00e7\u00e3o de um Centro Municipal de<br \/>\nEduca\u00e7\u00e3o Infantil \u2013 CMEI, com vistas a alojar o CMEI Paula Di Rosa, que<br \/>\natualmente encontra-se instalado em pr\u00e9dio do qual o Munic\u00edpio \u00e9 locat\u00e1rio. <\/td><td class=\"column-5\"><a href=\"https:\/\/cmflorestopolis.pr.gov.br\/wp-content\/uploads\/2021\/11\/IND.-No-61_2021-_REF.-CONST.-SEDE-CMEI-PAULA-DI-ROSA_-1.pdf\">Visualizar<\/a><\/td>\n<\/tr>\n<tr class=\"row-112 even\">\n\t<td class=\"column-1\">60<\/td><td class=\"column-2\">20\/04\/2021 <\/td><td class=\"column-3\">Silvio Jorge de Oliveira <\/td><td class=\"column-4\">INDICA, ao Excelent\u00edssimo Senhor Prefeito do Munic\u00edpio de<br \/>\nFlorest\u00f3polis, ON\u00cdCIO DE SOUZA, que verifique a possibilidade de fornecer<br \/>\naparelho glicos\u00edmetro e tiras para aferi\u00e7\u00e3o de glicemia a todos os mun\u00edcipes<br \/>\nportadores de diabetes mellitus do tipo 2 (DMC2), que necessitarem fazer uso<br \/>\ndeste procedimento por recomenda\u00e7\u00e3o cl\u00ednica. <\/td><td class=\"column-5\"><a href=\"https:\/\/cmflorestopolis.pr.gov.br\/wp-content\/uploads\/2021\/11\/IND.-No-60_2021-_REF.-FORNECER-AP.-GLIC.-E-TIRAS_DIABETE-TP.2_-1.pdf\">Visualizar<\/a><\/td>\n<\/tr>\n<tr class=\"row-113 odd\">\n\t<td class=\"column-1\">59<\/td><td class=\"column-2\">20\/04\/2021<\/td><td class=\"column-3\">Edson Martins de Carvalho <\/td><td class=\"column-4\">INDICA, ao Excelent\u00edssimo Senhor Prefeito do Munic\u00edpio de<br \/>\nFlorest\u00f3polis, ON\u00cdCIO DE SOUZA, que proceda estudos junto ao setor de obras<br \/>\ndo munic\u00edpio e ver as possibilidades de viabilizar recursos destinados a constru\u00e7\u00e3o<br \/>\nde redutores de velocidade (quebra-molas), na marginal da Rua Ezequias Braz da<br \/>\nSilva entre a Rua Venezuela e a Rua Das Ac\u00e1cias, haja visto que s\u00e3o muitas<br \/>\nreclama\u00e7\u00f5es dos moradores locais de que ve\u00edculos saem da PR-170, para fazer<br \/>\nultrapassagens a caminh\u00f5es que trafegam em baixa velocidade pela BR no<br \/>\nper\u00edmetro urbano, pondo em risco a vida de pessoas, portanto o atendimento a<br \/>\nesta solicita\u00e7\u00e3o se faz necess\u00e1rio e com extrema urg\u00eancia, antes que ocorra<br \/>\nacidentes graves no local. <\/td><td class=\"column-5\"><a href=\"https:\/\/cmflorestopolis.pr.gov.br\/wp-content\/uploads\/2021\/11\/IND.-No-59_2021-_REF.-REDUTOR-VELOCIDADE_MARG.-EZ.-BRAZ_-1.pdf\">Visualizar<\/a><\/td>\n<\/tr>\n<tr class=\"row-114 even\">\n\t<td class=\"column-1\">58<\/td><td class=\"column-2\">20\/04\/2021<\/td><td class=\"column-3\">Marinho Novais Luz Neto <\/td><td class=\"column-4\">INDICA, ao Excelent\u00edssimo prefeito municipal ON\u00cdCIO DE SOUZA, que<br \/>\ndetermine ao setor competente da municipalidade a realiza\u00e7\u00e3o de estudos no sentido<br \/>\nde viabilizar, a pintura retrorreflexiva e coloca\u00e7\u00e3o de faixas refletivas nas ca\u00e7ambas de<br \/>\ncoleta de entulhos, de modo a permitir sua r\u00e1pida visualiza\u00e7\u00e3o a pelo menos 30 (trinta)<br \/>\nmetros de dist\u00e2ncia. pois isso \u00e9 uma medida fundamental para evitar acidentes<br \/>\nprincipalmente no per\u00edodo noturno em locais de pouca visibilidade. <\/td><td class=\"column-5\"><a href=\"https:\/\/cmflorestopolis.pr.gov.br\/wp-content\/uploads\/2021\/11\/IND.-No-58_2021-_REF.-COLOCACAO-FAIXAS-REF.-CACAMBAS_-1.pdf\">Visualizar<\/a><\/td>\n<\/tr>\n<tr class=\"row-115 odd\">\n\t<td class=\"column-1\">57<\/td><td class=\"column-2\">20\/04\/2021<\/td><td class=\"column-3\">Marinho Novais Luz Neto <\/td><td class=\"column-4\">INDICA, ao Excelent\u00edssimo prefeito municipal ON\u00cdCIO DE SOUZA, que<br \/>\ndetermine ao setor competente desta municipalidade que proceda estudos de<br \/>\nviabilidade, para a constru\u00e7\u00e3o de um muro para fazer a divis\u00e3o entre o CAIAC e a \u00e1rea<br \/>\nde lazer (p\u00f3lo esportivo), e ainda, que estude a possibilidade de providenciar a<br \/>\ninstala\u00e7\u00e3o de c\u00e2meras de seguran\u00e7a no interior e nas imedia\u00e7\u00f5es do referido local, com<br \/>\no intuito de dificultar a a\u00e7\u00e3o de mal feitores e propor mais seguran\u00e7a para os usu\u00e1rias<br \/>\nque frequentam o local. <\/td><td class=\"column-5\"><a href=\"https:\/\/cmflorestopolis.pr.gov.br\/wp-content\/uploads\/2021\/11\/IND.-No-57_2021-_REF.-MEDIDAS-SEG.-CAIAC_-1.pdf\">Visualizar<\/a><\/td>\n<\/tr>\n<tr class=\"row-116 even\">\n\t<td class=\"column-1\">56<\/td><td class=\"column-2\">20\/04\/2021 <\/td><td class=\"column-3\">Denys Teixeira Saul <\/td><td class=\"column-4\">INDICA, ao Excelent\u00edssimo Prefeito do Munic\u00edpio de Florest\u00f3polis, senhor<br \/>\nON\u00cdCIO DE SOUZA, que determine ao setor competente desta municipalidade que<br \/>\nproceda estudos de viabilidade, com a finalidade de executar reformas geral no Terminal<br \/>\nRodovi\u00e1rio, principalmente, que seja feita a adapta\u00e7\u00e3o de um banheiro masculino e um<br \/>\nfeminino para se adequar \u00e0 Lei n\u00ba 10.098\/2000, com vistas a proporcionar a<br \/>\nacessibilidade das pessoas com defici\u00eancia ou com mobilidade reduzida. <\/td><td class=\"column-5\"><a href=\"https:\/\/cmflorestopolis.pr.gov.br\/wp-content\/uploads\/2021\/11\/IND.-No-56_2021-_REF.-REFORMA-TERM.-RODOVIARIO_-1.pdf\">Visualizar<\/a><\/td>\n<\/tr>\n<tr class=\"row-117 odd\">\n\t<td class=\"column-1\">55<\/td><td class=\"column-2\">20\/04\/2021 <\/td><td class=\"column-3\">Adriana Passoni Goulart <\/td><td class=\"column-4\">INDICA, ao Excelent\u00edssimo Prefeito do Munic\u00edpio de Florest\u00f3polis senhor<br \/>\nON\u00cdCIO DE SOUZA, que determine ao setor competente desta municipalidade que proceda<br \/>\nestudos e ver as possibilidades de viabilizar, a realiza\u00e7\u00e3o de reparos devidos na passarela<br \/>\nprincipal de acesso ao Cemit\u00e9rio Municipal, onde a mesma se encontra com obst\u00e1culos para<br \/>\na locomo\u00e7\u00e3o de cadeirantes e sem a sinaliza\u00e7\u00e3o obrigat\u00f3ria para deficientes visuais. Sugerese<br \/>\nainda a disponibilidade de uma cadeira de rodas para permanecer nas depend\u00eancias do<br \/>\ncemit\u00e9rio, caso haja necessidade de algu\u00e9m com dificuldade de se locomover e que<br \/>\nnecessite desse aux\u00edlio. <\/td><td class=\"column-5\"><a href=\"https:\/\/cmflorestopolis.pr.gov.br\/wp-content\/uploads\/2021\/11\/IND.-No-55_2021-_REF.-REPAROS-PASSARELA-CEMITERIO_-1.pdf\">Visualizar<\/a><\/td>\n<\/tr>\n<tr class=\"row-118 even\">\n\t<td class=\"column-1\">54<\/td><td class=\"column-2\">20\/04\/2021 <\/td><td class=\"column-3\">Cesar da Cruz Rodrigues<\/td><td class=\"column-4\">INDICA, ao Excelent\u00edssimo Senhor Prefeito do Munic\u00edpio de Florest\u00f3polis,<br \/>\nON\u00cdCIO DE SOUZA, que determine ao setor competente a realiza\u00e7\u00e3o de estudos<br \/>\nt\u00e9cnicos de viabilidade, para instala\u00e7\u00e3o de sistema de energia solar (fotovoltaico) para<br \/>\nuso nos pr\u00e9dios p\u00fablicos, com o objetivo de aproveitar a energia solar como uma forma<br \/>\nde economia de recursos. <\/td><td class=\"column-5\"><a href=\"https:\/\/cmflorestopolis.pr.gov.br\/wp-content\/uploads\/2021\/11\/IND.-No-54_2021-_REF.-INST.-ENERGIA-SOLAR_PREDIOS-PUB._-1.pdf\">Visualizar<\/a><\/td>\n<\/tr>\n<tr class=\"row-119 odd\">\n\t<td class=\"column-1\">53<\/td><td class=\"column-2\">13\/04\/2021 <\/td><td class=\"column-3\">Valmir Cl\u00e1udio Rodrigues <\/td><td class=\"column-4\">INDICA, ao Excelent\u00edssimo Senhor Prefeito do Munic\u00edpio de<br \/>\nFlorest\u00f3polis, ON\u00cdCIO DE SOUZA, que determine ao setor competente desta<br \/>\nmunicipalidade que verifique a possibilidade, de fornecer a popula\u00e7\u00e3o sacos pl\u00e1stico<br \/>\ntamanho grande de cor espec\u00edfica (verde) para reciclagem, devidamente identificado com<br \/>\na palavra e o s\u00edmbolo de RECICLAGEM. <\/td><td class=\"column-5\"><a href=\"https:\/\/cmflorestopolis.pr.gov.br\/wp-content\/uploads\/2021\/11\/IND.-No-53_2021-_REF.-FORNECER-SACOS-COLETA-RECICLAVEIS_-1.pdf\">Visualizar<\/a><\/td>\n<\/tr>\n<tr class=\"row-120 even\">\n\t<td class=\"column-1\">52<\/td><td class=\"column-2\">13\/04\/2021 <\/td><td class=\"column-3\">Valmir Cl\u00e1udio Rodrigues e Denys Teixeira Saul <\/td><td class=\"column-4\">INDICAM, ao Excelent\u00edssimo Senhor Prefeito do Munic\u00edpio de<br \/>\nFlorest\u00f3polis, ON\u00cdCIO DE SOUZA, que determine ao setor competente desta<br \/>\nmunicipalidade, a realiza\u00e7\u00e3o de estudos de viabilidade, objetivando buscar<br \/>\nrecursos destinados a aquisi\u00e7\u00e3o de um parque infantil (playground), para que<br \/>\nseja instalado na Pra\u00e7a Jos\u00e9 Ribeiro Rosa, no centro da cidade, pois seria essa<br \/>\numa forma de \u201cDar o devido direito de nossas crian\u00e7as crescerem como crian\u00e7a\u201d. <\/td><td class=\"column-5\"><a href=\"https:\/\/cmflorestopolis.pr.gov.br\/wp-content\/uploads\/2021\/11\/IND.-No-52_2021-COLETIVA-_REF.-PARQUE-INFANTIL_-2.pdf\">Visualizar<\/a><\/td>\n<\/tr>\n<tr class=\"row-121 odd\">\n\t<td class=\"column-1\">51<\/td><td class=\"column-2\">13\/04\/2021<\/td><td class=\"column-3\">Silvio Jorge de Oliveira <\/td><td class=\"column-4\">INDICA, ao Excelent\u00edssimo prefeito municipal ON\u00cdCIO DE SOUZA, que<br \/>\ndetermine ao setor competente da municipalidade, a realiza\u00e7\u00e3o de estudos para viabilizar<br \/>\na contrata\u00e7\u00e3o de m\u00e9dico Oftalmologista para atender pelo menos uma vez por semana<br \/>\nnas Unidades B\u00e1sicas de Sa\u00fade de nosso munic\u00edpio. <\/td><td class=\"column-5\"><a href=\"https:\/\/cmflorestopolis.pr.gov.br\/wp-content\/uploads\/2021\/11\/IND.-No-51_2021-_REF.-CONTRATAR-OFTALMOLOGISTA_-1.pdf\">Visualizar<\/a><\/td>\n<\/tr>\n<tr class=\"row-122 even\">\n\t<td class=\"column-1\">50<\/td><td class=\"column-2\">13\/04\/2021<\/td><td class=\"column-3\">Silvio Jorge de Oliveira <\/td><td class=\"column-4\">INDICA, ao Excelent\u00edssimo prefeito municipal ON\u00cdCIO DE SOUZA, que<br \/>\ndetermine ao setor competente da municipalidade a realiza\u00e7\u00e3o de estudos no sentido<br \/>\nviabilizar recursos financeiros, destinados para a aquisi\u00e7\u00e3o de terreno para<br \/>\nimplanta\u00e7\u00e3o de novo Parque Industrial no munic\u00edpio. <\/td><td class=\"column-5\"><a href=\"https:\/\/cmflorestopolis.pr.gov.br\/wp-content\/uploads\/2021\/11\/IND.-No-50_2021-_REF.-AQ.-TERRENO-PARQUE-INDUSTRIAL_-1.pdf\">Visualizar<\/a><\/td>\n<\/tr>\n<tr class=\"row-123 odd\">\n\t<td class=\"column-1\">49<\/td><td class=\"column-2\">13\/04\/2021<\/td><td class=\"column-3\">Silvio Jorge de Oliveira <\/td><td class=\"column-4\">INDICA, ao Excelent\u00edssimo prefeito municipal ON\u00cdCIO DE SOUZA, que<br \/>\ndetermine ao setor competente da municipalidade a realiza\u00e7\u00e3o de estudos no sentido<br \/>\nviabilizar recursos financeiros, destinados a realiza\u00e7\u00e3o de manuten\u00e7\u00e3o e se necess\u00e1rio a<br \/>\ntroca de pe\u00e7as de aparelhos de atividades f\u00edsicas das academias ao ar livre instaladas em<br \/>\nnossa cidade. <\/td><td class=\"column-5\"><a href=\"https:\/\/cmflorestopolis.pr.gov.br\/wp-content\/uploads\/2021\/11\/IND.-No-49_2021-_REF.-REPAROS-ACADEMIAS-AR-LIVRE_-1.pdf\">Visualizar<\/a><\/td>\n<\/tr>\n<tr class=\"row-124 even\">\n\t<td class=\"column-1\">48<\/td><td class=\"column-2\">13\/04\/2021 <\/td><td class=\"column-3\">Ayrton Capassi <\/td><td class=\"column-4\">INDICA, ao Excelent\u00edssimo prefeito municipal ON\u00cdCIO DE SOUZA, que<br \/>\nproceda estudos junto ao setor competente da municipalidade e ver as possibilidades<br \/>\nde criar uma nova Lei Municipal, instituindo o Programa de Recupera\u00e7\u00e3o Fiscal no<br \/>\nMunic\u00edpio de Florest\u00f3polis (REFIS \u2013 FLOREST\u00d3POLIS), para regulariza\u00e7\u00e3o de<br \/>\ncr\u00e9ditos tribut\u00e1rios do Munic\u00edpio, isentando de cobran\u00e7a de juros aos inscritos em<br \/>\nD\u00edvida Ativa nos 05 (cinco) anos anteriores, com prazo para pagamento em cota \u00fanica<br \/>\nde pelo menos 30 (trinta) dias. <\/td><td class=\"column-5\"><a href=\"https:\/\/cmflorestopolis.pr.gov.br\/wp-content\/uploads\/2021\/11\/IND.-No-48_2021-_REF.-REFIS-FLORESTOPOLIS_-1.pdf\">Visualizar<\/a><\/td>\n<\/tr>\n<tr class=\"row-125 odd\">\n\t<td class=\"column-1\">47<\/td><td class=\"column-2\">13\/04\/2021<\/td><td class=\"column-3\">Marinho Novais Luz Neto <\/td><td class=\"column-4\">INDICA, ao Excelent\u00edssimo prefeito municipal ON\u00cdCIO DE SOUZA, que determine<br \/>\nao setor competente desta municipalidade que proceda estudos de viabilidade, para a<br \/>\nrealiza\u00e7\u00e3o de manuten\u00e7\u00e3o da sala de Raio-X, bem como manuten\u00e7\u00e3o preventiva e corretiva do<br \/>\naparelho de radiografia (Raio-X) do Hospital Municipal Santa Branca. <\/td><td class=\"column-5\"><a href=\"https:\/\/cmflorestopolis.pr.gov.br\/wp-content\/uploads\/2021\/11\/IND.-No-47_2021-_REF.-MANUT.-RAIO-X_-1.pdf\">Visualizar<\/a><\/td>\n<\/tr>\n<tr class=\"row-126 even\">\n\t<td class=\"column-1\">46<\/td><td class=\"column-2\">13\/04\/2021 <\/td><td class=\"column-3\">Marinho Novais Luz Neto <\/td><td class=\"column-4\">INDICA, ao Excelent\u00edssimo prefeito municipal ON\u00cdCIO DE SOUZA, que determine<br \/>\nao setor competente desta municipalidade que proceda estudos de viabilidade, para a aquisi\u00e7\u00e3o<br \/>\nde Kits de uniformes e equipamentos de seguran\u00e7a para os trabalhadores da coleta de lixo,<br \/>\nnossos estimados Garis, bem como para o motorista do caminh\u00e3o coletor de lixo. Sugere-se<br \/>\nque seja entregue 2 Kits para cada servidor sendo composto por: Cal\u00e7as, camisas com prote\u00e7\u00e3o<br \/>\nUV, botas, luvas e chap\u00e9us com aba protetora. <\/td><td class=\"column-5\"><a href=\"https:\/\/cmflorestopolis.pr.gov.br\/wp-content\/uploads\/2021\/11\/IND.-No-46_2021-_REF.-KITS-UNIFORME-GARIS_-1.pdf\">Visualizar<\/a><\/td>\n<\/tr>\n<tr class=\"row-127 odd\">\n\t<td class=\"column-1\">45<\/td><td class=\"column-2\">13\/04\/2021<\/td><td class=\"column-3\">Cesar da Cruz Rodrigues <\/td><td class=\"column-4\">INDICA, ao Excelent\u00edssimo Senhor Prefeito do Munic\u00edpio<br \/>\nde Florest\u00f3polis, ON\u00cdCIO DE SOUZA, que tome provid\u00eancias no sentido<br \/>\nde garantir a emiss\u00e3o do CAD Pro (Cadastro de Produtores Rurais \u2013<br \/>\nCAD\/PR) e da Nota de Produtor Rural \u00e0 todas as fam\u00edlias acampadas em<br \/>\nnosso Munic\u00edpio, nos termos da Nota t\u00e9cnica Conjunta n\u00ba 01\/21, do Centro<br \/>\nde Apoio Operacional das Promotorias de Justi\u00e7a de Prote\u00e7\u00e3o aos Direitos<br \/>\nHumanos e do Centro de Apoio Operacional das Promotorias de Justi\u00e7a de<br \/>\nProte\u00e7\u00e3o ao Patrim\u00f4nio P\u00fablico e \u00e0 Ordem Tribut\u00e1ria(cf. Documento em<br \/>\nanexo). <\/td><td class=\"column-5\"><a href=\"https:\/\/cmflorestopolis.pr.gov.br\/wp-content\/uploads\/2021\/11\/IND.-No-45_2021-_REF.-CAD-PRO_-1.pdf\">Visualizar<\/a><\/td>\n<\/tr>\n<tr class=\"row-128 even\">\n\t<td class=\"column-1\">44<\/td><td class=\"column-2\">06\/04\/2021 <\/td><td class=\"column-3\">Silvio Jorge de Oliveira<\/td><td class=\"column-4\">Indica, ao Excelent\u00edssimo prefeito municipal ON\u00cdCIO DE SOUZA, que<br \/>\ndetermine ao setor competente da municipalidade a realiza\u00e7\u00e3o de estudos no sentido<br \/>\nviabilizar recursos financeiros, destinados a execu\u00e7\u00e3o da pavimenta\u00e7\u00e3o asf\u00e1ltica da<br \/>\nRua Frei Caneca no Jardim Itaipu II. <\/td><td class=\"column-5\"><a href=\"https:\/\/cmflorestopolis.pr.gov.br\/wp-content\/uploads\/2021\/11\/IND.-No-44_2021-_REF.-PAV.-ASFALTICA-RUA-FREI-CANECA_-1.pdf\">Visualizar<\/a><\/td>\n<\/tr>\n<tr class=\"row-129 odd\">\n\t<td class=\"column-1\">43<\/td><td class=\"column-2\">06\/04\/2021<\/td><td class=\"column-3\">Adriana Passoni Goulart <\/td><td class=\"column-4\">Indica, ao Excelent\u00edssimo Senhor Prefeito do Munic\u00edpio de<br \/>\nFlorest\u00f3polis, ON\u00cdCIO DE SOUZA, considerando as demandas decorrentes<br \/>\nda grave situa\u00e7\u00e3o de emerg\u00eancia sanit\u00e1ria causada pela pandemia da<br \/>\nCOVID-19, que verifique a possibilidade de proceder \u00e0 contrata\u00e7\u00e3o de mais<br \/>\nprofissionais de enfermagem para compor o quadro de funcion\u00e1rios do<br \/>\nHospital Municipal Santa Branca, destinando-se uma equipe espec\u00edfica para a<br \/>\nala de tratamento de pacientes internados com o Novo Coronav\u00edrus, bem<br \/>\ncomo de providenciar a aquisi\u00e7\u00e3o de um monitor multipar\u00e2metros, de um<br \/>\ncardioversor e de um desfibrilador para a sala de emerg\u00eancia. <\/td><td class=\"column-5\"><a href=\"https:\/\/cmflorestopolis.pr.gov.br\/wp-content\/uploads\/2021\/11\/IND.-No-43_2021-_REF.-MEDIDAS-ENF.-PANDEMIA_HOSPITAL_-1.pdf\">Visualizar<\/a><\/td>\n<\/tr>\n<tr class=\"row-130 even\">\n\t<td class=\"column-1\">42<\/td><td class=\"column-2\">23\/03\/2021<\/td><td class=\"column-3\">Denys Teixeira Saul <\/td><td class=\"column-4\">Indica, ao Excelent\u00edssimo Senhor Prefeito do Munic\u00edpio de Florest\u00f3polis,<br \/>\nON\u00cdCIO DE SOUZA, que determine ao setor competente desta municipalidade o envio<br \/>\nde expediente a Secretaria de Estado do Desenvolvimento Sustent\u00e1vel e do Turismo,<br \/>\nsolicitando a inten\u00e7\u00e3o do munic\u00edpio de Florest\u00f3polis de participar do Programa<br \/>\nPermanente de Esteriliza\u00e7\u00e3o de C\u00e3es e Gatos, promovido pela referida Secretaria com<br \/>\napoio das prefeituras, na busca do controle populacional de c\u00e3es e gatos e preven\u00e7\u00e3o de<br \/>\nzoonoses. <\/td><td class=\"column-5\"><a href=\"https:\/\/cmflorestopolis.pr.gov.br\/wp-content\/uploads\/2021\/11\/IND.-No-42_2021-_REF.-CASTRCAO_CAES-E-GATOS_-1.pdf\">Visualizar<\/a><\/td>\n<\/tr>\n<tr class=\"row-131 odd\">\n\t<td class=\"column-1\">41<\/td><td class=\"column-2\">05\/04\/2021 <\/td><td class=\"column-3\">Marinho Novais Luz Neto <\/td><td class=\"column-4\">INDICA, ao Excelent\u00edssimo prefeito municipal ON\u00cdCIO DE SOUZA, que proceda<br \/>\nestudos junto ao setor competente desta municipalidade e ver as possibilidades por meio legal<br \/>\nde conceder um adicional de insalubridade de (20%), a todos os servidores lotados no setor da<br \/>\nsa\u00fade que mant\u00e9m sua jornada de trabalho diretamente ligada ao enfrentamento \u00e0 pandemia<br \/>\ndo Coronav\u00edrus. <\/td><td class=\"column-5\"><a href=\"https:\/\/cmflorestopolis.pr.gov.br\/wp-content\/uploads\/2021\/11\/IND.-No-41_2021-_REF.-ADICIONAL-INS.-20-SAUDE_.pdf\">Visualizar<\/a><\/td>\n<\/tr>\n<tr class=\"row-132 even\">\n\t<td class=\"column-1\">40<\/td><td class=\"column-2\">05\/04\/2021<\/td><td class=\"column-3\">Marinho Novais Luz Neto <\/td><td class=\"column-4\">Indica, ao Excelent\u00edssimo prefeito municipal ON\u00cdCIO DE SOUZA, que<br \/>\nconsiderando a demanda cada vez maior de uso de oxig\u00eanio hospitalar para tratamento<br \/>\ndos pacientes, torna-se necess\u00e1ria a imediata interven\u00e7\u00e3o do poder p\u00fablico local no<br \/>\nsentido de proteger e resguardar nossa popula\u00e7\u00e3o, entretanto sugere-se medidas no<br \/>\nsentido de que seja realizado a manuten\u00e7\u00e3o na rede de distribui\u00e7\u00e3o de oxig\u00eanio<br \/>\nhospitalar do Hospital Municipal Santa Branca, para corrigir vazamentos e assim evitar o<br \/>\ndesperd\u00edcio desse insumo essencial para o tratamento de pacientes.<\/td><td class=\"column-5\"><a href=\"https:\/\/cmflorestopolis.pr.gov.br\/wp-content\/uploads\/2021\/11\/IND.-No-40_2021-_REF.-MAN.-REDE-OXIGENIO-HOSPITAL_-1.pdf\">Visualizar<\/a><\/td>\n<\/tr>\n<tr class=\"row-133 odd\">\n\t<td class=\"column-1\">39<\/td><td class=\"column-2\">30\/03\/2021 <\/td><td class=\"column-3\">Cesar da Cruz Rodrigues <\/td><td class=\"column-4\">Indica, ao Excelent\u00edssimo Senhor Prefeito do Munic\u00edpio de<br \/>\nFlorest\u00f3polis, ON\u00cdCIO DE SOUZA, que, em havendo disponibilidade<br \/>\nor\u00e7ament\u00e1ria, verifique a possibilidade de cria\u00e7\u00e3o de um Programa Municipal de<br \/>\nRenda B\u00e1sica Emergencial contra crises sanit\u00e1rias no Munic\u00edpio, com vistas a<br \/>\nassegurar um aux\u00edlio financeiro mensal aos mun\u00edcipes locais, dado o grave<br \/>\ncontexto de calamidade p\u00fablica que ora vivenciamos em decorr\u00eancia da pandemia<br \/>\nda COVID-19. <\/td><td class=\"column-5\"><a href=\"https:\/\/cmflorestopolis.pr.gov.br\/wp-content\/uploads\/2021\/11\/IND.-No-39_2021-ANEXO-_REF.-PL.-AUXILIO-EMERGENCIAL_-1.pdf\">Visualizar<\/a><\/td>\n<\/tr>\n<tr class=\"row-134 even\">\n\t<td class=\"column-1\">38<\/td><td class=\"column-2\">30\/03\/2021<\/td><td class=\"column-3\">Edson Martins de Carvalho <\/td><td class=\"column-4\">Indica, ao Excelent\u00edssimo Senhor Prefeito do Munic\u00edpio de<br \/>\nFlorest\u00f3polis, ON\u00cdCIO DE SOUZA, que providencie a aquisi\u00e7\u00e3o de barracas<br \/>\npadronizadas de feira a fim de serem disponibilizadas semanalmente aos feirantes locais. <\/td><td class=\"column-5\"><a href=\"https:\/\/cmflorestopolis.pr.gov.br\/wp-content\/uploads\/2021\/11\/IND.-No-38_2021-_REF.-BARRACAS-FEIRANTES_-1.pdf\">Visualizar<\/a><\/td>\n<\/tr>\n<tr class=\"row-135 odd\">\n\t<td class=\"column-1\">37<\/td><td class=\"column-2\">30\/03\/2021 <\/td><td class=\"column-3\">Valmir Cl\u00e1udio Rodrigues <\/td><td class=\"column-4\">Indica, ao Excelent\u00edssimo Senhor Prefeito do Munic\u00edpio de<br \/>\nFlorest\u00f3polis, ON\u00cdCIO DE SOUZA, que verifique a possibilidade de vacina\u00e7\u00e3o imediata<br \/>\ncontra a COVID-19, dos funcion\u00e1rios p\u00fablicos municipais que trabalham na coleta de lixo<br \/>\nem nossa cidade. <\/td><td class=\"column-5\"><a href=\"https:\/\/cmflorestopolis.pr.gov.br\/wp-content\/uploads\/2021\/11\/IND.-No-37_2021-_REF.-VACINACAO-SERVIDORES_COLETA-DE-LIXO_-1.pdf\">Visualizar<\/a><\/td>\n<\/tr>\n<tr class=\"row-136 even\">\n\t<td class=\"column-1\">36<\/td><td class=\"column-2\">30\/03\/2021<\/td><td class=\"column-3\">Valmir Cl\u00e1udio Rodrigues <\/td><td class=\"column-4\">INDICA, ao Excelent\u00edssimo Senhor Prefeito do Munic\u00edpio de<br \/>\nFlorest\u00f3polis, ON\u00cdCIO DE SOUZA, considerando o aumentando assustador de casos de<br \/>\npessoas contaminadas com a COVID-19 em nosso Munic\u00edpio, bem como o n\u00famero \u00f3bitos<br \/>\nconfirmados em decorr\u00eancia desse v\u00edrus, que verifique a possibilidade de refor\u00e7ar a<br \/>\ncomposi\u00e7\u00e3o das equipes de fiscaliza\u00e7\u00e3o do cumprimento das medidas de distanciamento<br \/>\nsocial mediante a inclus\u00e3o de fiscais devidamente trajados com colete e crach\u00e1 de<br \/>\nidentifica\u00e7\u00e3o. <\/td><td class=\"column-5\"><a href=\"https:\/\/cmflorestopolis.pr.gov.br\/wp-content\/uploads\/2021\/11\/IND.-No-36_2021-_REF.-FISCALIZACAO-COVID-19_-1.pdf\">Visualizar<\/a><\/td>\n<\/tr>\n<tr class=\"row-137 odd\">\n\t<td class=\"column-1\">35<\/td><td class=\"column-2\">30\/03\/2021<\/td><td class=\"column-3\">Ayrton Capassi<\/td><td class=\"column-4\">Indica, ao Excelent\u00edssimo prefeito municipal ON\u00cdCIO DE SOUZA, que<br \/>\ndetermine ao setor competente desta municipalidade, a coloca\u00e7\u00e3o de placa ou letreiro<br \/>\ncom a identifica\u00e7\u00e3o do nome do Gin\u00e1sio de Esportes \u201cON\u00cdCIO FRANCISCO DE SOUZA\u201d,<br \/>\nconsiderando que foi apagado a identifica\u00e7\u00e3o que havia no referido local. <\/td><td class=\"column-5\"><a href=\"https:\/\/cmflorestopolis.pr.gov.br\/wp-content\/uploads\/2021\/11\/IND.-No-35_2021-_REF.-COLOCACAO-NOME-GIN.-ESPORTES_-1.pdf\">Visualizar<\/a><\/td>\n<\/tr>\n<tr class=\"row-138 even\">\n\t<td class=\"column-1\">34<\/td><td class=\"column-2\">29\/03\/2021<\/td><td class=\"column-3\">Silvio Jorge de Oliveira <\/td><td class=\"column-4\">Indica, ao Excelent\u00edssimo prefeito municipal ON\u00cdCIO DE SOUZA, que determine<br \/>\nao setor competente da municipalidade estudos de viabilidade, para estrutura\u00e7\u00e3o do centro<br \/>\ncir\u00fargico do Hospital Municipal Santa Branca, para a realiza\u00e7\u00e3o de pequenas cirurgias, como<br \/>\nprocedimentos de inser\u00e7\u00e3o de DIU, vasectomia, ax\u00e9rese de n\u00f3dulos (retirada de cisto seb\u00e1ceo),<br \/>\nentre outras. <\/td><td class=\"column-5\"><a href=\"https:\/\/cmflorestopolis.pr.gov.br\/wp-content\/uploads\/2021\/11\/IND.-No-34_2021-_REF.-PEQ.-CIRUGIAS_-1.pdf\">Visualizar<\/a><\/td>\n<\/tr>\n<tr class=\"row-139 odd\">\n\t<td class=\"column-1\">33<\/td><td class=\"column-2\">29\/03\/2021 <\/td><td class=\"column-3\">Silvio Jorge de Oliveira <\/td><td class=\"column-4\">Indica, ao Excelent\u00edssimo prefeito municipal ON\u00cdCIO DE SOUZA, que determine<br \/>\nao setor competente da municipalidade, para pleitear junto a Secretaria de Estado da Sa\u00fade e<br \/>\nao Minist\u00e9rio da Sa\u00fade, a libera\u00e7\u00e3o de recursos financeiros destinados a constru\u00e7\u00e3o de uma<br \/>\nUnidade B\u00e1sica de Sa\u00fade \u2013 UBS, no conjunto habitacional Jardim Floresta. <\/td><td class=\"column-5\"><a href=\"https:\/\/cmflorestopolis.pr.gov.br\/wp-content\/uploads\/2021\/11\/IND.-No-33_2021-_REF.-CONST.-UBS-JD.-FLORESTA_-2.pdf\">Visualizar<\/a><\/td>\n<\/tr>\n<tr class=\"row-140 even\">\n\t<td class=\"column-1\">32<\/td><td class=\"column-2\">23\/03\/2021 <\/td><td class=\"column-3\">Cesar da Cruz Rodrigues <\/td><td class=\"column-4\">Indica,ao Excelent\u00edssimo Senhor Prefeito do Munic\u00edpio de<br \/>\nFlorest\u00f3polis, ON\u00cdCIO DE SOUZA, que verifique a possibilidade de instala\u00e7\u00e3o de<br \/>\nc\u00e2meras de monitoramento no interior e nas imedia\u00e7\u00f5es do Cemit\u00e9rio Municipal,<br \/>\nposto que recentemente tem havido diversos furtos de objetos de bronze e outros<br \/>\nmetais instalados nas sepulturas. <\/td><td class=\"column-5\"><a href=\"https:\/\/cmflorestopolis.pr.gov.br\/wp-content\/uploads\/2021\/11\/IND.-No-32_2021-_REF.-INST.-CAMERAS-SEG.-CEMITERIO_-1.pdf\">Visualizar<\/a><\/td>\n<\/tr>\n<tr class=\"row-141 odd\">\n\t<td class=\"column-1\">31<\/td><td class=\"column-2\">22\/03\/2021<\/td><td class=\"column-3\">Marinho Novais Luz Neto <\/td><td class=\"column-4\">Indica, ao Excelent\u00edssimo prefeito municipal ON\u00cdCIO DE SOUZA, que<br \/>\nproceda estudos e ver as possibilidades de contrata\u00e7\u00e3o ou designa\u00e7\u00e3o de mais um<br \/>\nAgente de Seguran\u00e7a (Vigilante), para atuar no Hospital Municipal Santa Branca no<br \/>\nper\u00edodo noturno, visto que o vigia lotado na fun\u00e7\u00e3o atualmente trabalha em regime de<br \/>\njornada de 12hX36h, portanto \u00e9 necess\u00e1rio mais um vigia para suprir o intervalo de<br \/>\ndescanso desse servidor, para que o local n\u00e3o fique noite sim noite n\u00e3o sem a presen\u00e7a<br \/>\nde um vigilante. <\/td><td class=\"column-5\"><a href=\"https:\/\/cmflorestopolis.pr.gov.br\/wp-content\/uploads\/2021\/11\/IND.-No-31_2021-_REF.-VIGIA_NOTURNO_HOSPITAL_-1.pdf\">Visualizar<\/a><\/td>\n<\/tr>\n<tr class=\"row-142 even\">\n\t<td class=\"column-1\">30<\/td><td class=\"column-2\">22\/03\/2021 <\/td><td class=\"column-3\">Marinho Novais Luz Neto <\/td><td class=\"column-4\">INDICA, ao Excelent\u00edssimo prefeito municipal ON\u00cdCIO DE SOUZA, que<br \/>\nproceda estudos e ver as possibilidades de viabilizar a instala\u00e7\u00e3o de uma linha de<br \/>\ntelefone fixo na cl\u00ednica de fisioterapia, com vistas em melhorar ou facilitar a<br \/>\ncomunica\u00e7\u00e3o entre os profissionais e pacientes. <\/td><td class=\"column-5\"><a href=\"https:\/\/cmflorestopolis.pr.gov.br\/wp-content\/uploads\/2021\/11\/IND.-No-30_2021-_REF.-INST.-TEL._FIXO_CLIN.-FISIOTERAPIA_-1.pdf\">Visualizar<\/a><\/td>\n<\/tr>\n<tr class=\"row-143 odd\">\n\t<td class=\"column-1\">29<\/td><td class=\"column-2\">23\/03\/2021 <\/td><td class=\"column-3\">Denys Teixeira Saul <\/td><td class=\"column-4\">Indica, ao Excelent\u00edssimo Senhor Prefeito do Munic\u00edpio de<br \/>\nFlorest\u00f3polis, ON\u00cdCIO DE SOUZA, que verifique a possibilidade de altera\u00e7\u00e3o do<br \/>\nEstatuto dos Servidores Municipais, para o fim de conceder-lhes a possibilidade de<br \/>\nredu\u00e7\u00e3o proporcional da jornada de trabalho e do sal\u00e1rio por motivo de doen\u00e7a do<br \/>\nc\u00f4njuge ou companheiro, dos pais, dos filhos, do padrasto ou madrasta e enteado, ou<br \/>\ndependente que viva \u00e0s suas expensas e conste do seu assento funcional, mediante<br \/>\ncomprova\u00e7\u00e3o por junta m\u00e9dica oficial. <\/td><td class=\"column-5\"><a href=\"https:\/\/cmflorestopolis.pr.gov.br\/wp-content\/uploads\/2021\/11\/IND.-No-29_2021-_REF.-REDUCAO-JORNADA-SERVIDOR_-1.pdf\">Visualizar<\/a><\/td>\n<\/tr>\n<tr class=\"row-144 even\">\n\t<td class=\"column-1\">28<\/td><td class=\"column-2\">22\/03\/2021 <\/td><td class=\"column-3\">Denys Teixeira Saul<\/td><td class=\"column-4\">Indica, ao Excelent\u00edssimo Senhor Prefeito do Munic\u00edpio de Florest\u00f3polis,<br \/>\nON\u00cdCIO DE SOUZA, que proceda estudos de viabilidade para a contrata\u00e7\u00e3o de Psic\u00f3logo<br \/>\ne Fonoaudi\u00f3logo para atender especificamente na \u00e1rea da educa\u00e7\u00e3o. <\/td><td class=\"column-5\"><a href=\"https:\/\/cmflorestopolis.pr.gov.br\/wp-content\/uploads\/2021\/11\/IND.-No-28_2021-_REF.-CONTRATAR-PSICOLOGO-E-FONO_EDUCACAO_-1.pdf\">Visualizar<\/a><\/td>\n<\/tr>\n<tr class=\"row-145 odd\">\n\t<td class=\"column-1\">27<\/td><td class=\"column-2\">22\/03\/2021 <\/td><td class=\"column-3\">Denys Teixeira Saul <\/td><td class=\"column-4\">Indica, ao Excelent\u00edssimo Senhor Prefeito do Munic\u00edpio de<br \/>\nFlorest\u00f3polis, ON\u00cdCIO DE SOUZA, que proceda estudos junto ao setor<br \/>\ncompetente da municipalidade e ver as possibilidades de viabilizar a coloca\u00e7\u00e3o de<br \/>\nbarreiras em acr\u00edlico na recep\u00e7\u00e3o do pr\u00e9dio da prefeitura e demais setores que<br \/>\nprestam atendimento ao p\u00fablico com grande fluxo de pessoas. <\/td><td class=\"column-5\"><a href=\"https:\/\/cmflorestopolis.pr.gov.br\/wp-content\/uploads\/2021\/11\/IND.-No-27_2021-_REF.-COL.-BARR.-ACRILICO_RECEPCAO_PMF_-1.pdf\">Visualizar<\/a><\/td>\n<\/tr>\n<tr class=\"row-146 even\">\n\t<td class=\"column-1\">26<\/td><td class=\"column-2\">15\/03\/2021<\/td><td class=\"column-3\">Silvio Jorge de Oliveira <\/td><td class=\"column-4\">Indica, ao Excelent\u00edssimo prefeito municipal ON\u00cdCIO DE SOUZA, que determine<br \/>\nao setor competente da municipalidade, a realiza\u00e7\u00e3o de estudos de viabilidade para a ades\u00e3o<br \/>\nao programa do governo federal \u201cBRASIL SORRIDENTE\u201d. Haja visto que conforme informa\u00e7\u00f5es<br \/>\ndo Minist\u00e9rio da Sa\u00fade a Pol\u00edtica Nacional de Sa\u00fade Bucal tem modificado a vida de milh\u00f5es de<br \/>\nbrasileiros por meio do acesso a servi\u00e7os odontol\u00f3gicos de forma gratuita no Sistema \u00danico de<br \/>\nSa\u00fade (SUS). Esses servi\u00e7os s\u00e3o ofertados em Unidades de Sa\u00fade Fam\u00edlia (USF)\/Postos de<br \/>\nSa\u00fade, Unidades Odontol\u00f3gicas M\u00f3veis (UOM), Centros de Especialidades Odontol\u00f3gicas (CEO)<br \/>\ne hospitais. Al\u00e9m desses servi\u00e7os, o Brasil Sorridente conta com Laborat\u00f3rios Regionais de<br \/>\nPr\u00f3tese Dent\u00e1ria (LRPD), que colaboram com a confec\u00e7\u00e3o laboratorial de pr\u00f3teses dent\u00e1rias<br \/>\n(dentaduras), servindo de apoio para USF, UOM e CEO. <\/td><td class=\"column-5\"><a href=\"https:\/\/cmflorestopolis.pr.gov.br\/wp-content\/uploads\/2021\/11\/IND.-No-26_2021-_REF.-PROG.-BRASIL-SORRIDENTE_DENTADURAS_-1.pdf\">Visualizar<\/a><\/td>\n<\/tr>\n<tr class=\"row-147 odd\">\n\t<td class=\"column-1\">25<\/td><td class=\"column-2\">15\/03\/2021<\/td><td class=\"column-3\">Marinho Novais Luz Neto <\/td><td class=\"column-4\">Indica, ao Excelent\u00edssimo prefeito municipal ON\u00cdCIO DE SOUZA, que determine<br \/>\nao setor competente desta municipalidade, a realiza\u00e7\u00e3o com urg\u00eancia de melhorias da<br \/>\nilumina\u00e7\u00e3o interna e nas imedia\u00e7\u00f5es externas do Cemit\u00e9rio Municipal, a fim de dar condi\u00e7\u00f5es<br \/>\ndo cumprimento dos of\u00edcios pertinentes ao sepultamento em per\u00edodos de finais de tarde e<br \/>\nnoturnos. Haja visto que estamos passando por uma situa\u00e7\u00e3o de pandemia do Coronav\u00edrus e<br \/>\ninfelizmente podem ocorrer situa\u00e7\u00f5es de emerg\u00eancia em que ser\u00e1 necess\u00e1rio o sepultamento<br \/>\nde pessoas em hor\u00e1rios n\u00e3o costumeiros. <\/td><td class=\"column-5\"><a href=\"https:\/\/cmflorestopolis.pr.gov.br\/wp-content\/uploads\/2021\/11\/IND.-No-25_2021-_REF.-MELHORIAS-INFRAESTRUTURA-CEMITERIO_-1.pdf\">Visualizar<\/a><\/td>\n<\/tr>\n<tr class=\"row-148 even\">\n\t<td class=\"column-1\">24<\/td><td class=\"column-2\">15\/03\/2021<\/td><td class=\"column-3\">Denys Teixeira Saul <\/td><td class=\"column-4\">Indica, ao Excelent\u00edssimo Senhor Prefeito do Munic\u00edpio de<br \/>\nFlorest\u00f3polis, ON\u00cdCIO DE SOUZA, que verifique a possibilidade de edi\u00e7\u00e3o de<br \/>\ndecreto municipal para o fim de tornar obrigat\u00f3rio, como medida de enfrentamento<br \/>\n\u00e0 pandemia da COVID-19, o uso de term\u00f4metro digital infravermelho para a<br \/>\naferi\u00e7\u00e3o da temperatura corporal dos clientes na entrada de todos os<br \/>\nestabelecimentos comerciais com grande fluxo de pessoas, bem como a<br \/>\nhigieniza\u00e7\u00e3o das cestas e dos carrinhos de supermercado antes da utiliza\u00e7\u00e3o pelo<br \/>\ncliente. <\/td><td class=\"column-5\"><a href=\"https:\/\/cmflorestopolis.pr.gov.br\/wp-content\/uploads\/2021\/11\/IND.-No-24_2021-_REF.-MEDIDAS-CONTRA-COVID-19_-1.pdf\">Visualizar<\/a><\/td>\n<\/tr>\n<tr class=\"row-149 odd\">\n\t<td class=\"column-1\">23<\/td><td class=\"column-2\">15\/03\/2021<\/td><td class=\"column-3\">Ayrton Capassi <\/td><td class=\"column-4\">Indica, ao Excelent\u00edssimo Senhor Prefeito do Munic\u00edpio de<br \/>\nFlorest\u00f3polis, ON\u00cdCIO DE SOUZA, que verifique a possibilidade de concess\u00e3o dos<br \/>\npercentuais de trinta e quinze por cento de desconto estabelecidos no artigo 55 da<br \/>\nLei de Diretrizes Or\u00e7ament\u00e1rias vigente no corrente exerc\u00edcio financeiro (Lei n\u00ba<br \/>\n1.552\/2020) para os contribuintes que efetuarem o pagamento do Imposto sobre a<br \/>\npropriedade Predial e Territorial Urbana \u2013 IPTU na primeira ena segunda cota<br \/>\n\u00fanica. <\/td><td class=\"column-5\"><a href=\"https:\/\/cmflorestopolis.pr.gov.br\/wp-content\/uploads\/2021\/11\/IND.-No-23_2021-_REF.-DESCONTO-IPTU_-1.pdf\">Visualizar<\/a><\/td>\n<\/tr>\n<tr class=\"row-150 even\">\n\t<td class=\"column-1\">22<\/td><td class=\"column-2\">09\/03\/2021 <\/td><td class=\"column-3\">Cesar da Cruz Rodrigues<\/td><td class=\"column-4\">INDICA, ao Excelent\u00edssimo Senhor Prefeito do Munic\u00edpio de<br \/>\nFlorest\u00f3polis, ON\u00cdCIO DE SOUZA, que verifique a possibilidade de adquirir tr\u00eas<br \/>\naparelhos de higieniza\u00e7\u00e3o nebulizadores (ou atomizadores) com vistas a somar<br \/>\nfor\u00e7as na luta contra o COVID-19. <\/td><td class=\"column-5\"><a href=\"https:\/\/cmflorestopolis.pr.gov.br\/wp-content\/uploads\/2021\/11\/IND.-No-22_2021-_REF.-AQ.-APAR.-HIGIENIZACAO_-1.pdf\">Visualizar<\/a><\/td>\n<\/tr>\n<tr class=\"row-151 odd\">\n\t<td class=\"column-1\">21<\/td><td class=\"column-2\">09\/03\/2021<\/td><td class=\"column-3\">Valdete Jos\u00e9 de Souza<\/td><td class=\"column-4\">Indica, ao Excelent\u00edssimo prefeito municipal ON\u00cdCIO DE SOUZA, que determine<br \/>\nao setor competente da municipalidade, a realiza\u00e7\u00e3o de estudos no sentido de viabilizar a<br \/>\nrealiza\u00e7\u00e3o de opera\u00e7\u00e3o tapa-buracos, nas vias p\u00fablicas mais danificadas e que tendem a piorar<br \/>\ndevido ao per\u00edodo de chuvas. <\/td><td class=\"column-5\"><a href=\"https:\/\/cmflorestopolis.pr.gov.br\/wp-content\/uploads\/2021\/11\/IND.-No-21_2021-_REF.-OP.-TAPA-BURACOS_-2.pdf\">Visualizar<\/a><\/td>\n<\/tr>\n<tr class=\"row-152 even\">\n\t<td class=\"column-1\">20<\/td><td class=\"column-2\">09\/03\/2021<\/td><td class=\"column-3\">Adriana Passoni Goulart <\/td><td class=\"column-4\">Indica, ao Excelent\u00edssimo Senhor Prefeito do Munic\u00edpio<br \/>\nde Florest\u00f3polis, ON\u00cdCIO DE SOUZA, que providencie junto \u00e0 Secretaria de<br \/>\nObras a limpeza dos bueiros situados na via p\u00fablica do Munic\u00edpio, pois alguns<br \/>\nencontram-se cheios de lixo recicl\u00e1vel e de outros materiais, fato que contribui<br \/>\npara a prolifera\u00e7\u00e3o do mosquito Aedes Aegypti, transmissor da dengue, do<br \/>\nzika v\u00edrus, da febre amarela e da chikungunya. <\/td><td class=\"column-5\"><a href=\"https:\/\/cmflorestopolis.pr.gov.br\/wp-content\/uploads\/2021\/11\/IND.-No-20_2021-_REF.-LIMPEZA-BUEIROS_-1.pdf\">Visualizar<\/a><\/td>\n<\/tr>\n<tr class=\"row-153 odd\">\n\t<td class=\"column-1\">19<\/td><td class=\"column-2\">09\/03\/2021<\/td><td class=\"column-3\">Adriana Passoni Goulart <\/td><td class=\"column-4\">Indica, ao Excelent\u00edssimo Senhor Prefeito do Munic\u00edpio de Florest\u00f3polis,<br \/>\nON\u00cdCIO DE SOUZA, que providencie, na forma do artigo 2\u00ba da Lei Municipal n\u00ba<br \/>\n1.433\/2017, a notifica\u00e7\u00e3o dos propriet\u00e1rios ou possuidores a qualquer t\u00edtulo de terrenos<br \/>\nbaldios em nosso Munic\u00edpio para que providenciem a ro\u00e7agem e a limpeza dos mesmos. <\/td><td class=\"column-5\"><a href=\"https:\/\/cmflorestopolis.pr.gov.br\/wp-content\/uploads\/2021\/11\/IND.-No-19_2021-_REF.-LIMPEZA-TERRENOS-BALDIOS_-1.pdf\">Visualizar<\/a><\/td>\n<\/tr>\n<tr class=\"row-154 even\">\n\t<td class=\"column-1\">18<\/td><td class=\"column-2\">08\/03\/2021 <\/td><td class=\"column-3\">Silvio Jorge de Oliveira <\/td><td class=\"column-4\">Indica, ao Excelent\u00edssimo prefeito municipal ON\u00cdCIO DE SOUZA, que determine<br \/>\nao setor competente da municipalidade, a realiza\u00e7\u00e3o de estudos t\u00e9cnicos de viabilidade para a<br \/>\ninstala\u00e7\u00e3o de c\u00e2meras de monitoramento\/seguran\u00e7a com central de videomonitoramento e<br \/>\ngrava\u00e7\u00e3o, e que sejam instaladas em pontos estrat\u00e9gicos de nossa cidade. <\/td><td class=\"column-5\">https:\/\/cmflorestopolis.pr.gov.br\/wp-content\/uploads\/2021\/11\/IND.-No-18_2021-_REF.-INST.-CAMARAS-SEGURANCA_-1.pdf<\/td>\n<\/tr>\n<tr class=\"row-155 odd\">\n\t<td class=\"column-1\">17<\/td><td class=\"column-2\">08\/03\/2021<\/td><td class=\"column-3\">Silvio Jorge de Oliveira<\/td><td class=\"column-4\">INDICA, ao Excelent\u00edssimo prefeito municipal ON\u00cdCIO DE SOUZA, que determine<br \/>\nao setor competente da municipalidade, a realiza\u00e7\u00e3o de estudos para viabilizar a contrata\u00e7\u00e3o de<br \/>\nm\u00e9dico ginecologista para atender nas Unidades B\u00e1sicas de Sa\u00fade. <\/td><td class=\"column-5\"><a href=\"https:\/\/cmflorestopolis.pr.gov.br\/wp-content\/uploads\/2021\/11\/IND.-No-17_2021-_REF.-CONTRATAR-GINECOLOGISTA_-1.pdf\">Visualizar<\/a><\/td>\n<\/tr>\n<tr class=\"row-156 even\">\n\t<td class=\"column-1\">16<\/td><td class=\"column-2\">08\/03\/2021<\/td><td class=\"column-3\">Edson Martins de Carvalho <\/td><td class=\"column-4\">Indica, ao Excelent\u00edssimo prefeito municipal ON\u00cdCIO DE SOUZA, que determine<br \/>\nao setor competente desta municipalidade, a realiza\u00e7\u00e3o de estudos no sentido de viabilizar a<br \/>\ndesinfec\u00e7\u00e3o e higieniza\u00e7\u00e3o constante de cal\u00e7adas e vias p\u00fablicas, com a utiliza\u00e7\u00e3o de caminh\u00e3o<br \/>\nbomba e com bombas costais de pulveriza\u00e7\u00e3o, o que resulta em ganho na desinfec\u00e7\u00e3o de<br \/>\nport\u00f5es, muros e outros locais em que o caminh\u00e3o tanque n\u00e3o consegue desinfectar. Vale<br \/>\nressaltar a import\u00e2ncia de que esse servi\u00e7o seja executado principalmente nas \u00e1reas pr\u00f3ximas<br \/>\naos locais de atendimento ao Covid-19 (Coronav\u00edrus) UBS e Hospital. <\/td><td class=\"column-5\"><a href=\"https:\/\/cmflorestopolis.pr.gov.br\/wp-content\/uploads\/2021\/11\/IND.-No-16_2021-_REF.-DESINFECTAR-VIAS_-1.pdf\">Visualizar<\/a><\/td>\n<\/tr>\n<tr class=\"row-157 odd\">\n\t<td class=\"column-1\">15<\/td><td class=\"column-2\">08\/03\/2021<\/td><td class=\"column-3\">Ayrton Capassi <\/td><td class=\"column-4\">Indica, ao Excelent\u00edssimo prefeito municipal ON\u00cdCIO DE SOUZA, que determine<br \/>\nao setor competente desta municipalidade, a realiza\u00e7\u00e3o de estudos no sentido de que seja feito<br \/>\na corre\u00e7\u00e3o do sal\u00e1rio do profissional de Radiologia, de acordo com o Conselho Nacional de<br \/>\nT\u00e9cnicos em Radiologia (CONTER). <\/td><td class=\"column-5\"><a href=\"https:\/\/cmflorestopolis.pr.gov.br\/wp-content\/uploads\/2021\/11\/IND.-No-15_2021-_REF.-CORRECAO-SALARIO-PROF.-RADIOLOGIA_-1.pdf\">Visualizar<\/a><\/td>\n<\/tr>\n<tr class=\"row-158 even\">\n\t<td class=\"column-1\">14<\/td><td class=\"column-2\">08\/03\/2021 <\/td><td class=\"column-3\">Valmir Cl\u00e1udio Rodrigues <\/td><td class=\"column-4\">Indica, ao Excelent\u00edssimo prefeito municipal ON\u00cdCIO DE SOUZA, que determine<br \/>\nao setor competente desta municipalidade, a realiza\u00e7\u00e3o de estudos no sentido de viabilizar<br \/>\nmedidas para descentralizar a farm\u00e1cia de medica\u00e7\u00e3o espec\u00edfica, onde \u00e9 fornecido<br \/>\nmedicamentos para pacientes dentro do hospital para uma outra reparti\u00e7\u00e3o da sa\u00fade, e que<br \/>\nestas medica\u00e7\u00f5es que vem de Londrina sejam entregues nas resid\u00eancias dos respectivos<br \/>\npacientes. <\/td><td class=\"column-5\"><a href=\"https:\/\/cmflorestopolis.pr.gov.br\/wp-content\/uploads\/2021\/11\/IND.-No-14_2021-_REF.-MEDICAMENTO-FARMACIA_HOSPITAL_-1.pdf\">Visualizar<\/a><\/td>\n<\/tr>\n<tr class=\"row-159 odd\">\n\t<td class=\"column-1\">13<\/td><td class=\"column-2\">08\/03\/2021 <\/td><td class=\"column-3\">Cesar da Cruz Rodrigues<\/td><td class=\"column-4\">Indica, ao Excelent\u00edssimo Senhor Prefeito do Munic\u00edpio de Florest\u00f3polis,<br \/>\nON\u00cdCIO DE SOUZA, que providencie individual ou coletivamente, neste caso atrav\u00e9s de<br \/>\nades\u00e3o ao Cons\u00f3rcio P\u00fablico da Frente Nacional de Prefeitos \u2013 FNP, a aquisi\u00e7\u00e3o de<br \/>\nvacinas para enfrentamento \u00e0 pandemia da COVID-19. <\/td><td class=\"column-5\"><a href=\"https:\/\/cmflorestopolis.pr.gov.br\/wp-content\/uploads\/2021\/11\/IND.-No-13_2021-_REF.-ADESAO-CONS.-VACINAS_COVID-19_-1.pdf\">Visualizar<\/a><\/td>\n<\/tr>\n<tr class=\"row-160 even\">\n\t<td class=\"column-1\">12<\/td><td class=\"column-2\">02\/03\/2021<\/td><td class=\"column-3\">Edson Martins de Carvalho <\/td><td class=\"column-4\">Indica, ao Excelent\u00edssimo prefeito municipal ON\u00cdCIO DE SOUZA, que determine<br \/>\nao setor competente desta municipalidade, a realiza\u00e7\u00e3o de estudos no sentido de que seja feito<br \/>\na constru\u00e7\u00e3o de redutor de velocidade (quebra-mola), na rua das Magn\u00f3lias na conflu\u00eancia com<br \/>\na rua das Orqu\u00eddeas no Bairro Jardim das Flores (Jabur). <\/td><td class=\"column-5\"><a href=\"https:\/\/cmflorestopolis.pr.gov.br\/wp-content\/uploads\/2021\/11\/IND.-No-12_2021-_REF.-REDUTOR-DE-VELOCIDADE_-1.pdf\">Visualizar<\/a><\/td>\n<\/tr>\n<tr class=\"row-161 odd\">\n\t<td class=\"column-1\">11<\/td><td class=\"column-2\">02\/03\/2021<\/td><td class=\"column-3\">Cesar da Cruz Rodrigues <\/td><td class=\"column-4\">Indica, ao Excelent\u00edssimo Senhor Prefeito do Munic\u00edpio de<br \/>\nFlorest\u00f3polis,ON\u00cdCIO DE SOUZA, que se averigue a possibilidade de ser concedida a<br \/>\ncorre\u00e7\u00e3o salarial dos servidores do munic\u00edpio de Florest\u00f3polis no percentual de 5,45%,<br \/>\ncorrespondente ao INPC acumulado no ano de 2020. <\/td><td class=\"column-5\"><a href=\"https:\/\/cmflorestopolis.pr.gov.br\/wp-content\/uploads\/2021\/11\/IND.-No-11_2021-_REF.-CORRECAO-SALARIAL-SERVIDORES_-1.pdf\">Visualizar<\/a><\/td>\n<\/tr>\n<tr class=\"row-162 even\">\n\t<td class=\"column-1\">10<\/td><td class=\"column-2\">02\/03\/2021<\/td><td class=\"column-3\">Denys Teixeira Saul <\/td><td class=\"column-4\">Indica, ao Excelent\u00edssimo prefeito municipal ON\u00cdCIO DE SOUZA, que determine<br \/>\nao setor competente desta municipalidade, a realiza\u00e7\u00e3o de estudos no sentido de que seja feito<br \/>\na constru\u00e7\u00e3o de redutor de velocidade (quebra-mola), na rua Marcelino Pires de Oliveira na<br \/>\nconflu\u00eancia com a rua Roberto Leonardo Mazar, no Conjunto Habitacional Onofre Moreira. <\/td><td class=\"column-5\"><a href=\"https:\/\/cmflorestopolis.pr.gov.br\/wp-content\/uploads\/2021\/11\/IND.-No-10_2021-_REF.-REDUTOR_VELOCIDADE_-1.pdf\"><\/a><\/td>\n<\/tr>\n<tr class=\"row-163 odd\">\n\t<td class=\"column-1\">09<\/td><td class=\"column-2\">02\/03\/2021 <\/td><td class=\"column-3\">Valmir Cl\u00e1udio Rodrigues <\/td><td class=\"column-4\">Indica, ao Excelent\u00edssimo prefeito municipal ON\u00cdCIO DE SOUZA, que determine<br \/>\nao setor competente desta municipalidade, a realiza\u00e7\u00e3o de estudos no sentido de viabilizar<br \/>\nmelhorias na ilumina\u00e7\u00e3o p\u00fablica das vias e da pra\u00e7a do Conjunto Habitacional Vale do<br \/>\nAmanhecer, com a troca das l\u00e2mpadas atuais por l\u00e2mpadas mais modernas de LED. <\/td><td class=\"column-5\"><a href=\"https:\/\/cmflorestopolis.pr.gov.br\/wp-content\/uploads\/2021\/11\/IND.-No-09_2021ANEXO-_REF.-MELHORIAS-ILUM.-PUBLICA_V.-AMANHECER_-1.pdf\">Visualizar<\/a><\/td>\n<\/tr>\n<tr class=\"row-164 even\">\n\t<td class=\"column-1\">08<\/td><td class=\"column-2\">02\/03\/2021 <\/td><td class=\"column-3\">Valmir Cl\u00e1udio Rodrigues <\/td><td class=\"column-4\">Indica, ao Excelent\u00edssimo prefeito municipal ON\u00cdCIO DE SOUZA, que determine<br \/>\nao setor competente desta municipalidade, a realiza\u00e7\u00e3o de estudos no sentido de que seja feito<br \/>\na constru\u00e7\u00e3o de redutores de velocidade (quebra-molas), e suas devidas sinaliza\u00e7\u00f5es em todos<br \/>\nos cruzamentos das vias p\u00fablicas do Conjunto Habitacional Jardim Floresta II. <\/td><td class=\"column-5\"><a href=\"https:\/\/cmflorestopolis.pr.gov.br\/wp-content\/uploads\/2021\/11\/IND.-No-08_2021-_REF.-REDUTOR-DE-VELOCIDADE_-1.pdf\">Visualizar<\/a><\/td>\n<\/tr>\n<tr class=\"row-165 odd\">\n\t<td class=\"column-1\">07<\/td><td class=\"column-2\">23\/02\/2021 <\/td><td class=\"column-3\">Ayrton Capassi <\/td><td class=\"column-4\">Indica ao Excelent\u00edssimo prefeito municipal ON\u00cdCIO DE SOUZA, que determine ao setor competente desta municipalidade, a realiza\u00e7\u00e3o de estudos no sentido de que seja feito a constru\u00e7\u00e3o de redutores de velocidade (quebra-molas), na Roa Juscelino Kubitschek no Conjunto Habitacional Zilda Arns. <\/td><td class=\"column-5\"><a href=\"https:\/\/cmflorestopolis.pr.gov.br\/wp-content\/uploads\/2021\/11\/IND.-No-07_2021-_REF.-REDUTOR-DE-VELOCIDADE_-1.pdf\">Visualizar<\/a><\/td>\n<\/tr>\n<tr class=\"row-166 even\">\n\t<td class=\"column-1\">06<\/td><td class=\"column-2\">23\/02\/2021<\/td><td class=\"column-3\">Silvio Jorge de Oliveira <\/td><td class=\"column-4\">Indica ao Excelent\u00edssimo prefeito municipal ON\u00cdCIO DE SOUZA, que determine ao setor competente da municipalidade, a realiza\u00e7\u00e3o de estudos para ver as possibilidades de instala\u00e7\u00e3o de BUEIROS INTELIGENTES OU ECOL\u00d3GICOS, que consiste em um cesto coletor com al\u00e7as laterais de metal produzido em diversas medidas de acordo com cada BUEIRO. <\/td><td class=\"column-5\">Visualizar<\/td>\n<\/tr>\n<tr class=\"row-167 odd\">\n\t<td class=\"column-1\">05<\/td><td class=\"column-2\">23\/02\/2021<\/td><td class=\"column-3\">Silvio Jorge de Oliveira<\/td><td class=\"column-4\">Indica ao Excelent\u00edssimo prefeito municipal ON\u00cdCIO DE SOUZA, que determine ao setor competente desta municipalidade, a realiza\u00e7\u00e3o de estudos para viabilizar a aquisi\u00e7\u00e3o de pares de t\u00eanis para complementar os kits de uniformes escolares que ser\u00e3o distribu\u00eddos aos alunos da rede municipal de ensino, com a inclus\u00e3o desse item (t\u00eanis) os uniformes ficar\u00e3o completos.<\/td><td class=\"column-5\"><a href=\"https:\/\/cmflorestopolis.pr.gov.br\/wp-content\/uploads\/2021\/11\/IND.-No-05_2021-_REF.-UNIFORME-ECOLAR_TENIS_-1.pdf\">Visualizar<\/a><\/td>\n<\/tr>\n<tr class=\"row-168 even\">\n\t<td class=\"column-1\">04<\/td><td class=\"column-2\">23\/02\/2021<\/td><td class=\"column-3\">Edson Martins de Carvalho <\/td><td class=\"column-4\">Indica ao Excelent\u00edssimo prefeito municipal ON\u00cdCIO DE SOUZA, que determine ao setor competente desta municipalidade, a realiza\u00e7\u00e3o de estudos no sentido de que seja feito a constru\u00e7\u00e3o de redutores de velocidade (quebra-molas) nas vias p\u00fablicas conforme especifica:<br \/>\nRua das Violetas nas imedia\u00e7\u00f5es da Escola Municipal Vit\u00f3ria R\u00e9gia \u2013 Bairro: Jardim das Flores (Jabur);<br \/>\nRua dos Cravos na conflu\u00eancia com a Rua das Cam\u00e9lias \u2013 Bairro: Jardim das Flores (Jabur);<br \/>\nRua Menino Bruno Lidu\u00edno na conflu\u00eancia com a Rua das Magn\u00f3lias \u2013 Bairro: Flavio Romagnoli; e<br \/>\nRua Brigadeiro Tobias na conflu\u00eancia com a Avenida 14 de Novembro, nas imedia\u00e7\u00f5es do Posto de Combust\u00edveis Avenid\u00e3o no Centro da cidade. <\/td><td class=\"column-5\"><a href=\"https:\/\/cmflorestopolis.pr.gov.br\/wp-content\/uploads\/2021\/11\/IND.-No-04_2021-_REF.-REDUTOR-DE-VELOCIDADE_-1.pdf\">Visualizar<\/a><\/td>\n<\/tr>\n<tr class=\"row-169 odd\">\n\t<td class=\"column-1\">03<\/td><td class=\"column-2\">23\/02\/2021 <\/td><td class=\"column-3\">Denys Teixeira Saul <\/td><td class=\"column-4\">Indica ao Excelent\u00edssimo prefeito municipal ON\u00cdCIO DE SOUZA, que seja feito em car\u00e1ter de urg\u00eancia, o estudo para o pagamento do piso nacional que \u00e9 de 1.550,00 (um mil quinhentos e cinquenta reais) aos ACS \u2013 Agentes Comunit\u00e1rios de Sa\u00fade e aos ACE \u2013 Agentes de Combate \u00e0s Endemias, tendo em vista que j\u00e1 houve o repasse dos valores por parte do Minist\u00e9rio da Sa\u00fade a esta municipalidade. Vale ressaltar, que o referido piso foi estabelecido pelas portarias 3.317 e 3.278. <\/td><td class=\"column-5\"><a href=\"https:\/\/cmflorestopolis.pr.gov.br\/wp-content\/uploads\/2021\/11\/IND.-No-03_2021-_REF.-PISO-SALARIAL-ACS_ACE_-1.pdf\">Visualizar<\/a><\/td>\n<\/tr>\n<tr class=\"row-170 even\">\n\t<td class=\"column-1\">02<\/td><td class=\"column-2\">18\/01\/2021 <\/td><td class=\"column-3\">Cesar da Cruz Rodrigues <\/td><td class=\"column-4\">Indica ao Excelent\u00edssimo prefeito municipal ON\u00cdCIO DE SOUZA, que proceda estudos junto ao setor da Sa\u00fade desta municipalidade, para viabilizar a elabora\u00e7\u00e3o de um \u201cPlano Municipal de Vacina\u00e7\u00e3o\u201d, tendo em vista a aprova\u00e7\u00e3o pela ANVISA para uso emergencial das vacinas CORONAVAC e de OXFORD contra a COVID-19.<\/td><td class=\"column-5\"><a href=\"https:\/\/cmflorestopolis.pr.gov.br\/wp-content\/uploads\/2021\/11\/IND.-No-02_2021-_REF.-PLANO-MUN.-VACINACAO_-1.pdf\">Visualizar<\/a><\/td>\n<\/tr>\n<tr class=\"row-171 odd\">\n\t<td class=\"column-1\">01<\/td><td class=\"column-2\">10\/01\/2021 \t<\/td><td class=\"column-3\">Denys Teixeira Saul <\/td><td class=\"column-4\">Indica ao Excelent\u00edssimo prefeito municipal ON\u00cdCIO DE SOUZA, para que atrav\u00e9s da Secretaria de Sa\u00fade, seja realizada a aquisi\u00e7\u00e3o de uma ESTUFA de secagem para o Laborat\u00f3rio Municipal de An\u00e1lises Clinicas. <\/td><td class=\"column-5\"><a href=\"https:\/\/cmflorestopolis.pr.gov.br\/wp-content\/uploads\/2021\/11\/IND.-No-01_2021-_REF.-AQ.-ESTUFA_SECAGEM_-1.pdf\">Visualizar<\/a><\/td>\n<\/tr>\n<\/tbody>\n<\/table>\n<!-- #tablepress-1 from cache -->\n","protected":false},"excerpt":{"rendered":"","protected":false},"author":2,"featured_media":0,"parent":0,"menu_order":0,"comment_status":"closed","ping_status":"closed","template":"","meta":[],"yoast_head":"<!-- This site is optimized with the Yoast SEO plugin v17.6 - https:\/\/yoast.com\/wordpress\/plugins\/seo\/ -->\n<title>Indica\u00e7\u00f5es 2021 - C\u00e2mara Municipal de Florest\u00f3polis<\/title>\n<meta name=\"robots\" content=\"index, follow, max-snippet:-1, max-image-preview:large, max-video-preview:-1\" \/>\n<link rel=\"canonical\" href=\"https:\/\/cmflorestopolis.pr.gov.br\/?page_id=227\" \/>\n<meta property=\"og:locale\" content=\"pt_BR\" \/>\n<meta property=\"og:type\" content=\"article\" \/>\n<meta property=\"og:title\" content=\"Indica\u00e7\u00f5es 2021 - C\u00e2mara Municipal de Florest\u00f3polis\" \/>\n<meta property=\"og:url\" content=\"https:\/\/cmflorestopolis.pr.gov.br\/?page_id=227\" \/>\n<meta property=\"og:site_name\" content=\"C\u00e2mara Municipal de Florest\u00f3polis\" \/>\n<meta property=\"article:modified_time\" content=\"2022-01-12T17:20:53+00:00\" \/>\n<meta name=\"twitter:card\" content=\"summary_large_image\" \/>\n<meta name=\"twitter:label1\" content=\"Est. tempo de leitura\" \/>\n\t<meta name=\"twitter:data1\" content=\"1 minuto\" \/>\n<script type=\"application\/ld+json\" class=\"yoast-schema-graph\">{\"@context\":\"https:\/\/schema.org\",\"@graph\":[{\"@type\":\"WebSite\",\"@id\":\"https:\/\/cmflorestopolis.pr.gov.br\/#website\",\"url\":\"https:\/\/cmflorestopolis.pr.gov.br\/\",\"name\":\"C\\u00e2mara Municipal de Florest\\u00f3polis\",\"description\":\"\",\"potentialAction\":[{\"@type\":\"SearchAction\",\"target\":{\"@type\":\"EntryPoint\",\"urlTemplate\":\"https:\/\/cmflorestopolis.pr.gov.br\/?s={search_term_string}\"},\"query-input\":\"required name=search_term_string\"}],\"inLanguage\":\"pt-BR\"},{\"@type\":\"WebPage\",\"@id\":\"https:\/\/cmflorestopolis.pr.gov.br\/?page_id=227#webpage\",\"url\":\"https:\/\/cmflorestopolis.pr.gov.br\/?page_id=227\",\"name\":\"Indica\\u00e7\\u00f5es 2021 - C\\u00e2mara Municipal de Florest\\u00f3polis\",\"isPartOf\":{\"@id\":\"https:\/\/cmflorestopolis.pr.gov.br\/#website\"},\"datePublished\":\"2021-07-10T14:20:18+00:00\",\"dateModified\":\"2022-01-12T17:20:53+00:00\",\"breadcrumb\":{\"@id\":\"https:\/\/cmflorestopolis.pr.gov.br\/?page_id=227#breadcrumb\"},\"inLanguage\":\"pt-BR\",\"potentialAction\":[{\"@type\":\"ReadAction\",\"target\":[\"https:\/\/cmflorestopolis.pr.gov.br\/?page_id=227\"]}]},{\"@type\":\"BreadcrumbList\",\"@id\":\"https:\/\/cmflorestopolis.pr.gov.br\/?page_id=227#breadcrumb\",\"itemListElement\":[{\"@type\":\"ListItem\",\"position\":1,\"name\":\"In\\u00edcio\",\"item\":\"https:\/\/cmflorestopolis.pr.gov.br\/\"},{\"@type\":\"ListItem\",\"position\":2,\"name\":\"Indica\\u00e7\\u00f5es 2021\"}]}]}<\/script>\n<!-- \/ Yoast SEO plugin. -->","yoast_head_json":{"title":"Indica\u00e7\u00f5es 2021 - C\u00e2mara Municipal de Florest\u00f3polis","robots":{"index":"index","follow":"follow","max-snippet":"max-snippet:-1","max-image-preview":"max-image-preview:large","max-video-preview":"max-video-preview:-1"},"canonical":"https:\/\/cmflorestopolis.pr.gov.br\/?page_id=227","og_locale":"pt_BR","og_type":"article","og_title":"Indica\u00e7\u00f5es 2021 - C\u00e2mara Municipal de Florest\u00f3polis","og_url":"https:\/\/cmflorestopolis.pr.gov.br\/?page_id=227","og_site_name":"C\u00e2mara Municipal de Florest\u00f3polis","article_modified_time":"2022-01-12T17:20:53+00:00","twitter_card":"summary_large_image","twitter_misc":{"Est. tempo de leitura":"1 minuto"},"schema":{"@context":"https:\/\/schema.org","@graph":[{"@type":"WebSite","@id":"https:\/\/cmflorestopolis.pr.gov.br\/#website","url":"https:\/\/cmflorestopolis.pr.gov.br\/","name":"C\u00e2mara Municipal de Florest\u00f3polis","description":"","potentialAction":[{"@type":"SearchAction","target":{"@type":"EntryPoint","urlTemplate":"https:\/\/cmflorestopolis.pr.gov.br\/?s={search_term_string}"},"query-input":"required name=search_term_string"}],"inLanguage":"pt-BR"},{"@type":"WebPage","@id":"https:\/\/cmflorestopolis.pr.gov.br\/?page_id=227#webpage","url":"https:\/\/cmflorestopolis.pr.gov.br\/?page_id=227","name":"Indica\u00e7\u00f5es 2021 - C\u00e2mara Municipal de Florest\u00f3polis","isPartOf":{"@id":"https:\/\/cmflorestopolis.pr.gov.br\/#website"},"datePublished":"2021-07-10T14:20:18+00:00","dateModified":"2022-01-12T17:20:53+00:00","breadcrumb":{"@id":"https:\/\/cmflorestopolis.pr.gov.br\/?page_id=227#breadcrumb"},"inLanguage":"pt-BR","potentialAction":[{"@type":"ReadAction","target":["https:\/\/cmflorestopolis.pr.gov.br\/?page_id=227"]}]},{"@type":"BreadcrumbList","@id":"https:\/\/cmflorestopolis.pr.gov.br\/?page_id=227#breadcrumb","itemListElement":[{"@type":"ListItem","position":1,"name":"In\u00edcio","item":"https:\/\/cmflorestopolis.pr.gov.br\/"},{"@type":"ListItem","position":2,"name":"Indica\u00e7\u00f5es 2021"}]}]}},"_links":{"self":[{"href":"https:\/\/cmflorestopolis.pr.gov.br\/index.php?rest_route=\/wp\/v2\/pages\/227"}],"collection":[{"href":"https:\/\/cmflorestopolis.pr.gov.br\/index.php?rest_route=\/wp\/v2\/pages"}],"about":[{"href":"https:\/\/cmflorestopolis.pr.gov.br\/index.php?rest_route=\/wp\/v2\/types\/page"}],"author":[{"embeddable":true,"href":"https:\/\/cmflorestopolis.pr.gov.br\/index.php?rest_route=\/wp\/v2\/users\/2"}],"replies":[{"embeddable":true,"href":"https:\/\/cmflorestopolis.pr.gov.br\/index.php?rest_route=%2Fwp%2Fv2%2Fcomments&post=227"}],"version-history":[{"count":36,"href":"https:\/\/cmflorestopolis.pr.gov.br\/index.php?rest_route=\/wp\/v2\/pages\/227\/revisions"}],"predecessor-version":[{"id":2442,"href":"https:\/\/cmflorestopolis.pr.gov.br\/index.php?rest_route=\/wp\/v2\/pages\/227\/revisions\/2442"}],"wp:attachment":[{"href":"https:\/\/cmflorestopolis.pr.gov.br\/index.php?rest_route=%2Fwp%2Fv2%2Fmedia&parent=227"}],"curies":[{"name":"wp","href":"https:\/\/api.w.org\/{rel}","templated":true}]}}