{"id":127,"date":"2021-07-09T13:30:23","date_gmt":"2021-07-09T16:30:23","guid":{"rendered":"https:\/\/camara897460250.wordpress.com\/?page_id=127"},"modified":"2026-03-24T23:25:15","modified_gmt":"2026-03-24T23:25:15","slug":"denys-teixeirs-saul","status":"publish","type":"page","link":"https:\/\/cmflorestopolis.pr.gov.br\/?page_id=127","title":{"rendered":"Denys Teixeira Saul (Presidente)"},"content":{"rendered":"\r\n<figure class=\"wp-block-image size-full\"><img loading=\"lazy\" class=\"alignnone size-medium wp-image-4713\" src=\"https:\/\/cmflorestopolis.pr.gov.br\/wp-content\/uploads\/2025\/01\/WhatsApp-Image-2025-01-10-at-09.50.03-217x300.jpeg\" alt=\"\" width=\"217\" height=\"300\" srcset=\"https:\/\/cmflorestopolis.pr.gov.br\/wp-content\/uploads\/2025\/01\/WhatsApp-Image-2025-01-10-at-09.50.03-217x300.jpeg 217w, https:\/\/cmflorestopolis.pr.gov.br\/wp-content\/uploads\/2025\/01\/WhatsApp-Image-2025-01-10-at-09.50.03-742x1024.jpeg 742w, https:\/\/cmflorestopolis.pr.gov.br\/wp-content\/uploads\/2025\/01\/WhatsApp-Image-2025-01-10-at-09.50.03.jpeg 898w, https:\/\/cmflorestopolis.pr.gov.br\/wp-content\/uploads\/2025\/01\/WhatsApp-Image-2025-01-10-at-09.50.03-217x300@2x.jpeg 434w\" sizes=\"(max-width: 217px) 100vw, 217px\" \/><\/figure>\r\n<p>&nbsp;<\/p>\r\n<table style=\"border-collapse: collapse; width: 100%;\" border=\"1\">\r\n<tbody>\r\n<tr style=\"height: 24px;\">\r\n<td style=\"width: 100%; height: 24px;\"><strong>INFORMA\u00c7\u00d5ES<\/strong><\/td>\r\n<\/tr>\r\n<tr style=\"height: 24px;\">\r\n<td style=\"width: 100%; height: 24px;\"><strong>N\u00daMERO DE VOTOS: 516 (2021\/2024)\u00a0 546 (2025\/2028)<\/strong><\/td>\r\n<\/tr>\r\n<tr style=\"height: 24px;\">\r\n<td style=\"width: 100%; height: 24px;\"><strong>MANDATO: 2\u00ba<\/strong><\/td>\r\n<\/tr>\r\n<tr style=\"height: 24px;\">\r\n<td style=\"width: 100%; height: 24px;\"><strong>COMISS\u00d5ES: Comiss\u00e3o de Educa\u00e7\u00e3o, Sa\u00fade e Assist\u00eancia Social (Secret\u00e1rio) ( Durante o primeiro mantado)<br \/><span class=\"NormalTextRun SCXW87351351 BCX0\">MESA EXECUTIVA: Presidente\u00a0<br \/>BI\u00caNIO: 20<\/span><span class=\"NormalTextRun SCXW87351351 BCX0\">2<\/span><span class=\"NormalTextRun SCXW87351351 BCX0\">5<\/span><span class=\"NormalTextRun SCXW87351351 BCX0\">\/2<\/span><span class=\"NormalTextRun SCXW87351351 BCX0\">02<\/span><span class=\"NormalTextRun SCXW87351351 BCX0\">6<\/span><br \/><\/strong><\/td>\r\n<\/tr>\r\n<\/tbody>\r\n<\/table>\r\n<p>&nbsp;<\/p>\r\n<p>&nbsp;<\/p>\r\n<p>&nbsp;<\/p>\r\n<table style=\"border-collapse: collapse; width: 100%;\" border=\"1\">\r\n<tbody>\r\n<tr>\r\n<td style=\"width: 100%;\"><strong>Informa\u00e7\u00f5es do Mandato<\/strong><\/td>\r\n<\/tr>\r\n<tr>\r\n<td style=\"width: 100%;\">\r\n<p><br \/><strong>Of\u00edcios Executivo<\/strong><\/p>\r\n<p><br \/><strong>Indica\u00e7\u00f5es<\/strong><\/p>\r\n\n<table id=\"tablepress-12\" class=\"tablepress tablepress-id-12\">\n<thead>\n<tr class=\"row-1 odd\">\n\t<th class=\"column-1\">N\u00ba <\/th><th class=\"column-2\">Data <\/th><th class=\"column-3\">Autor<\/th><th class=\"column-4\">S\u00famula<\/th><th class=\"column-5\">Visualizar <\/th>\n<\/tr>\n<\/thead>\n<tbody class=\"row-hover\">\n<tr class=\"row-2 even\">\n\t<td class=\"column-1\">61<\/td><td class=\"column-2\">22\/04\/2026<\/td><td class=\"column-3\">Denys Teixeira Saul<\/td><td class=\"column-4\">INDICA, ao Excelent\u00edssimo Senhor Prefeito do Munic\u00edpio de Florest\u00f3polis ON\u00cdCIO DE SOUZA, que seja realizada a pintura de amarelinhas (jogo infantil) nos espa\u00e7os livres nas laterais do playground da pra\u00e7a e quadra poliesportiva \"Everck Tiago da Silva (Tiaguinho)\".  <\/td><td class=\"column-5\"><a href=\"https:\/\/cmflorestopolis.pr.gov.br\/wp-content\/uploads\/2026\/04\/IND.-No-61_2026-REF.-PINTURA-DE-AMARELINHAS-PRACA-TIAGUINHO.pdf\">IND. N\u00ba 61_2026<\/a><\/td>\n<\/tr>\n<tr class=\"row-3 odd\">\n\t<td class=\"column-1\">60<\/td><td class=\"column-2\">13\/04\/2026<\/td><td class=\"column-3\">Denys Teixeira Saul<\/td><td class=\"column-4\">INDICA, ao Excelent\u00edssimo Senhor Prefeito do Munic\u00edpio de Florest\u00f3polis ON\u00cdCIO DE SOUZA, que providencie a divulga\u00e7\u00e3o junto ao Portal da Transpar\u00eancia do Municipal a folha de pagamento e os respectivos proventos dos funcion\u00e1rios contratados pelas empresas terceirizadas para prestarem servi\u00e7o ao Munic\u00edpio.  <\/td><td class=\"column-5\"><a href=\"https:\/\/cmflorestopolis.pr.gov.br\/wp-content\/uploads\/2026\/04\/IND.-No-60_2026-REF.-DIVILGACAO-DA-FOLHA-DE-PAGAMENTO-DOS-TERCEIRIZADOS.pdf\">IND. N\u00ba 60_2026<\/a><\/td>\n<\/tr>\n<tr class=\"row-4 even\">\n\t<td class=\"column-1\">54<\/td><td class=\"column-2\">30\/03\/2026<\/td><td class=\"column-3\">Denys Teixeira Saul<\/td><td class=\"column-4\"> INDICA, ao Excelent\u00edssimo Senhor Prefeito do Munic\u00edpio de Florest\u00f3polis ON\u00cdCIO DE SOUZA, que determine ao setor competente da Administra\u00e7\u00e3o Municipal para que seja realizado estudo t\u00e9cnico de viabilidade visando a implanta\u00e7\u00e3o de um redutor de velocidade (quebra-molas\/lombada) na Rua Sabi\u00e1 Coleira, nas proximidades do n\u00ba 20, neste munic\u00edpio. <\/td><td class=\"column-5\"><a href=\"https:\/\/cmflorestopolis.pr.gov.br\/wp-content\/uploads\/2026\/04\/IND.-No-52_2026-REF.-RED.-VELOCIDADE-R.-SABIA-COLOEIRA.pdf\">Visualizar<\/a><\/td>\n<\/tr>\n<tr class=\"row-5 odd\">\n\t<td class=\"column-1\">51<\/td><td class=\"column-2\">30\/03\/2026<\/td><td class=\"column-3\">Denys Teixeira Saul<\/td><td class=\"column-4\">INDICA, ao Excelent\u00edssimo Senhor Prefeito do Munic\u00edpio de Florest\u00f3polis ON\u00cdCIO DE SOUZA, que determine \u00e0 Secretaria Municipal de Assist\u00eancia Social a realiza\u00e7\u00e3o de campanha de sensibiliza\u00e7\u00e3o e conscientiza\u00e7\u00e3o junto \u00e0 popula\u00e7\u00e3o, especialmente aos contribuintes do Imposto de Renda, para que realizem a destina\u00e7\u00e3o de percentual do imposto devido ao Fundo Municipal da Inf\u00e2ncia e Adolesc\u00eancia.<\/td><td class=\"column-5\"><a href=\"https:\/\/cmflorestopolis.pr.gov.br\/wp-content\/uploads\/2026\/04\/IND.-No-51_2026-REF.-CAMPANHA-REPASSE-IRPF-FUNDO-MUN.-INFANCIA-AD..pdf\">Visualizar<\/a><\/td>\n<\/tr>\n<tr class=\"row-6 even\">\n\t<td class=\"column-1\">50<\/td><td class=\"column-2\">30\/03\/2026<\/td><td class=\"column-3\">Denys Teixeira Saul<\/td><td class=\"column-4\"> INDICA, ao Excelent\u00edssimo Senhor Prefeito do Munic\u00edpio de Florest\u00f3polis ON\u00cdCIO DE SOUZA, que determine ao setor competente da Administra\u00e7\u00e3o Municipal a ado\u00e7\u00e3o das provid\u00eancias necess\u00e1rias para incluir as monitoras\/atendentes de creche no quadro do magist\u00e9rio do munic\u00edpio, com o devido enquadramento funcional e garantia dos direitos inerentes \u00e0 carreira do magist\u00e9rio. <\/td><td class=\"column-5\"><a href=\"https:\/\/cmflorestopolis.pr.gov.br\/wp-content\/uploads\/2026\/04\/IND.-No-50_2026-REF.-ENQUADRAMENTO-MONITORAS-MAGISTERIO.pdf\">Visualizar<\/a><\/td>\n<\/tr>\n<tr class=\"row-7 odd\">\n\t<td class=\"column-1\">43<\/td><td class=\"column-2\">16\/03\/2026<\/td><td class=\"column-3\">Denys Teixeira Saul, Marinho Novais Luz Neto e Nelson Gon\u00e7alves Correia<\/td><td class=\"column-4\">INDICA, ao Excelent\u00edssimo Senhor Prefeito do Munic\u00edpio de Florest\u00f3polis ON\u00cdCIO DE SOUZA, que determine ao setor competente da Administra\u00e7\u00e3o Municipal a realiza\u00e7\u00e3o de estudo t\u00e9cnico visando o reenquadramento do adicional de insalubridade dos profissionais da equipe de enfermagem do munic\u00edpio, observando as condi\u00e7\u00f5es reais de trabalho e a legisla\u00e7\u00e3o vigente. <\/td><td class=\"column-5\"><a href=\"https:\/\/cmflorestopolis.pr.gov.br\/wp-content\/uploads\/2026\/03\/IND.-No-43_2026-CONJUNTA-REF.-REENQUAD.-AD.-INSALUBRE-PROF.-ENFERMAGEM.pdf\">Visualizar<\/a><\/td>\n<\/tr>\n<tr class=\"row-8 even\">\n\t<td class=\"column-1\">42<\/td><td class=\"column-2\">16\/03\/2026<\/td><td class=\"column-3\">Denys Teixeira Saul<\/td><td class=\"column-4\"> INDICA, ao Excelent\u00edssimo Senhor Prefeito do Munic\u00edpio de Florest\u00f3polis ON\u00cdCIO DE SOUZA, que determine ao setor competente da Administra\u00e7\u00e3o Municipal que elabore e encaminhe \u00e0s escolas municipais um comunicado jur\u00eddico contendo resumo explicativo sobre o novo Estatuto da Crian\u00e7a e do Adolescente (ECA) digital. <\/td><td class=\"column-5\"><a href=\"https:\/\/cmflorestopolis.pr.gov.br\/wp-content\/uploads\/2026\/03\/IND.-No-42_2026-REF.-ENVIAR-EXPLICATIVO-NAS-ESCOLAS-SOBRE-ECA.pdf\">Visualizar<\/a><\/td>\n<\/tr>\n<tr class=\"row-9 odd\">\n\t<td class=\"column-1\">41<\/td><td class=\"column-2\">16\/03\/2026<\/td><td class=\"column-3\">Denys Teixeira Saul<\/td><td class=\"column-4\"> INDICA, ao Excelent\u00edssimo Senhor Prefeito do Munic\u00edpio de Florest\u00f3polis ON\u00cdCIO DE SOUZA, que determine ao setor competente da Administra\u00e7\u00e3o Municipal que realize gest\u00f5es junto ao Governo do Estado e demais \u00f3rg\u00e3os competentes para viabilizar a oferta de cursos de corte e costura voltados para mulheres no munic\u00edpio de Florest\u00f3polis. <\/td><td class=\"column-5\"><a href=\"https:\/\/cmflorestopolis.pr.gov.br\/wp-content\/uploads\/2026\/03\/IND.-No-41_2026-REF.-BUSCAR-MEIOS-PARA-REALIZAR-CURSO-DE-CORTE-CUSTURA.pdf\">Visualizar<\/a><\/td>\n<\/tr>\n<tr class=\"row-10 even\">\n\t<td class=\"column-1\">40<\/td><td class=\"column-2\">16\/03\/2026<\/td><td class=\"column-3\">Denys Teixeira Saul<\/td><td class=\"column-4\"> INDICA, ao Excelent\u00edssimo Senhor Prefeito do Munic\u00edpio de Florest\u00f3polis ON\u00cdCIO DE SOUZA, que determine ao setor competente da Administra\u00e7\u00e3o Municipal que realize a instala\u00e7\u00e3o de grade de prote\u00e7\u00e3o no parapeito da escadaria da Escola Municipal Nilson Ribas. <\/td><td class=\"column-5\"><a href=\"https:\/\/cmflorestopolis.pr.gov.br\/wp-content\/uploads\/2026\/03\/IND.-No-40_2026-REF.-INSTALAR-GRADE-PROT.-ESCADARIA-NILSON-RIBAS-.pdf\">Visualizar<\/a><\/td>\n<\/tr>\n<tr class=\"row-11 odd\">\n\t<td class=\"column-1\">04<\/td><td class=\"column-2\">02\/03\/2026<\/td><td class=\"column-3\">Denys Teixeira Saul<\/td><td class=\"column-4\">INDICA, ao Excelent\u00edssimo Senhor Prefeito do Munic\u00edpio de Florest\u00f3polis ON\u00cdCIO DE SOUZA, que sejam adotadas as provid\u00eancias necess\u00e1rias para a implanta\u00e7\u00e3o de atendimento odontol\u00f3gico no per\u00edodo noturno na rede p\u00fablica municipal, com prioridade para atendimentos previamente agendados. <\/td><td class=\"column-5\"><a href=\"https:\/\/cmflorestopolis.pr.gov.br\/wp-content\/uploads\/2026\/03\/IND.-No-04_2026-REF.-IMPLANTAR-DENTISTA-ATEN.-NOTURNO.pdf\">Visualizar<\/a><\/td>\n<\/tr>\n<tr class=\"row-12 even\">\n\t<td class=\"column-1\">03<\/td><td class=\"column-2\">02\/03\/2026<\/td><td class=\"column-3\">Denys Teixeira Saul<\/td><td class=\"column-4\">INDICA, ao Excelent\u00edssimo Senhor Prefeito do Munic\u00edpio de Florest\u00f3polis ON\u00cdCIO DE SOUZA, que determine ao setor competente da municipalidade a realiza\u00e7\u00e3o de estudos t\u00e9cnicos visando \u00e0 implanta\u00e7\u00e3o de vagas de estacionamento exclusivas para motocicletas na \u00e1rea central do munic\u00edpio. <\/td><td class=\"column-5\"><a href=\"https:\/\/cmflorestopolis.pr.gov.br\/wp-content\/uploads\/2026\/03\/IND.-No-03_2026-REF.-IMPLANTAR-VAGAS-P.-MOTOS-CENTRO.pdf\">Visualizar<\/a><\/td>\n<\/tr>\n<tr class=\"row-13 odd\">\n\t<td class=\"column-1\">02<\/td><td class=\"column-2\">02\/03\/2026<\/td><td class=\"column-3\">Denys Teixeira Saul<\/td><td class=\"column-4\">INDICA, ao Excelent\u00edssimo Senhor Prefeito do Munic\u00edpio de Florest\u00f3polis ON\u00cdCIO DE SOUZA, que determine ao setor competente da municipalidade que, ao realizar o recapeamento asf\u00e1ltico da Rua Dona Ivone Pimentel, especialmente no cruzamento com a Rua Ubatuba, sejam realizados estudos t\u00e9cnicos visando identificar e solucionar os problemas de ac\u00famulo de \u00e1gua no local. <\/td><td class=\"column-5\"><a href=\"https:\/\/cmflorestopolis.pr.gov.br\/wp-content\/uploads\/2026\/03\/IND.-No-02_2026-REF.-REPAROS-R.-D.-IVONE-P.-COM-R.-UBATUDA.pdf\">Visualizar<\/a><\/td>\n<\/tr>\n<tr class=\"row-14 even\">\n\t<td class=\"column-1\">01<\/td><td class=\"column-2\">02\/03\/2026<\/td><td class=\"column-3\">Denys Teixeira Saul e Marinho Novais Luz Neto<\/td><td class=\"column-4\">INDICA, ao Excelent\u00edssimo Senhor Prefeito do Munic\u00edpio de Florest\u00f3polis ON\u00cdCIO DE SOUZA, I \u2013 Que a \u00e1rvore de peroba, bem como demais esp\u00e9cies recentemente suprimidas na estrada de acesso ao Banco da Terra, em raz\u00e3o das obras de pavimenta\u00e7\u00e3o realizadas no local, sejam incorporadas ao patrim\u00f4nio p\u00fablico municipal, assegurando-se sua preserva\u00e7\u00e3o e adequada destina\u00e7\u00e3o. <\/td><td class=\"column-5\"><a href=\"https:\/\/cmflorestopolis.pr.gov.br\/wp-content\/uploads\/2026\/03\/IND.-No-01_2026-REF.-ARVORE-PEROBA-EST.-RURAL-BANCO-TERRA.pdf\">Visualizar<\/a><\/td>\n<\/tr>\n<tr class=\"row-15 odd\">\n\t<td class=\"column-1\">140<\/td><td class=\"column-2\">15\/12\/2025<\/td><td class=\"column-3\">Denys Teixeira Saul<\/td><td class=\"column-4\">INDICA, ao Excelent\u00edssimo Prefeito do Munic\u00edpio, Senhor ON\u00cdCIO DE SOUZA, por meio da Secretaria Municipal de Sa\u00fade, que seja disponibilizada a Vitamina B12 (cianocobalamina) injet\u00e1vel na Farm\u00e1cia B\u00e1sica Municipal.<\/td><td class=\"column-5\"><a href=\"https:\/\/cmflorestopolis.pr.gov.br\/wp-content\/uploads\/2025\/12\/IND.-No-140_2025-REF.-FORNECER-VITAMINA-B12-FARMA-BASICA-MUN..pdf\">Visualizar<\/a><\/td>\n<\/tr>\n<tr class=\"row-16 even\">\n\t<td class=\"column-1\">139<\/td><td class=\"column-2\">08\/12\/2025<\/td><td class=\"column-3\">Denys Teixeira Saul<\/td><td class=\"column-4\">INDICA, ao Excelent\u00edssimo Senhor Prefeito do Munic\u00edpio de Florest\u00f3polis, ON\u00cdCIO DE SOUZA, que sejam adotadas as provid\u00eancias necess\u00e1rias para a contrata\u00e7\u00e3o de mais um(a) Nutricionista para a rede municipal de sa\u00fade, ou, alternativamente, que estude a possibilidade de amplia\u00e7\u00e3o da carga hor\u00e1ria do profissional atualmente contratado.<\/td><td class=\"column-5\"><a href=\"https:\/\/cmflorestopolis.pr.gov.br\/wp-content\/uploads\/2025\/12\/IND.-No-139_2025-REF.-CONTRATAR-1-NUTRICIONISTA-OU-DOBRAR-JORNADA.pdf\">Visualizar<\/a><\/td>\n<\/tr>\n<tr class=\"row-17 odd\">\n\t<td class=\"column-1\">137<\/td><td class=\"column-2\">15\/12\/2025<\/td><td class=\"column-3\">Denys Teixeira Saul, Silvio Jorge de Oliveira e Nelson Gon\u00e7alves Correia<\/td><td class=\"column-4\">INDICA, ao Excelent\u00edssimo Prefeito do Munic\u00edpio, Senhor ON\u00cdCIO DE SOUZA, que determine a instala\u00e7\u00e3o de um port\u00e3o de garagem na UBS Central Pedro Dirceu J\u00f3ia.<\/td><td class=\"column-5\"><a href=\"https:\/\/cmflorestopolis.pr.gov.br\/wp-content\/uploads\/2025\/12\/IND.-No-137_2025-COLETIVA-REF.-INSTALAR-PORTAO-GARAGEM-UBS-CENTRAL-PEDRO-DIRCEU-JOIA.pdf\">Visualizar<\/a><\/td>\n<\/tr>\n<tr class=\"row-18 even\">\n\t<td class=\"column-1\">133<\/td><td class=\"column-2\">10\/11\/2025<\/td><td class=\"column-3\">Denys Teixeira Saul<\/td><td class=\"column-4\">INDICA, ao Excelent\u00edssimo Senhor Prefeito do Munic\u00edpio de Florest\u00f3polis ON\u00cdCIO<br \/>\nDE SOUZA, que seja implantado um espa\u00e7o sensorial voltado ao atendimento e bem-estar de<br \/>\npessoas com Transtorno do Espectro Autista (TEA).<\/td><td class=\"column-5\"><a href=\"https:\/\/cmflorestopolis.pr.gov.br\/wp-content\/uploads\/2025\/11\/IND.-No-133_2025-REF.-CRIACAO-DE-ESPACO-SENSORIAL-TEA.pdf\">Visualizar<\/a><\/td>\n<\/tr>\n<tr class=\"row-19 odd\">\n\t<td class=\"column-1\">124<\/td><td class=\"column-2\">13\/10\/2025<\/td><td class=\"column-3\">Denys Teixeira Saul<\/td><td class=\"column-4\">INDICA, ao Excelent\u00edssimo Senhor Prefeito do Munic\u00edpio de Florest\u00f3polis ON\u00cdCIO<br \/>\nDE SOUZA, que seja providenciado o cal\u00e7amento do passeio p\u00fablico localizado em frente \u00e0<br \/>\nIgreja Presbiteriana, bem como nas imedia\u00e7\u00f5es onde n\u00e3o h\u00e1 cal\u00e7amento.<\/td><td class=\"column-5\"><a href=\"https:\/\/cmflorestopolis.pr.gov.br\/wp-content\/uploads\/2025\/11\/IND.-No-124_2025-REF.-CALCAMENTO-DE-PASSEIO-PUBLICO-PROX.-IGREJA-PRESBITERIANA.pdf\">Visualizar<\/a><\/td>\n<\/tr>\n<tr class=\"row-20 even\">\n\t<td class=\"column-1\">123<\/td><td class=\"column-2\">13\/10\/2025<\/td><td class=\"column-3\">Denys Teixeira Saul<\/td><td class=\"column-4\">INDICA, ao Excelent\u00edssimo Senhor Prefeito do Munic\u00edpio de Florest\u00f3polis ON\u00cdCIO<br \/>\nDE SOUZA, que, por interm\u00e9dio da Secretaria Municipal de Obras e\/ou Meio Ambiente, que<br \/>\nsejam realizados servi\u00e7os de destoca de \u00e1rvores em diversos pontos do munic\u00edpio.<\/td><td class=\"column-5\"><a href=\"https:\/\/cmflorestopolis.pr.gov.br\/wp-content\/uploads\/2025\/11\/IND.-No-123_2025-REF.-REALIZACAO-DE-DESTOCA-DE-ARVORES.pdf\">Visualizar<\/a><\/td>\n<\/tr>\n<tr class=\"row-21 odd\">\n\t<td class=\"column-1\">113<\/td><td class=\"column-2\">15\/09\/2025<\/td><td class=\"column-3\">Denys Teixeira Saul<\/td><td class=\"column-4\">INDICA, ao Excelent\u00edssimo Senhor Prefeito do Munic\u00edpio de Florest\u00f3polis ON\u00cdCIO DE SOUZA, que determine ao setor competente da municipalidade que sejam adotadas as provid\u00eancias necess\u00e1rias para que a Banda Marcial BAMUFLOR participe da abertura oficial do Festival Gospel promovido pelo Conselho de Pastores em parceria com o Munic\u00edpio, apresentando repert\u00f3rio condizente com a tem\u00e1tica religiosa.<br \/>\n<\/td><td class=\"column-5\"><a href=\"https:\/\/cmflorestopolis.pr.gov.br\/wp-content\/uploads\/2025\/11\/IND.-No-113_2025-REF.-BAMUFLOR-FAZER-ABERTURA-FEST.-GOSPEL.pdf\">Visualizar<\/a><\/td>\n<\/tr>\n<tr class=\"row-22 even\">\n\t<td class=\"column-1\">112<\/td><td class=\"column-2\">08\/09\/2025<\/td><td class=\"column-3\">Denys Teixeira Saul<\/td><td class=\"column-4\">INDICA, ao Excelent\u00edssimo Senhor Prefeito do Munic\u00edpio de Florest\u00f3polis ON\u00cdCIO DE SOUZA, que determine ao setor competente da municipalidade que tome as devidas provid\u00eancias necess\u00e1rias, no sentido de que seja viabilizada a pintura de ciclovias e ciclofaixas nas principais vias da cidade.<br \/>\n<\/td><td class=\"column-5\"><a href=\"https:\/\/cmflorestopolis.pr.gov.br\/wp-content\/uploads\/2025\/11\/IND.-No-112_2025-REF.-PINTURA-DE-CICLOVIAS-E-CICLOFAIXAS.pdf\">Visualizar<\/a><\/td>\n<\/tr>\n<tr class=\"row-23 odd\">\n\t<td class=\"column-1\">111<\/td><td class=\"column-2\">08\/09\/2025<\/td><td class=\"column-3\">Denys Teixeira Saul<\/td><td class=\"column-4\">INDICA, ao Excelent\u00edssimo Senhor Prefeito do Munic\u00edpio de Florest\u00f3polis ON\u00cdCIO DE SOUZA, que seja viabilizada as devidas manuten\u00e7\u00f5es e reformas do Campo de Futebol com gramado sint\u00e9tico localizado no Centro de Atendimento Integral \u00e0 Crian\u00e7a e Adolescente \u2013 CAIAC (Zilda Arns).<br \/>\n<\/td><td class=\"column-5\"><a href=\"https:\/\/cmflorestopolis.pr.gov.br\/wp-content\/uploads\/2025\/11\/IND.-No-111_2025-REF.-REFORMAS-CAMPO-CAIAC.pdf\">Visualizar<\/a><\/td>\n<\/tr>\n<tr class=\"row-24 even\">\n\t<td class=\"column-1\">107<\/td><td class=\"column-2\">25\/08\/2025<\/td><td class=\"column-3\">Denys Teixeira Saul<\/td><td class=\"column-4\">INDICA, ao Excelent\u00edssimo Senhor Prefeito do Munic\u00edpio de Florest\u00f3polis ON\u00cdCIO DE SOUZA, que determine ao setor competente da municipalidade que tome as devidas provid\u00eancias necess\u00e1rias, no sentido de viabilizar a constru\u00e7\u00e3o de canaleta para o escoamento de \u00e1guas pluviais na rua Prefeito Guilherme Masirone, na conflu\u00eancia com a rua Jos\u00e9 Truffa.<br \/>\n<\/td><td class=\"column-5\"><a href=\"https:\/\/cmflorestopolis.pr.gov.br\/wp-content\/uploads\/2025\/08\/IND.-No-107_2025-REF.-CONST.-CANALETA-R.-PREF.-GUILHERME-MASIRONE.pdf\">Visualizar<\/a><\/td>\n<\/tr>\n<tr class=\"row-25 odd\">\n\t<td class=\"column-1\">106<\/td><td class=\"column-2\">25\/08\/2025<\/td><td class=\"column-3\">Denys Teixeira Saul<\/td><td class=\"column-4\">INDICA, ao Excelent\u00edssimo Senhor Prefeito do Munic\u00edpio de Florest\u00f3polis ON\u00cdCIO DE SOUZA, que determine ao setor competente da municipalidade que tome as devidas provid\u00eancias necess\u00e1rias, no sentido de viabilizar que seja feito a extens\u00e3o da rede el\u00e9trica com a coloca\u00e7\u00e3o de postes com lumin\u00e1rias, nos locais que espec\u00edfica:<br \/>\n<\/td><td class=\"column-5\"><a href=\"https:\/\/cmflorestopolis.pr.gov.br\/wp-content\/uploads\/2025\/08\/IND.-No-106_2025-REF.-EXTENSAO-REDE-ELETRICA-R.-BEILE-BERG.-E-MATILDE-AVRESE.pdf\">Visualizar<\/a><\/td>\n<\/tr>\n<tr class=\"row-26 even\">\n\t<td class=\"column-1\">102<\/td><td class=\"column-2\">04\/08\/2025<\/td><td class=\"column-3\">Denys Teixeira Saul<\/td><td class=\"column-4\">INDICA, ao Excelent\u00edssimo Senhor Prefeito do Munic\u00edpio de Florest\u00f3polis ON\u00cdCIO DE SOUZA, que determine ao setor competente que sejam tomadas as devidas provid\u00eancias para a revitaliza\u00e7\u00e3o da pista de caminhada localizada na entrada da cidade, nas imedia\u00e7\u00f5es do Portal Zilda Arns.<br \/>\n<\/td><td class=\"column-5\"><a href=\"https:\/\/cmflorestopolis.pr.gov.br\/wp-content\/uploads\/2025\/08\/IND.-No-102_2025-REF.-REVITALIZACAO-PISTA-CAMINHADA-PROX.-PORTAL-ZILDA-ARNS.pdf\">Visualizar<\/a><\/td>\n<\/tr>\n<tr class=\"row-27 odd\">\n\t<td class=\"column-1\">96<\/td><td class=\"column-2\">25\/06\/2025<\/td><td class=\"column-3\">Denys Teixeira Saul<\/td><td class=\"column-4\">INDICA, ao Excelent\u00edssimo Senhor Prefeito do Munic\u00edpio de Florest\u00f3polis <br \/>\nON\u00cdCIO DE SOUZA, que por meio da Secretaria Municipal de Assist\u00eancia Social, <br \/>\noriente o Centro de Refer\u00eancia de Assist\u00eancia Social (CRAS) a buscar junto aos \u00f3rg\u00e3os <br \/>\ncompetentes do Governo do Estado do Paran\u00e1, a doa\u00e7\u00e3o de cobertores destinados \u00e0 <br \/>\npopula\u00e7\u00e3o em situa\u00e7\u00e3o de vulnerabilidade social, especialmente durante o per\u00edodo de <br \/>\ninverno. <\/td><td class=\"column-5\"><a href=\"https:\/\/cmflorestopolis.pr.gov.br\/wp-content\/uploads\/2025\/09\/IND.-No-96_2025-REF.-CRAS-BUSCAR-DOACAO-DE-COBERTORES.pdf\">Visualizar<\/a><\/td>\n<\/tr>\n<tr class=\"row-28 even\">\n\t<td class=\"column-1\">92<\/td><td class=\"column-2\">09\/06\/2025<\/td><td class=\"column-3\">Denys Teixeira Saul<\/td><td class=\"column-4\">INDICA, ao Excelent\u00edssimo Senhor Prefeito do Munic\u00edpio de Florest\u00f3polis ON\u00cdCIO<br \/>\nDE SOUZA, que determine ao setor competente da municipalidade que sejam adotadas as<br \/>\nprovid\u00eancias necess\u00e1rias para a instala\u00e7\u00e3o de um campo de malha (maia) em local<br \/>\nadequado.<\/td><td class=\"column-5\"><a href=\"https:\/\/cmflorestopolis.pr.gov.br\/wp-content\/uploads\/2025\/06\/IND.-No-92_2025-REF.-INSTALACAO-CAMPO-DE-MALHA-MAIA-ok.pdf\">Visualizar<\/a><\/td>\n<\/tr>\n<tr class=\"row-29 odd\">\n\t<td class=\"column-1\">88<\/td><td class=\"column-2\">02\/06\/2025<\/td><td class=\"column-3\">Denys Teixeira Saul<\/td><td class=\"column-4\">INDICA, ao Excelent\u00edssimo Senhor Prefeito do Munic\u00edpio de Florest\u00f3polis ON\u00cdCIO<br \/>\nDE SOUZA, que por meio da Secretaria Municipal de Sa\u00fade ou setor competente, sejam<br \/>\nadotadas as provid\u00eancias necess\u00e1rias para o fornecimento de jalecos para os profissionais de<br \/>\nenfermagem dos postos de sa\u00fade, do hospital municipal e da equipe de fisioterapia.<\/td><td class=\"column-5\"><a href=\"https:\/\/cmflorestopolis.pr.gov.br\/wp-content\/uploads\/2025\/06\/IND.-No-88_2025-REF.-FORNECIMENTO-UNIFORMES-SETOR-SAUDE-ok.pdf\">Visualizar<\/a><\/td>\n<\/tr>\n<tr class=\"row-30 even\">\n\t<td class=\"column-1\">79<\/td><td class=\"column-2\">26\/05\/2025<\/td><td class=\"column-3\">Denys Teixeira Saul<\/td><td class=\"column-4\">INDICA, ao Excelent\u00edssimo Senhor Prefeito do Munic\u00edpio de Florest\u00f3polis ON\u00cdCIO DE SOUZA, que verifique a possibilidade de firmar parceria institucional com operadoras de planos de sa\u00fade, com o objetivo de possibilitar aos servidores p\u00fablicos municipais o acesso a planos com condi\u00e7\u00f5es especiais.<br \/>\n<br \/>\n<\/td><td class=\"column-5\"><a href=\"https:\/\/cmflorestopolis.pr.gov.br\/wp-content\/uploads\/2025\/05\/IND.-No-79_2025-REF.-PLANO-DE-SAUDE-SERVIDORES.pdf\">Visualizar<\/a><\/td>\n<\/tr>\n<tr class=\"row-31 odd\">\n\t<td class=\"column-1\">75<\/td><td class=\"column-2\">19\/05\/2025<\/td><td class=\"column-3\">Denys Teixeira Saul<\/td><td class=\"column-4\">INDICA, ao Excelent\u00edssimo Senhor Prefeito do Munic\u00edpio de Florest\u00f3polis ON\u00cdCIO DE SOUZA, que determine ao setor competente da municipalidade que tome as devidas provid\u00eancias necess\u00e1rias, no sentido de viabilizar a constru\u00e7\u00e3o de canaleta para o escoamento de \u00e1guas pluviais na rua Fabio Saez Luz.<br \/>\n<\/td><td class=\"column-5\"><a href=\"https:\/\/cmflorestopolis.pr.gov.br\/wp-content\/uploads\/2025\/05\/IND.-No-75_2025-REF.-CONST.-CANALETA-R.-FABIO-SAEZ-LUZ.pdf\">Visualizar<\/a><\/td>\n<\/tr>\n<tr class=\"row-32 even\">\n\t<td class=\"column-1\">67<\/td><td class=\"column-2\">12\/05\/2025<\/td><td class=\"column-3\">Denys Teixeira Saul<\/td><td class=\"column-4\">INDICA, ao Excelent\u00edssimo Senhor Prefeito do Munic\u00edpio de Florest\u00f3polis ON\u00cdCIO DE SOUZA, que providencie junto \u00e0 Secretaria de Assist\u00eancia Social a realiza\u00e7\u00e3o de visita\u00e7\u00f5es por parte dos idosos do CCI \u00e0 Associa\u00e7\u00e3o dos Trabalhadores Ambientais de Florest\u00f3polis \u2013 ATAF.<br \/>\n<\/td><td class=\"column-5\"><a href=\"https:\/\/cmflorestopolis.pr.gov.br\/wp-content\/uploads\/2025\/05\/IND.-No-67_2025-REF.-VISITAS-A-ATAF.pdf\">Visualizar<\/a><\/td>\n<\/tr>\n<tr class=\"row-33 odd\">\n\t<td class=\"column-1\">51<\/td><td class=\"column-2\">28\/04\/2025<\/td><td class=\"column-3\">Denys Teixeira Saul<\/td><td class=\"column-4\">INDICA, ao Excelent\u00edssimo Senhor Prefeito do Munic\u00edpio de Florest\u00f3polis ON\u00cdCIO<br \/>\nDE SOUZA, que determine ao setor competente para viabilizar a constru\u00e7\u00e3o de<br \/>\nredutor de velocidade (quebra-molas) na Rua Geraldo Pedro de Souza, entre as ruas<br \/>\nJo\u00e3o Capacci e Matilde Avrese.<\/td><td class=\"column-5\"><a href=\"https:\/\/cmflorestopolis.pr.gov.br\/wp-content\/uploads\/2025\/04\/IND.-No-51_2025-REF.-REDUTOR-VELOCIDADE-R.-GERALDO-P.-SOUZA.pdf\">Visualizar<\/a><\/td>\n<\/tr>\n<tr class=\"row-34 even\">\n\t<td class=\"column-1\">50<\/td><td class=\"column-2\">28\/04\/2025<\/td><td class=\"column-3\">Denys Teixeira Saul<\/td><td class=\"column-4\">INDICA, ao Excelent\u00edssimo Senhor Prefeito do Munic\u00edpio de Florest\u00f3polis ON\u00cdCIO<br \/>\nDE SOUZA, que determine ao setor competente desta municipalidade a realiza\u00e7\u00e3o de<br \/>\nestudos de viabilidade, para a instala\u00e7\u00e3o de uma Brinquedoteca na nova Sede do<br \/>\nConselho Tutelar.<\/td><td class=\"column-5\"><a href=\"https:\/\/cmflorestopolis.pr.gov.br\/wp-content\/uploads\/2025\/04\/IND.-No-50_2025-REF.-INST.-BINQUEDOTECA-NO-CONS.-TUTELAR.pdf\">Visualizar<\/a><\/td>\n<\/tr>\n<tr class=\"row-35 odd\">\n\t<td class=\"column-1\">49<\/td><td class=\"column-2\">28\/04\/2025<\/td><td class=\"column-3\">Denys Teixeira Saul<\/td><td class=\"column-4\">INDICA, ao Excelent\u00edssimo Senhor Prefeito do Munic\u00edpio de Florest\u00f3polis ON\u00cdCIO<br \/>\nDE SOUZA, que determine ao setor competente desta municipalidade a realiza\u00e7\u00e3o de<br \/>\nestudos de viabilidade, para trazer a Carreta da Inova\u00e7\u00e3o para o munic\u00edpio de<br \/>\nFlorest\u00f3polis.<\/td><td class=\"column-5\"><a href=\"https:\/\/cmflorestopolis.pr.gov.br\/wp-content\/uploads\/2025\/04\/IND.-No-49_2025-REF.-CARRETA-DA-INOVACAO.pdf\">Visualizar<\/a><\/td>\n<\/tr>\n<tr class=\"row-36 even\">\n\t<td class=\"column-1\">48<\/td><td class=\"column-2\">28\/04\/2025<\/td><td class=\"column-3\">Denys Teixeira Saul<\/td><td class=\"column-4\">INDICA, ao Excelent\u00edssimo Senhor Prefeito do Munic\u00edpio de Florest\u00f3polis ON\u00cdCIO<br \/>\nDE SOUZA, que determine ao setor competente desta municipalidade a realiza\u00e7\u00e3o de<br \/>\nestudos de viabilidade, para a cria\u00e7\u00e3o da Feira da Lua em Florest\u00f3polis a ser<br \/>\nrealizada ao menos uma vez por m\u00eas.<\/td><td class=\"column-5\"><a href=\"https:\/\/cmflorestopolis.pr.gov.br\/wp-content\/uploads\/2025\/04\/IND.-No-48_2025-REF.-CRIACAO-FEIRA-DA-LUA.pdf\">Visualizar<\/a><\/td>\n<\/tr>\n<tr class=\"row-37 odd\">\n\t<td class=\"column-1\">47<\/td><td class=\"column-2\">14\/04\/2025<\/td><td class=\"column-3\">Denys Teixeira Saul<\/td><td class=\"column-4\">INDICA, ao Excelent\u00edssimo Senhor Prefeito do Munic\u00edpio de Florest\u00f3polis ON\u00cdCIO<br \/>\nDE SOUZA, que determine ao setor competente para viabilizar a constru\u00e7\u00e3o de<br \/>\nredutor de velocidade (quebra-molas) na Rua Geraldo Pedro de Souza, nas<br \/>\nproximidades do CMEI Ma\u00edsa Alencar Romancini.<\/td><td class=\"column-5\"><a href=\"https:\/\/cmflorestopolis.pr.gov.br\/wp-content\/uploads\/2025\/04\/IND.-No-47_2025-REF.-REDUTOR-VELOCIDADE-CMEI-MAISA-ALENCAR.pdf\">Visualizar<\/a><\/td>\n<\/tr>\n<tr class=\"row-38 even\">\n\t<td class=\"column-1\">46<\/td><td class=\"column-2\">14\/04\/2025<\/td><td class=\"column-3\">Denys Teixeira Saul<\/td><td class=\"column-4\">INDICA, ao Excelent\u00edssimo Senhor Prefeito do Munic\u00edpio de Florest\u00f3polis ON\u00cdCIO<br \/>\nDE SOUZA, que determine ao setor competente ver as possibilidades legais e<br \/>\nor\u00e7amentaria, no sentido de viabilizar a contrata\u00e7\u00e3o de 02 (dois) funcion\u00e1rios por<br \/>\nempresa terceirizada, para auxiliar na coleta seletiva.<\/td><td class=\"column-5\"><a href=\"https:\/\/cmflorestopolis.pr.gov.br\/wp-content\/uploads\/2025\/04\/IND.-No-46_2025-REF.-CONTRTAR-2-FUNCIONARIOS-TERCEIROS-P.-COLETA-SELETIVA.pdf\">Visualizar<\/a><\/td>\n<\/tr>\n<tr class=\"row-39 odd\">\n\t<td class=\"column-1\">45<\/td><td class=\"column-2\">14\/04\/2025<\/td><td class=\"column-3\">Denys Teixeira Saul<\/td><td class=\"column-4\">INDICA, ao Excelent\u00edssimo Senhor Prefeito do Munic\u00edpio de Florest\u00f3polis ON\u00cdCIO<br \/>\nDE SOUZA, que determine ao setor competente para viabilizar a realiza\u00e7\u00e3o de reparos<br \/>\nna estrada rural de acesso a Fazenda Taquari e demais ranchos nas imedia\u00e7\u00f5es do<br \/>\nRio Vermelho.<\/td><td class=\"column-5\"><a href=\"https:\/\/cmflorestopolis.pr.gov.br\/wp-content\/uploads\/2025\/04\/IND.-No-45_2025-REF.-REPAROS-VIA-RURAL-FAZ.-TAQUARI.pdf\">Visualizar<\/a><\/td>\n<\/tr>\n<tr class=\"row-40 even\">\n\t<td class=\"column-1\">44<\/td><td class=\"column-2\">14\/04\/2025<\/td><td class=\"column-3\">Denys Teixeira Saul<\/td><td class=\"column-4\">INDICA, ao Excelent\u00edssimo Senhor Prefeito do Munic\u00edpio de Florest\u00f3polis ON\u00cdCIO<br \/>\nDE SOUZA, que determine ao setor competente da municipalidade que tome as<br \/>\ndevidas provid\u00eancias necess\u00e1rias, no sentido de viabilizar para que seja reformada a<br \/>\nUnidade B\u00e1sica de Sa\u00fade (UBS) Rafaela Jorge de Oliveira.<\/td><td class=\"column-5\"><a href=\"https:\/\/cmflorestopolis.pr.gov.br\/wp-content\/uploads\/2025\/04\/IND.-No-44_2025-REF.-REFORMAS-UBS-REFAELA-JORGE-DE-OLIVEIRA.pdf\">Visualizar<\/a><\/td>\n<\/tr>\n<tr class=\"row-41 odd\">\n\t<td class=\"column-1\">43<\/td><td class=\"column-2\">07\/04\/2025<\/td><td class=\"column-3\">Denys Teixeira Saul<\/td><td class=\"column-4\">INDICA, ao Excelent\u00edssimo Senhor Prefeito do Munic\u00edpio de Florest\u00f3polis ON\u00cdCIO<br \/>\nDE SOUZA, que determine ao setor competente que seja feito a extens\u00e3o da rede<br \/>\nel\u00e9trica com a coloca\u00e7\u00e3o de poste com lumin\u00e1ria, na rua Porf\u00edrio Gomes.<\/td><td class=\"column-5\"><a href=\"https:\/\/cmflorestopolis.pr.gov.br\/wp-content\/uploads\/2025\/04\/IND.-No-43_2025-REF.-EXTENSAO-REDE-ELETRICA-R.-PORFIRIO-GOMES.pdf\">Visualizar<\/a><\/td>\n<\/tr>\n<tr class=\"row-42 even\">\n\t<td class=\"column-1\">42<\/td><td class=\"column-2\">07\/04\/2025<\/td><td class=\"column-3\">Denys Teixeira Saul<\/td><td class=\"column-4\">INDICA, ao Excelent\u00edssimo Senhor Prefeito do Munic\u00edpio de Florest\u00f3polis ON\u00cdCIO<br \/>\nDE SOUZA, que determine ao setor competente que seja feito a extens\u00e3o da rede<br \/>\nel\u00e9trica com a coloca\u00e7\u00e3o de um poste com lumin\u00e1ria, no final da rua Pe. Carmelo<br \/>\nRomano.<\/td><td class=\"column-5\"><a href=\"https:\/\/cmflorestopolis.pr.gov.br\/wp-content\/uploads\/2025\/04\/IND.-No-42_2025-REF.-EXTENSAO-REDE-ELETRICA-R.-PE.-CARMELO-R.-PROX.-CEMITERIO.pdf\">Visualizar<\/a><\/td>\n<\/tr>\n<tr class=\"row-43 odd\">\n\t<td class=\"column-1\">37<\/td><td class=\"column-2\">01\/04\/2025<\/td><td class=\"column-3\">Marinho Novais Luz Neto<\/td><td class=\"column-4\">INDICA, ao Excelent\u00edssimo Senhor Prefeito do Munic\u00edpio de Florest\u00f3polis ON\u00cdCIO<br \/>\nDE SOUZA, que providencie junto \u00e0 Secretaria Municipal de Sa\u00fade a realiza\u00e7\u00e3o de estudos<br \/>\nde viabilidade, para a destina\u00e7\u00e3o excepcional e em hor\u00e1rio estendido, de uma das Unidades<br \/>\nB\u00e1sicas de Sa\u00fade do Munic\u00edpio especificamente para o tratamento e interna\u00e7\u00e3o dos<br \/>\npacientes com sintomas de dengue.<\/td><td class=\"column-5\"><a href=\"https:\/\/cmflorestopolis.pr.gov.br\/wp-content\/uploads\/2025\/04\/IND.-No-37_2025-COLETIVA-REF.-UBS-ATENDIMENTO-CASOS-DENGUE.pdf\">Visualizar<\/a><\/td>\n<\/tr>\n<tr class=\"row-44 even\">\n\t<td class=\"column-1\">34<\/td><td class=\"column-2\">25\/03\/2025<\/td><td class=\"column-3\">Denys Teixeira Saul<\/td><td class=\"column-4\">INDICA, ao Excelent\u00edssimo Senhor Prefeito do Munic\u00edpio de Florest\u00f3polis ON\u00cdCIO<br \/>\nDE SOUZA, que determine a constru\u00e7\u00e3o de canaleta para o escoamento de \u00e1guas pluviais na<br \/>\nrua Santa Branca, iniciando em frente da resid\u00eancia n\u00ba 1561 at\u00e9 a galeria (bueiro) mais<br \/>\npr\u00f3ximo.<\/td><td class=\"column-5\"><a href=\"https:\/\/cmflorestopolis.pr.gov.br\/wp-content\/uploads\/2025\/04\/IND.-No-34_2025-REF.-CONST.-CANALETA-R.-STA.-BRANCA.pdf\">Visualizar<\/a><\/td>\n<\/tr>\n<tr class=\"row-45 odd\">\n\t<td class=\"column-1\">25<\/td><td class=\"column-2\">18\/03\/2025<\/td><td class=\"column-3\">Denys Teixeira Saul<\/td><td class=\"column-4\">INDICA, ao Excelent\u00edssimo Senhor Prefeito do Munic\u00edpio de Florest\u00f3polis ON\u00cdCIO DE SOUZA, que determine ao setor competente a realiza\u00e7\u00e3o de reparos nas SARJETAS em toda a extens\u00e3o da rua M\u00e1rio Chiqueto.<\/td><td class=\"column-5\"><a href=\"https:\/\/cmflorestopolis.pr.gov.br\/wp-content\/uploads\/2025\/03\/IND.-No-25_2025-REF.-REPAROS-SARJETAS-R.-MARIO-CHIQUETO.pdf\">Visualizar<\/a><\/td>\n<\/tr>\n<tr class=\"row-46 even\">\n\t<td class=\"column-1\">18<\/td><td class=\"column-2\">11\/03\/2025<\/td><td class=\"column-3\">Denys Teixeira Saul<\/td><td class=\"column-4\">INDICA, ao Excelent\u00edssimo Senhor Prefeito do Munic\u00edpio de Florest\u00f3polis ON\u00cdCIO DE SOUZA, que determine ao setor competente para viabilizar a limpeza dos bueiros situados nas vias p\u00fablica do Munic\u00edpio.<\/td><td class=\"column-5\"><a href=\"https:\/\/cmflorestopolis.pr.gov.br\/wp-content\/uploads\/2025\/03\/IND.-No-18_2025-REF.-LIMPEZA-DE-BUEIROS.pdf\">Visualizar<\/a><\/td>\n<\/tr>\n<tr class=\"row-47 odd\">\n\t<td class=\"column-1\">17<\/td><td class=\"column-2\">11\/03\/2025<\/td><td class=\"column-3\">Denys Teixeira Saul<\/td><td class=\"column-4\">INDICA, ao Excelent\u00edssimo Senhor Prefeito do Munic\u00edpio de Florest\u00f3polis ON\u00cdCIO DE SOUZA, que determine ao setor competente a constru\u00e7\u00e3o de canaleta para o escoamento de \u00e1guas pluviais na rua Prefeito Guilherme Masirone.<\/td><td class=\"column-5\"><a href=\"https:\/\/cmflorestopolis.pr.gov.br\/wp-content\/uploads\/2025\/03\/IND.-No-17_2025-REF.-CONST.-CANALETA-R.-PREF.-GUILHERME-MASIRONE.pdf\">Visualizar<\/a><\/td>\n<\/tr>\n<tr class=\"row-48 even\">\n\t<td class=\"column-1\">10<\/td><td class=\"column-2\">25\/02\/2025<\/td><td class=\"column-3\">Denys Teixeira Saul<\/td><td class=\"column-4\">INDICA, ao Excelent\u00edssimo Senhor Prefeito do Munic\u00edpio de Florest\u00f3polis ON\u00cdCIO<br \/>\nDE SOUZA, que determine ao setor competente da municipalidade que tome as<br \/>\ndevidas provid\u00eancias em atendimento a pol\u00edtica de inclus\u00e3o, para que no projeto de<br \/>\ninstala\u00e7\u00e3o do Meu Campinho com parque infantil, que se atente para a coloca\u00e7\u00e3o de<br \/>\n\u201cBrinquedos Adaptados\u201d.<\/td><td class=\"column-5\"><a href=\"https:\/\/cmflorestopolis.pr.gov.br\/wp-content\/uploads\/2025\/03\/IND.-No-10_2025-REF.-PLAYGROUND-INCLUSIVO.pdf\">Visualizar<\/a><\/td>\n<\/tr>\n<tr class=\"row-49 odd\">\n\t<td class=\"column-1\">06<\/td><td class=\"column-2\">18\/02\/2025<\/td><td class=\"column-3\">Denys Teixeira Saul<\/td><td class=\"column-4\">INDICA, ao Excelent\u00edssimo Senhor Prefeito do Munic\u00edpio de Florest\u00f3polis ON\u00cdCIO<br \/>\nDE SOUZA, que determine ao setor competente que tome as devidas provid\u00eancias, no<br \/>\nsentido de ceder um motorista para APAE para auxiliar no transporte de alunos.<\/td><td class=\"column-5\"><a href=\"https:\/\/cmflorestopolis.pr.gov.br\/wp-content\/uploads\/2025\/03\/IND.-No-06_2025-REF.-CEDER-MOTORISTA-A-APAE-TRANSP.-ALUNOS.pdf\">Visualizar<\/a><\/td>\n<\/tr>\n<tr class=\"row-50 even\">\n\t<td class=\"column-1\">05<\/td><td class=\"column-2\">18\/02\/2025<\/td><td class=\"column-3\">Denys Teixeira Saul<\/td><td class=\"column-4\">INDICA, ao Excelent\u00edssimo Senhor Prefeito do Munic\u00edpio de Florest\u00f3polis ON\u00cdCIO<br \/>\nDE SOUZA, que determine a constru\u00e7\u00e3o de redutor de velocidade (quebra-molas) na<br \/>\nRua dos Reis, entre a Avenida 14 de Novembro e Rua Ezequias Braz da Silva.<\/td><td class=\"column-5\"><a href=\"https:\/\/cmflorestopolis.pr.gov.br\/wp-content\/uploads\/2025\/03\/IND.-No-05_2025-REF.-CONST.-RED.-VELOCIDADE-R.-DOS-REIS.pdf\">Visualizar<\/a><\/td>\n<\/tr>\n<tr class=\"row-51 odd\">\n\t<td class=\"column-1\">53<\/td><td class=\"column-2\">03\/12\/2024<\/td><td class=\"column-3\">Denys Teixeira Saul<\/td><td class=\"column-4\"> INDICA, ao Excelent\u00edssimo Senhor Prefeito do Munic\u00edpio de Florest\u00f3polis ON\u00cdCIO DE SOUZA, a instala\u00e7\u00e3o de cercado no entorno do parque infantil (playground) da Pra\u00e7a Central Jos\u00e9 Ribeiro Rosa, bem como seja estabelecido hor\u00e1rios de funcionamento. <\/td><td class=\"column-5\"><a href=\"https:\/\/cmflorestopolis.pr.gov.br\/wp-content\/uploads\/2024\/12\/IND.-No-53_2024-REF.-INSTALACAO-CERCA-PLAYGROUND-PRACA-CENTRAL.pdf\">Visualizar<\/a><\/td>\n<\/tr>\n<tr class=\"row-52 even\">\n\t<td class=\"column-1\">51<\/td><td class=\"column-2\">12\/11\/2024<\/td><td class=\"column-3\">Denys Teixeira Saul<\/td><td class=\"column-4\">INDICA, ao Excelent\u00edssimo Senhor Prefeito do Munic\u00edpio de Florest\u00f3polis ON\u00cdCIO DE SOUZA, a instala\u00e7\u00e3o de um port\u00e3o de garagem na UBS Central Pedro Dirceu J\u00f3ia, com a finalidade de possibilitar que o ve\u00edculo da referida UBS tenha no pr\u00f3prio local um espa\u00e7o para que seja guardado.<\/td><td class=\"column-5\"><a href=\"https:\/\/cmflorestopolis.pr.gov.br\/wp-content\/uploads\/2024\/12\/IND.-No-51_2024-REF.-INSTALACAO-PORTAO-DE-GARAGEM-UBS-CENTRAL.pdf\">Visualizar<\/a><\/td>\n<\/tr>\n<tr class=\"row-53 odd\">\n\t<td class=\"column-1\">49<\/td><td class=\"column-2\">05\/11\/2024<\/td><td class=\"column-3\">Denys Teixeira Saul<\/td><td class=\"column-4\">INDICA, ao Excelent\u00edssimo Senhor Prefeito do Munic\u00edpio de Florest\u00f3polis ON\u00cdCIO DE SOUZA, que determine ao setor competente desta municipalidade a realiza\u00e7\u00e3o de estudos para viabilizar recursos, para aquisi\u00e7\u00e3o de 01 (um) aparelho de laserterapia port\u00e1til para tratamento de feridas. <\/td><td class=\"column-5\"><a href=\"https:\/\/cmflorestopolis.pr.gov.br\/wp-content\/uploads\/2024\/12\/IND.-No-49_2024-REF.-AQ.-APAR.-LASERTERAPIA.pdf\">Visualizar<\/a><\/td>\n<\/tr>\n<tr class=\"row-54 even\">\n\t<td class=\"column-1\">48<\/td><td class=\"column-2\">15\/10\/2024<\/td><td class=\"column-3\">Denys Teixeira Saul<\/td><td class=\"column-4\">INDICA, ao Excelent\u00edssimo Senhor Prefeito do Munic\u00edpio de Florest\u00f3polis ON\u00cdCIO DE SOUZA, que determine a constru\u00e7\u00e3o de uma rampa de acesso com instala\u00e7\u00e3o de corrim\u00e3o na Sede do DETRAN.<\/td><td class=\"column-5\"><a href=\"https:\/\/cmflorestopolis.pr.gov.br\/wp-content\/uploads\/2024\/12\/IND.-No-48_2024-REF.-RAMPA-ACESSO_CORRIMAO-DETRAN.pdf\">Visualizar<\/a><\/td>\n<\/tr>\n<tr class=\"row-55 odd\">\n\t<td class=\"column-1\">46<\/td><td class=\"column-2\">24\/09\/2024<\/td><td class=\"column-3\">Denys Teixeira Saul<\/td><td class=\"column-4\">INDICA, ao Excelent\u00edssimo Senhor Prefeito do Munic\u00edpio de Florest\u00f3polis ON\u00cdCIO DE SOUZA, para viabilizar recursos destinados a aquisi\u00e7\u00e3o de uma \u201cCadeira de Rodas Escaladora de Escadas\u201d, para uso no terminal rodovi\u00e1rio do munic\u00edpio.<br \/>\n<\/td><td class=\"column-5\"><a href=\"https:\/\/cmflorestopolis.pr.gov.br\/wp-content\/uploads\/2024\/10\/IND.-No-46_2024-REF.-AQ.-CADEIRA-RODAS-SOBE-DESCE-ESCADAS.pdf\">Visualizar<\/a><\/td>\n<\/tr>\n<tr class=\"row-56 even\">\n\t<td class=\"column-1\">45<\/td><td class=\"column-2\">24\/09\/2024<\/td><td class=\"column-3\">Denys Teixeira Saul<\/td><td class=\"column-4\">INDICA, ao Excelent\u00edssimo Senhor Prefeito do Munic\u00edpio de Florest\u00f3polis ON\u00cdCIO DE SOUZA, que determine a elabora\u00e7\u00e3o de projeto de melhoria da ilumina\u00e7\u00e3o p\u00fablica na entrada principal do bairro Let\u00edcia Sampaio. <br \/>\n<\/td><td class=\"column-5\"><a href=\"https:\/\/cmflorestopolis.pr.gov.br\/wp-content\/uploads\/2024\/10\/IND.-No-45_2024-REF.-MELHORIA-ILUMINACAO-ENTRADA-CJ.-LETICIA-SAMPAIO.pdf\">Visualizar<\/a><\/td>\n<\/tr>\n<tr class=\"row-57 odd\">\n\t<td class=\"column-1\">42<\/td><td class=\"column-2\">03\/09\/2024<\/td><td class=\"column-3\">Denys Teixeira Saul<\/td><td class=\"column-4\"> INDICA, ao Excelent\u00edssimo Senhor Prefeito do Munic\u00edpio de Florest\u00f3polis ON\u00cdCIO DE SOUZA, a denomina\u00e7\u00e3o de uma das vias de \u201cRua Vereador Armelindo Gon\u00e7alves Ortega\u201d.<br \/>\n<\/td><td class=\"column-5\"><a href=\"https:\/\/cmflorestopolis.pr.gov.br\/wp-content\/uploads\/2024\/10\/IND.-No-42_2024-REF.-DENOMINAR-RUA-VER.-ARMELINDO-G.-ORTEGA-.pdf\">Visualizar<\/a><\/td>\n<\/tr>\n<tr class=\"row-58 even\">\n\t<td class=\"column-1\">41<\/td><td class=\"column-2\">03\/09\/2024<\/td><td class=\"column-3\">Denys Teixeira Saul<\/td><td class=\"column-4\">INDICA, ao Excelent\u00edssimo Senhor Prefeito do Munic\u00edpio de Florest\u00f3polis ON\u00cdCIO DE SOUZA, a realiza\u00e7\u00e3o de reparos em (buraco) em canaleta de escoamento de \u00e1guas, localizada na Rua Nicola Tenan em frente \u00e0 resid\u00eancia de n\u00ba 71, no bairro Elizabete Lago.<br \/>\n<\/td><td class=\"column-5\"><a href=\"https:\/\/cmflorestopolis.pr.gov.br\/wp-content\/uploads\/2024\/10\/IND.-No-41_2024-REF.-REPAROS-EM-CANALETA-R.-NICOLA-TENAN.pdf\">Visualizar<\/a><\/td>\n<\/tr>\n<tr class=\"row-59 odd\">\n\t<td class=\"column-1\">39<\/td><td class=\"column-2\">27\/08\/2024<\/td><td class=\"column-3\">Denys Teixeira Saul<\/td><td class=\"column-4\">INDICA, ao Excelent\u00edssimo Senhor Prefeito do Munic\u00edpio de Florest\u00f3polis ON\u00cdCIO DE SOUZA, para refazer a sinaliza\u00e7\u00e3o de vagas de estacionamento exclusiva para IDOSO e pessoas com DEFICI\u00caNCIA.<br \/>\n<\/td><td class=\"column-5\"><a href=\"https:\/\/cmflorestopolis.pr.gov.br\/wp-content\/uploads\/2024\/10\/IND.-No-39_2024-REF.-SINALIZACAO-VAGAS-ESTACION.-IDOSO_DEFICIENTE-.pdf\">Visualizar<\/a><\/td>\n<\/tr>\n<tr class=\"row-60 even\">\n\t<td class=\"column-1\">35<\/td><td class=\"column-2\">18\/06\/2024<\/td><td class=\"column-3\">Denys Teixeira Saul<\/td><td class=\"column-4\">INDICA, ao Excelent\u00edssimo Senhor Prefeito do Munic\u00edpio de Florest\u00f3polis ON\u00cdCIO DE SOUZA, que verifique a possibilidade de viabilizar a extens\u00e3o do hor\u00e1rio de atendimento de fisioterapia na Policl\u00ednica Elia L\u00e1zara de Lima.<br \/>\n<\/td><td class=\"column-5\"><a href=\"https:\/\/cmflorestopolis.pr.gov.br\/wp-content\/uploads\/2024\/10\/IND.-No-35_2024-REF.-EXTENSAO-HR.-ATENDIMEN.-FISIOTERAPIA.pdf\">Visualizar<\/a><\/td>\n<\/tr>\n<tr class=\"row-61 odd\">\n\t<td class=\"column-1\">34<\/td><td class=\"column-2\">18\/06\/2024<\/td><td class=\"column-3\">Denys Teixeira Saul<\/td><td class=\"column-4\">INDICA, ao Excelent\u00edssimo Senhor Prefeito do Munic\u00edpio de Florest\u00f3polis ON\u00cdCIO DE SOUZA, que verifique a possibilidade de firmar parceria com operadoras de planos de sa\u00fade a fim de obter descontos e\/ou ades\u00e3o com pre\u00e7os diferenciados para os servidores p\u00fablicos da municipalidade.<br \/>\n<\/td><td class=\"column-5\"><a href=\"https:\/\/cmflorestopolis.pr.gov.br\/wp-content\/uploads\/2024\/10\/IND.-No-34_2024-REF.-PLANO-DE-SAUDE-SERVIDORES.pdf\">Visualizar<\/a><\/td>\n<\/tr>\n<tr class=\"row-62 even\">\n\t<td class=\"column-1\">32<\/td><td class=\"column-2\">04\/06\/2024<\/td><td class=\"column-3\">Denys Teixeira Saul<\/td><td class=\"column-4\"> INDICA, ao Excelent\u00edssimo Senhor Prefeito do Munic\u00edpio de Florest\u00f3polis ON\u00cdCIO DE SOUZA, a inclus\u00e3o do s\u00edmbolo da fita quebra-cabe\u00e7as nas vagas de estacionamento exclusiva para pessoas com defici\u00eancia.<br \/>\n<\/td><td class=\"column-5\"><a href=\"https:\/\/cmflorestopolis.pr.gov.br\/wp-content\/uploads\/2024\/10\/IND.-No-32_2024-REF.-INCLUSAO-SIMBOLO-VAGAS-ESTACION..pdf\">Visualizar<\/a><\/td>\n<\/tr>\n<tr class=\"row-63 odd\">\n\t<td class=\"column-1\">23<\/td><td class=\"column-2\">30\/04\/2024<\/td><td class=\"column-3\">Denys Teixeira Saul<\/td><td class=\"column-4\">INDICA, ao Excelent\u00edssimo Senhor Prefeito do Munic\u00edpio de Florest\u00f3polis ON\u00cdCIO DE SOUZA, que determine a realiza\u00e7\u00e3o de alguns reparos na Escola Municipal Nilson Ribas, conforme espec\u00edfica:<\/td><td class=\"column-5\"><a href=\"https:\/\/cmflorestopolis.pr.gov.br\/wp-content\/uploads\/2024\/10\/IND.-No-23_2024-REF.-REPAROS-NA-ESCOLA-NILSON-RIBAS.pdf\">Visualizar<\/a><\/td>\n<\/tr>\n<tr class=\"row-64 even\">\n\t<td class=\"column-1\">22<\/td><td class=\"column-2\">23\/04\/2024<\/td><td class=\"column-3\">Denys Teixeira Saul<\/td><td class=\"column-4\">INDICA, ao Excelent\u00edssimo Senhor Prefeito do Munic\u00edpio de Florest\u00f3polis ON\u00cdCIO DE SOUZA, que verifique a possibilidade de realiza\u00e7\u00e3o de uma \u201cCAMAPANHA DO AGASALHO\u201d em especial em reparti\u00e7\u00f5es p\u00fablicas.<\/td><td class=\"column-5\"><a href=\"https:\/\/cmflorestopolis.pr.gov.br\/wp-content\/uploads\/2024\/04\/IND.-No-22_2024-REF.-CAMAPANHA-DO-AGASALHO.pdf\">IND. N\u00ba 22_2024 <\/a><\/td>\n<\/tr>\n<tr class=\"row-65 odd\">\n\t<td class=\"column-1\">21<\/td><td class=\"column-2\">23\/04\/2024<\/td><td class=\"column-3\">Denys Teixeira Saul<\/td><td class=\"column-4\">INDICA, ao Excelent\u00edssimo Senhor Prefeito do Munic\u00edpio de Florest\u00f3polis ON\u00cdCIO DE SOUZA, ver as possibilidades legais de concess\u00e3o de isen\u00e7\u00e3o do pagamento ou que conceda um desconto especial do Imposto Predial e Territorial Urbano - IPTU, para as fam\u00edlias que possuam membros com Transtorno do Espectro Autista (TEA). <\/td><td class=\"column-5\"><a href=\"https:\/\/cmflorestopolis.pr.gov.br\/wp-content\/uploads\/2024\/04\/IND.-No-21_2024-REF.-ISENCAO-IPTU-TEA.pdf\">IND. N\u00ba 21_2024<\/a><\/td>\n<\/tr>\n<tr class=\"row-66 even\">\n\t<td class=\"column-1\">20<\/td><td class=\"column-2\">23\/04\/2024<\/td><td class=\"column-3\">Denys Teixeira Saul<\/td><td class=\"column-4\">INDICA, ao Excelent\u00edssimo Senhor Prefeito do Munic\u00edpio de Florest\u00f3polis ON\u00cdCIO DE SOUZA, a aquisi\u00e7\u00e3o de um parque infantil (playground), para que seja instalado no Est\u00e1dio Municipal Jo\u00e3o Dias dos Reis. <\/td><td class=\"column-5\"><a href=\"https:\/\/cmflorestopolis.pr.gov.br\/wp-content\/uploads\/2024\/04\/IND.-No-20_2024-REF.-INSTALACAO-PLAYGROUND-NO-CAMPO.pdf\">IND. N\u00ba 20_2024<\/a><\/td>\n<\/tr>\n<tr class=\"row-67 odd\">\n\t<td class=\"column-1\">19<\/td><td class=\"column-2\">16\/04\/2024<\/td><td class=\"column-3\">Denys Teixeira Saul<\/td><td class=\"column-4\">INDICA, ao Excelent\u00edssimo Senhor Prefeito do Munic\u00edpio de Florest\u00f3polis ON\u00cdCIO DE SOUZA, que determine ao setor competente da Municipalidade a instala\u00e7\u00e3o de uma lixeira no CMEI Miguel Telles. <\/td><td class=\"column-5\"><a href=\"https:\/\/cmflorestopolis.pr.gov.br\/wp-content\/uploads\/2024\/04\/IND.-No-19_2024-REF.-INSTALACAO-LIXEIRA-CMEI_MIGUEL-TELLES.pdf\">IND. N\u00ba 19_2024<\/a><\/td>\n<\/tr>\n<tr class=\"row-68 even\">\n\t<td class=\"column-1\">15<\/td><td class=\"column-2\">02\/04\/2024<\/td><td class=\"column-3\">Denys Teixeira Saul<\/td><td class=\"column-4\">INDICA, ao Excelent\u00edssimo Senhor Prefeito do Munic\u00edpio de Florest\u00f3polis ON\u00cdCIO DE SOUZA, que apresente projeto de lei a fim de instituir Pol\u00edtica Municipal de Prote\u00e7\u00e3o dos Direitos da Pessoa com Transtorno do Espectro Autista (TEA). <\/td><td class=\"column-5\"><a href=\"https:\/\/cmflorestopolis.pr.gov.br\/wp-content\/uploads\/2024\/04\/IND.-No-15_2024-REF.-CRIAR-LEI-PROTECAO-DIR.-AUTISTAS.pdf\">IND. N\u00ba 15_2024<\/a><\/td>\n<\/tr>\n<tr class=\"row-69 odd\">\n\t<td class=\"column-1\">14<\/td><td class=\"column-2\">26\/03\/2024<\/td><td class=\"column-3\">Denys Teixeira Saul<\/td><td class=\"column-4\">INDICA, ao Excelent\u00edssimo Senhor Prefeito do Munic\u00edpio de Florest\u00f3polis ON\u00cdCIO DE SOUZA, a aquisi\u00e7\u00e3o de cortinas ou persianas para serem instaladas nas salas de vacinas, consult\u00f3rios e salas de curativos\/medica\u00e7\u00e3o, de todas as Unidades B\u00e1sicas de Sa\u00fade de nosso Munic\u00edpio. <\/td><td class=\"column-5\"><a href=\"https:\/\/cmflorestopolis.pr.gov.br\/wp-content\/uploads\/2024\/04\/IND.-No-14_2024-REF.-AQUISICAO-PERSIANAS-UBS-S.pdf\">IND. N\u00ba 14_2024<\/a><\/td>\n<\/tr>\n<tr class=\"row-70 even\">\n\t<td class=\"column-1\">08<\/td><td class=\"column-2\">27\/02\/2024<\/td><td class=\"column-3\">Denys Teixeira Saul<\/td><td class=\"column-4\">INDICA, ao Excelent\u00edssimo Senhor Prefeito do Munic\u00edpio de Florest\u00f3polis ON\u00cdCIO DE SOUZA, a realiza\u00e7\u00e3o de reparos e\/ou a constru\u00e7\u00e3o de canaletas, buscando solucionar o problema do escoamento das \u00e1guas pluviais e residenciais.<\/td><td class=\"column-5\"><a href=\"https:\/\/cmflorestopolis.pr.gov.br\/wp-content\/uploads\/2024\/02\/IND.-No-08_2024-REF.-CONST.-CANALETAS-DIVERSAS-RUAS.pdf\">Visualizar<\/a><\/td>\n<\/tr>\n<tr class=\"row-71 odd\">\n\t<td class=\"column-1\">07<\/td><td class=\"column-2\">27\/02\/2024<\/td><td class=\"column-3\">Denys Teixeira Saul<\/td><td class=\"column-4\">INDICA, ao Excelent\u00edssimo Senhor Prefeito do Munic\u00edpio de Florest\u00f3polis ON\u00cdCIO DE SOUZA, para viabilizar a execu\u00e7\u00e3o de manuten\u00e7\u00f5es, limpeza e desentupimento das galerias pluviais ``bocas-de-lobo`` .<\/td><td class=\"column-5\"><a href=\"https:\/\/cmflorestopolis.pr.gov.br\/wp-content\/uploads\/2024\/02\/IND.-No-07_2024-REF.-MAN.-LIMPEZA-GALERIAS-PLUVIAIS.pdf\">Visualizar<\/a><\/td>\n<\/tr>\n<tr class=\"row-72 even\">\n\t<td class=\"column-1\">61<\/td><td class=\"column-2\">04\/12\/2023<\/td><td class=\"column-3\">Denys Teixeira Saul<\/td><td class=\"column-4\">INDICA, ao Excelent\u00edssimo Senhor Prefeito do Munic\u00edpio de Florest\u00f3polis, ON\u00cdCIO DE SOUZA, que seja desenvolvido um plano de arboriza\u00e7\u00e3o nas imedia\u00e7\u00f5es do CMEI Miguel Teles e da UBS Milton Bento no Jardim das Flores (Jabur). <\/td><td class=\"column-5\"><a href=\"https:\/\/cmflorestopolis.pr.gov.br\/wp-content\/uploads\/2024\/02\/IND.-No-61_2023-REF.-ARBORIZACAO-CMEI-MIGUEL-T.-UBS-M.-BENTO.pdf\">Visualizar<\/a><\/td>\n<\/tr>\n<tr class=\"row-73 odd\">\n\t<td class=\"column-1\">53<\/td><td class=\"column-2\">03\/10\/2023<\/td><td class=\"column-3\">Denys Teixeira Saul<\/td><td class=\"column-4\">INDICA, ao Excelent\u00edssimo Senhor Prefeito do Munic\u00edpio de Florest\u00f3polis, ON\u00cdCIO DE SOUZA, que determine a constru\u00e7\u00e3o ou disponibiliza\u00e7\u00e3o de uma sala espec\u00edfica para o atendimento da Fonoaudi\u00f3loga e Psic\u00f3loga da Educa\u00e7\u00e3o. <\/td><td class=\"column-5\"><a href=\"https:\/\/cmflorestopolis.pr.gov.br\/wp-content\/uploads\/2024\/02\/IND.-No-53_2023-REF.-CONSTRUCAO-SALA-ATEND.-PISICOLOGA-E-FONO_EDUCACAO.pdf\">Visualizar<\/a><\/td>\n<\/tr>\n<tr class=\"row-74 even\">\n\t<td class=\"column-1\">44<\/td><td class=\"column-2\">29\/08\/2023<\/td><td class=\"column-3\">Denys Teixeira Saul<\/td><td class=\"column-4\">INDICA, ao Excelent\u00edssimo Senhor Prefeito do Munic\u00edpio de Florest\u00f3polis,<br \/>\nON\u00cdCIO DE SOUZA, que determine a execu\u00e7\u00e3o de manuten\u00e7\u00f5es, limpeza e desentupimento nas<br \/>\ngalerias pluviais \u201cbocas-de-lobo\u201d.<\/td><td class=\"column-5\"><a href=\"https:\/\/cmflorestopolis.pr.gov.br\/wp-content\/uploads\/2023\/09\/IND.-No-44_2023-REF.-MAN.-LIMPEZA-GALERIAS-PLUVIAIS.pdf\">Visualizar<\/a><\/td>\n<\/tr>\n<tr class=\"row-75 odd\">\n\t<td class=\"column-1\">43<\/td><td class=\"column-2\">29\/08\/2023<\/td><td class=\"column-3\">Denys Teixeira Saul<\/td><td class=\"column-4\">INDICA, ao Excelent\u00edssimo Senhor Prefeito do Munic\u00edpio de Florest\u00f3polis,<br \/>\nON\u00cdCIO DE SOUZA, que determine a execu\u00e7\u00e3o de manuten\u00e7\u00e3o corretiva na canaleta de<br \/>\nescoamento de \u00e1guas pluviais da Unidade B\u00e1sica de Sa\u00fade Rafaela Jorge de Oliveira \u2013 UBS Floresta.<\/td><td class=\"column-5\"><a href=\"https:\/\/cmflorestopolis.pr.gov.br\/wp-content\/uploads\/2023\/09\/IND.-No-43_2023-REF.-MAN.-CORRETIVA-CANALETA-UBS-FLORESTA.pdf\">Visualizar<\/a><\/td>\n<\/tr>\n<tr class=\"row-76 even\">\n\t<td class=\"column-1\">42<\/td><td class=\"column-2\">22\/08\/2023<\/td><td class=\"column-3\">Denys Teixeira Saul<\/td><td class=\"column-4\">INDICA, ao Excelent\u00edssimo Senhor Prefeito do Munic\u00edpio de Florest\u00f3polis,<br \/>\nON\u00cdCIO DE SOUZA, que determine a instala\u00e7\u00e3o de redutor de velocidade (quebra-molas), na rua<br \/>\nSebasti\u00e3o da Fonseca Broca entre as ruas Santa Branca e Olaric Macon.<\/td><td class=\"column-5\"><a href=\"https:\/\/cmflorestopolis.pr.gov.br\/wp-content\/uploads\/2023\/09\/IND.-No-42_2023-REF.-RED.-VELOCIDADE-R.-SEBASTIAO-F.-BROCA.pdf\">Visualizar<\/a><\/td>\n<\/tr>\n<tr class=\"row-77 odd\">\n\t<td class=\"column-1\">41<\/td><td class=\"column-2\">15\/08\/2023<\/td><td class=\"column-3\">Denys Teixeira Saul<\/td><td class=\"column-4\">INDICA, ao Excelent\u00edssimo Senhor Prefeito do Munic\u00edpio de Florest\u00f3polis,<br \/>\nON\u00cdCIO DE SOUZA, que determine ao setor competente estudos de viabilidade, de o CAIAC, local<br \/>\nonde \u00e9 desenvolvido o Projeto Construindo o Futuro o qual \u00e9 voltado a atividades de contraturno<br \/>\nescolar, possa receber as crian\u00e7as e adolescentes vindos diretamente das escolas.<\/td><td class=\"column-5\"><a href=\"https:\/\/cmflorestopolis.pr.gov.br\/wp-content\/uploads\/2023\/09\/IND.-No-41_2023-REF.-CAIAC-RECEBER-CRIANCAS-DIRETO-DAS-ESCOLAS.pdf\">Visualizar<\/a><\/td>\n<\/tr>\n<tr class=\"row-78 even\">\n\t<td class=\"column-1\">32<\/td><td class=\"column-2\">13\/06\/2023<\/td><td class=\"column-3\">Denys Teixeira Saul<\/td><td class=\"column-4\">INDICA, ao Excelent\u00edssimo Senhor Prefeito do Munic\u00edpio de Florest\u00f3polis, ON\u00cdCIO DE SOUZA, a aquisi\u00e7\u00e3o de aparelhos ox\u00edmetros pedi\u00e1tricos para o Hospital Municipal Santa Branca.<\/td><td class=\"column-5\"><a href=\"https:\/\/cmflorestopolis.pr.gov.br\/wp-content\/uploads\/2023\/06\/IND.-No-32_2023-REF.-AQ.-OXIMETRO-PEDIATRICO-HOSPITAL.pdf\">Visualizar<\/a><\/td>\n<\/tr>\n<tr class=\"row-79 odd\">\n\t<td class=\"column-1\">30<\/td><td class=\"column-2\">30\/05\/2023<\/td><td class=\"column-3\">Denys Teixeira Saul<\/td><td class=\"column-4\">INDICA, ao Excelent\u00edssimo Senhor Prefeito do Munic\u00edpio de Florest\u00f3polis, ON\u00cdCIO DE SOUZA, viabilizar a disponibiliza\u00e7\u00e3o de curso de L\u00edngua Brasileira de Sinais (Libras) para os servidores municipais de todos os departamentos da Prefeitura Municipal que prestem atendimento ao p\u00fablico.<\/td><td class=\"column-5\"><a href=\"https:\/\/cmflorestopolis.pr.gov.br\/wp-content\/uploads\/2023\/06\/IND.-No-30_2023-REF.-CURSO-DE-LIBRAS.pdf\">Visualizar<\/a><\/td>\n<\/tr>\n<tr class=\"row-80 even\">\n\t<td class=\"column-1\">27<\/td><td class=\"column-2\">16\/05\/2023<\/td><td class=\"column-3\">Denys Teixeira Saul<\/td><td class=\"column-4\">INDICA, ao Excelent\u00edssimo Senhor Prefeito do Munic\u00edpio de Florest\u00f3polis, ON\u00cdCIO DE SOUZA, a constru\u00e7\u00e3o de redutor de velocidade (quebra-molas) na Rua Nelsino Ravagnani, em conflu\u00eancia com a Rua Elp\u00eddio Serapi\u00e3o.<br \/>\n<\/td><td class=\"column-5\"><a href=\"https:\/\/cmflorestopolis.pr.gov.br\/wp-content\/uploads\/2023\/06\/IND.-No-27_2023-REF.-REDUTOR-VELOCIDADE-R.-NELSINO-RAV..pdf\">Visualizar<\/a><\/td>\n<\/tr>\n<tr class=\"row-81 odd\">\n\t<td class=\"column-1\">13<\/td><td class=\"column-2\">21\/03\/2023<\/td><td class=\"column-3\">Denys Teixeira Saul<\/td><td class=\"column-4\">INDICA, ao Excelent\u00edssimo Senhor Prefeito do Munic\u00edpio de Florest\u00f3polis, ON\u00cdCIO DE SOUZA, a realiza\u00e7\u00e3o de reparos no cal\u00e7amento em frente ao CMEI Paula de Rosa, bem como corrigir irregularidades do piso em frente a uma sala de aula na mesma Escola.<\/td><td class=\"column-5\"><a href=\"https:\/\/cmflorestopolis.pr.gov.br\/wp-content\/uploads\/2023\/04\/IND.-No-13_2023-REF.-REPAROS-CMEI-PAULA-ROSA.pdf\">Visualizar<\/a><\/td>\n<\/tr>\n<tr class=\"row-82 even\">\n\t<td class=\"column-1\">09<\/td><td class=\"column-2\">14\/03\/2023<\/td><td class=\"column-3\">Denys Teixeira Saul, Marinho Novais Luz Neto e Valmir Cl\u00e1udio Rodrigues<\/td><td class=\"column-4\">INDICA, ao Excelent\u00edssimo Senhor Prefeito do Munic\u00edpio de Florest\u00f3polis, ON\u00cdCIO DE SOUZA, seja dilatado o prazo (17 de mar\u00e7o) constante do Art. 2\u00ba, da Lei Complementar n\u00ba 41\/2023. <\/td><td class=\"column-5\"><a href=\"https:\/\/cmflorestopolis.pr.gov.br\/wp-content\/uploads\/2023\/04\/IND.-No-09_2023-COLETIVA-REF.-PRORROGAR-PRAZO-REQ.-OPCAO-INSALUBRIDADE.pdf\">Visualizar<\/a><\/td>\n<\/tr>\n<tr class=\"row-83 odd\">\n\t<td class=\"column-1\">05<\/td><td class=\"column-2\">07\/03\/2023<\/td><td class=\"column-3\">Denys Teixeira Saul <\/td><td class=\"column-4\">INDICA, ao Excelent\u00edssimo Senhor Prefeito do Munic\u00edpio de Florest\u00f3polis, ON\u00cdCIO DE SOUZA, para viabilizar a aquisi\u00e7\u00e3o e disponibilidade de testes r\u00e1pido de gravidez (TRG) nas UBS\u2019s do munic\u00edpio. <\/td><td class=\"column-5\"><a href=\"https:\/\/cmflorestopolis.pr.gov.br\/wp-content\/uploads\/2023\/03\/IND.-No-05_2023-REF.-TESTE-RAP.-GRAVIDEZ.pdf\">Visualizar<\/a><\/td>\n<\/tr>\n<tr class=\"row-84 even\">\n\t<td class=\"column-1\">03<\/td><td class=\"column-2\">28\/02\/2023<\/td><td class=\"column-3\">Denys Teixeira Saul <\/td><td class=\"column-4\">INDICA, ao Excelent\u00edssimo Senhor Prefeito do Munic\u00edpio de Florest\u00f3polis, ON\u00cdCIO DE SOUZA, medidas necess\u00e1rias \u00e0 execu\u00e7\u00e3o da Lei Federal n\u00ba 13.977, de 8 de janeiro de 2020, denominada \u201cLei Romeo Mion\u201d.<\/td><td class=\"column-5\"><a href=\"https:\/\/cmflorestopolis.pr.gov.br\/wp-content\/uploads\/2023\/03\/IND.-No-03_2023-REF.-MEDIDAS-P.-EXECUCAO-LEI-FED.-No-13.977_20-CRIA-AERTEIRA-IDENTIDADE_AUTISTA.pdf\">Visualizar<\/a><\/td>\n<\/tr>\n<tr class=\"row-85 odd\">\n\t<td class=\"column-1\">63<\/td><td class=\"column-2\">13\/12\/2022<\/td><td class=\"column-3\">Denys Teixeira Saul <\/td><td class=\"column-4\">INDICA, ao Excelent\u00edssimo Senhor Prefeito do Munic\u00edpio de Florest\u00f3polis, ON\u00cdCIO DE SOUZA, quanto a realiza\u00e7\u00e3o de licita\u00e7\u00e3o para contrata\u00e7\u00e3o de empresa especializada no fornecimento de fogos de artif\u00edcios, visando realizar show pirot\u00e9cnico nas festividades de final de ano, que seja atendido o exarado na Lei Municipal n\u00ba 1.565\/2020. <\/td><td class=\"column-5\"><a href=\"https:\/\/cmflorestopolis.pr.gov.br\/wp-content\/uploads\/2023\/02\/IND.-No-63_2022-REF.-LICITACAO-DE-FOGOS-FIM-DE-ANO.pdf\">Visualizar<\/a><\/td>\n<\/tr>\n<tr class=\"row-86 even\">\n\t<td class=\"column-1\">62<\/td><td class=\"column-2\">06\/12\/2022<\/td><td class=\"column-3\">Denys Teixeira Saul <\/td><td class=\"column-4\">INDICA, ao Excelent\u00edssimo Senhor Prefeito do Munic\u00edpio de Florest\u00f3polis, ON\u00cdCIO DE SOUZA, que determine o envio de expediente a Secretaria de Estado do Desenvolvimento Sustent\u00e1vel e do Turismo \u2013 SEDEST e Instituto de \u00c1gua e Terra - IAT, solicitando a inten\u00e7\u00e3o do munic\u00edpio de Florest\u00f3polis de participar do Programa \u201cRio Vivo\u201d. <\/td><td class=\"column-5\"><a href=\"https:\/\/cmflorestopolis.pr.gov.br\/wp-content\/uploads\/2023\/02\/IND.-No-62_2022-COLETIVA-REF.-PROG.-RIO-VIVO.pdf\">Visualizar<\/a><\/td>\n<\/tr>\n<tr class=\"row-87 odd\">\n\t<td class=\"column-1\">61<\/td><td class=\"column-2\">06\/12\/2022<\/td><td class=\"column-3\">Denys Teixeira Saul <\/td><td class=\"column-4\">INDICA, ao Excelent\u00edssimo Senhor Prefeito do Munic\u00edpio de Florest\u00f3polis, ON\u00cdCIO DE SOUZA, que determine a realiza\u00e7\u00e3o de estudos de viabilidade, para a cria\u00e7\u00e3o da Feira do Artesanato em Florest\u00f3polis como forma de valorizar profissionais Artes\u00e3os e Artes\u00e3s. <\/td><td class=\"column-5\"><a href=\"https:\/\/cmflorestopolis.pr.gov.br\/wp-content\/uploads\/2023\/02\/IND.-No-61_2022-REF.-CRIAR-FEIRA-DO-ARTESANATO.pdf\">Visualizar<\/a><\/td>\n<\/tr>\n<tr class=\"row-88 even\">\n\t<td class=\"column-1\">59<\/td><td class=\"column-2\">29\/11\/2022<\/td><td class=\"column-3\">Denys Teixeira Saul <\/td><td class=\"column-4\">INDICA, ao Excelent\u00edssimo Senhor Prefeito do Munic\u00edpio de Florest\u00f3polis, ON\u00cdCIO DE SOUZA, que determine que seja realizado ao menos uma vez por semana, a execu\u00e7\u00e3o de servidos gerais de limpeza nas pra\u00e7as dos bairros de nossa cidade. <\/td><td class=\"column-5\"><a href=\"https:\/\/cmflorestopolis.pr.gov.br\/wp-content\/uploads\/2023\/02\/IND.-No-59_2022-REF.-LIMPEZA-PRACAS.pdf\">Visualizar<\/a><\/td>\n<\/tr>\n<tr class=\"row-89 odd\">\n\t<td class=\"column-1\">56<\/td><td class=\"column-2\">08\/11\/2022<\/td><td class=\"column-3\">Denys Teixeira Saul <\/td><td class=\"column-4\">INDICA, ao Excelent\u00edssimo Senhor Prefeito do Munic\u00edpio de Florest\u00f3polis, ON\u00cdCIO DE SOUZA, que determine ao setor competente desta municipalidade o envio de expediente a Secretaria de Estado do Desenvolvimento Sustent\u00e1vel e do Turismo, solicitando a inten\u00e7\u00e3o do munic\u00edpio de Florest\u00f3polis de participar do Programa Permanente de Esteriliza\u00e7\u00e3o de C\u00e3es e Gatos.<\/td><td class=\"column-5\"><a href=\"https:\/\/cmflorestopolis.pr.gov.br\/wp-content\/uploads\/2022\/11\/IND.-No-56_2022-REF.-CASTRACAO_CAES-E-GATOS.pdf\">Visualizar<\/a><\/td>\n<\/tr>\n<tr class=\"row-90 even\">\n\t<td class=\"column-1\">54<\/td><td class=\"column-2\">25\/10\/2022<\/td><td class=\"column-3\">Denys Teixeira Saul <\/td><td class=\"column-4\">INDICA, ao Excelent\u00edssimo Senhor Prefeito do Munic\u00edpio de Florest\u00f3polis, ON\u00cdCIO DE SOUZA, que seja realizado estudos em car\u00e1ter de urg\u00eancia objetivando a realiza\u00e7\u00e3o de uma intensa campanha de conscientiza\u00e7\u00e3o da popula\u00e7\u00e3o quanto a medidas preventivas contra a Dengue.<\/td><td class=\"column-5\"><a href=\"https:\/\/cmflorestopolis.pr.gov.br\/wp-content\/uploads\/2022\/11\/IND.-No-54_2022-REF.-ACOES-DE-COMBATE-A-DENGUE.pdf\">Visualizar<\/a><\/td>\n<\/tr>\n<tr class=\"row-91 odd\">\n\t<td class=\"column-1\">48<\/td><td class=\"column-2\">30\/08\/2022<\/td><td class=\"column-3\">Denys Teixeira Saul <\/td><td class=\"column-4\">INDICA, ao Excelent\u00edssimo Senhor Prefeito do Munic\u00edpio de Florest\u00f3polis, ON\u00cdCIO DE SOUZA, a realiza\u00e7\u00e3o de estudos de viabilidade para aquisi\u00e7\u00e3o de espa\u00e7adores aerosol pedi\u00e1trico.<\/td><td class=\"column-5\"><a href=\"https:\/\/cmflorestopolis.pr.gov.br\/wp-content\/uploads\/2022\/11\/IND.-No-48_2022-REF.-AQUISICAO-ESPACADOR-AEROSOL-PEDIATRICO.pdf\">Visualizar<\/a><\/td>\n<\/tr>\n<tr class=\"row-92 even\">\n\t<td class=\"column-1\">47<\/td><td class=\"column-2\">30\/08\/2022<\/td><td class=\"column-3\">Denys Teixeira Saul <\/td><td class=\"column-4\">INDICA, ao Excelent\u00edssimo Senhor Prefeito do Munic\u00edpio de Florest\u00f3polis, ON\u00cdCIO DE SOUZA, que seja averiguado a situa\u00e7\u00e3o de uma \u00e1rvore localizada em frente a CMEI Rei Davi. <\/td><td class=\"column-5\"><a href=\"https:\/\/cmflorestopolis.pr.gov.br\/wp-content\/uploads\/2022\/11\/IND.-No-47_2022-REF.-AVER.-ARVORE-COM-CUPIM-CMEI-REI-DAVI.pdf\">Visualizar<\/a><\/td>\n<\/tr>\n<tr class=\"row-93 odd\">\n\t<td class=\"column-1\">45<\/td><td class=\"column-2\">16\/08\/2022<\/td><td class=\"column-3\">Denys Teixeira Saul <\/td><td class=\"column-4\">INDICA, ao Excelent\u00edssimo Senhor Prefeito do Munic\u00edpio de Florest\u00f3polis, ON\u00cdCIO DE SOUZA, que ap\u00f3s estudos de legalidade e financeira, determine a realiza\u00e7\u00e3o de reparos no cal\u00e7amento e a constru\u00e7\u00e3o de cal\u00e7adas no passeio p\u00fablico, em todo o entorno e imedia\u00e7\u00f5es da Escola Municipal Vit\u00f3ria R\u00e9gia. <\/td><td class=\"column-5\"><a href=\"https:\/\/cmflorestopolis.pr.gov.br\/wp-content\/uploads\/2022\/08\/IND.-No-45_2022-REF.-CONST.-CALCADA-PROXIM.-VITORIA-REGIA.pdf\">Visualizar<\/a><\/td>\n<\/tr>\n<tr class=\"row-94 even\">\n\t<td class=\"column-1\">44<\/td><td class=\"column-2\">09\/08\/2022<\/td><td class=\"column-3\">Denys Teixeira Saul <\/td><td class=\"column-4\">INDICA, ao Excelent\u00edssimo Senhor Prefeito do Munic\u00edpio de Florest\u00f3polis, ON\u00cdCIO DE SOUZA, que determine o cumprimento da Lei Federal 13.722\/2018, que torna obrigat\u00f3ria a capacita\u00e7\u00e3o em no\u00e7\u00f5es b\u00e1sicas de primeiros socorros de professores e funcion\u00e1rios de estabelecimentos de ensino p\u00fablicos e privados de educa\u00e7\u00e3o b\u00e1sica e de estabelecimentos de recrea\u00e7\u00e3o infantil. <\/td><td class=\"column-5\"><a href=\"https:\/\/cmflorestopolis.pr.gov.br\/wp-content\/uploads\/2022\/08\/IND.-No-44_2022-REF.-NOCOES-PRIM.-SOCORROS-PROFESSORES_SERV.-ENSINO.pdf\">Visualizar<\/a><\/td>\n<\/tr>\n<tr class=\"row-95 odd\">\n\t<td class=\"column-1\">43<\/td><td class=\"column-2\">02\/08\/2022<\/td><td class=\"column-3\">Denys Teixeira Saul <\/td><td class=\"column-4\">INDICA, ao Excelent\u00edssimo Senhor Prefeito do Munic\u00edpio de Florest\u00f3polis, ON\u00cdCIO DE SOUZA, que determine a contrata\u00e7\u00e3o de mais 01 (um) dentista ou se poss\u00edvel estender o hor\u00e1rio de um dos profissionais do quadro atual, para atendimento no per\u00edodo noturno em nossa cidade. <\/td><td class=\"column-5\"><a href=\"https:\/\/cmflorestopolis.pr.gov.br\/wp-content\/uploads\/2022\/08\/IND.-No-43_2022-REF.-DENTISTA-ATENDIMENTO-NOTURNO.pdf\">Visualizar<\/a><\/td>\n<\/tr>\n<tr class=\"row-96 even\">\n\t<td class=\"column-1\">42<\/td><td class=\"column-2\">02\/08\/2022<\/td><td class=\"column-3\">Denys Teixeira Saul <\/td><td class=\"column-4\">INDICA, ao Excelent\u00edssimo Senhor Prefeito do Munic\u00edpio de Florest\u00f3polis, ON\u00cdCIO DE SOUZA, que determine a realiza\u00e7\u00e3o de reparos e\/ou a constru\u00e7\u00e3o de canaletas, buscando solucionar o problema do escoamento das \u00e1guas pluviais e residenciais, nos locais conforme especifica<\/td><td class=\"column-5\"><a href=\"https:\/\/cmflorestopolis.pr.gov.br\/wp-content\/uploads\/2022\/08\/IND.-No-42_2022-REF.-CONST.-CANALETAS.pdf\">Visualizar<\/a><\/td>\n<\/tr>\n<tr class=\"row-97 odd\">\n\t<td class=\"column-1\">41<\/td><td class=\"column-2\">02\/08\/2022<\/td><td class=\"column-3\">Denys Teixeira Saul <\/td><td class=\"column-4\">INDICA, ao Excelent\u00edssimo Senhor Prefeito do Munic\u00edpio de Florest\u00f3polis, ON\u00cdCIO DE SOUZA, que determine ao setor competente desta municipalidade que busque junto ao Governo do Estado, a participa\u00e7\u00e3o do munic\u00edpio de Florest\u00f3polis do Programa \u201cCinema na Pra\u00e7a\u201d. <\/td><td class=\"column-5\"><a href=\"https:\/\/cmflorestopolis.pr.gov.br\/wp-content\/uploads\/2022\/08\/IND.-No-41_2022-REF.-PROG.-GOVERNO-CINEMA_PRACA.pdf\">Visualizar<\/a><\/td>\n<\/tr>\n<tr class=\"row-98 even\">\n\t<td class=\"column-1\">40<\/td><td class=\"column-2\">02\/08\/2022<\/td><td class=\"column-3\">Denys Teixeira Saul <\/td><td class=\"column-4\">INDICA, ao Excelent\u00edssimo Senhor Prefeito do Munic\u00edpio de Florest\u00f3polis, ON\u00cdCIO DE SOUZA, que determine nas reformas em andamento do Est\u00e1dio Municipal Jo\u00e3o Dias dos Reis, quanto aos banheiros p\u00fablicos que seja observado e elaborado na execu\u00e7\u00e3o as adapta\u00e7\u00f5es de acessibilidade para portadores de necessidades especiais. <\/td><td class=\"column-5\"><a href=\"https:\/\/cmflorestopolis.pr.gov.br\/wp-content\/uploads\/2022\/08\/IND.-No-40_2022-REF.-ACESSIBILIADE-BANHEIROS-CAMPO-FUTEBOL.pdf\">Visualizar<\/a><\/td>\n<\/tr>\n<tr class=\"row-99 odd\">\n\t<td class=\"column-1\">39<\/td><td class=\"column-2\">21\/06\/2022<\/td><td class=\"column-3\">AYRTON CAPASSI, DENYS TEIXEIRA SAUL, MARINHO NOVAIS LUZ NETO, VALMIR CL\u00c1UDIO RODRIGUES, VALDETE JOS\u00c9 DE SOUZA E SILVIO JORGE DE OLIVEIRA<\/td><td class=\"column-4\">INDICA, ao Excelent\u00edssimo Senhor Prefeito do Munic\u00edpio de Florest\u00f3polis, ON\u00cdCIO DE SOUZA, que verifique a possibilidade de promover o recape asf\u00e1ltico e o cal\u00e7amento em frente \u00e0s resid\u00eancias que n\u00e3o possuem, nas vias que espec\u00edfica<\/td><td class=\"column-5\"><a href=\"https:\/\/cmflorestopolis.pr.gov.br\/wp-content\/uploads\/2022\/08\/IND.-No-39_2022-COLETIVA-REF.-RECAPE-ASFALTICO-E-CALCAMENTO.pdf\">Visualizar<\/a><\/td>\n<\/tr>\n<tr class=\"row-100 even\">\n\t<td class=\"column-1\">37<\/td><td class=\"column-2\">07\/06\/2022<\/td><td class=\"column-3\">Denys Teixeira Saul <\/td><td class=\"column-4\">INDICA, ao Excelent\u00edssimo Senhor Prefeito do Munic\u00edpio de Florest\u00f3polis, ON\u00cdCIO DE SOUZA, que determine a emiss\u00e3o de novo Decreto Municipal recomendando a volta do uso de m\u00e1scaras faciais para locais fechados ou ambientes abertos com aglomera\u00e7\u00e3o de pessoas. <\/td><td class=\"column-5\"><a href=\"https:\/\/cmflorestopolis.pr.gov.br\/wp-content\/uploads\/2022\/06\/IND.-No-37_2022-REF.-RECOMENDAR-USO-MASCARAS.pdf\">Visualizar<\/a><\/td>\n<\/tr>\n<tr class=\"row-101 odd\">\n\t<td class=\"column-1\">31<\/td><td class=\"column-2\">17\/05\/2022<\/td><td class=\"column-3\">Denys Teixeira Saul <\/td><td class=\"column-4\">INDICA, ao Excelent\u00edssimo Senhor Prefeito do Munic\u00edpio de Florest\u00f3polis, ON\u00cdCIO DE SOUZA, que a contrata\u00e7\u00e3o de empresa especializada para que seja realizada a limpeza e manuten\u00e7\u00e3o das \u201cbocas de lobo\u201d (BUEIROS).<\/td><td class=\"column-5\"><a href=\"https:\/\/cmflorestopolis.pr.gov.br\/wp-content\/uploads\/2022\/06\/IND.-No-31_2022-REF.-LIMPEZA_MAN.-BUEIROS.pdf\">Visualizar<\/a><\/td>\n<\/tr>\n<tr class=\"row-102 even\">\n\t<td class=\"column-1\">29<\/td><td class=\"column-2\">10\/05\/2022<\/td><td class=\"column-3\">Denys Teixeira Saul <\/td><td class=\"column-4\">INDICA, ao Excelent\u00edssimo Senhor Prefeito do Munic\u00edpio de Florest\u00f3polis, ON\u00cdCIO DE SOUZA, a realiza\u00e7\u00e3o de estudos e ver as possibilidades de disponibilizar um KIT CAF\u00c9 MATINAL, para cada um dos pacientes que saem de madrugada para realiza\u00e7\u00e3o de tratamentos diversos de sa\u00fade em outras cidades da regi\u00e3o.<\/td><td class=\"column-5\"><a href=\"https:\/\/cmflorestopolis.pr.gov.br\/wp-content\/uploads\/2022\/05\/IND.-No-29_2022.pdf\">Visualizar<\/a><\/td>\n<\/tr>\n<tr class=\"row-103 odd\">\n\t<td class=\"column-1\">27<\/td><td class=\"column-2\">03\/05\/2022<\/td><td class=\"column-3\">Denys Teixeira Saul <\/td><td class=\"column-4\">INDICA, ao Excelent\u00edssimo Senhor Prefeito do Munic\u00edpio de Florest\u00f3polis, ON\u00cdCIO DE SOUZA, que providencie a instala\u00e7\u00e3o de redutor de velocidade (quebra-molas) na Rua Presidente Juscelino Kubitschek.<\/td><td class=\"column-5\"><a href=\"https:\/\/cmflorestopolis.pr.gov.br\/wp-content\/uploads\/2022\/05\/IND.-No-27_2022.pdf\">Visualizar<\/a><\/td>\n<\/tr>\n<tr class=\"row-104 even\">\n\t<td class=\"column-1\">21<\/td><td class=\"column-2\">26\/04\/2022<\/td><td class=\"column-3\">Denys Teixeira Saul <\/td><td class=\"column-4\">INDICA, ao Excelent\u00edssimo Senhor Prefeito do Munic\u00edpio de Florest\u00f3polis, ON\u00cdCIO DE SOUZA, que proceda estudos de viabilidade para a contrata\u00e7\u00e3o de M\u00e9dico Pediatra para atender semanalmente de segunda-feira a sexta-feira.<\/td><td class=\"column-5\"><a href=\"https:\/\/cmflorestopolis.pr.gov.br\/wp-content\/uploads\/2022\/05\/IND.-No-21_2022.pdf\">Visualizar<\/a><\/td>\n<\/tr>\n<tr class=\"row-105 odd\">\n\t<td class=\"column-1\">19<\/td><td class=\"column-2\">12\/04\/2022<\/td><td class=\"column-3\">Denys Teixeira Saul <\/td><td class=\"column-4\">INDICA, ao Excelent\u00edssimo Senhor Prefeito do Munic\u00edpio de Florest\u00f3polis, ON\u00cdCIO DE SOUZA, que determine ao setor competente da municipalidade que busque junto ao deputado Estadual Tiago Amaral, para que intervenha junto ao governo do Estado para viabilizar recursos para aquisi\u00e7\u00e3o de um kit de consult\u00f3rio odontol\u00f3gico (cadeira, equipo, refletor, unidade auxiliar acoplada a cadeira).<\/td><td class=\"column-5\"><a href=\"https:\/\/cmflorestopolis.pr.gov.br\/wp-content\/uploads\/2022\/04\/IND.-No-19_2022-COLETIVA.pdf\">Indica\u00e7\u00e3o 19<\/a><\/td>\n<\/tr>\n<tr class=\"row-106 even\">\n\t<td class=\"column-1\">16<\/td><td class=\"column-2\">06\/04\/2022<\/td><td class=\"column-3\">Denys Teixeira Saul <\/td><td class=\"column-4\">INDICA, ao Excelent\u00edssimo Senhor Prefeito do Munic\u00edpio de Florest\u00f3polis, ON\u00cdCIO DE SOUZA, que proceda estudos de viabilidade para a contrata\u00e7\u00e3o de Psic\u00f3logo e Fonoaudi\u00f3logo para atender especificamente na \u00e1rea da Educa\u00e7\u00e3o.<\/td><td class=\"column-5\"><a href=\"https:\/\/cmflorestopolis.pr.gov.br\/wp-content\/uploads\/2022\/04\/IND.-No-16_2022.pdf\">Indica\u00e7\u00e3o 16<\/a><\/td>\n<\/tr>\n<tr class=\"row-107 odd\">\n\t<td class=\"column-1\">07<\/td><td class=\"column-2\">15\/03\/2022<\/td><td class=\"column-3\">AYRTON CAPASSI, DENYS TEIXEIRA SAUL, MARINHO NOVAIS LUZ NETO, SILVIO JORGE DE OLIVEIRA, VALDETE JOS\u00c9 DE SOUZA, VALMIR CLAUDIO RODRIGUES<\/td><td class=\"column-4\">INDICA, ao Excelent\u00edssimo Senhor Prefeito do Munic\u00edpio de Florest\u00f3polis, ON\u00cdCIO DE SOUZA, que determine a destina\u00e7\u00e3o de 200 (duzentos) aparelhos celulares \u00e0 Secretaria Municipal de Educa\u00e7\u00e3o.<\/td><td class=\"column-5\"><a href=\"https:\/\/cmflorestopolis.pr.gov.br\/wp-content\/uploads\/2022\/03\/IND.-No-07_2022-COLETIVA.pdf\">Visualizar<\/a><\/td>\n<\/tr>\n<tr class=\"row-108 even\">\n\t<td class=\"column-1\">05<\/td><td class=\"column-2\">15\/03\/2022<\/td><td class=\"column-3\">Denys Teixeira Saul <\/td><td class=\"column-4\">INDICA, ao Excelent\u00edssimo Senhor Prefeito do Munic\u00edpio de Florest\u00f3polis, ON\u00cdCIO DE SOUZA, que determine a realiza\u00e7\u00e3o de limpeza da Pra\u00e7a Central sempre nos dias que antecedem a realiza\u00e7\u00e3o das feiras livres. <\/td><td class=\"column-5\"><a href=\"https:\/\/cmflorestopolis.pr.gov.br\/wp-content\/uploads\/2022\/03\/IND.-No-05_2022.pdf\">Visualizar<\/a><\/td>\n<\/tr>\n<tr class=\"row-109 odd\">\n\t<td class=\"column-1\">04<\/td><td class=\"column-2\">15\/03\/2022<\/td><td class=\"column-3\">Denys Teixeira Saul <\/td><td class=\"column-4\">INDICA, ao Excelent\u00edssimo Senhor Prefeito do Munic\u00edpio de Florest\u00f3polis, ON\u00cdCIO DE SOUZA, que determine o cascalhamento da estrada rural do trecho entre a fazenda \u00c1guas claras at\u00e9 a ponte que a subdivide com o s\u00edtio S\u00e3o Sebasti\u00e3o.<\/td><td class=\"column-5\"><a href=\"https:\/\/cmflorestopolis.pr.gov.br\/wp-content\/uploads\/2022\/03\/IND.-No-04_2022.pdf\">Visualizar<\/a><\/td>\n<\/tr>\n<tr class=\"row-110 even\">\n\t<td class=\"column-1\">03<\/td><td class=\"column-2\">22\/02\/2022<\/td><td class=\"column-3\"> AYRTON CAPASSI, DENYS TEIXEIRA SAUL, MARINHO NOVAIS LUZ NETO, SILVIO JORGE DE OLIVIERA, VALDETE JOS\u00c9 DE SOUZA e VALMIR CL\u00c1UDIO RODRIGUES<\/td><td class=\"column-4\">INDICA, ao Excelent\u00edssimo Senhor Prefeito do Munic\u00edpio de Florest\u00f3polis, ON\u00cdCIO DE SOUZA, que determine ao setor competente desta municipalidade, a\u00e7\u00f5es objetivando a busca de recursos destinados a aquisi\u00e7\u00e3o de um caminh\u00e3o POLIGUINDASTE.<\/td><td class=\"column-5\"><a href=\"https:\/\/cmflorestopolis.pr.gov.br\/wp-content\/uploads\/2022\/03\/IND.-No-03_2022-COLETIVA.pdf\">Visualizar<\/a><\/td>\n<\/tr>\n<tr class=\"row-111 odd\">\n\t<td class=\"column-1\">170<\/td><td class=\"column-2\">14\/12\/2021<\/td><td class=\"column-3\">Denys Teixeira Saul <\/td><td class=\"column-4\">INDICA, ao Excelent\u00edssimo prefeito municipal ON\u00cdCIO DE SOUZA, que <br \/>\n<br \/>\ndetermine ao setor competente desta municipalidade, quanto a realiza\u00e7\u00e3o de licita\u00e7\u00f5es para <br \/>\n<br \/>\ncontrata\u00e7\u00e3o de empresa especializada no fornecimento de fogos de artif\u00edcios, visando realizar <br \/>\n<br \/>\nshow pirot\u00e9cnico nas festividades de final de ano, que seja atendido o exarado na Lei <br \/>\n<br \/>\nMunicipal no 1.565\/2020, que disp\u00f5e sobre a proibi\u00e7\u00e3o do manuseio, utiliza\u00e7\u00e3o, queima e <br \/>\n<br \/>\nsoltura de fogos de artif\u00edcios e artefatos pirot\u00e9cnicos com estampido em todo o Munic\u00edpio de <br \/>\n<br \/>\nFlorest\u00f3polis. <\/td><td class=\"column-5\"><a href=\"https:\/\/cmflorestopolis.pr.gov.br\/wp-content\/uploads\/2022\/01\/IND.-No-170_2021-_REF.-LICITACAO-AQ.-FOGOS-ARTIFICIO_.pdf\">Visualizar<\/a><\/td>\n<\/tr>\n<tr class=\"row-112 even\">\n\t<td class=\"column-1\">152 <\/td><td class=\"column-2\">23\/11\/2021<\/td><td class=\"column-3\">Denys Teixeira Saul <\/td><td class=\"column-4\">INDICA, ao Excelent\u00edssimo prefeito municipal senhor ON\u00cdCIO DE <br \/>\n<br \/>\nSOUZA, que determine ao setor competente desta municipalidade que tome as <br \/>\n<br \/>\ndevidas provid\u00eancias para aquisi\u00e7\u00e3o e disponibiliza\u00e7\u00e3o de Protetores Solar para os <br \/>\n<br \/>\nAgentes de Combate a Endemias e Agentes Comunit\u00e1rios de Sa\u00fade, tendo em <br \/>\n<br \/>\nvista que esse produto \u00e9 um dos itens de EPI e muito importante e indispens\u00e1vel <br \/>\n<br \/>\no seu uso pelos ACS\u2019s e ACE\u2019s para prote\u00e7\u00e3o contra sol. <\/td><td class=\"column-5\"><a href=\"https:\/\/cmflorestopolis.pr.gov.br\/wp-content\/uploads\/2022\/01\/IND.-No-152_2021-_REF.-FORNECER-PROT.-SOLAR-ACS-E-ACE_.pdf\">Visualizar<\/a><\/td>\n<\/tr>\n<tr class=\"row-113 odd\">\n\t<td class=\"column-1\">150<\/td><td class=\"column-2\">16\/11\/2021 <\/td><td class=\"column-3\">Denys Teixeira Saul <\/td><td class=\"column-4\">INDICA, ao Excelent\u00edssimo prefeito municipal senhor ON\u00cdCIO DE <br \/>\n<br \/>\nSOUZA, que determine ao setor competente desta municipalidade a realiza\u00e7\u00e3o de <br \/>\n<br \/>\nparceria com a Ag\u00eancia do Instituto Nacional do Seguro Social \u2013 INSS, no sentido <br \/>\n<br \/>\nde viabilizar a instala\u00e7\u00e3o de um Ponto de Atendimento Remoto, com o objetivo de <br \/>\n<br \/>\nfacilitar o atendimento de pessoas com defici\u00eancia, cadeirantes, ou pessoas com <br \/>\n<br \/>\nmobilidade reduzida, principalmente se tratando de per\u00edcias para aposentadoria, <br \/>\n<br \/>\ndesta forma evitar os transtornos que essas pessoas passam tendo que se <br \/>\n<br \/>\ndeslocar at\u00e9 uma unidade do INSS no munic\u00edpio de Rol\u00e2ndia e outros. <\/td><td class=\"column-5\"><a href=\"https:\/\/cmflorestopolis.pr.gov.br\/wp-content\/uploads\/2022\/01\/IND.-No-150_2021-_REF.-ATENDIMENTO-REMOTO-INSS_.pdf\">Visualizar<\/a><\/td>\n<\/tr>\n<tr class=\"row-114 even\">\n\t<td class=\"column-1\">143<\/td><td class=\"column-2\">26\/10\/2021<\/td><td class=\"column-3\">Denys Teixeira Saul <\/td><td class=\"column-4\">INDICA, ao   <br \/>\n<br \/>\nExcelent\u00edssimo prefeito municipal ON\u00cdCIO DE SOUZA, que   <br \/>\n<br \/>\ndetermine ao setor competente desta municipalidade a realiza\u00e7\u00e3o de estudos no sentido   <br \/>\n<br \/>\nde viabilizar, a execu\u00e7\u00e3o de manuten\u00e7\u00f5es necess\u00e1rias no pr\u00e9dio do EJA Gen\u00e9sio Franco   <br \/>\n<br \/>\nda Rocha, conforme espec\u00edfica:   <br \/>\n<br \/>\n    <br \/>\n<br \/>\n\u2022 Manuten\u00e7\u00e3o na cal\u00e7ada do entorno do refeit\u00f3rio visto que est\u00e3o afundando   <br \/>\n<br \/>\ne causando rachaduras consider\u00e1veis nas paredes do mesmo;   <br \/>\n<br \/>\n\u2022 Manuten\u00e7\u00e3o na \u00e1rea externa pr\u00f3xima ao CRAS, verificou-se no local tr\u00eas ou   <br \/>\n<br \/>\nquatro sa\u00eddas de \u00e1gua que est\u00e3o causando uma eros\u00e3o pr\u00f3ximo a fossa   <br \/>\n<br \/>\ns\u00e9ptica pertencente ao CRAS;   <br \/>\n<br \/>\n\u2022 Manuten\u00e7\u00e3o no telhado especificamente na secretaria onde est\u00e1 havendo   <br \/>\n<br \/>\ninfiltra\u00e7\u00e3o de \u00e1gua das chuvas, causada por danos na calha a qual   <br \/>\n<br \/>\nnecessita de reparos como por exemplo veda\u00e7\u00e3o, ressalta-se que por conta   <br \/>\n<br \/>\nda infiltra\u00e7\u00e3o de \u00e1gua foram perdidas duas caixas de papel sulfite.  <\/td><td class=\"column-5\"><a href=\"https:\/\/cmflorestopolis.pr.gov.br\/wp-content\/uploads\/2021\/11\/IND.-No-143_2021-_REF.-MANUTENCAO-EJA-GENESIO-F.-ROCHA_.pdf\">Visualizar<\/a><\/td>\n<\/tr>\n<tr class=\"row-115 odd\">\n\t<td class=\"column-1\">136<\/td><td class=\"column-2\">28\/09\/2021<\/td><td class=\"column-3\">Denys Teixeira Saul <\/td><td class=\"column-4\">INDICA, ao Excelent\u00edssimo prefeito municipal ON\u00cdCIO DE SOUZA,   <br \/>\n<br \/>\nque determine ao setor competente desta municipalidade a realiza\u00e7\u00e3o de estudos   <br \/>\n<br \/>\nno sentido de viabilizar, a coloca\u00e7\u00e3o de telas no espa\u00e7o entre o telhado e a parede   <br \/>\n<br \/>\nda quadra de esportes Carlos Henrique Goulart, com o intuito de evitar a entrada   <br \/>\n<br \/>\nde pombos no local. Tal medida se faz necess\u00e1ria visto que os pombos defecam   <br \/>\n<br \/>\nna quadra e isso no final das contas gera um preju\u00edzo ao munic\u00edpio com o   <br \/>\n<br \/>\ndesperd\u00edcio de \u00e1gua que \u00e9 usada para lavar o local diariamente.  <\/td><td class=\"column-5\"><a href=\"https:\/\/cmflorestopolis.pr.gov.br\/wp-content\/uploads\/2021\/11\/IND.-No-136_2021-_REF.-COLOCACAO-TELA-QUADRA-ESP.-CARLOS-GOULART_.pdf\">Visualizar<\/a><\/td>\n<\/tr>\n<tr class=\"row-116 even\">\n\t<td class=\"column-1\">133  <\/td><td class=\"column-2\">21\/09\/2021<\/td><td class=\"column-3\">Denys Teixeira Saul <\/td><td class=\"column-4\">INDICA, ao Excelent\u00edssimo prefeito municipal ON\u00cdCIO DE SOUZA,   <br \/>\n<br \/>\nque determine ao setor competente desta municipalidade a realiza\u00e7\u00e3o de estudos   <br \/>\n<br \/>\nno sentido de viabilizar, que seja feito reparos ou substitui\u00e7\u00e3o dos brinquedos do   <br \/>\n<br \/>\nplayground da Pra\u00e7a da Paz no Conjunto Jardim das Flores (Jabur). Haja vista que   <br \/>\n<br \/>\nos brinquedos se encontram deteriorados e necessitando de manuten\u00e7\u00e3o. Al\u00e9m   <br \/>\n<br \/>\ndisso, o local n\u00e3o possui nenhum aviso ou sinaliza\u00e7\u00e3o para que evite a sua   <br \/>\n<br \/>\nutiliza\u00e7\u00e3o, o que permite a livre circula\u00e7\u00e3o de crian\u00e7as neste espa\u00e7o, gerando   <br \/>\n<br \/>\nperigo e inseguran\u00e7a. Portanto destaca-se que a realiza\u00e7\u00e3o de manuten\u00e7\u00e3o ou   <br \/>\n<br \/>\nsubstitui\u00e7\u00e3o dos brinquedos do playground da referida pra\u00e7a, se faz necess\u00e1rio   <br \/>\n<br \/>\ncom o objetivo de oferecer novamente op\u00e7\u00f5es de lazer para a popula\u00e7\u00e3o daquela   <br \/>\n<br \/>\nregi\u00e3o.  <\/td><td class=\"column-5\"><a href=\"https:\/\/cmflorestopolis.pr.gov.br\/wp-content\/uploads\/2021\/11\/IND.-No-133_2021-_REF.-REPAROS-PLAYGROUND-DA-PARACA-JABUR_.pdf\">Visualizar<\/a><\/td>\n<\/tr>\n<tr class=\"row-117 odd\">\n\t<td class=\"column-1\">132<\/td><td class=\"column-2\">21\/09\/2021<\/td><td class=\"column-3\">Denys Teixeira Saul <\/td><td class=\"column-4\">INDICA, ao Excelent\u00edssimo prefeito municipal ON\u00cdCIO DE SOUZA,   <br \/>\n<br \/>\nque determine ao setor competente desta municipalidade a realiza\u00e7\u00e3o de estudos   <br \/>\n<br \/>\nno sentido de viabilizar, a constru\u00e7\u00e3o de rampa e corrim\u00e3o de acessibilidade na   <br \/>\n<br \/>\nPra\u00e7a do Cristo Acolhedor na entrada da cidade. Tal medida tem como objetivo   <br \/>\n<br \/>\nfacilitar o acesso ao referido local de pessoas com defici\u00eancia, cadeirantes,   <br \/>\n<br \/>\ncrian\u00e7as, idosos ou pessoas com mobilidade reduzida.  <\/td><td class=\"column-5\"><a href=\"https:\/\/cmflorestopolis.pr.gov.br\/wp-content\/uploads\/2021\/11\/IND.-No-132_2021-_REF.-RAMPA-ACESSO-PRACA-CRISTO_.pdf\">Visualizar<\/a><\/td>\n<\/tr>\n<tr class=\"row-118 even\">\n\t<td class=\"column-1\">128<\/td><td class=\"column-2\">24\/08\/2021<\/td><td class=\"column-3\">Denys Teixeira Saul <\/td><td class=\"column-4\">INDICA, ao Excelent\u00edssimo prefeito municipal ON\u00cdCIO DE SOUZA,   <br \/>\n<br \/>\nque determine ao setor competente desta municipalidade a realiza\u00e7\u00e3o de estudos   <br \/>\n<br \/>\nno sentido de viabilizar, a realiza\u00e7\u00e3o de planejamento visando o plantio de flores   <br \/>\n<br \/>\nna Pra\u00e7a Central Prefeito Jos\u00e9 Ribeiro Rosa, bem como nas demais Pra\u00e7as e   <br \/>\n<br \/>\ncanteiros centrais de avenidas do Munic\u00edpio. <\/td><td class=\"column-5\"><a href=\"https:\/\/cmflorestopolis.pr.gov.br\/wp-content\/uploads\/2021\/11\/IND.-No-128_2021-_REF.-PLANTIO-DE-FLORES_PRACAS_CANTEIROS_.pdf\">Visualizar<\/a><\/td>\n<\/tr>\n<tr class=\"row-119 odd\">\n\t<td class=\"column-1\">127<\/td><td class=\"column-2\">24\/08\/2021<\/td><td class=\"column-3\">Denys Teixeira Saul <\/td><td class=\"column-4\">INDICA, ao Excelent\u00edssimo prefeito municipal ON\u00cdCIO DE SOUZA,   <br \/>\n<br \/>\nque determine ao setor competente desta municipalidade a realiza\u00e7\u00e3o de estudos   <br \/>\n<br \/>\nno sentido de viabilizar, a constru\u00e7\u00e3o de redutores de velocidade (quebra-molas),   <br \/>\n<br \/>\nsendo um na Rua Hugo Leonardo Viana na conflu\u00eancia com a Rua Miguel J\u00f3ia, e   <br \/>\n<br \/>\noutro na Rua Miguel J\u00f3ia na conflu\u00eancia com a Rua Hugo Leonardo Viana.  <\/td><td class=\"column-5\"><a href=\"https:\/\/cmflorestopolis.pr.gov.br\/wp-content\/uploads\/2021\/11\/IND.-No-127_2021-_REF.-REDUTORES-DE-VELOCIDADE_.pdf\">Visualizar<\/a><\/td>\n<\/tr>\n<tr class=\"row-120 even\">\n\t<td class=\"column-1\">126<\/td><td class=\"column-2\">24\/08\/2021<\/td><td class=\"column-3\">Denys Teixeira Saul <\/td><td class=\"column-4\">INDICA, ao Excelent\u00edssimo prefeito municipal ON\u00cdCIO DE SOUZA,   <br \/>\n<br \/>\nque determine ao setor competente desta municipalidade, que seja realizado   <br \/>\n<br \/>\nestudos no sentido de elaborar a Lei \u201cIPTU Verde\u201d, com objetivo de fomentar   <br \/>\n<br \/>\nmedidas que melhorem, protejam e recuperem o meio ambiente e que elevem a   <br \/>\n<br \/>\nqualidade de vida dos florestopolitanos.  <\/td><td class=\"column-5\"><a href=\"https:\/\/cmflorestopolis.pr.gov.br\/wp-content\/uploads\/2021\/11\/IND.-No-126_2021-_REF.-CRIAR-LEI-IPTU-VERDE_.pdf\">Visualizar<\/a><\/td>\n<\/tr>\n<tr class=\"row-121 odd\">\n\t<td class=\"column-1\">122 <\/td><td class=\"column-2\">17\/08\/2021<\/td><td class=\"column-3\">Denys Teixeira Saul <\/td><td class=\"column-4\">INDICA, ao Excelent\u00edssimo prefeito municipal ON\u00cdCIO DE   <br \/>\n<br \/>\nSOUZA, que determine a secretaria de obras do munic\u00edpio para viabilizar a   <br \/>\n<br \/>\nrealiza\u00e7\u00e3o de reparos e\/ou a constru\u00e7\u00e3o de canaletas, buscando solucionar o   <br \/>\n<br \/>\nproblema do escoamento das \u00e1guas pluviais e residenciais, nos locais   <br \/>\n<br \/>\nconforme especifica:   <br \/>\n<br \/>\n    <br \/>\n<br \/>\n\u2022 Ruas M\u00e1rcio Meireles de Souza e Fabio Saez Luz no   <br \/>\n<br \/>\nConjunto alecrim; e   <br \/>\n<br \/>\n\u2022 Ruas Aparecido da Rocha, Noel Pereira de Melo e Jos\u00e9   <br \/>\n<br \/>\nMartins Gen\u00e9sio no Conjunto Francisca Moraes.  <\/td><td class=\"column-5\"><a href=\"https:\/\/cmflorestopolis.pr.gov.br\/wp-content\/uploads\/2021\/11\/IND.-No-122_2021-_REF.-CONST.-CANALETAS_.pdf\">Visualizar<\/a><\/td>\n<\/tr>\n<tr class=\"row-122 even\">\n\t<td class=\"column-1\">115<\/td><td class=\"column-2\">29\/06\/2021<\/td><td class=\"column-3\">Denys Teixeira Saul <\/td><td class=\"column-4\">INDICA, ao Excelent\u00edssimo prefeito municipal ON\u00cdCIO DE SOUZA,   <br \/>\n<br \/>\nque determine ao setor competente desta municipalidade, a realiza\u00e7\u00e3o de estudos   <br \/>\n<br \/>\nno sentido de incluir no projeto de melhorias da ilumina\u00e7\u00e3o p\u00fablica com l\u00e2mpadas   <br \/>\n<br \/>\nde LED, o conjunto Jardim Zilda Arns.  <\/td><td class=\"column-5\"><a href=\"https:\/\/cmflorestopolis.pr.gov.br\/wp-content\/uploads\/2021\/11\/IND.-No-115_2021-_REF.-ILUMINACAO-PUB.-JD.-ZILDA-ARNS_.pdf\">Visualizar<\/a><\/td>\n<\/tr>\n<tr class=\"row-123 odd\">\n\t<td class=\"column-1\">114 <\/td><td class=\"column-2\">22\/06\/2021<\/td><td class=\"column-3\">Denys Teixeira Saul <\/td><td class=\"column-4\">INDICA, ao Excelent\u00edssimo prefeito municipal ON\u00cdCIO DE SOUZA,   <br \/>\n<br \/>\nque determine ao setor competente desta municipalidade, a realiza\u00e7\u00e3o de estudos   <br \/>\n<br \/>\nno sentido de buscar uma solu\u00e7\u00e3o para agilizar e\/ou melhorar a execu\u00e7\u00e3o do   <br \/>\n<br \/>\nservi\u00e7o de fotocopias e impress\u00f5es nos estabelecimentos de ensino (secretaria de   <br \/>\n<br \/>\neduca\u00e7\u00e3o, escolas municipais e centros municipais de educa\u00e7\u00e3o infantil) do   <br \/>\n<br \/>\nmunic\u00edpio. A princ\u00edpio, sugiro que seja mediado a possibilidade da contrata\u00e7\u00e3o de   <br \/>\n<br \/>\nempresa que execute o servi\u00e7o de loca\u00e7\u00e3o de equipamentos para tal finalidade.  <\/td><td class=\"column-5\"><a href=\"https:\/\/cmflorestopolis.pr.gov.br\/wp-content\/uploads\/2021\/11\/IND.-No-114_2021-_REF.-MELHRIAS-SERV.-IMPRESSAO-ESCOLAS_.pdf\">Visualizar<\/a><\/td>\n<\/tr>\n<tr class=\"row-124 even\">\n\t<td class=\"column-1\">109<\/td><td class=\"column-2\">15\/06\/2021<\/td><td class=\"column-3\">Denys Teixeira Saul <\/td><td class=\"column-4\">INDICA, ao Excelent\u00edssimo prefeito municipal ON\u00cdCIO DE SOUZA, que   <br \/>\n<br \/>\ndetermine ao setor competente desta municipalidade, que seja realizado estudos   <br \/>\n<br \/>\nem car\u00e1ter de urg\u00eancia no sentido de implantar \u201cBoletim Epidemiol\u00f3gico de   <br \/>\n<br \/>\nmonitoramento dos casos de Dengue\u201d, visto que a Dengue tamb\u00e9m \u00e9 uma doen\u00e7a   <br \/>\n<br \/>\nque nos causa preocupa\u00e7\u00e3o e que pode levar a morte. Portanto toda informa\u00e7\u00e3o \u00e9   <br \/>\n<br \/>\nsempre muito importante, sugere-se ainda, a realiza\u00e7\u00e3o de um trabalho intenso de   <br \/>\n<br \/>\nconscientiza\u00e7\u00e3o da popula\u00e7\u00e3o quanto a medidas preventivas, conscientizar que a   <br \/>\n<br \/>\n\u00fanica forma de enfrentar a dengue \u00e9 combater o seu vetor, o mosquito Aedes   <br \/>\n<br \/>\naegypti. Compreender que o combate \u00e0 dengue \u00e9 um assunto que n\u00e3o se limita   <br \/>\n<br \/>\napenas ao Poder P\u00fablico, mas que deve mobilizar todo cidad\u00e3o, levando   <br \/>\n<br \/>\ninforma\u00e7\u00f5es sobre os cuidados com a dengue, a elimina\u00e7\u00e3o de focos do mosquito,   <br \/>\n<br \/>\no recolhimento de materiais que possam acumular \u00e1gua, a limpeza de terrenos e   <br \/>\n<br \/>\ndespertar na comunidade a preocupa\u00e7\u00e3o permanente com a dengue, formando   <br \/>\n<br \/>\numa rede de mobiliza\u00e7\u00e3o que se estenda a todas as regi\u00f5es da cidade.  <br \/>\n<br \/>\n  <\/td><td class=\"column-5\"><a href=\"https:\/\/cmflorestopolis.pr.gov.br\/wp-content\/uploads\/2021\/11\/IND.-No-109_2021-_REF.-BOLETIM-EPIDEMIOLOGICO-DENGUE_.pdf\">Visualizar<\/a><\/td>\n<\/tr>\n<tr class=\"row-125 odd\">\n\t<td class=\"column-1\">108 <\/td><td class=\"column-2\">01\/06\/2021<\/td><td class=\"column-3\">Denys Teixeira Saul <\/td><td class=\"column-4\">INDICA, ao Excelent\u00edssimo prefeito municipal ON\u00cdCIO DE SOUZA,   <br \/>\n<br \/>\nque determine ao setor competente desta municipalidade, que seja realizado   <br \/>\n<br \/>\nestudos em car\u00e1ter de urg\u00eancia no sentido de buscar uma solu\u00e7\u00e3o para o trabalho   <br \/>\n<br \/>\nem grupo em algumas reparti\u00e7\u00f5es do munic\u00edpio, exemplo: Postos de Sa\u00fade,   <br \/>\n<br \/>\nTributa\u00e7\u00e3o, Setor de Licita\u00e7\u00e3o, Contabilidade, Escolas, Garagem e outros. Penso,   <br \/>\n<br \/>\nque deveria haver escalonamento de hor\u00e1rio ou revezamento de dias de trabalho   <br \/>\n<br \/>\npara evitar aglomera\u00e7\u00e3o e consequentemente o alto contagio e\/ou contamina\u00e7\u00e3o   <br \/>\n<br \/>\npelo v\u00edrus SarsCovi-2 ou Covid-19. <\/td><td class=\"column-5\"><a href=\"https:\/\/cmflorestopolis.pr.gov.br\/wp-content\/uploads\/2021\/11\/IND.-No-108_2021-_REF.-ESCALONAMENTO-HORARIO-SETORES_.pdf\">Visualizar<\/a><\/td>\n<\/tr>\n<tr class=\"row-126 even\">\n\t<td class=\"column-1\">107<\/td><td class=\"column-2\">08\/06\/2021<\/td><td class=\"column-3\">Denys Teixeira Saul <\/td><td class=\"column-4\">INDICA, ao Excelent\u00edssimo prefeito municipal ON\u00cdCIO DE SOUZA,   <br \/>\n<br \/>\nque determine ao setor competente desta municipalidade, que seja disponibilizado   <br \/>\n<br \/>\nem car\u00e1ter de urg\u00eancia, um profissional de psicologia, para atender   <br \/>\n<br \/>\nindividualmente e\/ou realizar trabalhos em grupo com os profissionais da \u00e1rea   <br \/>\n<br \/>\nsa\u00fade, principalmente com os que est\u00e3o trabalhando na linha de frente do   <br \/>\n<br \/>\nenfrentamento da pandemia de Covid-19.<\/td><td class=\"column-5\"><a href=\"https:\/\/cmflorestopolis.pr.gov.br\/wp-content\/uploads\/2021\/11\/IND.-No-107_2021-_REF.-CONTRAR-PSICOLOGO-_SAUDE_.pdf\">Visualizar<\/a><\/td>\n<\/tr>\n<tr class=\"row-127 odd\">\n\t<td class=\"column-1\">96  <\/td><td class=\"column-2\">25\/05\/2021<\/td><td class=\"column-3\">Denys Teixeira Saul <\/td><td class=\"column-4\">INDICA, ao Excelent\u00edssimo prefeito municipal ON\u00cdCIO DE SOUZA, que  <br \/>\ndetermine ao setor competente desta municipalidade que busque junto ao Governo do  <br \/>\nEstado, recursos do programa Paran\u00e1 Mais Cidades, para aquisi\u00e7\u00e3o de uma ambul\u00e2ncia  <br \/>\nde Suporte B\u00e1sico, com a finalidade de atender a demanda do Hospital Municipal Santa  <br \/>\nBranca e um ve\u00edculo do tipo Van para o transporte de pacientes.  <\/td><td class=\"column-5\"><a href=\"https:\/\/cmflorestopolis.pr.gov.br\/wp-content\/uploads\/2021\/11\/IND.-No-96_2021-_REF.-RECURSOS-PR_MAIS_CID._AQ.-VAN_.pdf\">Visualizar<\/a><\/td>\n<\/tr>\n<tr class=\"row-128 even\">\n\t<td class=\"column-1\">92<\/td><td class=\"column-2\">25\/05\/2021<\/td><td class=\"column-3\">Denys Teixeira Saul <\/td><td class=\"column-4\">INDICA, ao Excelent\u00edssimo Senhor Prefeito do Munic\u00edpio de  <br \/>\nFlorest\u00f3polis, ON\u00cdCIO DE SOUZA, que determine ao setor competente a  <br \/>\ninstala\u00e7\u00e3o de cortinas na sala de vacinas e na sala de curativos da Unidade B\u00e1sica  <br \/>\nde Sa\u00fade Rafaela Jorge de Oliveira, bem como no consult\u00f3rio pedi\u00e1trico da  <br \/>\nUnidade B\u00e1sica de Sa\u00fade Milton Bento, situadas em nosso Munic\u00edpio.  <\/td><td class=\"column-5\"><a href=\"https:\/\/cmflorestopolis.pr.gov.br\/wp-content\/uploads\/2021\/11\/IND.-No-92_2021-_REF.-INST.-CORTINAS-UBS_S_.pdf\">Visualizar<\/a><\/td>\n<\/tr>\n<tr class=\"row-129 odd\">\n\t<td class=\"column-1\">91 <\/td><td class=\"column-2\">25\/05\/2021<\/td><td class=\"column-3\">Denys Teixeira Saul <\/td><td class=\"column-4\">INDICA, ao Excelent\u00edssimo Senhor Prefeito do Munic\u00edpio de  <br \/>\nFlorest\u00f3polis, ON\u00cdCIO DE SOUZA, que tome provid\u00eancias no sentido de viabilizar  <br \/>\na realiza\u00e7\u00e3o de leil\u00e3o para a venda dos ve\u00edculos inserv\u00edveis atualmente  <br \/>\npertencentes ao patrim\u00f4nio do munic\u00edpio.<\/td><td class=\"column-5\"><a href=\"https:\/\/cmflorestopolis.pr.gov.br\/wp-content\/uploads\/2021\/11\/IND.-No-91_2021-_REF.-LEILAO-VEICULOS-INSER._.pdf\">Visualizar<\/a><\/td>\n<\/tr>\n<tr class=\"row-130 even\">\n\t<td class=\"column-1\">90 <\/td><td class=\"column-2\">25\/05\/2021<\/td><td class=\"column-3\">Denys Teixeira Saul <\/td><td class=\"column-4\">INDICA, ao Excelent\u00edssimo Senhor Prefeito do Munic\u00edpio de  <br \/>\nFlorest\u00f3polis, ON\u00cdCIO DE SOUZA, que determine ao setor competente a  <br \/>\nviabiliza\u00e7\u00e3o da revitaliza\u00e7\u00e3o do cemit\u00e9rio municipal.  <\/td><td class=\"column-5\"><a href=\"https:\/\/cmflorestopolis.pr.gov.br\/wp-content\/uploads\/2021\/11\/IND.-No-90_2021-_REF.-REVITALIZACAO-CEMITERIO_.pdf\">Visualizar<\/a><\/td>\n<\/tr>\n<tr class=\"row-131 odd\">\n\t<td class=\"column-1\">83 <\/td><td class=\"column-2\">18\/05\/2021<\/td><td class=\"column-3\">Denys Teixeira Saul <\/td><td class=\"column-4\">INDICA, ao Excelent\u00edssimo prefeito municipal ON\u00cdCIO DE SOUZA, que  <br \/>\ndetermine ao setor competente desta municipalidade a realiza\u00e7\u00e3o de estudos com o  <br \/>\nintuito de viabilizar, a realiza\u00e7\u00e3o de conv\u00eanio com laborat\u00f3rio para que seja feito testes  <br \/>\nde detec\u00e7\u00e3o de Covid-19, objetivando mais agilidade nos resultados, visto que os testes  <br \/>\nfeitos pelo estado podem levar at\u00e9 10 dias para sair o resultado e tempo \u00e9 o que n\u00e3o  <br \/>\ntemos com essa doen\u00e7a.  <\/td><td class=\"column-5\"><a href=\"https:\/\/cmflorestopolis.pr.gov.br\/wp-content\/uploads\/2021\/11\/IND.-No-83_2021-_REF.-CONV.-TESTES-COVID-19_.pdf\">Visualizar<\/a><\/td>\n<\/tr>\n<tr class=\"row-132 even\">\n\t<td class=\"column-1\">82 <\/td><td class=\"column-2\">18\/05\/2021<\/td><td class=\"column-3\">Denys Teixeira Saul <\/td><td class=\"column-4\">INDICA, ao Excelent\u00edssimo prefeito municipal ON\u00cdCIO DE SOUZA, que  <br \/>\ndetermine ao setor competente desta municipalidade que busque junto a Secret\u00e1ria  <br \/>\nEstadual de Sa\u00fade, a libera\u00e7\u00e3o de recursos financeiros por interm\u00e9dio do Programa  <br \/>\nParan\u00e1 Mais Cidades, para aquisi\u00e7\u00e3o de aparelhos hospitalares, com foco no  <br \/>\natendimento de urg\u00eancia e emerg\u00eancia. Vale ressaltar que no ano de 2020 a Secretaria  <br \/>\nda Sa\u00fade formalizou repasse de R$ 13,6 milh\u00f5es para dez munic\u00edpios. O repasse foi  <br \/>\nautorizado pelo secret\u00e1rio Beto preto e se destina a obras e aquisi\u00e7\u00e3o de equipamentos.  <\/td><td class=\"column-5\"><a href=\"https:\/\/cmflorestopolis.pr.gov.br\/wp-content\/uploads\/2021\/11\/IND.-No-82_2021-_REF.-PROG.-PR._MAIS_CID._REC.-SAUDE_.pdf\">Visualizar<\/a><\/td>\n<\/tr>\n<tr class=\"row-133 odd\">\n\t<td class=\"column-1\">81<\/td><td class=\"column-2\">18\/05\/2021 <\/td><td class=\"column-3\">Denys Teixeira Saul <\/td><td class=\"column-4\">INDICA, ao Excelent\u00edssimo prefeito municipal ON\u00cdCIO DE SOUZA, que  <br \/>\ndetermine ao setor competente desta municipalidade que busque junto ao Governo do  <br \/>\nEstado, recursos do Programa Estradas da Integra\u00e7\u00e3o, afim de se fazer cal\u00e7amento com  <br \/>\npedras irregulares em estradas rurais que ligam a comunidade do Assentamento  <br \/>\nFlorestan Fernandes e do Banco da Terra ao nosso munic\u00edpio, ou ainda, em trecho que  <br \/>\nseja de importante circula\u00e7\u00e3o para tais comunidades.  <\/td><td class=\"column-5\"><a href=\"https:\/\/cmflorestopolis.pr.gov.br\/wp-content\/uploads\/2021\/11\/IND.-No-81_2021-_REF.-CALCAMENTO-VIA_ASSENTAMENTO_.pdf\">Visualizar<\/a><\/td>\n<\/tr>\n<tr class=\"row-134 even\">\n\t<td class=\"column-1\">70  <\/td><td class=\"column-2\">04\/05\/2021<\/td><td class=\"column-3\">Denys Teixeira Saul <\/td><td class=\"column-4\">INDICA, ao Excelent\u00edssimo prefeito municipal ON\u00cdCIO DE SOUZA, que  <br \/>\ndetermine ao setor competente desta municipalidade a realiza\u00e7\u00e3o de estudos de  <br \/>\nviabilidade, para a instala\u00e7\u00e3o de poste com lumin\u00e1ria na Rua Amador Bueno, haja vista  <br \/>\nque esse pedido \u00e9 uma reivindica\u00e7\u00e3o dos moradores daquela localidade, que por sinal  <br \/>\ncontribuem com a taxa de ilumina\u00e7\u00e3o e n\u00e3o s\u00e3o atendidos por este servi\u00e7o. Vale  <br \/>\ndestacar que a ilumina\u00e7\u00e3o p\u00fablica essencial \u00e0 qualidade de vida das pessoas,  <br \/>\npermitindo aos habitantes desfrutar, plenamente e com maior seguran\u00e7a, dos espa\u00e7os  <br \/>\np\u00fablicos nos per\u00edodos noturnos. <\/td><td class=\"column-5\"><a href=\"https:\/\/cmflorestopolis.pr.gov.br\/wp-content\/uploads\/2021\/11\/IND.-No-70_2021-_REF.-ILUMINACAO-PUBLICA_R.-AMADOR-BUENO_.pdf\">Visualizar<\/a><\/td>\n<\/tr>\n<tr class=\"row-135 odd\">\n\t<td class=\"column-1\">69 <\/td><td class=\"column-2\">04\/05\/2021 <\/td><td class=\"column-3\">Denys Teixeira Saul <\/td><td class=\"column-4\">INDICA, ao Excelent\u00edssimo prefeito municipal ON\u00cdCIO DE SOUZA, que determine  <br \/>\nao setor competente desta municipalidade a realiza\u00e7\u00e3o de estudos no sentido de viabilizar, a  <br \/>\nirriga\u00e7\u00e3o com caminh\u00e3o pipa de canteiros centrais, rotat\u00f3rias, pra\u00e7as, \u00e1reas de laser, enfim, em  <br \/>\ntodos os gramados e jardins dos espa\u00e7os p\u00fablicos da nossa cidade.  <\/td><td class=\"column-5\"><a href=\"https:\/\/cmflorestopolis.pr.gov.br\/wp-content\/uploads\/2021\/11\/IND.-No-69_2021-_REF.-IRRIGACAO-GRAMADOS_.pdf\">Visualizar<\/a><\/td>\n<\/tr>\n<tr class=\"row-136 even\">\n\t<td class=\"column-1\">68<\/td><td class=\"column-2\">04\/05\/2021<\/td><td class=\"column-3\">Denys Teixeira Saul <\/td><td class=\"column-4\">INDICA, ao Excelent\u00edssimo prefeito municipal ON\u00cdCIO DE SOUZA, que determine  <br \/>\nao setor competente desta municipalidade a realiza\u00e7\u00e3o de estudos no sentido de viabilizar, a  <br \/>\nconstru\u00e7\u00e3o de redutores de velocidade (quebra-mola), nas vias p\u00fablicas conforme especifica:  <br \/>\n\u2022 Rua Amador Bueno na conflu\u00eancia com a Avenida 14 de novembro \u2013 Vila: Santa  <br \/>\nRita;  <br \/>\n\u2022 Rua Interventor Manoel Ribas na conflu\u00eancia com a Rua Jos\u00e9 Truffa \u2013 Bairro:  <br \/>\nItaipu II;  <br \/>\n\u2022 Rua Jo\u00e3o Batista de Almeida na conflu\u00eancia com a Rua Vereador Aparecido  <br \/>\nRocha \u2013 Conjunto Vale Feliz;  <br \/>\n\u2022 Rua Vereador Mariano Gomes na conflu\u00eancia com a Rua Venezuela \u2013 Conjunto  <br \/>\nJos\u00e9 Carnelossi; e  <br \/>\n\u2022 Rua Manoel Tudela na conflu\u00eancia com a Rua Ubatuba pr\u00f3ximo a Auto escola Di  <br \/>\nVerona.  <\/td><td class=\"column-5\"><a href=\"https:\/\/cmflorestopolis.pr.gov.br\/wp-content\/uploads\/2021\/11\/IND.-No-68_2021-_REF.-REDUTORES_VELOCIDADE_.pdf\">Visualizar<\/a><\/td>\n<\/tr>\n<tr class=\"row-137 odd\">\n\t<td class=\"column-1\">56 <\/td><td class=\"column-2\">20\/04\/2021<\/td><td class=\"column-3\">Denys Teixeira Saul <\/td><td class=\"column-4\">INDICA, ao Excelent\u00edssimo Prefeito do Munic\u00edpio de Florest\u00f3polis, senhor  <br \/>\nON\u00cdCIO DE SOUZA, que determine ao setor competente desta municipalidade que  <br \/>\nproceda estudos de viabilidade, com a finalidade de executar reformas geral no Terminal  <br \/>\nRodovi\u00e1rio, principalmente, que seja feita a adapta\u00e7\u00e3o de um banheiro masculino e um  <br \/>\nfeminino para se adequar \u00e0 Lei n\u00ba 10.098\/2000, com vistas a proporcionar a  <br \/>\nacessibilidade das pessoas com defici\u00eancia ou com mobilidade reduzida.  <\/td><td class=\"column-5\"><a href=\"https:\/\/cmflorestopolis.pr.gov.br\/wp-content\/uploads\/2021\/11\/IND.-No-56_2021-_REF.-REFORMA-TERM.-RODOVIARIO_.pdf\">Visualizar<\/a><\/td>\n<\/tr>\n<tr class=\"row-138 even\">\n\t<td class=\"column-1\">52<\/td><td class=\"column-2\">13\/04\/2021 <\/td><td class=\"column-3\">Denys Teixeira Saul <\/td><td class=\"column-4\">INDICAM, ao Excelent\u00edssimo Senhor Prefeito do Munic\u00edpio de  <br \/>\nFlorest\u00f3polis, ON\u00cdCIO DE SOUZA, que determine ao setor competente desta  <br \/>\nmunicipalidade, a realiza\u00e7\u00e3o de estudos de viabilidade, objetivando buscar  <br \/>\nrecursos destinados a aquisi\u00e7\u00e3o de um parque infantil (playground), para que  <br \/>\nseja instalado na Pra\u00e7a Jos\u00e9 Ribeiro Rosa, no centro da cidade, pois seria essa  <br \/>\numa forma de \u201cDar o devido direito de nossas crian\u00e7as crescerem como crian\u00e7a\u201d.  <\/td><td class=\"column-5\"><a href=\"https:\/\/cmflorestopolis.pr.gov.br\/wp-content\/uploads\/2021\/11\/IND.-No-52_2021-COLETIVA-_REF.-PARQUE-INFANTIL_.pdf\">Visualizar<\/a><\/td>\n<\/tr>\n<tr class=\"row-139 odd\">\n\t<td class=\"column-1\">42 <\/td><td class=\"column-2\">23\/03\/2021<\/td><td class=\"column-3\">Denys Teixeira Saul <\/td><td class=\"column-4\">Indica, ao Excelent\u00edssimo Senhor Prefeito do Munic\u00edpio de Florest\u00f3polis,  <br \/>\nON\u00cdCIO DE SOUZA, que determine ao setor competente desta municipalidade o envio  <br \/>\nde expediente a Secretaria de Estado do Desenvolvimento Sustent\u00e1vel e do Turismo,  <br \/>\nsolicitando a inten\u00e7\u00e3o do munic\u00edpio de Florest\u00f3polis de participar do Programa  <br \/>\nPermanente de Esteriliza\u00e7\u00e3o de C\u00e3es e Gatos, promovido pela referida Secretaria com  <br \/>\napoio das prefeituras, na busca do controle populacional de c\u00e3es e gatos e preven\u00e7\u00e3o de  <br \/>\nzoonoses.<\/td><td class=\"column-5\"><a href=\"https:\/\/cmflorestopolis.pr.gov.br\/wp-content\/uploads\/2021\/11\/IND.-No-42_2021-_REF.-CASTRCAO_CAES-E-GATOS_.pdf\">Visualizar<\/a><\/td>\n<\/tr>\n<tr class=\"row-140 even\">\n\t<td class=\"column-1\">29 <\/td><td class=\"column-2\">23\/03\/2021<\/td><td class=\"column-3\">Denys Teixeira Saul <\/td><td class=\"column-4\">Indica, ao Excelent\u00edssimo Senhor Prefeito do Munic\u00edpio de  <br \/>\nFlorest\u00f3polis, ON\u00cdCIO DE SOUZA, que verifique a possibilidade de altera\u00e7\u00e3o do  <br \/>\nEstatuto dos Servidores Municipais, para o fim de conceder-lhes a possibilidade de  <br \/>\nredu\u00e7\u00e3o proporcional da jornada de trabalho e do sal\u00e1rio por motivo de doen\u00e7a do  <br \/>\nc\u00f4njuge ou companheiro, dos pais, dos filhos, do padrasto ou madrasta e enteado, ou  <br \/>\ndependente que viva \u00e0s suas expensas e conste do seu assento funcional, mediante  <br \/>\ncomprova\u00e7\u00e3o por junta m\u00e9dica oficial.  <\/td><td class=\"column-5\"><a href=\"https:\/\/cmflorestopolis.pr.gov.br\/wp-content\/uploads\/2021\/11\/IND.-No-29_2021-_REF.-REDUCAO-JORNADA-SERVIDOR_.pdf\">Visualizar<\/a><\/td>\n<\/tr>\n<tr class=\"row-141 odd\">\n\t<td class=\"column-1\">28  <\/td><td class=\"column-2\">22\/03\/2021<\/td><td class=\"column-3\">Denys Teixeira Saul <\/td><td class=\"column-4\">Indica, ao Excelent\u00edssimo Senhor Prefeito do Munic\u00edpio de Florest\u00f3polis,  <br \/>\nON\u00cdCIO DE SOUZA, que proceda estudos de viabilidade para a contrata\u00e7\u00e3o de Psic\u00f3logo  <br \/>\ne Fonoaudi\u00f3logo para atender especificamente na \u00e1rea da educa\u00e7\u00e3o.  <\/td><td class=\"column-5\"><a href=\"https:\/\/cmflorestopolis.pr.gov.br\/wp-content\/uploads\/2021\/11\/IND.-No-28_2021-_REF.-CONTRATAR-PSICOLOGO-E-FONO_EDUCACAO_.pdf\">Visualizar<\/a><\/td>\n<\/tr>\n<tr class=\"row-142 even\">\n\t<td class=\"column-1\">27<\/td><td class=\"column-2\">22\/03\/2021<\/td><td class=\"column-3\">Denys Teixeira Saul <\/td><td class=\"column-4\">Indica, ao Excelent\u00edssimo Senhor Prefeito do Munic\u00edpio de  <br \/>\nFlorest\u00f3polis, ON\u00cdCIO DE SOUZA, que proceda estudos junto ao setor  <br \/>\ncompetente da municipalidade e ver as possibilidades de viabilizar a coloca\u00e7\u00e3o de  <br \/>\nbarreiras em acr\u00edlico na recep\u00e7\u00e3o do pr\u00e9dio da prefeitura e demais setores que  <br \/>\nprestam atendimento ao p\u00fablico com grande fluxo de pessoas.  <\/td><td class=\"column-5\"><a href=\"https:\/\/cmflorestopolis.pr.gov.br\/wp-content\/uploads\/2021\/11\/IND.-No-27_2021-_REF.-COL.-BARR.-ACRILICO_RECEPCAO_PMF_.pdf\">Visualizar<\/a><\/td>\n<\/tr>\n<tr class=\"row-143 odd\">\n\t<td class=\"column-1\">24<\/td><td class=\"column-2\">15\/03\/2021 <\/td><td class=\"column-3\">Denys Teixeira Saul <\/td><td class=\"column-4\">Indica, ao Excelent\u00edssimo Senhor Prefeito do Munic\u00edpio de  <br \/>\nFlorest\u00f3polis, ON\u00cdCIO DE SOUZA, que verifique a possibilidade de edi\u00e7\u00e3o de  <br \/>\ndecreto municipal para o fim de tornar obrigat\u00f3rio, como medida de enfrentamento  <br \/>\n\u00e0 pandemia da COVID-19, o uso de term\u00f4metro digital infravermelho para a  <br \/>\naferi\u00e7\u00e3o da temperatura corporal dos clientes na entrada de todos os  <br \/>\nestabelecimentos comerciais com grande fluxo de pessoas, bem como a  <br \/>\nhigieniza\u00e7\u00e3o das cestas e dos carrinhos de supermercado antes da utiliza\u00e7\u00e3o pelo  <br \/>\ncliente.  <\/td><td class=\"column-5\"><a href=\"https:\/\/cmflorestopolis.pr.gov.br\/wp-content\/uploads\/2021\/11\/IND.-No-24_2021-_REF.-MEDIDAS-CONTRA-COVID-19_.pdf\">Visualizar<\/a><\/td>\n<\/tr>\n<tr class=\"row-144 even\">\n\t<td class=\"column-1\">10 <\/td><td class=\"column-2\">02\/03\/2021 <\/td><td class=\"column-3\">Denys Teixeira Saul <\/td><td class=\"column-4\">Indica, ao Excelent\u00edssimo prefeito municipal ON\u00cdCIO DE SOUZA, que determine  <br \/>\nao setor competente desta municipalidade, a realiza\u00e7\u00e3o de estudos no sentido de que seja feito  <br \/>\na constru\u00e7\u00e3o de redutor de velocidade (quebra-mola), na rua Marcelino Pires de Oliveira na  <br \/>\nconflu\u00eancia com a rua Roberto Leonardo Mazar, no Conjunto Habitacional Onofre Moreira.  <\/td><td class=\"column-5\"><a href=\"https:\/\/cmflorestopolis.pr.gov.br\/wp-content\/uploads\/2021\/11\/IND.-No-10_2021-_REF.-REDUTOR_VELOCIDADE_.pdf\">Visualizar<\/a><\/td>\n<\/tr>\n<tr class=\"row-145 odd\">\n\t<td class=\"column-1\">03  <\/td><td class=\"column-2\">23\/02\/2021<\/td><td class=\"column-3\">Denys Teixeira Saul <\/td><td class=\"column-4\">Indica ao Excelent\u00edssimo prefeito municipal ON\u00cdCIO DE SOUZA, que seja feito em car\u00e1ter de urg\u00eancia, o estudo para o pagamento do piso nacional que \u00e9 de 1.550,00 (um mil quinhentos e cinquenta reais) aos ACS \u2013 Agentes Comunit\u00e1rios de Sa\u00fade e aos ACE \u2013 Agentes de Combate \u00e0s Endemias, tendo em vista que j\u00e1 houve o repasse dos valores por parte do Minist\u00e9rio da Sa\u00fade a esta municipalidade. Vale ressaltar, que o referido piso foi estabelecido pelas portarias 3.317 e 3.278.  <\/td><td class=\"column-5\"><a href=\"https:\/\/cmflorestopolis.pr.gov.br\/wp-content\/uploads\/2021\/11\/IND.-No-03_2021-_REF.-PISO-SALARIAL-ACS_ACE_.pdf\">Visualizar<\/a><\/td>\n<\/tr>\n<tr class=\"row-146 even\">\n\t<td class=\"column-1\">01 <\/td><td class=\"column-2\">10\/01\/2021<\/td><td class=\"column-3\">Denys Teixeira Saul <\/td><td class=\"column-4\">Indica ao Excelent\u00edssimo prefeito municipal ON\u00cdCIO DE SOUZA, para que atrav\u00e9s da Secretaria de Sa\u00fade, seja realizada a aquisi\u00e7\u00e3o de uma ESTUFA de secagem para o Laborat\u00f3rio Municipal de An\u00e1lises Clinicas.  <\/td><td class=\"column-5\"><a href=\"https:\/\/cmflorestopolis.pr.gov.br\/wp-content\/uploads\/2021\/11\/IND.-No-01_2021-_REF.-AQ.-ESTUFA_SECAGEM_.pdf\">Visualizar<\/a><\/td>\n<\/tr>\n<\/tbody>\n<\/table>\n<!-- #tablepress-12 from cache -->\r\n<br \/>\r\n<p><strong>Requerimentos<\/strong><\/p>\r\n\n<table id=\"tablepress-6\" class=\"tablepress tablepress-id-6\">\n<thead>\n<tr class=\"row-1 odd\">\n\t<th class=\"column-1\">N\u00ba<\/th><th class=\"column-2\">Data<\/th><th class=\"column-3\">Autor<\/th><th class=\"column-4\">S\u00famula<\/th><th class=\"column-5\">Visualizar<\/th>\n<\/tr>\n<\/thead>\n<tbody class=\"row-hover\">\n<tr class=\"row-2 even\">\n\t<td class=\"column-1\">12<\/td><td class=\"column-2\">05\/09\/2023<\/td><td class=\"column-3\">Denys Teixeira Saul<\/td><td class=\"column-4\">REQUER, com base no Regimento Interno desta Casa de Leis, que, ap\u00f3s delibera\u00e7\u00e3o em<br \/>\nplen\u00e1rio, o encaminhamento de Of\u00edcio \u00e0 Dire\u00e7\u00e3o da empresa de transportes Via\u00e7\u00e3o Garcia,<br \/>\nsolicitando informa\u00e7\u00f5es acerca da integra\u00e7\u00e3o do transporte urbano intermunicipal da Regi\u00e3o<br \/>\nMetropolitana de Londrina para Florest\u00f3polis.<\/td><td class=\"column-5\"><a href=\"https:\/\/cmflorestopolis.pr.gov.br\/wp-content\/uploads\/2023\/09\/REQ.-No-12_2023-REF.-INFORMACOES-GARCIA-TRANSP.-URBANO.pdf\">Visualizar<\/a><\/td>\n<\/tr>\n<tr class=\"row-3 odd\">\n\t<td class=\"column-1\">09<\/td><td class=\"column-2\">22\/08\/2023<\/td><td class=\"column-3\">Denys Teixeira Saul<\/td><td class=\"column-4\">REQUER, com base no Regimento Interno desta Casa de Leis, que, ap\u00f3s delibera\u00e7\u00e3o em<br \/>\nplen\u00e1rio, o encaminhamento de Of\u00edcio \u00e0 SUPERINTEND\u00caNCIA DO INSTITUTO NACIONAL DE<br \/>\nCOLONIZA\u00c7\u00c3O E REFORMA AGR\u00c1RIA - INCRA, solicitando informa\u00e7\u00e3o acerca do procedimento de<br \/>\ntitula\u00e7\u00e3o do Assentamento Florestan Fernandes.<\/td><td class=\"column-5\"><a href=\"https:\/\/cmflorestopolis.pr.gov.br\/wp-content\/uploads\/2023\/09\/REQ.-No-09_2023-REF.-INFORMACOES-AO-INCRA.pdf\">Visualizar<\/a><\/td>\n<\/tr>\n<tr class=\"row-4 even\">\n\t<td class=\"column-1\">07<\/td><td class=\"column-2\">15\/08\/2023<\/td><td class=\"column-3\">Denys Teixeira Saul<\/td><td class=\"column-4\">REQUER, com base no Regimento Interno desta Casa de Leis, que, ap\u00f3s delibera\u00e7\u00e3o em<br \/>\nplen\u00e1rio, o encaminhamento de Of\u00edcio \u00e0 Companhia de Saneamento do Paran\u00e1 \u2013 SANEPAR,<br \/>\nsolicitando informa\u00e7\u00f5es conforme espec\u00edfica:<\/td><td class=\"column-5\"><a href=\"https:\/\/cmflorestopolis.pr.gov.br\/wp-content\/uploads\/2023\/09\/REQ.-No-07_2023-REF.-INFORMACOES-A-SANEPAR.pdf\">Visualizar<\/a><\/td>\n<\/tr>\n<tr class=\"row-5 odd\">\n\t<td class=\"column-1\">03<\/td><td class=\"column-2\">18\/04\/2023<\/td><td class=\"column-3\">Denys Teixeira Saul<\/td><td class=\"column-4\">REQUER, com base no Regimento Interno desta Casa de Leis, que, ap\u00f3s delibera\u00e7\u00e3o em<br \/>\nplen\u00e1rio, o encaminhamento de Of\u00edcio a Ilustr\u00edssima Senhora Secret\u00e1ria Municipal de Educa\u00e7\u00e3o<br \/>\nIVANETE VENANCIO, solicitando as informa\u00e7\u00f5es conforme especifica:<\/td><td class=\"column-5\"><a href=\"https:\/\/cmflorestopolis.pr.gov.br\/wp-content\/uploads\/2023\/09\/REQ.-No-03_2023-REF.-INFORMACOES-SEC.-EDUCACAO.pdf\">Visualizar<\/a><\/td>\n<\/tr>\n<tr class=\"row-6 even\">\n\t<td class=\"column-1\">03<\/td><td class=\"column-2\">08\/03\/2021<\/td><td class=\"column-3\">Denys Teixeira Saul<\/td><td class=\"column-4\">Requerer, com base no Regimento Interno desta casa de leis que<br \/>\nap\u00f3s delibera\u00e7\u00e3o plen\u00e1ria, sejam requisitadas \u00e0 Companhia de Saneamento do<br \/>\nParan\u00e1 \u2013 SANEPAR, explica\u00e7\u00f5es a respeito da falta de seguran\u00e7a no centro de<br \/>\ncapita\u00e7\u00e3o de \u00e1gua do Munic\u00edpio, posto que recentemente diversos furtos de<br \/>\nequipamentos tem acontecido no local,impossibilitando, por decorr\u00eancia, o abastecimento de \u00e1gua aos Mun\u00edcipes de Florest\u00f3polis.<\/td><td class=\"column-5\"><a href=\"https:\/\/cmflorestopolis.pr.gov.br\/wp-content\/uploads\/2021\/11\/REQ.-No-03_2021-_REF.-CENT.-CAP.-AGUA-SANEPAR_-1.pdf\">Visualizar<\/a><\/td>\n<\/tr>\n<tr class=\"row-7 odd\">\n\t<td class=\"column-1\">04<\/td><td class=\"column-2\">08\/03\/2021<\/td><td class=\"column-3\">Denys Teixeira Saul<\/td><td class=\"column-4\">Requerer, com base no Regimento Interno desta casa de leis que<br \/>\nap\u00f3s delibera\u00e7\u00e3o plen\u00e1ria, o encaminhamento de Of\u00edcio ao Ilustr\u00edssimo Senhor<br \/>\nSecret\u00e1rio Municipal de Sa\u00fade FABIANO FACHINA, solicitando as informa\u00e7\u00f5es<br \/>\nconforme especifica:<br \/>\n\u2022 Quantidade de diab\u00e9ticos insul\u00ednicos dependentes no munic\u00edpio;<br \/>\n\u2022 Quantos fazem uso de insulina em PH;<br \/>\n\u2022 Quantos fazem uso de insulina regular;<br \/>\n\u2022 Quantos possuem aparelho de teste glic\u00eamico fornecido pelo<br \/>\nmunic\u00edpio; e<br \/>\n\u2022 Relat\u00f3rio informando a quantidade di\u00e1ria de testes realizadas por<br \/>\ncada um desses pacientes.<\/td><td class=\"column-5\"><a href=\"https:\/\/cmflorestopolis.pr.gov.br\/wp-content\/uploads\/2021\/11\/REQ.-No-04_2021-_REF.-INFO.-DIABETICOS_SEC.-SAUDE-_-1.pdf\">Visualizar<\/a><\/td>\n<\/tr>\n<tr class=\"row-8 even\">\n\t<td class=\"column-1\">09<\/td><td class=\"column-2\">13\/04\/2021<\/td><td class=\"column-3\">Denys Teixeira Saul<\/td><td class=\"column-4\">REQUERER, com base no Regimento Interno desta Casa de Leis, que,<br \/>\nap\u00f3s delibera\u00e7\u00e3o plen\u00e1ria, requisitar a Mesa Diretora o envio de of\u00edcio ao<br \/>\nSuperintendente Regional do DER Eng\u00b0 Marco Aur\u00e9lio Gataz Sguario, solicitando<br \/>\nprovid\u00eancias devidas para que seja feito reparos no acostamento da PR-170 nas<br \/>\nimedia\u00e7\u00f5es do Portal da cidade na sa\u00edda para Rol\u00e2ndia.<\/td><td class=\"column-5\"><a href=\"https:\/\/cmflorestopolis.pr.gov.br\/wp-content\/uploads\/2022\/01\/REQ.-No-09_2021-_REF.-REPARO-VIA-PROX.-PORTAL-DER_.pdf\">Visualizar<\/a><\/td>\n<\/tr>\n<tr class=\"row-9 odd\">\n\t<td class=\"column-1\">15<\/td><td class=\"column-2\">14\/09\/2021<\/td><td class=\"column-3\">Denys Teixeira Saul<\/td><td class=\"column-4\">REQUER, com base no Regimento Interno desta Casa de Leis,<br \/>\nque ap\u00f3s delibera\u00e7\u00e3o plen\u00e1ria seja requisitado ao Excelent\u00edssimo Senhor<br \/>\nSecret\u00e1rio Municipal de Sa\u00fade, c\u00f3pia dos relat\u00f3rios das vistorias promovidas<br \/>\npela 17a Regional de Sa\u00fade no Hospital Municipal Santa Branca no decorrer do<br \/>\nano de 2021.<\/td><td class=\"column-5\"><a href=\"https:\/\/cmflorestopolis.pr.gov.br\/wp-content\/uploads\/2022\/01\/REQ.-No-15_2021-REF.-INF.-VISTORIAS-17a-G.S._HOP.-SANTA-BRANCA.pdf\">Visualizar<\/a><\/td>\n<\/tr>\n<\/tbody>\n<\/table>\n<!-- #tablepress-6 from cache -->\r\n<p>&nbsp;<\/p>\r\n<p><strong style=\"font-family: inherit; font-size: inherit;\">Projetos de Lei<\/strong><\/p>\r\n\n<table id=\"tablepress-20\" class=\"tablepress tablepress-id-20\">\n<thead>\n<tr class=\"row-1 odd\">\n\t<th class=\"column-1\">Projetos de Lei\u00a0Legislativa\u00a0<\/th><th class=\"column-2\">Situa\u00e7\u00e3o<\/th><th class=\"column-3\">Veto\/Ato<\/th><th class=\"column-4\">Lei\u00a0<\/th>\n<\/tr>\n<\/thead>\n<tbody class=\"row-hover\">\n<tr class=\"row-2 even\">\n\t<td class=\"column-1\"><a href=\"https:\/\/cmflorestopolis.pr.gov.br\/wp-content\/uploads\/2024\/05\/PL-No-02_2024-REF.-CORRIGE-MON.-SUBSIDIO-VEREADORES-INTEGRA.pdf\">PL N\u00ba 02_2024<\/a><\/td><td class=\"column-2\">Aprovado<\/td><td class=\"column-3\"><\/td><td class=\"column-4\"><a href=\"https:\/\/cmflorestopolis.pr.gov.br\/wp-content\/uploads\/2024\/05\/LEI-No-1717_2024-REF.-CORRIGE-MON.-SUBSIDIOS-VEREADORES-CMF.pdf\">LEI N\u00ba 1717_2024<\/a><\/td>\n<\/tr>\n<tr class=\"row-3 odd\">\n\t<td class=\"column-1\"><a href=\"https:\/\/cmflorestopolis.pr.gov.br\/wp-content\/uploads\/2024\/05\/PL-No-01_2024-REF.-REPOSICAO-ANUAL-SERV.-LEGISLATIVO-INTEGRA.pdf\">PL N\u00ba 01_2024<\/a><\/td><td class=\"column-2\">Aprovado<\/td><td class=\"column-3\"><\/td><td class=\"column-4\"><a href=\"https:\/\/cmflorestopolis.pr.gov.br\/wp-content\/uploads\/2024\/05\/LEI-No-1715_2024-REF.-REVISAO-GERAL-ANUAL-SERV.-CMF.pdf\">LEI N\u00ba 1715_2024<\/a><\/td>\n<\/tr>\n<tr class=\"row-4 even\">\n\t<td class=\"column-1\"><a href=\"https:\/\/cmflorestopolis.pr.gov.br\/wp-content\/uploads\/2022\/09\/PL-No-10_2022-REF.-INSTITUI-SEMANA-DO-IDOSO-INTEGRA.pdf\">PL N\u00ba 10_2022<\/a><\/td><td class=\"column-2\">Aprovado<\/td><td class=\"column-3\"><\/td><td class=\"column-4\"><a href=\"https:\/\/cmflorestopolis.pr.gov.br\/wp-content\/uploads\/2022\/09\/LEI-No-1635_2022-REF.-INSTITUI-SEMANA-MUN.-IDOSO.pdf\">LEI N\u00ba 1635 2022<\/a><\/td>\n<\/tr>\n<tr class=\"row-5 odd\">\n\t<td class=\"column-1\"><a href=\"https:\/\/cmflorestopolis.pr.gov.br\/wp-content\/uploads\/2022\/07\/PL-No-05_2022-REF.-INSTITUI-MES-MAIO-FURTA-COR-INTEGRA.pdf\">PL N\u00ba 05_2022  \u00cdNTEGRA<\/a><\/td><td class=\"column-2\">Aprovado<\/td><td class=\"column-3\"><\/td><td class=\"column-4\"><a href=\"https:\/\/cmflorestopolis.pr.gov.br\/wp-content\/uploads\/2022\/07\/LEI-No-1626_2022-REF.-INSTITUI-MES-MAIO-FURT-COR.pdf\">LEI N\u00ba 1626_2022<\/a><\/td>\n<\/tr>\n<tr class=\"row-6 even\">\n\t<td class=\"column-1\"><a href=\"https:\/\/cmflorestopolis.pr.gov.br\/wp-content\/uploads\/2022\/05\/PL-No-04_2022-LEGIS.-INTEGRA.pdf\">PL N\u00ba 04_2022 LEGIS. \u00cdNTEGRA<\/a><\/td><td class=\"column-2\">Aprovado<\/td><td class=\"column-3\"><\/td><td class=\"column-4\"><a href=\"https:\/\/cmflorestopolis.pr.gov.br\/wp-content\/uploads\/2022\/05\/LEI-No-1621_2022-REF.-INCLUSAO-CATEGORIAS-COMP.-CORRIDAS-LEGIS..pdf\">LEI N\u00ba 1621\/2022 <\/a><\/td>\n<\/tr>\n<tr class=\"row-7 odd\">\n\t<td class=\"column-1\"><a href=\"https:\/\/cmflorestopolis.pr.gov.br\/wp-content\/uploads\/2021\/11\/PROJ.-LEI-No-02_2021-LEGIS.-INTEGRA-1.pdf\">PROJ. LEI N\u00ba 02_2021 - LEGIS. (\u00cdNTEGRA)\u00a0<\/a><\/td><td class=\"column-2\"><\/td><td class=\"column-3\"><a href=\"https:\/\/cmflorestopolis.pr.gov.br\/wp-content\/uploads\/2021\/11\/VETO-INTEGRAL_PL.-No-02_2021-LEGIS.-INTEGRA.pdf\">VETO INTEGRAL_PL. N\u00ba 02_2021-LEGIS. (INTEGRA)\u00a0<\/a><\/td><td class=\"column-4\"><\/td>\n<\/tr>\n<tr class=\"row-8 even\">\n\t<td class=\"column-1\"><a href=\"https:\/\/cmflorestopolis.pr.gov.br\/wp-content\/uploads\/2022\/01\/PROJ.-LEI-No-06_2021-LEG.-INTEGRA.pdf\">PROJ. LEI N\u00ba 06_2021 - LEGIS. (\u00cdNTEGRA)<\/a><\/td><td class=\"column-2\">Aprovado<\/td><td class=\"column-3\"><\/td><td class=\"column-4\"><a href=\"https:\/\/cmflorestopolis.pr.gov.br\/wp-content\/uploads\/2022\/01\/06-Legislativo.pdf\">Lei N\u00ba 1.582\/2021<\/a><\/td>\n<\/tr>\n<tr class=\"row-9 odd\">\n\t<td class=\"column-1\"><a href=\"https:\/\/cmflorestopolis.pr.gov.br\/wp-content\/uploads\/2022\/01\/PROJ.-LEI-No-09_2021-LEG.-INTEGRA.pdf\">PROJ. LEI N\u00ba 09_2021 - LEGIS. (\u00cdNTEGRA)\u00a0<\/a><\/td><td class=\"column-2\"><\/td><td class=\"column-3\"><a href=\"https:\/\/cmflorestopolis.pr.gov.br\/wp-content\/uploads\/2022\/01\/VETO-INTEGRAL_PL.-No-09_2021_LEGIS.-INTEGRA.pdf\">VETO INTEGRAL_PL. N\u00ba 09_2021-LEGIS. (INTEGRA)<\/a><\/td><td class=\"column-4\"><\/td>\n<\/tr>\n<tr class=\"row-10 even\">\n\t<td class=\"column-1\"><a href=\"https:\/\/cmflorestopolis.pr.gov.br\/wp-content\/uploads\/2022\/01\/PROJ.-LEI-No-11_2021-LEG.-INTEGRA.pdf\">PROJ. LEI N\u00ba 11_2021 - LEGIS. (\u00cdNTEGRA)<\/a><\/td><td class=\"column-2\">Aprovado<\/td><td class=\"column-3\"><\/td><td class=\"column-4\"><a href=\"https:\/\/cmflorestopolis.pr.gov.br\/wp-content\/uploads\/2022\/02\/LEI-No-1605_2021-REF.-DISPOES-SOBRE-ALFABETO-EM-LIBRAS-REP.-PUBLICAS.pdf\">Lei N\u00ba 1.605\/2021 <\/a><\/td>\n<\/tr>\n<tr class=\"row-11 odd\">\n\t<td class=\"column-1\"><a href=\"https:\/\/cmflorestopolis.pr.gov.br\/wp-content\/uploads\/2023\/02\/PL-No-01_2023-REF.-REPOSICAO-ANUAL-SERVIDORES-DO-LEGISLATIVO-MESA-DIR.-INTEGRA.pdf\">PL N\u00ba 01_2023<\/a><\/td><td class=\"column-2\"><\/td><td class=\"column-3\"><\/td><td class=\"column-4\"><\/td>\n<\/tr>\n<tr class=\"row-12 even\">\n\t<td class=\"column-1\"><a href=\"https:\/\/cmflorestopolis.pr.gov.br\/wp-content\/uploads\/2023\/02\/PL-No-02_2023-REF.-CORRECAO-SUBISIDIO-VEREADORES-MESA-DIR.-INTEGRA.pdf\">PL N\u00ba 02_2023 <\/a><\/td><td class=\"column-2\"><\/td><td class=\"column-3\"><\/td><td class=\"column-4\"><\/td>\n<\/tr>\n<tr class=\"row-13 odd\">\n\t<td class=\"column-1\"><a href=\"https:\/\/cmflorestopolis.pr.gov.br\/wp-content\/uploads\/2023\/06\/PL-No-03_2023-REF.-INSERCAO-SIMBOLO-ATEND.-PRIORITARIO-AUTISTA-VER-DENYS-INTEGRA.pdf\">PL N\u00ba 03_2023<\/a><\/td><td class=\"column-2\">Aprovado<\/td><td class=\"column-3\"><\/td><td class=\"column-4\"><a href=\"https:\/\/cmflorestopolis.pr.gov.br\/wp-content\/uploads\/2023\/06\/LEI-No-1664_2023-REF.-INSERCAO-SIMBOLO-MUND.-TRAN.-ESPECTRO-AUTISTA-TEA.pdf\">LEI N\u00ba 1664_2023<\/a><\/td>\n<\/tr>\n<tr class=\"row-14 even\">\n\t<td class=\"column-1\"><a href=\"https:\/\/cmflorestopolis.pr.gov.br\/wp-content\/uploads\/2024\/03\/PL-No-04_2023-REF.-INSTITUI-DIA_SEMANA-DO-BRINCAR-VER.-DENYS-INTEGRA.pdf\">PL N\u00ba 04_2023 <\/a><\/td><td class=\"column-2\">Institui no munic\u00edpio de Florest\u00f3polis o \"Dia do Brincar\", e a \"Semana municipal do Brincar\", dedicada a a\u00e7\u00f5es que valorizem o brincar na vida das crian\u00e7as e d\u00e1 outras provid\u00eancias.<\/td><td class=\"column-3\">Aprovado<\/td><td class=\"column-4\"><a href=\"https:\/\/cmflorestopolis.pr.gov.br\/wp-content\/uploads\/2024\/03\/LEI-No-1667_2023-REF.-DIA-DO-BRINCAR-SEMANA-DE-BRINCAR.pdf\">LEI N\u00ba 1667_2023<\/a><\/td>\n<\/tr>\n<tr class=\"row-15 odd\">\n\t<td class=\"column-1\"><a href=\"https:\/\/cmflorestopolis.pr.gov.br\/wp-content\/uploads\/2024\/03\/PL-No-05_2023-REF.-USO-COLAR-GIRASSOL-VER.-DENYS-INTEGRA-1.pdf\">PL N\u00ba 05_2023<\/a><\/td><td class=\"column-2\">Disp\u00f5e sobre o uso do colar de girassol como instrumento auxiliar de orienta\u00e7\u00e3o para a identifica\u00e7\u00e3o de pessoas como defici\u00eaa n\u00e3o vis\u00edvel ou oculta no \u00e2mbito do munic\u00edpio de Florest\u00f3polis, estado do paran\u00e1, e d\u00e1 outras provid\u00eancias.<\/td><td class=\"column-3\">Aprovado<\/td><td class=\"column-4\"><a href=\"https:\/\/cmflorestopolis.pr.gov.br\/wp-content\/uploads\/2024\/03\/LEI-No-1702_2023-REF.-COLAR-GIRASSOL-IDENTIFICACAO-PESSOAS-COM-DEFICIENCIA.pdf\">LEI N\u00ba 1702_2023<\/a><\/td>\n<\/tr>\n<tr class=\"row-16 even\">\n\t<td class=\"column-1\"><a href=\"https:\/\/cmflorestopolis.pr.gov.br\/wp-content\/uploads\/2024\/04\/PL-No-07_2023-REF.-DENOMINA-PLENARIO-VER.-MANOEL-B.-CORDEIRO-INTEGRA.pdf\">PL N\u00ba 07_2023 <\/a><\/td><td class=\"column-2\">Disp\u00f4e sobre a denomina\u00e7\u00e3o do plen\u00e1rio da c\u00e2mara municipal de vereadores de Florest\u00f3polis, que passa  a denominar-se \"Plen\u00e1rio vereador Manoel Botelho Cordeiro\".<\/td><td class=\"column-3\">Aprovado<\/td><td class=\"column-4\"><a href=\"https:\/\/cmflorestopolis.pr.gov.br\/wp-content\/uploads\/2024\/04\/LEI-No-1706_2023-REF.-DENOMINA-PLENARIO-VEREADOR-MANOEL-BOTELHO-1.pdf\">LEI N\u00ba 1706_2023<\/a><\/td>\n<\/tr>\n<\/tbody>\n<\/table>\n<!-- #tablepress-20 from cache -->\r\n<p>&nbsp;<\/p>\r\n<p><br \/><strong>Of\u00edcios Particulares<\/strong><\/p>\r\n<\/td>\r\n<\/tr>\r\n<\/tbody>\r\n<\/table>\r\n<p>&nbsp;<\/p>\r\n<table style=\"border-collapse: collapse; width: 100%;\" border=\"1\">\r\n<tbody>\r\n<tr>\r\n<td style=\"width: 100%;\">\r\n<p><strong>Biografia<\/strong><\/p>\r\n<p>Nasci em 26 de outubro de 1984 na cidade de Florest\u00f3polis, localizada no norte do estado do Paran\u00e1. Sou filho de Claudecy Rosa Saul e Maria do Carmo Teixeira. Tenho uni\u00e3o est\u00e1vel com Evillin Cristina de Castro, com quem tenho dois lindos filhos Jos\u00e9 Vitore e Vict\u00f3ria Elisa.<br \/>Sou o segundo filho de meus pais e tenho um terceiro irm\u00e3o por parte de m\u00e3e. Minha origem \u00e9 simples, marcada por conquistas oriundas do trabalho bra\u00e7al na lavoura, o qual era desempenhado por minha m\u00e3e e minha av\u00f3 Leonira (in memoriam). Tenho orgulho de dizer que fui criado por duas grandes mulheres, que n\u00e3o mediram esfor\u00e7os ao longo dos anos, para ver tornar-me o homem que me tornei. Minha forma\u00e7\u00e3o acad\u00eamica teve in\u00edcio no Centro de Educa\u00e7\u00e3o Infantil Paula Di Rosa, onde fui matriculado com apenas 2 anos e 6 meses pois minhas mantenedoras necessitavam trabalhar. Terminado o per\u00edodo pr\u00e9-escolar, segui a educa\u00e7\u00e3o b\u00e1sica na Escola Municipal Nilson Ribas, onde estudei at\u00e9 a terceira s\u00e9rie do ensino fundamental. Cursei a 4\u00aa s\u00e9rie no extinto Col\u00e9gio Municipal Jos\u00e9 Ingenieiros. Em 1995, ingressei no ensino de 1\u00ba grau no Col\u00e9gio Estadual Professora Eunice Ravagnani de Oliveira, onde permaneci at\u00e9 concluir o Ensino M\u00e9dio. Ressalto ainda, outras quatro forma\u00e7\u00f5es t\u00e9cnicas: T\u00e9cnico em Meio Ambiente, T\u00e9cnico na Produ\u00e7\u00e3o de A\u00e7\u00facar e \u00c1lcool, T\u00e9cnico em Vigil\u00e2ncia em Sa\u00fade, e T\u00e9cnico em Radiologia. Atualmente me encontro matriculado em dois cursos superiores: Administra\u00e7\u00e3o e Gest\u00e3o P\u00fablica.<br \/>Os desafios sempre me seguiram e a medida que surgem, s\u00e3o vencidos com muita determina\u00e7\u00e3o. E foram estes desafios que me levaram a viver altos e baixos. Assim como muitos jovens de nossa comunidade, tamb\u00e9m tive contato com o trabalho rural, mas n\u00e3o era o que minha m\u00e3e sonhava para mim e por isso, ela sempre me motivou a estudar. Meu primeiro emprego com carteira assinada foi como Operador Industrial na antiga Usina de A\u00e7\u00facar e \u00c1lcool Corol \u2013 Cooperativa Agroindustrial de Rol\u00e2ndia, fun\u00e7\u00e3o que deixei de desempenhar no ano de 2005. No ano de 2007 fui aprovado num concurso p\u00fablico na Prefeitura Municipal de Florest\u00f3polis para o cargo de Agente de Combate \u00e0s Endemias, cargo que ocupo nos dias atuais. Vale lembrar, que ao longo destes 13 anos como servidor p\u00fablico municipal, exerci outras fun\u00e7\u00f5es: Coordenador da Equipe de Endemias, Coordenador de Epidemiologia e tamb\u00e9m fui Diretor Administrativo do Hospital Municipal Santa Branca.<br \/>Foi atrav\u00e9s de minha saudosa av\u00f3 que tive meu primeiro contato com a pol\u00edtica. Sempre participativa, ela me levava a com\u00edcios. Mas digo que a semente para me tornar pol\u00edtico, foi plantada por um grande pol\u00edtico, que contribuiu em muito com a hist\u00f3ria de nossa querida Florest\u00f3polis, o tamb\u00e9m saudoso senhor Manoel Botelho, que exerceu o cargo de vereador entre os anos de 1973\/1977, \u00e9poca que vereador n\u00e3o tinha sal\u00e1rio. Me lembro que por vezes conversamos, o cen\u00e1rio para a conversa era o canteiro de obras da constru\u00e7\u00e3o do agora CMEI Jovino Pereira de Brito, eu era um menino curioso e muito falante e ele, o pedreiro ocupado fazendo as amarras das ferragens para a funda\u00e7\u00e3o da obra.<br \/>Em 2011 me filiei ao PSD \u2013 Partido Social Democr\u00e1tico e permaneci filiado at\u00e9 setembro de 2015, quando me filiei e assumi a presid\u00eancia local do PSB \u2013 Partido Socialista Brasileiro. Em 2016 fui candidato a vereador pela primeira vez, por mais que tenha sido bem votado, recebendo 317 votos, n\u00e3o fui eleito. Passado o pleito, segui convicto no que queria, segui fazendo minhas obriga\u00e7\u00f5es como servidor e cidad\u00e3o, me mantive atuante na comunidade e no pleito de 2020, ainda filiado ao PSB, me candidatei novamente ao cargo de vereador e para honrar uma promessa feita por Deus, fui eleito sendo o segundo vereador mais votado obtendo 516 votos, express\u00e3o de votos que at\u00e9 hoje me gera surpresa pois jamais imaginei uma vit\u00f3ria t\u00e3o consagradora como a que tive.<br \/>Eleito, diplomado e empossado, quero muito poder contribuir com o desenvolvimento de nosso munic\u00edpio. Tenho o vi\u00e9s socialista democr\u00e1tico, e literalmente empunho a bandeira da sa\u00fade, da educa\u00e7\u00e3o e a\u00e7\u00e3o social, tanto, que integro como secret\u00e1rio a Comiss\u00e3o de Educa\u00e7\u00e3o, Sa\u00fade e Assist\u00eancia Social. Ao longo dos pr\u00f3ximos quatro anos trabalharei para termos pol\u00edticas p\u00fablicas assertivas, que v\u00e3o de encontro com os anseios da nossa comunidade, principalmente ao encontro dos mais necessitados. Seguirei os preceitos da \u00c9TICA e da LISURA; primando a verdadeira fun\u00e7\u00e3o de um vereador (fiscalizar os atos do prefeito, propor leis, debater e votar leis, organizar os servi\u00e7os da C\u00e2mara e representar os interesses da comunidade). Defenderei nossa Constitui\u00e7\u00e3o, de modo a orientar o chefe do executivo e os membros do legislativo a respeit\u00e1-la bem como respeitarem os princ\u00edpios da boa gest\u00e3o, para ent\u00e3o garantirmos a IGUALDADE ao acesso a DIREITOS j\u00e1 garantidos. Tenho certeza que meu trabalho poder\u00e1 fazer a diferen\u00e7a na vida das pessoas.<\/p>\r\n<\/td>\r\n<\/tr>\r\n<\/tbody>\r\n<\/table>\r\n<p>&nbsp;<\/p>\r\n<table style=\"border-collapse: collapse; width: 100%;\" border=\"1\">\r\n<tbody>\r\n<tr>\r\n<td style=\"width: 100%;\"><strong>Contato<\/strong><\/td>\r\n<\/tr>\r\n<tr>\r\n<td style=\"width: 100%;\">\r\n<p><strong>Vereador Denys Teixeira Saul<\/strong><\/p>\r\n<p><strong>denystsaul@cmflorestopolis.pr.gov.br<br \/><span class=\"unnamed1\">Rua Santo In\u00e1cio, 161 \u2013 Centro<br \/>CEP 86165-000<\/span><br \/>Florest\u00f3polis\u00a0-PR<\/strong><\/p>\r\n<\/td>\r\n<\/tr>\r\n<\/tbody>\r\n<\/table>\r\n<p>&nbsp;<\/p>\r\n","protected":false},"excerpt":{"rendered":"","protected":false},"author":2,"featured_media":0,"parent":0,"menu_order":0,"comment_status":"closed","ping_status":"closed","template":"","meta":[],"yoast_head":"<!-- This site is optimized with the Yoast SEO plugin v17.6 - https:\/\/yoast.com\/wordpress\/plugins\/seo\/ -->\n<title>Denys Teixeira Saul (Presidente) - C\u00e2mara Municipal de Florest\u00f3polis<\/title>\n<meta name=\"robots\" content=\"index, follow, max-snippet:-1, max-image-preview:large, max-video-preview:-1\" \/>\n<link rel=\"canonical\" href=\"https:\/\/cmflorestopolis.pr.gov.br\/?page_id=127\" \/>\n<meta property=\"og:locale\" content=\"pt_BR\" \/>\n<meta property=\"og:type\" content=\"article\" \/>\n<meta property=\"og:title\" content=\"Denys Teixeira Saul (Presidente) - C\u00e2mara Municipal de Florest\u00f3polis\" \/>\n<meta property=\"og:url\" content=\"https:\/\/cmflorestopolis.pr.gov.br\/?page_id=127\" \/>\n<meta property=\"og:site_name\" content=\"C\u00e2mara Municipal de Florest\u00f3polis\" \/>\n<meta property=\"article:modified_time\" content=\"2026-03-24T23:25:15+00:00\" \/>\n<meta property=\"og:image\" content=\"https:\/\/cmflorestopolis.pr.gov.br\/wp-content\/uploads\/2025\/01\/WhatsApp-Image-2025-01-10-at-09.50.03-217x300.jpeg\" \/>\n<meta name=\"twitter:card\" content=\"summary_large_image\" \/>\n<meta name=\"twitter:label1\" content=\"Est. tempo de leitura\" \/>\n\t<meta name=\"twitter:data1\" content=\"4 minutos\" \/>\n<script type=\"application\/ld+json\" class=\"yoast-schema-graph\">{\"@context\":\"https:\/\/schema.org\",\"@graph\":[{\"@type\":\"WebSite\",\"@id\":\"https:\/\/cmflorestopolis.pr.gov.br\/#website\",\"url\":\"https:\/\/cmflorestopolis.pr.gov.br\/\",\"name\":\"C\\u00e2mara Municipal de Florest\\u00f3polis\",\"description\":\"\",\"potentialAction\":[{\"@type\":\"SearchAction\",\"target\":{\"@type\":\"EntryPoint\",\"urlTemplate\":\"https:\/\/cmflorestopolis.pr.gov.br\/?s={search_term_string}\"},\"query-input\":\"required name=search_term_string\"}],\"inLanguage\":\"pt-BR\"},{\"@type\":\"ImageObject\",\"@id\":\"https:\/\/cmflorestopolis.pr.gov.br\/?page_id=127#primaryimage\",\"inLanguage\":\"pt-BR\",\"url\":\"https:\/\/cmflorestopolis.pr.gov.br\/wp-content\/uploads\/2025\/01\/WhatsApp-Image-2025-01-10-at-09.50.03.jpeg\",\"contentUrl\":\"https:\/\/cmflorestopolis.pr.gov.br\/wp-content\/uploads\/2025\/01\/WhatsApp-Image-2025-01-10-at-09.50.03.jpeg\",\"width\":898,\"height\":1240},{\"@type\":\"WebPage\",\"@id\":\"https:\/\/cmflorestopolis.pr.gov.br\/?page_id=127#webpage\",\"url\":\"https:\/\/cmflorestopolis.pr.gov.br\/?page_id=127\",\"name\":\"Denys Teixeira Saul (Presidente) - C\\u00e2mara Municipal de Florest\\u00f3polis\",\"isPartOf\":{\"@id\":\"https:\/\/cmflorestopolis.pr.gov.br\/#website\"},\"primaryImageOfPage\":{\"@id\":\"https:\/\/cmflorestopolis.pr.gov.br\/?page_id=127#primaryimage\"},\"datePublished\":\"2021-07-09T16:30:23+00:00\",\"dateModified\":\"2026-03-24T23:25:15+00:00\",\"breadcrumb\":{\"@id\":\"https:\/\/cmflorestopolis.pr.gov.br\/?page_id=127#breadcrumb\"},\"inLanguage\":\"pt-BR\",\"potentialAction\":[{\"@type\":\"ReadAction\",\"target\":[\"https:\/\/cmflorestopolis.pr.gov.br\/?page_id=127\"]}]},{\"@type\":\"BreadcrumbList\",\"@id\":\"https:\/\/cmflorestopolis.pr.gov.br\/?page_id=127#breadcrumb\",\"itemListElement\":[{\"@type\":\"ListItem\",\"position\":1,\"name\":\"In\\u00edcio\",\"item\":\"https:\/\/cmflorestopolis.pr.gov.br\/\"},{\"@type\":\"ListItem\",\"position\":2,\"name\":\"Denys Teixeira Saul (Presidente)\"}]}]}<\/script>\n<!-- \/ Yoast SEO plugin. -->","yoast_head_json":{"title":"Denys Teixeira Saul (Presidente) - C\u00e2mara Municipal de Florest\u00f3polis","robots":{"index":"index","follow":"follow","max-snippet":"max-snippet:-1","max-image-preview":"max-image-preview:large","max-video-preview":"max-video-preview:-1"},"canonical":"https:\/\/cmflorestopolis.pr.gov.br\/?page_id=127","og_locale":"pt_BR","og_type":"article","og_title":"Denys Teixeira Saul (Presidente) - C\u00e2mara Municipal de Florest\u00f3polis","og_url":"https:\/\/cmflorestopolis.pr.gov.br\/?page_id=127","og_site_name":"C\u00e2mara Municipal de Florest\u00f3polis","article_modified_time":"2026-03-24T23:25:15+00:00","og_image":[{"url":"https:\/\/cmflorestopolis.pr.gov.br\/wp-content\/uploads\/2025\/01\/WhatsApp-Image-2025-01-10-at-09.50.03-217x300.jpeg"}],"twitter_card":"summary_large_image","twitter_misc":{"Est. tempo de leitura":"4 minutos"},"schema":{"@context":"https:\/\/schema.org","@graph":[{"@type":"WebSite","@id":"https:\/\/cmflorestopolis.pr.gov.br\/#website","url":"https:\/\/cmflorestopolis.pr.gov.br\/","name":"C\u00e2mara Municipal de Florest\u00f3polis","description":"","potentialAction":[{"@type":"SearchAction","target":{"@type":"EntryPoint","urlTemplate":"https:\/\/cmflorestopolis.pr.gov.br\/?s={search_term_string}"},"query-input":"required name=search_term_string"}],"inLanguage":"pt-BR"},{"@type":"ImageObject","@id":"https:\/\/cmflorestopolis.pr.gov.br\/?page_id=127#primaryimage","inLanguage":"pt-BR","url":"https:\/\/cmflorestopolis.pr.gov.br\/wp-content\/uploads\/2025\/01\/WhatsApp-Image-2025-01-10-at-09.50.03.jpeg","contentUrl":"https:\/\/cmflorestopolis.pr.gov.br\/wp-content\/uploads\/2025\/01\/WhatsApp-Image-2025-01-10-at-09.50.03.jpeg","width":898,"height":1240},{"@type":"WebPage","@id":"https:\/\/cmflorestopolis.pr.gov.br\/?page_id=127#webpage","url":"https:\/\/cmflorestopolis.pr.gov.br\/?page_id=127","name":"Denys Teixeira Saul (Presidente) - C\u00e2mara Municipal de Florest\u00f3polis","isPartOf":{"@id":"https:\/\/cmflorestopolis.pr.gov.br\/#website"},"primaryImageOfPage":{"@id":"https:\/\/cmflorestopolis.pr.gov.br\/?page_id=127#primaryimage"},"datePublished":"2021-07-09T16:30:23+00:00","dateModified":"2026-03-24T23:25:15+00:00","breadcrumb":{"@id":"https:\/\/cmflorestopolis.pr.gov.br\/?page_id=127#breadcrumb"},"inLanguage":"pt-BR","potentialAction":[{"@type":"ReadAction","target":["https:\/\/cmflorestopolis.pr.gov.br\/?page_id=127"]}]},{"@type":"BreadcrumbList","@id":"https:\/\/cmflorestopolis.pr.gov.br\/?page_id=127#breadcrumb","itemListElement":[{"@type":"ListItem","position":1,"name":"In\u00edcio","item":"https:\/\/cmflorestopolis.pr.gov.br\/"},{"@type":"ListItem","position":2,"name":"Denys Teixeira Saul (Presidente)"}]}]}},"_links":{"self":[{"href":"https:\/\/cmflorestopolis.pr.gov.br\/index.php?rest_route=\/wp\/v2\/pages\/127"}],"collection":[{"href":"https:\/\/cmflorestopolis.pr.gov.br\/index.php?rest_route=\/wp\/v2\/pages"}],"about":[{"href":"https:\/\/cmflorestopolis.pr.gov.br\/index.php?rest_route=\/wp\/v2\/types\/page"}],"author":[{"embeddable":true,"href":"https:\/\/cmflorestopolis.pr.gov.br\/index.php?rest_route=\/wp\/v2\/users\/2"}],"replies":[{"embeddable":true,"href":"https:\/\/cmflorestopolis.pr.gov.br\/index.php?rest_route=%2Fwp%2Fv2%2Fcomments&post=127"}],"version-history":[{"count":21,"href":"https:\/\/cmflorestopolis.pr.gov.br\/index.php?rest_route=\/wp\/v2\/pages\/127\/revisions"}],"predecessor-version":[{"id":4909,"href":"https:\/\/cmflorestopolis.pr.gov.br\/index.php?rest_route=\/wp\/v2\/pages\/127\/revisions\/4909"}],"wp:attachment":[{"href":"https:\/\/cmflorestopolis.pr.gov.br\/index.php?rest_route=%2Fwp%2Fv2%2Fmedia&parent=127"}],"curies":[{"name":"wp","href":"https:\/\/api.w.org\/{rel}","templated":true}]}}